{"id":10204,"date":"2025-03-25T10:59:04","date_gmt":"2025-03-25T13:59:04","guid":{"rendered":"https:\/\/www.cref13.org.br\/cref13\/?page_id=10204"},"modified":"2026-03-11T10:43:23","modified_gmt":"2026-03-11T13:43:23","slug":"parcerias","status":"publish","type":"page","link":"https:\/\/www.cref13.org.br\/cref13\/parcerias\/","title":{"rendered":"Parcerias"},"content":{"rendered":"\t\t<div data-elementor-type=\"wp-page\" data-elementor-id=\"10204\" class=\"elementor elementor-10204\" data-elementor-post-type=\"page\">\n\t\t\t\t\t\t<section class=\"elementor-section elementor-top-section elementor-element elementor-element-782dad0 elementor-section-boxed elementor-section-height-default elementor-section-height-default\" data-id=\"782dad0\" data-element_type=\"section\">\n\t\t\t\t\t\t<div class=\"elementor-container elementor-column-gap-default\">\n\t\t\t\t\t<div class=\"elementor-column elementor-col-100 elementor-top-column elementor-element elementor-element-6972c18\" data-id=\"6972c18\" data-element_type=\"column\">\n\t\t\t<div class=\"elementor-widget-wrap elementor-element-populated\">\n\t\t\t\t\t\t<div class=\"elementor-element elementor-element-774e4a6 elementor-headline--style-highlight elementor-widget elementor-widget-animated-headline\" data-id=\"774e4a6\" data-element_type=\"widget\" data-settings=\"{&quot;marker&quot;:&quot;curly&quot;,&quot;highlighted_text&quot;:&quot;Parcerias&quot;,&quot;headline_style&quot;:&quot;highlight&quot;,&quot;highlight_animation_duration&quot;:1200}\" data-widget_type=\"animated-headline.default\">\n\t\t\t\t<div class=\"elementor-widget-container\">\n\t\t\t\t\t\t\t<h2 class=\"elementor-headline\">\n\t\t\t\t<span class=\"elementor-headline-dynamic-wrapper elementor-headline-text-wrapper\">\n\t\t\t\t\t<span class=\"elementor-headline-dynamic-text elementor-headline-text-active\">Parcerias<\/span>\n\t\t\t\t<\/span>\n\t\t\t\t<\/h2>\n\t\t\t\t\t\t<\/div>\n\t\t\t\t<\/div>\n\t\t\t\t\t<\/div>\n\t\t<\/div>\n\t\t\t\t\t<\/div>\n\t\t<\/section>\n\t\t\t\t<section class=\"elementor-section elementor-top-section elementor-element elementor-element-ddfcbb5 elementor-section-boxed elementor-section-height-default elementor-section-height-default\" data-id=\"ddfcbb5\" data-element_type=\"section\">\n\t\t\t\t\t\t<div class=\"elementor-container elementor-column-gap-default\">\n\t\t\t\t\t<div class=\"elementor-column elementor-col-100 elementor-top-column elementor-element elementor-element-e126893\" data-id=\"e126893\" data-element_type=\"column\">\n\t\t\t<div class=\"elementor-widget-wrap elementor-element-populated\">\n\t\t\t\t\t\t<div class=\"elementor-element elementor-element-502eb9c elementor-widget__width-initial elementor-position-top elementor-widget elementor-widget-image-box\" data-id=\"502eb9c\" data-element_type=\"widget\" data-widget_type=\"image-box.default\">\n\t\t\t\t<div class=\"elementor-widget-container\">\n\t\t\t\t\t<div class=\"elementor-image-box-wrapper\"><figure class=\"elementor-image-box-img\"><a href=\"https:\/\/cbat.org.br\/\" tabindex=\"-1\"><img fetchpriority=\"high\" decoding=\"async\" width=\"240\" height=\"300\" src=\"https:\/\/www.cref13.org.br\/cref13\/wp-content\/uploads\/2026\/03\/FEED-2026-3-240x300.png\" class=\"elementor-animation-grow attachment-medium size-medium wp-image-12909\" alt=\"\" srcset=\"https:\/\/www.cref13.org.br\/cref13\/wp-content\/uploads\/2026\/03\/FEED-2026-3-240x300.png 240w, https:\/\/www.cref13.org.br\/cref13\/wp-content\/uploads\/2026\/03\/FEED-2026-3-819x1024.png 819w, https:\/\/www.cref13.org.br\/cref13\/wp-content\/uploads\/2026\/03\/FEED-2026-3-768x960.png 768w, https:\/\/www.cref13.org.br\/cref13\/wp-content\/uploads\/2026\/03\/FEED-2026-3.png 1080w\" sizes=\"(max-width: 240px) 100vw, 240px\" \/><\/a><\/figure><div class=\"elementor-image-box-content\"><p class=\"elementor-image-box-description\"><b>Confedera\u00e7\u00e3o Brasileira de Atletismo (Cbat)<\/b><\/p><\/div><\/div>\t\t\t\t<\/div>\n\t\t\t\t<\/div>\n\t\t\t\t<div class=\"elementor-element elementor-element-277f947 elementor-widget__width-initial elementor-position-top elementor-widget elementor-widget-image-box\" data-id=\"277f947\" data-element_type=\"widget\" data-widget_type=\"image-box.default\">\n\t\t\t\t<div class=\"elementor-widget-container\">\n\t\t\t\t\t<div class=\"elementor-image-box-wrapper\"><figure class=\"elementor-image-box-img\"><a href=\"https:\/\/cbat.org.br\/\" tabindex=\"-1\"><img decoding=\"async\" width=\"150\" height=\"150\" src=\"https:\/\/www.cref13.org.br\/cref13\/wp-content\/uploads\/2026\/03\/FEED-2026-4-150x150.png\" class=\"elementor-animation-grow attachment-thumbnail size-thumbnail wp-image-12910\" alt=\"\" \/><\/a><\/figure><div class=\"elementor-image-box-content\"><p class=\"elementor-image-box-description\"><b>Associa\u00e7\u00e3o dos Organizadores de Corrida de Rua e Esportes Outdoor - (ABRACEO)<\/b><\/p><\/div><\/div>\t\t\t\t<\/div>\n\t\t\t\t<\/div>\n\t\t\t\t<div class=\"elementor-element elementor-element-b556b9b elementor-widget__width-initial elementor-position-top elementor-widget elementor-widget-image-box\" data-id=\"b556b9b\" data-element_type=\"widget\" data-widget_type=\"image-box.default\">\n\t\t\t\t<div class=\"elementor-widget-container\">\n\t\t\t\t\t<div class=\"elementor-image-box-wrapper\"><figure class=\"elementor-image-box-img\"><a href=\"https:\/\/www.instagram.com\/fbatletismo_oficial\/\" tabindex=\"-1\"><img decoding=\"async\" width=\"150\" height=\"150\" src=\"https:\/\/www.cref13.org.br\/cref13\/wp-content\/uploads\/2026\/03\/FEED-2026-2-150x150.png\" class=\"elementor-animation-grow attachment-thumbnail size-thumbnail wp-image-12908\" alt=\"\" \/><\/a><\/figure><div class=\"elementor-image-box-content\"><p class=\"elementor-image-box-description\"><b>Federa\u00e7\u00e3o Bahiana de Atletismo (FBA)<\/b><\/p><\/div><\/div>\t\t\t\t<\/div>\n\t\t\t\t<\/div>\n\t\t\t\t<div class=\"elementor-element elementor-element-31226d0 elementor-widget__width-initial elementor-position-top elementor-widget elementor-widget-image-box\" data-id=\"31226d0\" data-element_type=\"widget\" data-widget_type=\"image-box.default\">\n\t\t\t\t<div class=\"elementor-widget-container\">\n\t\t\t\t\t<div class=\"elementor-image-box-wrapper\"><figure class=\"elementor-image-box-img\"><a href=\"https:\/\/www.instagram.com\/basquetefbb\/\" tabindex=\"-1\"><img loading=\"lazy\" decoding=\"async\" width=\"150\" height=\"150\" src=\"https:\/\/www.cref13.org.br\/cref13\/wp-content\/uploads\/2025\/07\/FEED-2025-15-150x150.png\" class=\"elementor-animation-grow attachment-thumbnail size-thumbnail wp-image-11033\" alt=\"\" \/><\/a><\/figure><div class=\"elementor-image-box-content\"><p class=\"elementor-image-box-description\"><b>Federa\u00e7\u00e3o Bahiana de Basketball (FBB)<\/b><\/p><\/div><\/div>\t\t\t\t<\/div>\n\t\t\t\t<\/div>\n\t\t\t\t<div class=\"elementor-element elementor-element-99a9d4b elementor-widget__width-initial elementor-position-top elementor-widget elementor-widget-image-box\" data-id=\"99a9d4b\" data-element_type=\"widget\" data-widget_type=\"image-box.default\">\n\t\t\t\t<div class=\"elementor-widget-container\">\n\t\t\t\t\t<div class=\"elementor-image-box-wrapper\"><figure class=\"elementor-image-box-img\"><a href=\"https:\/\/www.instagram.com\/ifbbbahia\/\" tabindex=\"-1\"><img loading=\"lazy\" decoding=\"async\" width=\"150\" height=\"150\" src=\"https:\/\/www.cref13.org.br\/cref13\/wp-content\/uploads\/2025\/07\/FEED-2025-17-1-150x150.png\" class=\"elementor-animation-grow attachment-thumbnail size-thumbnail wp-image-11036\" alt=\"\" \/><\/a><\/figure><div class=\"elementor-image-box-content\"><p class=\"elementor-image-box-description\"><b>Federa\u00e7\u00e3o Baiana de Muscula\u00e7\u00e3o, Fisiculturismo e Fitness - (IFBB BA)\n<\/b><\/p><\/div><\/div>\t\t\t\t<\/div>\n\t\t\t\t<\/div>\n\t\t\t\t<div class=\"elementor-element elementor-element-51fa392 elementor-widget__width-initial elementor-position-top elementor-widget elementor-widget-image-box\" data-id=\"51fa392\" data-element_type=\"widget\" data-widget_type=\"image-box.default\">\n\t\t\t\t<div class=\"elementor-widget-container\">\n\t\t\t\t\t<div class=\"elementor-image-box-wrapper\"><figure class=\"elementor-image-box-img\"><a href=\"https:\/\/federacaodebaleadodabahia.com.br\/\" tabindex=\"-1\"><img loading=\"lazy\" decoding=\"async\" width=\"300\" height=\"100\" src=\"https:\/\/www.cref13.org.br\/cref13\/wp-content\/uploads\/2025\/03\/fbb-300x100.png\" class=\"elementor-animation-grow attachment-medium size-medium wp-image-10208\" alt=\"\" srcset=\"https:\/\/www.cref13.org.br\/cref13\/wp-content\/uploads\/2025\/03\/fbb-300x100.png 300w, https:\/\/www.cref13.org.br\/cref13\/wp-content\/uploads\/2025\/03\/fbb.png 500w\" sizes=\"(max-width: 300px) 100vw, 300px\" \/><\/a><\/figure><div class=\"elementor-image-box-content\"><p class=\"elementor-image-box-description\"><b>Federa\u00e7\u00e3o  de Baleado da Bahia (FBB)<\/b><\/p><\/div><\/div>\t\t\t\t<\/div>\n\t\t\t\t<\/div>\n\t\t\t\t<div class=\"elementor-element elementor-element-4b43e9e elementor-widget__width-initial elementor-position-top elementor-widget elementor-widget-image-box\" data-id=\"4b43e9e\" data-element_type=\"widget\" data-widget_type=\"image-box.default\">\n\t\t\t\t<div class=\"elementor-widget-container\">\n\t\t\t\t\t<div class=\"elementor-image-box-wrapper\"><figure class=\"elementor-image-box-img\"><a href=\"https:\/\/fafeb.com.br\/\" tabindex=\"-1\"><img loading=\"lazy\" decoding=\"async\" width=\"300\" height=\"300\" src=\"https:\/\/www.cref13.org.br\/cref13\/wp-content\/uploads\/2025\/03\/fafeb-300x300.png\" class=\"elementor-animation-grow attachment-medium size-medium wp-image-10209\" alt=\"\" srcset=\"https:\/\/www.cref13.org.br\/cref13\/wp-content\/uploads\/2025\/03\/fafeb-300x300.png 300w, https:\/\/www.cref13.org.br\/cref13\/wp-content\/uploads\/2025\/03\/fafeb-150x150.png 150w, https:\/\/www.cref13.org.br\/cref13\/wp-content\/uploads\/2025\/03\/elementor\/thumbs\/fafeb-r3dquq1u7fmsfhwoqs5aryxd6xf8ldrolrftavipqo.png 200w, https:\/\/www.cref13.org.br\/cref13\/wp-content\/uploads\/2025\/03\/elementor\/thumbs\/fafeb-r3dquq1utd108hzjy8kvu0cjplj1x9djjnqedkrbr8.png 250w, https:\/\/www.cref13.org.br\/cref13\/wp-content\/uploads\/2025\/03\/fafeb.png 400w\" sizes=\"(max-width: 300px) 100vw, 300px\" \/><\/a><\/figure><div class=\"elementor-image-box-content\"><p class=\"elementor-image-box-description\"><b>Federa\u00e7\u00e3o Baiana de Futev\u00f4lei (FAFEB)<\/b><\/p><\/div><\/div>\t\t\t\t<\/div>\n\t\t\t\t<\/div>\n\t\t\t\t<div class=\"elementor-element elementor-element-3697e6c elementor-widget__width-initial elementor-position-top elementor-widget elementor-widget-image-box\" data-id=\"3697e6c\" data-element_type=\"widget\" data-widget_type=\"image-box.default\">\n\t\t\t\t<div class=\"elementor-widget-container\">\n\t\t\t\t\t<div class=\"elementor-image-box-wrapper\"><figure class=\"elementor-image-box-img\"><a href=\"https:\/\/www.instagram.com\/febt_oficial\/?hl=en\" tabindex=\"-1\"><img loading=\"lazy\" decoding=\"async\" width=\"264\" height=\"300\" src=\"https:\/\/www.cref13.org.br\/cref13\/wp-content\/uploads\/2025\/03\/febt-264x300.jpg\" class=\"elementor-animation-grow attachment-medium size-medium wp-image-10210\" alt=\"\" srcset=\"https:\/\/www.cref13.org.br\/cref13\/wp-content\/uploads\/2025\/03\/febt-264x300.jpg 264w, https:\/\/www.cref13.org.br\/cref13\/wp-content\/uploads\/2025\/03\/febt.jpg 731w\" sizes=\"(max-width: 264px) 100vw, 264px\" \/><\/a><\/figure><div class=\"elementor-image-box-content\"><p class=\"elementor-image-box-description\"><b>Federa\u00e7\u00e3o Esportiva Baiana Tkd (FEBT)<\/b><\/p><\/div><\/div>\t\t\t\t<\/div>\n\t\t\t\t<\/div>\n\t\t\t\t<div class=\"elementor-element elementor-element-85d5cc2 elementor-widget__width-initial elementor-position-top elementor-widget elementor-widget-image-box\" data-id=\"85d5cc2\" data-element_type=\"widget\" data-widget_type=\"image-box.default\">\n\t\t\t\t<div class=\"elementor-widget-container\">\n\t\t\t\t\t<div class=\"elementor-image-box-wrapper\"><figure class=\"elementor-image-box-img\"><a href=\"http:\/\/febaju.com.br\/\" tabindex=\"-1\"><img loading=\"lazy\" decoding=\"async\" width=\"2560\" height=\"1895\" src=\"https:\/\/www.cref13.org.br\/cref13\/wp-content\/uploads\/2025\/03\/febajufinal.jpg\" class=\"elementor-animation-grow attachment-full size-full wp-image-10217\" alt=\"\" srcset=\"https:\/\/www.cref13.org.br\/cref13\/wp-content\/uploads\/2025\/03\/febajufinal.jpg 2560w, https:\/\/www.cref13.org.br\/cref13\/wp-content\/uploads\/2025\/03\/febajufinal-300x222.jpg 300w, https:\/\/www.cref13.org.br\/cref13\/wp-content\/uploads\/2025\/03\/febajufinal-1024x758.jpg 1024w, https:\/\/www.cref13.org.br\/cref13\/wp-content\/uploads\/2025\/03\/febajufinal-768x569.jpg 768w, https:\/\/www.cref13.org.br\/cref13\/wp-content\/uploads\/2025\/03\/febajufinal-1536x1137.jpg 1536w, https:\/\/www.cref13.org.br\/cref13\/wp-content\/uploads\/2025\/03\/febajufinal-2048x1516.jpg 2048w\" sizes=\"(max-width: 2560px) 100vw, 2560px\" \/><\/a><\/figure><div class=\"elementor-image-box-content\"><p class=\"elementor-image-box-description\"><b>Federa\u00e7\u00e3o Baiana de Jud\u00f4(FEBAJU)<\/b><\/p><\/div><\/div>\t\t\t\t<\/div>\n\t\t\t\t<\/div>\n\t\t\t\t<div class=\"elementor-element elementor-element-fa79cb2 elementor-widget__width-initial elementor-position-top elementor-widget elementor-widget-image-box\" data-id=\"fa79cb2\" data-element_type=\"widget\" data-widget_type=\"image-box.default\">\n\t\t\t\t<div class=\"elementor-widget-container\">\n\t\t\t\t\t<div class=\"elementor-image-box-wrapper\"><figure class=\"elementor-image-box-img\"><a href=\"https:\/\/cbvd.org.br\/\" tabindex=\"-1\"><img loading=\"lazy\" decoding=\"async\" width=\"280\" height=\"180\" src=\"https:\/\/www.cref13.org.br\/cref13\/wp-content\/uploads\/2025\/04\/IMG_0751.jpg\" class=\"elementor-animation-grow attachment-full size-full wp-image-10419\" alt=\"\" \/><\/a><\/figure><div class=\"elementor-image-box-content\"><p class=\"elementor-image-box-description\"><b>Confedera\u00e7\u00e3o Brasileira de Voleibol para Deficientes - (CBVD)<\/b><\/p><\/div><\/div>\t\t\t\t<\/div>\n\t\t\t\t<\/div>\n\t\t\t\t<div class=\"elementor-element elementor-element-389048f elementor-widget__width-initial elementor-position-top elementor-widget elementor-widget-image-box\" data-id=\"389048f\" data-element_type=\"widget\" data-widget_type=\"image-box.default\">\n\t\t\t\t<div class=\"elementor-widget-container\">\n\t\t\t\t\t<div class=\"elementor-image-box-wrapper\"><figure class=\"elementor-image-box-img\"><a href=\"https:\/\/cpb.org.br\/\" tabindex=\"-1\"><img loading=\"lazy\" decoding=\"async\" width=\"1011\" height=\"571\" src=\"https:\/\/www.cref13.org.br\/cref13\/wp-content\/uploads\/2025\/04\/image-2.png\" class=\"elementor-animation-grow attachment-full size-full wp-image-10429\" alt=\"\" srcset=\"https:\/\/www.cref13.org.br\/cref13\/wp-content\/uploads\/2025\/04\/image-2.png 1011w, https:\/\/www.cref13.org.br\/cref13\/wp-content\/uploads\/2025\/04\/image-2-300x169.png 300w, https:\/\/www.cref13.org.br\/cref13\/wp-content\/uploads\/2025\/04\/image-2-768x434.png 768w\" sizes=\"(max-width: 1011px) 100vw, 1011px\" \/><\/a><\/figure><div class=\"elementor-image-box-content\"><p class=\"elementor-image-box-description\"><b>Comit\u00ea Paral\u00edmpico Brasileiro -  (COB)<\/b><\/p><\/div><\/div>\t\t\t\t<\/div>\n\t\t\t\t<\/div>\n\t\t\t\t<div class=\"elementor-element elementor-element-ab5c728 elementor-widget__width-initial elementor-position-top elementor-widget elementor-widget-image-box\" data-id=\"ab5c728\" data-element_type=\"widget\" data-widget_type=\"image-box.default\">\n\t\t\t\t<div class=\"elementor-widget-container\">\n\t\t\t\t\t<div class=\"elementor-image-box-wrapper\"><figure class=\"elementor-image-box-img\"><a href=\"https:\/\/federacaobahianaginastica.com.br\/\" tabindex=\"-1\"><img loading=\"lazy\" decoding=\"async\" width=\"225\" height=\"225\" src=\"https:\/\/www.cref13.org.br\/cref13\/wp-content\/uploads\/2025\/04\/image-1-1.png\" class=\"elementor-animation-grow attachment-full size-full wp-image-10428\" alt=\"\" srcset=\"https:\/\/www.cref13.org.br\/cref13\/wp-content\/uploads\/2025\/04\/image-1-1.png 225w, https:\/\/www.cref13.org.br\/cref13\/wp-content\/uploads\/2025\/04\/image-1-1-150x150.png 150w\" sizes=\"(max-width: 225px) 100vw, 225px\" \/><\/a><\/figure><div class=\"elementor-image-box-content\"><p class=\"elementor-image-box-description\"><b>Federa\u00e7\u00e3o Bahiana de Gin\u00e1stica - (FBG)<\/b><\/p><\/div><\/div>\t\t\t\t<\/div>\n\t\t\t\t<\/div>\n\t\t\t\t<div class=\"elementor-element elementor-element-d8914c2 elementor-widget__width-initial elementor-position-top elementor-widget elementor-widget-image-box\" data-id=\"d8914c2\" data-element_type=\"widget\" data-widget_type=\"image-box.default\">\n\t\t\t\t<div class=\"elementor-widget-container\">\n\t\t\t\t\t<div class=\"elementor-image-box-wrapper\"><figure class=\"elementor-image-box-img\"><a href=\"https:\/\/federacaobaianadevolei.com.br\/\" tabindex=\"-1\"><img loading=\"lazy\" decoding=\"async\" width=\"821\" height=\"313\" src=\"https:\/\/www.cref13.org.br\/cref13\/wp-content\/uploads\/2025\/04\/image-1.png\" class=\"elementor-animation-grow attachment-full size-full wp-image-10424\" alt=\"\" srcset=\"https:\/\/www.cref13.org.br\/cref13\/wp-content\/uploads\/2025\/04\/image-1.png 821w, https:\/\/www.cref13.org.br\/cref13\/wp-content\/uploads\/2025\/04\/image-1-300x114.png 300w, https:\/\/www.cref13.org.br\/cref13\/wp-content\/uploads\/2025\/04\/image-1-768x293.png 768w\" sizes=\"(max-width: 821px) 100vw, 821px\" \/><\/a><\/figure><div class=\"elementor-image-box-content\"><p class=\"elementor-image-box-description\"><b>Federa\u00e7\u00e3o Baiana de Voleibol <\/b><\/p><\/div><\/div>\t\t\t\t<\/div>\n\t\t\t\t<\/div>\n\t\t\t\t\t<\/div>\n\t\t<\/div>\n\t\t\t\t\t<\/div>\n\t\t<\/section>\n\t\t\t\t<section class=\"elementor-section elementor-top-section elementor-element elementor-element-9e04e01 elementor-section-boxed elementor-section-height-default elementor-section-height-default\" data-id=\"9e04e01\" data-element_type=\"section\">\n\t\t\t\t\t\t<div class=\"elementor-container elementor-column-gap-default\">\n\t\t\t\t\t<div class=\"elementor-column elementor-col-100 elementor-top-column elementor-element elementor-element-a2d1223\" data-id=\"a2d1223\" data-element_type=\"column\">\n\t\t\t<div class=\"elementor-widget-wrap\">\n\t\t\t\t\t\t\t<\/div>\n\t\t<\/div>\n\t\t\t\t\t<\/div>\n\t\t<\/section>\n\t\t\t\t<\/div>\n\t\t","protected":false},"excerpt":{"rendered":"<p>Confedera\u00e7\u00e3o Brasileira de Atletismo (Cbat) Associa\u00e7\u00e3o dos Organizadores de Corrida de Rua e Esportes Outdoor &#8211; (ABRACEO) Federa\u00e7\u00e3o Bahiana de Atletismo (FBA) Federa\u00e7\u00e3o Bahiana de Basketball (FBB) Federa\u00e7\u00e3o Baiana de Muscula\u00e7\u00e3o, Fisiculturismo e Fitness &#8211; (IFBB BA) Federa\u00e7\u00e3o de Baleado da Bahia (FBB) Federa\u00e7\u00e3o Baiana de Futev\u00f4lei (FAFEB) Federa\u00e7\u00e3o Esportiva Baiana Tkd (FEBT) Federa\u00e7\u00e3o Baiana [&hellip;]<\/p>\n","protected":false},"author":11,"featured_media":0,"parent":0,"menu_order":0,"comment_status":"closed","ping_status":"closed","template":"","meta":{"footnotes":""},"class_list":["post-10204","page","type-page","status-publish","hentry"],"_links":{"self":[{"href":"https:\/\/www.cref13.org.br\/cref13\/wp-json\/wp\/v2\/pages\/10204","targetHints":{"allow":["GET"]}}],"collection":[{"href":"https:\/\/www.cref13.org.br\/cref13\/wp-json\/wp\/v2\/pages"}],"about":[{"href":"https:\/\/www.cref13.org.br\/cref13\/wp-json\/wp\/v2\/types\/page"}],"author":[{"embeddable":true,"href":"https:\/\/www.cref13.org.br\/cref13\/wp-json\/wp\/v2\/users\/11"}],"replies":[{"embeddable":true,"href":"https:\/\/www.cref13.org.br\/cref13\/wp-json\/wp\/v2\/comments?post=10204"}],"version-history":[{"count":72,"href":"https:\/\/www.cref13.org.br\/cref13\/wp-json\/wp\/v2\/pages\/10204\/revisions"}],"predecessor-version":[{"id":12916,"href":"https:\/\/www.cref13.org.br\/cref13\/wp-json\/wp\/v2\/pages\/10204\/revisions\/12916"}],"wp:attachment":[{"href":"https:\/\/www.cref13.org.br\/cref13\/wp-json\/wp\/v2\/media?parent=10204"}],"curies":[{"name":"wp","href":"https:\/\/api.w.org\/{rel}","templated":true}]}}