{"id":10522,"date":"2025-05-12T12:02:30","date_gmt":"2025-05-12T15:02:30","guid":{"rendered":"https:\/\/www.cref13.org.br\/cref13\/?page_id=10522"},"modified":"2026-02-20T10:54:15","modified_gmt":"2026-02-20T13:54:15","slug":"diario-eletronico-cref13","status":"publish","type":"page","link":"https:\/\/www.cref13.org.br\/cref13\/diario-eletronico-cref13\/","title":{"rendered":"Di\u00e1rio Eletr\u00f4nico CREF13"},"content":{"rendered":"\t\t<div data-elementor-type=\"wp-page\" data-elementor-id=\"10522\" class=\"elementor elementor-10522\" data-elementor-post-type=\"page\">\n\t\t\t\t\t\t<section class=\"elementor-section elementor-top-section elementor-element elementor-element-2c70632e elementor-section-boxed elementor-section-height-default elementor-section-height-default\" data-id=\"2c70632e\" data-element_type=\"section\">\n\t\t\t\t\t\t<div class=\"elementor-container elementor-column-gap-default\">\n\t\t\t\t\t<div class=\"elementor-column elementor-col-100 elementor-top-column elementor-element elementor-element-75c0e08a\" data-id=\"75c0e08a\" data-element_type=\"column\">\n\t\t\t<div class=\"elementor-widget-wrap elementor-element-populated\">\n\t\t\t\t\t\t<div class=\"elementor-element elementor-element-a9efd89 elementor-widget elementor-widget-image\" data-id=\"a9efd89\" data-element_type=\"widget\" data-widget_type=\"image.default\">\n\t\t\t\t<div class=\"elementor-widget-container\">\n\t\t\t\t\t\t\t\t\t\t\t\t\t\t\t<img fetchpriority=\"high\" decoding=\"async\" width=\"2048\" height=\"269\" src=\"https:\/\/www.cref13.org.br\/cref13\/wp-content\/uploads\/2025\/06\/Design-sem-nome-2-1-2048x269.png\" class=\"attachment-2048x2048 size-2048x2048 wp-image-10768\" alt=\"\" srcset=\"https:\/\/www.cref13.org.br\/cref13\/wp-content\/uploads\/2025\/06\/Design-sem-nome-2-1-2048x269.png 2048w, https:\/\/www.cref13.org.br\/cref13\/wp-content\/uploads\/2025\/06\/Design-sem-nome-2-1-300x39.png 300w, https:\/\/www.cref13.org.br\/cref13\/wp-content\/uploads\/2025\/06\/Design-sem-nome-2-1-1024x134.png 1024w, https:\/\/www.cref13.org.br\/cref13\/wp-content\/uploads\/2025\/06\/Design-sem-nome-2-1-768x101.png 768w, https:\/\/www.cref13.org.br\/cref13\/wp-content\/uploads\/2025\/06\/Design-sem-nome-2-1-1536x201.png 1536w\" sizes=\"(max-width: 2048px) 100vw, 2048px\" \/>\t\t\t\t\t\t\t\t\t\t\t\t\t\t\t<\/div>\n\t\t\t\t<\/div>\n\t\t\t\t<div class=\"elementor-element elementor-element-3ced7b5 elementor-widget elementor-widget-html\" data-id=\"3ced7b5\" data-element_type=\"widget\" data-widget_type=\"html.default\">\n\t\t\t\t<div class=\"elementor-widget-container\">\n\t\t\t\t\t<!DOCTYPE html>\r\n<html lang=\"pt-BR\">\r\n<head>\r\n    <meta charset=\"UTF-8\">\r\n    <meta name=\"viewport\" content=\"width=device-width, initial-scale=1.0\">\r\n    <title>\u00c1rea de Pesquisa<\/title>\r\n    <style>\r\n        body {\r\n            font-family: Arial, sans-serif;\r\n            margin: 20px;\r\n            background-color: #f0f2f5;\r\n        }\r\n        .tabs {\r\n            display: flex;\r\n            margin-bottom: 20px;\r\n            border-bottom: 1px solid #ccc;\r\n        }\r\n        .tab-button {\r\n            padding: 10px 15px;\r\n            cursor: pointer;\r\n            border: 1px solid #ccc;\r\n            border-bottom: none;\r\n            background-color: #e0e0e0;\r\n            border-radius: 5px 5px 0 0;\r\n            margin-right: 5px;\r\n            color: #333;\r\n        }\r\n        .tab-button.active {\r\n            background-color: #fff;\r\n            border-color: #ccc;\r\n            border-bottom: 1px solid #fff;\r\n            font-weight: bold;\r\n        }\r\n        .search-container {\r\n            background-color: #fff;\r\n            padding: 20px;\r\n            border-radius: 5px;\r\n            box-shadow: 0 2px 4px rgba(0,0,0,0.1);\r\n            margin-bottom: 20px;\r\n            display: flex;\r\n            align-items: center;\r\n        }\r\n        .search-container select {\r\n            padding: 8px;\r\n            border: 1px solid #ccc;\r\n            border-radius: 4px;\r\n            margin-right: 10px;\r\n            font-size: 14px;\r\n        }\r\n        .search-container input[type=\"text\"] {\r\n            flex-grow: 1;\r\n            padding: 8px;\r\n            border: 1px solid #ccc;\r\n            border-radius: 4px;\r\n            font-size: 14px;\r\n        }\r\n        .search-container button {\r\n            background-color: #5bbad5; \/* Cor ajustada para ser mais parecida com a imagem *\/\r\n            color: white;\r\n            padding: 8px 12px;\r\n            border: none;\r\n            border-radius: 4px;\r\n            cursor: pointer;\r\n            font-size: 16px;\r\n            margin-left: 10px;\r\n        }\r\n    <\/style>\r\n<\/head>\r\n<body>\r\n\r\n    <div class=\"tabs\">\r\n        <div class=\"tab-button active\">Edi\u00e7\u00e3o Atual<\/div>\r\n    <\/div>\r\n    <div class=\"search-container\">\r\n        <select>\r\n            <option>Todas organiza\u00e7\u00f5es<\/option>\r\n            <option>Camera de Julgamento<\/option>\r\n            <option>Comiss\u00e3o de Processos Administrativos<\/option>\r\n            <option>C\u00e2mera de Registro<\/option>\r\n            <\/select>\r\n        <input type=\"text\" placeholder=\"Digite um termo que deseja pesquisar\">\r\n        <button>Q<\/button>\r\n    <\/div>\r\n    \r\n<\/body>\r\n<\/html>\t\t\t\t<\/div>\n\t\t\t\t<\/div>\n\t\t\t\t<div class=\"elementor-element elementor-element-51e3a0d elementor-widget elementor-widget-html\" data-id=\"51e3a0d\" data-element_type=\"widget\" data-widget_type=\"html.default\">\n\t\t\t\t<div class=\"elementor-widget-container\">\n\t\t\t\t\t<!DOCTYPE html>\r\n<html lang=\"pt-BR\">\r\n<head>\r\n    <meta charset=\"UTF-8\">\r\n    <meta name=\"viewport\" content=\"width=device-width, initial-scale=1.0\">\r\n    <title>Conte\u00fado da Mensagem<\/title>\r\n    <style>\r\n        body {\r\n            font-family: Arial, sans-serif;\r\n            margin: 20px;\r\n            background-color: #f0f2f5;\r\n        }\r\n        .content-box {\r\n            display: flex;\r\n            background-color: #fff;\r\n            border-radius: 5px;\r\n            overflow: hidden;\r\n            box-shadow: 0 2px 4px rgba(0,0,0,0.1);\r\n        }\r\n        .blue-box {\r\n            background-color: #468989;\r\n            color: white;\r\n            padding: 20px;\r\n            width: 220px; \/* Largura da box azul *\/\r\n            flex-shrink: 0; \/* Evita que a box encolha *\/\r\n            display: flex;\r\n            align-items: center;\r\n            font-weight:bold;\r\n            line-height: 1.4;\r\n        }\r\n        .text-content {\r\n            padding: 20px;\r\n            color: #333;\r\n            line-height: 1.6;\r\n        }\r\n    <\/style>\r\n<\/head>\r\n<body>\r\n\r\n    <div class=\"content-box\">\r\n        <div class=\"blue-box\">\r\n            Resolu\u00e7\u00e3o CREF13\/BA n.\u00ba 079\/2025.\r\n        <\/div>\r\n        <div class=\"text-content\">\r\n            \"Considerando o art. 5-B da Lei 9.696\/98 resolve (...) Art. 1\u00ba.Criar o Di\u00e1rio Eletr\u00f4nico do Conselho Regional de Educa\u00e7\u00e3o F\u00edsica da 13\u00aa Regi\u00e3o - CREF13\/BA - DECREF13\/BA que veicular\u00e1 em s\u00edtio eletr\u00f4nico exclusivo as publica\u00e7\u00f5es concernentes aos atos, \u00e0s notifica\u00e7\u00f5es e \u00e0s decis\u00f5es dos \u00f3rg\u00e3os da Institui\u00e7\u00e3o no \u00e2mbito do Conselho Regional de Educa\u00e7\u00e3o F\u00edsica da 13\u00aa Regi\u00e3o - CREF13\/BA\"\r\n        <\/div>\r\n    <\/div>\r\n\r\n<\/body>\r\n<\/html>\t\t\t\t<\/div>\n\t\t\t\t<\/div>\n\t\t\t\t<div class=\"elementor-element elementor-element-931cc28 elementor-widget elementor-widget-spacer\" data-id=\"931cc28\" data-element_type=\"widget\" data-widget_type=\"spacer.default\">\n\t\t\t\t<div class=\"elementor-widget-container\">\n\t\t\t\t\t\t\t<div class=\"elementor-spacer\">\n\t\t\t<div class=\"elementor-spacer-inner\"><\/div>\n\t\t<\/div>\n\t\t\t\t\t\t<\/div>\n\t\t\t\t<\/div>\n\t\t\t\t<div class=\"elementor-element elementor-element-c2c3649 elementor-widget elementor-widget-heading\" data-id=\"c2c3649\" data-element_type=\"widget\" data-widget_type=\"heading.default\">\n\t\t\t\t<div class=\"elementor-widget-container\">\n\t\t\t\t\t<h2 class=\"elementor-heading-title elementor-size-default\">C\u00e2mara de Julgamento<\/h2>\t\t\t\t<\/div>\n\t\t\t\t<\/div>\n\t\t\t\t<div class=\"elementor-element elementor-element-af20445 elementor-widget elementor-widget-text-editor\" data-id=\"af20445\" data-element_type=\"widget\" data-widget_type=\"text-editor.default\">\n\t\t\t\t<div class=\"elementor-widget-container\">\n\t\t\t\t\t\t\t\t\t<p><a href=\"https:\/\/www.cref13.org.br\/cref13\/wp-content\/uploads\/2025\/11\/PAUTA-DE-AUDIENCIAS-CJUL_PROCEDIMENTO_DE_CONCILIACAO_24-E-26.11.2025.pdf\">PAUTA DE AUDI\u00caNCIAS &#8211; PROCEDIMENTO DE CONCILIA\u00c7\u00c3O<\/a><\/p><p><a href=\"https:\/\/www.cref13.org.br\/cref13\/wp-content\/uploads\/2025\/12\/ATA_REUNIAO_CAMARA_DE_JULGAMENTO_10.12.2025-assinado.pdf\">ATA DE REUNI\u00c3O C\u00c2MARA DE JULGAMENTO 10.12.2025<\/a><\/p><p><a href=\"https:\/\/www.cref13.org.br\/cref13\/wp-content\/uploads\/2025\/12\/ATA_REUNIAO_EXTRAORDINARIA_DA_CAMARA_DE_JULGAMENTO_29.12.2025_assinado.pdf\">ATA REUNI\u00c3O EXTRAORDIN\u00c1RIA C\u00c2MARA DE JULGAMENTO 29.12.2025<\/a><\/p><p><a href=\"https:\/\/www.cref13.org.br\/cref13\/wp-content\/uploads\/2026\/02\/33-EDITAL-SUSPENSAO-CAUTELAR-D.O.U.pdf\">COMUNICADO-SUSPENSAO-CAUTELAR DO EXERC\u00cdCIO PROFISSIONAL.pdf<\/a><\/p><p><strong><b>\u00a0<\/b><\/strong><\/p>\t\t\t\t\t\t\t\t<\/div>\n\t\t\t\t<\/div>\n\t\t\t\t<div class=\"elementor-element elementor-element-f298094 elementor-widget-divider--view-line elementor-widget elementor-widget-divider\" data-id=\"f298094\" data-element_type=\"widget\" data-widget_type=\"divider.default\">\n\t\t\t\t<div class=\"elementor-widget-container\">\n\t\t\t\t\t\t\t<div class=\"elementor-divider\">\n\t\t\t<span class=\"elementor-divider-separator\">\n\t\t\t\t\t\t<\/span>\n\t\t<\/div>\n\t\t\t\t\t\t<\/div>\n\t\t\t\t<\/div>\n\t\t\t\t<div class=\"elementor-element elementor-element-4a74b98e elementor-widget elementor-widget-heading\" data-id=\"4a74b98e\" data-element_type=\"widget\" data-widget_type=\"heading.default\">\n\t\t\t\t<div class=\"elementor-widget-container\">\n\t\t\t\t\t<h2 class=\"elementor-heading-title elementor-size-default\">Comiss\u00e3o de Processos Administrativos<\/h2>\t\t\t\t<\/div>\n\t\t\t\t<\/div>\n\t\t\t\t<div class=\"elementor-element elementor-element-39e33e74 elementor-widget elementor-widget-text-editor\" data-id=\"39e33e74\" data-element_type=\"widget\" data-widget_type=\"text-editor.default\">\n\t\t\t\t<div class=\"elementor-widget-container\">\n\t\t\t\t\t\t\t\t\t<p>.\u00a0<\/p><ul><li style=\"list-style-type: none;\"><ul><li style=\"list-style-type: none;\">\u00a0<\/li><\/ul><\/li><\/ul>\t\t\t\t\t\t\t\t<\/div>\n\t\t\t\t<\/div>\n\t\t\t\t<div class=\"elementor-element elementor-element-75a54f0 elementor-widget-divider--view-line elementor-widget elementor-widget-divider\" data-id=\"75a54f0\" data-element_type=\"widget\" data-widget_type=\"divider.default\">\n\t\t\t\t<div class=\"elementor-widget-container\">\n\t\t\t\t\t\t\t<div class=\"elementor-divider\">\n\t\t\t<span class=\"elementor-divider-separator\">\n\t\t\t\t\t\t<\/span>\n\t\t<\/div>\n\t\t\t\t\t\t<\/div>\n\t\t\t\t<\/div>\n\t\t\t\t<div class=\"elementor-element elementor-element-3ddb96e elementor-widget elementor-widget-heading\" data-id=\"3ddb96e\" data-element_type=\"widget\" data-widget_type=\"heading.default\">\n\t\t\t\t<div class=\"elementor-widget-container\">\n\t\t\t\t\t<h2 class=\"elementor-heading-title elementor-size-default\">C\u00e2mara de Registro<\/h2>\t\t\t\t<\/div>\n\t\t\t\t<\/div>\n\t\t\t\t<div class=\"elementor-element elementor-element-e9814d2 elementor-widget elementor-widget-text-editor\" data-id=\"e9814d2\" data-element_type=\"widget\" data-widget_type=\"text-editor.default\">\n\t\t\t\t<div class=\"elementor-widget-container\">\n\t\t\t\t\t\t\t\t\t<p>.<\/p>\t\t\t\t\t\t\t\t<\/div>\n\t\t\t\t<\/div>\n\t\t\t\t\t<\/div>\n\t\t<\/div>\n\t\t\t\t\t<\/div>\n\t\t<\/section>\n\t\t\t\t<\/div>\n\t\t","protected":false},"excerpt":{"rendered":"<p>\u00c1rea de Pesquisa Edi\u00e7\u00e3o Atual Todas organiza\u00e7\u00f5esCamera de JulgamentoComiss\u00e3o de Processos AdministrativosC\u00e2mera de Registro Q Conte\u00fado da Mensagem Resolu\u00e7\u00e3o CREF13\/BA n.\u00ba 079\/2025. &#8220;Considerando o art. 5-B da Lei 9.696\/98 resolve (&#8230;) Art. 1\u00ba.Criar o Di\u00e1rio Eletr\u00f4nico do Conselho Regional de Educa\u00e7\u00e3o F\u00edsica da 13\u00aa Regi\u00e3o &#8211; CREF13\/BA &#8211; DECREF13\/BA que veicular\u00e1 em s\u00edtio eletr\u00f4nico exclusivo [&hellip;]<\/p>\n","protected":false},"author":14,"featured_media":0,"parent":0,"menu_order":0,"comment_status":"closed","ping_status":"closed","template":"","meta":{"footnotes":""},"class_list":["post-10522","page","type-page","status-publish","hentry"],"_links":{"self":[{"href":"https:\/\/www.cref13.org.br\/cref13\/wp-json\/wp\/v2\/pages\/10522","targetHints":{"allow":["GET"]}}],"collection":[{"href":"https:\/\/www.cref13.org.br\/cref13\/wp-json\/wp\/v2\/pages"}],"about":[{"href":"https:\/\/www.cref13.org.br\/cref13\/wp-json\/wp\/v2\/types\/page"}],"author":[{"embeddable":true,"href":"https:\/\/www.cref13.org.br\/cref13\/wp-json\/wp\/v2\/users\/14"}],"replies":[{"embeddable":true,"href":"https:\/\/www.cref13.org.br\/cref13\/wp-json\/wp\/v2\/comments?post=10522"}],"version-history":[{"count":83,"href":"https:\/\/www.cref13.org.br\/cref13\/wp-json\/wp\/v2\/pages\/10522\/revisions"}],"predecessor-version":[{"id":12754,"href":"https:\/\/www.cref13.org.br\/cref13\/wp-json\/wp\/v2\/pages\/10522\/revisions\/12754"}],"wp:attachment":[{"href":"https:\/\/www.cref13.org.br\/cref13\/wp-json\/wp\/v2\/media?parent=10522"}],"curies":[{"name":"wp","href":"https:\/\/api.w.org\/{rel}","templated":true}]}}