{"id":1803,"date":"2021-10-13T14:41:18","date_gmt":"2021-10-13T17:41:18","guid":{"rendered":"https:\/\/www.cref13.org.br\/cref13\/?page_id=1803"},"modified":"2025-10-03T11:01:39","modified_gmt":"2025-10-03T14:01:39","slug":"resolucoes","status":"publish","type":"page","link":"https:\/\/www.cref13.org.br\/cref13\/resolucoes\/","title":{"rendered":"Resolu\u00e7\u00f5es"},"content":{"rendered":"\t\t<div data-elementor-type=\"wp-page\" data-elementor-id=\"1803\" class=\"elementor elementor-1803\" data-elementor-post-type=\"page\">\n\t\t\t\t\t\t<section class=\"elementor-section elementor-top-section elementor-element elementor-element-ab4615d elementor-section-boxed elementor-section-height-default elementor-section-height-default\" data-id=\"ab4615d\" data-element_type=\"section\">\n\t\t\t\t\t\t<div class=\"elementor-container elementor-column-gap-default\">\n\t\t\t\t\t<div class=\"elementor-column elementor-col-100 elementor-top-column elementor-element elementor-element-d765087\" data-id=\"d765087\" data-element_type=\"column\">\n\t\t\t<div class=\"elementor-widget-wrap elementor-element-populated\">\n\t\t\t\t\t\t<div class=\"elementor-element elementor-element-33e8329 elementor-headline--style-highlight elementor-widget elementor-widget-animated-headline\" data-id=\"33e8329\" data-element_type=\"widget\" data-settings=\"{&quot;marker&quot;:&quot;curly&quot;,&quot;highlighted_text&quot;:&quot;Resolu\\u00e7\\u00f5es&quot;,&quot;headline_style&quot;:&quot;highlight&quot;,&quot;highlight_animation_duration&quot;:1200}\" data-widget_type=\"animated-headline.default\">\n\t\t\t\t<div class=\"elementor-widget-container\">\n\t\t\t\t\t\t\t<h2 class=\"elementor-headline\">\n\t\t\t\t<span class=\"elementor-headline-dynamic-wrapper elementor-headline-text-wrapper\">\n\t\t\t\t\t<span class=\"elementor-headline-dynamic-text elementor-headline-text-active\">Resolu\u00e7\u00f5es<\/span>\n\t\t\t\t<\/span>\n\t\t\t\t<\/h2>\n\t\t\t\t\t\t<\/div>\n\t\t\t\t<\/div>\n\t\t\t\t<div class=\"elementor-element elementor-element-e6311e2 elementor-widget elementor-widget-heading\" data-id=\"e6311e2\" data-element_type=\"widget\" data-widget_type=\"heading.default\">\n\t\t\t\t<div class=\"elementor-widget-container\">\n\t\t\t\t\t<h3 class=\"elementor-heading-title elementor-size-default\">2025<\/h3>\t\t\t\t<\/div>\n\t\t\t\t<\/div>\n\t\t\t\t<div class=\"elementor-element elementor-element-0aa77e0 elementor-widget elementor-widget-text-editor\" data-id=\"0aa77e0\" data-element_type=\"widget\" data-widget_type=\"text-editor.default\">\n\t\t\t\t<div class=\"elementor-widget-container\">\n\t\t\t\t\t\t\t\t\t<ul><li><strong><a href=\"https:\/\/www.cref13.org.br\/cref13\/wp-content\/uploads\/2025\/10\/CREF13BA-083.2024-RESO-ORCAMENTARIA-DO-EXERCICIO-DE-2026.pdf\">Resolu\u00e7\u00e3o CREF13 n\u00ba083 de 2025 &#8211;\u00a0 Proposta Or\u00e7ament\u00e1ria de 2026<\/a><\/strong><\/li><li><strong><a href=\"https:\/\/www.cref13.org.br\/cref13\/wp-content\/uploads\/2025\/09\/RESOLUCAO-CREF13BA-No-082.2025.pdf\">Resolu\u00e7\u00e3o CREF13 n\u00ba 082 de 2025 &#8211; Atualiza\u00e7\u00e3o Monet\u00e1ria dos Valores Constantes no Anexo I da Resolu\u00e7\u00e3o CREF13\/BA n\u00ba 078\/2025<\/a><\/strong><\/li><li><a href=\"https:\/\/www.cref13.org.br\/cref13\/wp-content\/uploads\/2025\/09\/RESOLUCAO-CREF13BA-No-081.2025.-1.pdf\"><strong>Resolu\u00e7\u00e3o CREF13 n\u00ba 081 de 2025 &#8211; Fixa\u00e7\u00e3o dos Valores das Anuidades do Exerc\u00edcio de 2026<\/strong><\/a><\/li><li><strong><a href=\"https:\/\/www.cref13.org.br\/cref13\/wp-content\/uploads\/2025\/09\/RESOLUCAO-CREF13BA-No-080.2025.pdf\">Resolu\u00e7\u00e3o CREF13 n\u00ba 080 de 2025 &#8211; Altera\u00e7\u00e3o do art. 1\u00ba da Resolu\u00e7\u00e3o CREF13\/BA n\u00ba 27<\/a><\/strong><\/li><li><a href=\"https:\/\/www.cref13.org.br\/cref13\/wp-content\/uploads\/2025\/09\/RESOLUCAO-CREF13BA-No-079.2025.pdf\"><strong>Resolu\u00e7\u00e3o CREF13 n\u00ba 079 de 2025 &#8211; Cria e normatiza o Di\u00e1rio Eletr\u00f4nico do CREF13\/BA<\/strong><\/a><\/li><li><a href=\"https:\/\/www.cref13.org.br\/cref13\/wp-content\/uploads\/2025\/09\/RESOLUCAO-CREF13BA-No-078.2025.pdf\"><strong>Resolu\u00e7\u00e3o CREF13 n\u00ba 078 de 2025 &#8211; Procedimentos de pagamento <\/strong><\/a><\/li><\/ul>\t\t\t\t\t\t\t\t<\/div>\n\t\t\t\t<\/div>\n\t\t\t\t<div class=\"elementor-element elementor-element-d39028f elementor-widget elementor-widget-heading\" data-id=\"d39028f\" data-element_type=\"widget\" data-widget_type=\"heading.default\">\n\t\t\t\t<div class=\"elementor-widget-container\">\n\t\t\t\t\t<h3 class=\"elementor-heading-title elementor-size-default\">2024<\/h3>\t\t\t\t<\/div>\n\t\t\t\t<\/div>\n\t\t\t\t<div class=\"elementor-element elementor-element-e12b8ae elementor-widget elementor-widget-text-editor\" data-id=\"e12b8ae\" data-element_type=\"widget\" data-widget_type=\"text-editor.default\">\n\t\t\t\t<div class=\"elementor-widget-container\">\n\t\t\t\t\t\t\t\t\t<ul><li><strong><a href=\"https:\/\/www.cref13.org.br\/cref13\/wp-content\/uploads\/2024\/11\/CREF13BA-077.2024-RESO-ORCAMENTARIA-DO-EXERCICIO-DE-2025.pdf\">Resolu\u00e7\u00e3o<\/a><a href=\"https:\/\/www.cref13.org.br\/cref13\/wp-content\/uploads\/2024\/11\/CREF13BA-077.2024-RESO-ORCAMENTARIA-DO-EXERCICIO-DE-2025.pdf\"> CREF13 n\u00ba 077 de 2024 &#8211; Or\u00e7ament\u00e1ria do Exerc\u00edcio de 2025<\/a><\/strong><\/li>\n<li><a href=\"https:\/\/www.cref13.org.br\/cref13\/wp-content\/uploads\/2024\/12\/CREF13BA-076.2024-RESO-ANUIDADE-2025.pdf\"><strong>Resolu\u00e7\u00e3o CREF13 n\u00ba 076 de 2024 &#8211; Anuidade 2025<\/strong><\/a><\/li>\n<li><a href=\"https:\/\/www.cref13.org.br\/cref13\/wp-content\/uploads\/2024\/05\/Resolucao-CREF13BA-N.075-03-04-2024.pdf\" target=\"_blank\" rel=\"noopener\"><strong>Resolu\u00e7\u00e3o CREF13 n\u00ba 075 de 2024 &#8211; Abertura de Cr\u00e9dito Adicional Suplementar ao Or\u00e7amento de 2024<\/strong><\/a><\/li>\n<\/ul>\t\t\t\t\t\t\t\t<\/div>\n\t\t\t\t<\/div>\n\t\t\t\t<div class=\"elementor-element elementor-element-3e85fdc elementor-widget elementor-widget-heading\" data-id=\"3e85fdc\" data-element_type=\"widget\" data-widget_type=\"heading.default\">\n\t\t\t\t<div class=\"elementor-widget-container\">\n\t\t\t\t\t<h3 class=\"elementor-heading-title elementor-size-default\">2023<\/h3>\t\t\t\t<\/div>\n\t\t\t\t<\/div>\n\t\t\t\t<div class=\"elementor-element elementor-element-84949c3 elementor-widget elementor-widget-text-editor\" data-id=\"84949c3\" data-element_type=\"widget\" data-widget_type=\"text-editor.default\">\n\t\t\t\t<div class=\"elementor-widget-container\">\n\t\t\t\t\t\t\t\t\t<ul><li><strong><a href=\"https:\/\/www.cref13.org.br\/cref13\/wp-content\/uploads\/2024\/05\/CREF13BA-074.2023-RESO-REVOGACAO-VERBAS-INDENIZATORIAS_.pdf\" target=\"_blank\" rel=\"noopener\">Resolu\u00e7\u00e3o CREF13 n\u00ba 074 de 2023 &#8211; Revoga\u00e7\u00e3o Verbas Indenizat\u00f3rias<\/a><\/strong><\/li><li style=\"font-size: 16px;\"><a href=\"https:\/\/www.cref13.org.br\/cref13\/wp-content\/uploads\/2023\/12\/CREF13BA-073.2023-RESO-ORCAMENTO-2024.pdf\"><span style=\"font-weight: bolder;\">Resolu\u00e7\u00e3o CREF13 n\u00ba 073 de 2023 &#8211; Or\u00e7amento 2024<\/span><\/a><\/li><li><a href=\"https:\/\/www.cref13.org.br\/cref13\/wp-content\/uploads\/2023\/12\/CREF13BA-072.2023-RESO-ANUIDADE-2024-Copia.pdf\"><strong>Resolu\u00e7\u00e3o CREF13 n\u00ba 072 de 2023 &#8211; Anuidade 2024<\/strong><\/a><\/li><li style=\"font-size: 16px;\"><strong><a href=\"https:\/\/www.cref13.org.br\/cref13\/wp-content\/uploads\/2023\/09\/CREF13BA-071.2023-RESO-Fixa-os-valores-das-multas-penalidades.pdf\">Resolu\u00e7\u00e3o CREF13 n\u00ba 071 de 2023 &#8211; Fixa os Valores das Multas (Penalidades) <\/a><\/strong><\/li><li style=\"font-size: 16px;\"><a href=\"https:\/\/www.cref13.org.br\/cref13\/wp-content\/uploads\/2023\/09\/CREF13BA-070.2023-RESO-ESTABELECE-NORMAS-COMPLEMENTARES-AO-CODIGO-PROCESSUAL-DE-ETICA.pdf\"><span style=\"font-weight: bolder;\">Resolu\u00e7\u00e3o CREF13 n\u00ba 070 de 2023 &#8211; Estabelece Normas Complementares ao C\u00f3digo Processual de \u00c9tica\u00a0<\/span><\/a><\/li><li style=\"font-size: 16px;\"><a href=\"https:\/\/www.cref13.org.br\/documentos\/legislacao\/resolucao\/2023\/resolucao-cref13-0682023-pagamento-de-anuidade-por-profissional.pdf\"><span style=\"font-weight: bolder;\">Resolu\u00e7\u00e3o CREF13 n\u00ba 068 de 2023 &#8211;\u00a0<\/span><b><span style=\"font-family: Arial, sans-serif; background-image: initial; background-position: initial; background-size: initial; background-repeat: initial; background-attachment: initial; background-origin: initial; background-clip: initial;\">Pagamento <\/span><\/b><b><span style=\"font-family: Arial, sans-serif; background-image: initial; background-position: initial; background-size: initial; background-repeat: initial; background-attachment: initial; background-origin: initial; background-clip: initial;\">de Anuidade por Profissional com Revigoramento de Registro Deferido<\/span><\/b><\/a><\/li><li><a href=\"https:\/\/www.cref13.org.br\/documentos\/legislacao\/resolucao\/2023\/resolucao-cref13-692023-abertura_de_cr\u00e9dito_adicional_especial_suplementar_ao_or\u00e7amento_de_2023.pdf\"><span style=\"font-weight: bolder;\">Resolu\u00e7\u00e3o CREF13 n\u00ba 069 de 2023 &#8211; Abertura de Cr\u00e9dito Adicional Especial Suplementar ao Or\u00e7amento de 2023 \u00a0<\/span><\/a><\/li><\/ul>\t\t\t\t\t\t\t\t<\/div>\n\t\t\t\t<\/div>\n\t\t\t\t<div class=\"elementor-element elementor-element-5f7761a elementor-widget elementor-widget-heading\" data-id=\"5f7761a\" data-element_type=\"widget\" data-widget_type=\"heading.default\">\n\t\t\t\t<div class=\"elementor-widget-container\">\n\t\t\t\t\t<h3 class=\"elementor-heading-title elementor-size-default\">2022<\/h3>\t\t\t\t<\/div>\n\t\t\t\t<\/div>\n\t\t\t\t<div class=\"elementor-element elementor-element-079a29e elementor-widget elementor-widget-text-editor\" data-id=\"079a29e\" data-element_type=\"widget\" data-widget_type=\"text-editor.default\">\n\t\t\t\t<div class=\"elementor-widget-container\">\n\t\t\t\t\t\t\t\t\t<ul>\n<li style=\"font-size: 16px;\"><a href=\"https:\/\/www.cref13.org.br\/documentos\/legislacao\/resolucao\/2022\/resolucao-cref13-0672022-orcamento2023.pdf\"><span style=\"font-weight: bolder;\">Resolu\u00e7\u00e3o CREF13 n\u00ba 067 de 2022 &#8211; O<\/span><strong>r\u00e7amento 2023<\/strong><\/a><\/li>\n<li><a href=\"https:\/\/www.cref13.org.br\/documentos\/legislacao\/resolucao\/2022\/resolucao-cref13-0662022-reformulacao-do-orcamento-setembro-2022.pdf\"><span style=\"font-weight: bolder;\">Resolu\u00e7\u00e3o CREF13 n\u00ba 066 de 2022 &#8211; Reformula\u00e7\u00e3o do Or\u00e7amento &#8211; Setembro de 2022<\/span><\/a><\/li>\n<li><a href=\"https:\/\/www.cref13.org.br\/documentos\/legislacao\/resolucao\/2022\/resolucao-cref13-0652022-anuidade-2023.pdf\"><strong>Resolu\u00e7\u00e3o CREF13 n\u00ba 065 de 2022 &#8211; Anuidade 2023<\/strong><\/a><\/li>\n<li style=\"font-size: 16px;\"><a style=\"font-family: var( --e-global-typography-text-font-family ), Sans-serif; font-weight: var( --e-global-typography-text-font-weight );\" href=\"https:\/\/www.cref13.org.br\/documentos\/legislacao\/resolucao\/2022\/resolucao-cref13-0632022-audiencia-virtual.pdf\"><strong>Resolu\u00e7\u00e3o CREF13 n\u00ba 063 de 2022 &#8211; Audi\u00eancia Virtual<\/strong><\/a><\/li>\n<li style=\"font-size: 16px;\"><a href=\"https:\/\/www.cref13.org.br\/documentos\/legislacao\/resolucao\/2022\/resolucao-cref13-0622022-parcelamento-executado-e-protestados.pdf\"><span style=\"font-weight: bolder;\">Resolu\u00e7\u00e3o CREF13 n\u00ba 062 de 2022 &#8211; Parcelamento Executado e Protestado<\/span><\/a><\/li>\n<li style=\"font-size: 16px;\"><a href=\"https:\/\/www.cref13.org.br\/documentos\/legislacao\/resolucao\/2022\/resolucao-cref13-0612020-reformulacao-do-orcamento-20221.pdf\"><span style=\"font-weight: bolder;\">Resolu\u00e7\u00e3o CREF13 n\u00ba 061 de 2022 &#8211; Reformula\u00e7\u00e3o do Or\u00e7amento<\/span><\/a><\/li>\n<\/ul>\t\t\t\t\t\t\t\t<\/div>\n\t\t\t\t<\/div>\n\t\t\t\t<div class=\"elementor-element elementor-element-194e110 elementor-widget elementor-widget-heading\" data-id=\"194e110\" data-element_type=\"widget\" data-widget_type=\"heading.default\">\n\t\t\t\t<div class=\"elementor-widget-container\">\n\t\t\t\t\t<h3 class=\"elementor-heading-title elementor-size-default\">2021<\/h3>\t\t\t\t<\/div>\n\t\t\t\t<\/div>\n\t\t\t\t<div class=\"elementor-element elementor-element-0aabec9 elementor-widget elementor-widget-text-editor\" data-id=\"0aabec9\" data-element_type=\"widget\" data-widget_type=\"text-editor.default\">\n\t\t\t\t<div class=\"elementor-widget-container\">\n\t\t\t\t\t\t\t\t\t<ul><li><a href=\"https:\/\/www.cref13.org.br\/documentos\/legislacao\/resolucao\/2021\/resolucao-cref13-0602021-normas-pagamento-e-concessao-de-verbas-indenizatorias-e-do-adiantamento-de-viagem.pdf\"><strong>Resolu\u00e7\u00e3o CREF13 n\u00ba 060 de 2021 &#8211; Normas,\u00a0 Pagamento e Concess\u00e3o de Verbas Indenizat\u00f3rias<\/strong><\/a><\/li><li><a href=\"https:\/\/www.cref13.org.br\/documentos\/legislacao\/resolucao\/2021\/resolucao-cref13-0592021-orcamento-2022.pdf\"><strong>Resolu\u00e7\u00e3o CREF13 n\u00ba 059 de 2021 &#8211; Or\u00e7amento 2022<\/strong><\/a><\/li><li><a href=\"https:\/\/www.cref13.org.br\/documentos\/legislacao\/resolucao\/2021\/resolucao-cref13-0582021-reformulacao-do-orcamento-2021.pdf\"><strong>Resolu\u00e7\u00e3o CREF13 n\u00ba 058 de 2021 &#8211; Reformula\u00e7\u00e3o do Or\u00e7amento 2021<\/strong><\/a><\/li><li style=\"font-size: 16px;\"><a href=\"https:\/\/www.cref13.org.br\/documentos\/legislacao\/resolucao\/2021\/resolucao-cref13-0572021-anuidade-2022.pdf\"><span style=\"font-weight: bolder;\">Resolu\u00e7\u00e3o CREF13 n\u00ba 057 de 2021\u00a0&#8211; Anuidade 2022<\/span><\/a><\/li><li><a href=\"https:\/\/www.cref13.org.br\/cref13\/wp-content\/uploads\/2024\/05\/resolucao-cref13-0562021-regimento-interno_.pdf\" target=\"_blank\" rel=\"noopener\"><strong>Resolu\u00e7\u00e3o CREF13 n\u00ba 056 de 2021 &#8211; Regimento Interno<\/strong><\/a><\/li><li><a href=\"https:\/\/www.cref13.org.br\/documentos\/legislacao\/resolucao\/2021\/resolucao-cref13-0552021-comissao-eleitoral-e-secretaria.pdf\"><strong>Resolu\u00e7\u00e3o CREF13 n\u00ba 055 de 2021 &#8211; Nomea\u00e7\u00e3o da Comiss\u00e3o Eleitoral e Secretaria<\/strong><\/a><\/li><li><a href=\"https:\/\/www.cref13.org.br\/documentos\/legislacao\/resolucao\/2021\/resolucao-cref13-0542021-regimento-eleitoral-2021.pdf\"><strong>Resolu\u00e7\u00e3o CREF13 n\u00ba 054 de 2021 &#8211; Regimento Eleitoral 2021<\/strong><\/a><\/li><li><a href=\"https:\/\/www.cref13.org.br\/documentos\/legislacao\/resolucao\/2021\/resolucao-cref13-0532021-estatuto.pdf\"><strong>Resolu\u00e7\u00e3o CREF13 n\u00ba 053 de 2021 &#8211; Estatuto<\/strong><\/a><\/li><li style=\"font-size: 16px;\"><a href=\"https:\/\/www.cref13.org.br\/cref13\/wp-content\/uploads\/2022\/10\/Resolucao-CREF13-no-052-de-2021-\u2013-Codigo-de-Processo-a-ser-observado-pela-Camara-de-Processo-Administrativo-de-Responsabilizacao-da-Pessoa-Juridica.pdf\"><span style=\"font-weight: bolder;\">Resolu\u00e7\u00e3o CREF13 n\u00ba 052 de 2021 &#8211; C\u00f3digo de Processo a ser observado pela C\u00e2mara de Processo Administrativo de Responsabiliza\u00e7\u00e3o da Pessoa Jur\u00eddica<\/span><\/a><\/li><li style=\"font-size: 16px;\"><a href=\"https:\/\/www.cref13.org.br\/documentos\/legislacao\/resolucao\/2021\/resolucao-cref13-0512021-reformulacao-do-orcamento-2021.pdf\"><span style=\"font-weight: bolder;\">Resolu\u00e7\u00e3o CREF13 n\u00ba 051 de 2021 &#8211; Reformula\u00e7\u00e3o do Or\u00e7amento 2021<\/span><\/a><\/li><li><a href=\"https:\/\/www.cref13.org.br\/documentos\/legislacao\/resolucao\/2021\/resolucao-cref13-0502021-registro-de-recem-formado.pdf\"><span style=\"font-weight: bolder;\">Resolu\u00e7\u00e3o CREF13 n\u00ba 050 de 2021 &#8211; Registro de Rec\u00e9m Formado<\/span><\/a><\/li><li><a href=\"https:\/\/www.cref13.org.br\/documentos\/legislacao\/resolucao\/2021\/resolucao-cref13-0492021-prorrogacao-do-prazo-para-pagamento-anuidade-2021.pdf\"><strong>Resolu\u00e7\u00e3o CREF13 n\u00ba 049 de 2021 &#8211; Prorroga\u00e7\u00e3o do Prazo para Pagamento Anuidade 2021<\/strong><\/a><\/li><li><a href=\"https:\/\/www.cref13.org.br\/documentos\/legislacao\/resolucao\/2021\/resolucao-cref13-0482021-verbas-fiscais.pdf\"><strong>Resolu\u00e7\u00e3o CREF13 n\u00ba 048 de 2021 &#8211; Adiantamento de Viagem \u2013 Agentes de Orienta\u00e7\u00e3o e Fiscaliza\u00e7\u00e3o<\/strong><\/a><\/li><li style=\"font-size: 16px;\"><a href=\"https:\/\/www.cref13.org.br\/documentos\/legislacao\/resolucao\/2021\/resolucao-cref13-0472021-alteracao-da-resolucao-0122017.pdf\"><span style=\"font-weight: bolder;\">Resolu\u00e7\u00e3o CREF13 n\u00ba 047 de 2021 &#8211; Altera\u00e7\u00e3o da Resolu\u00e7\u00e3o 012.2017<\/span><\/a><\/li><li style=\"font-size: 16px;\"><a href=\"https:\/\/www.cref13.org.br\/documentos\/legislacao\/resolucao\/2021\/resolucao-cref13-046-alteracao-resolucao-014-2017.pdf\"><span style=\"font-weight: bolder;\">Resolu\u00e7\u00e3o CREF13 n\u00ba 046 de 2021 &#8211; Altera\u00e7\u00e3o da Resolu\u00e7\u00e3o 014.2017<\/span><\/a><\/li><li style=\"font-size: 16px;\"><a href=\"https:\/\/www.cref13.org.br\/documentos\/legislacao\/resolucao\/2021\/resolucao-cref13-0452021-alteracao-resolucao-027-2019.pdf\"><span style=\"font-weight: bolder;\">Resolu\u00e7\u00e3o CREF13 n\u00ba 045 de 2021 &#8211; Altera\u00e7\u00e3o da Resolu\u00e7\u00e3o 027.2019<\/span><\/a><\/li><li><a href=\"https:\/\/www.cref13.org.br\/documentos\/legislacao\/resolucao\/2021\/resolucao-cref13-0442021-alteracao-resolucao-044-2020.pdf\"><span style=\"font-weight: bolder;\">Resolu\u00e7\u00e3o CREF13 n\u00ba 044 de 2021 &#8211; Altera\u00e7\u00e3o da Resolu\u00e7\u00e3o 044.2020<\/span><\/a><\/li><\/ul>\t\t\t\t\t\t\t\t<\/div>\n\t\t\t\t<\/div>\n\t\t\t\t<div class=\"elementor-element elementor-element-187ea6c elementor-widget elementor-widget-heading\" data-id=\"187ea6c\" data-element_type=\"widget\" data-widget_type=\"heading.default\">\n\t\t\t\t<div class=\"elementor-widget-container\">\n\t\t\t\t\t<h3 class=\"elementor-heading-title elementor-size-default\">2020<\/h3>\t\t\t\t<\/div>\n\t\t\t\t<\/div>\n\t\t\t\t<div class=\"elementor-element elementor-element-e22751e elementor-widget elementor-widget-text-editor\" data-id=\"e22751e\" data-element_type=\"widget\" data-widget_type=\"text-editor.default\">\n\t\t\t\t<div class=\"elementor-widget-container\">\n\t\t\t\t\t\t\t\t\t<ul><li><a href=\"https:\/\/www.cref13.org.br\/documentos\/legislacao\/resolucao\/2020\/resolucao-cref13-0402020-prorrogacao-do-prazo.pdf\"><strong>Resolu\u00e7\u00e3o CREF13 n\u00ba 040 de 2020 &#8211; Prorroga\u00e7\u00e3o do Prazo<\/strong><\/a><\/li><li><a href=\"https:\/\/www.cref13.org.br\/documentos\/legislacao\/resolucao\/2020\/resolucao-cref13-0392020-prorrogacao-do-prazo.pdf\"><strong>Resolu\u00e7\u00e3o CREF13 n\u00ba 039 de 2020 &#8211; Prorroga\u00e7\u00e3o do Prazo<\/strong><\/a><\/li><li><a href=\"https:\/\/www.cref13.org.br\/documentos\/legislacao\/resolucao\/2020\/resolucao-cref13-0372020-revogacao-parcial-da-resolucao-0332019.pdf\"><span style=\"font-size: 16px; font-weight: bolder;\">Resolu\u00e7\u00e3o CREF13 n\u00ba 037 de 2020 &#8211; <\/span><span style=\"font-weight: bolder;\">Revoga\u00e7\u00e3o Parcial da Resolu\u00e7\u00e3o\u00a0<\/span><b>033.2019<\/b><\/a><\/li><li><a href=\"https:\/\/www.cref13.org.br\/documentos\/legislacao\/resolucao\/2020\/resolucao-cref13-0362020-revogacao-parcial-da-resolucao-0192018.pdf\"><strong>Resolu\u00e7\u00e3o CREF13 n\u00ba 036 de 2020 &#8211; Revoga\u00e7\u00e3o Parcial da Resolu\u00e7\u00e3o 019.2018<\/strong><\/a><\/li><li><a href=\"https:\/\/www.cref13.org.br\/documentos\/legislacao\/resolucao\/2020\/resolucao-cref13-0352020-revogacao-da-resolucao-0032017.pdf\"><strong>Resolu\u00e7\u00e3o CREF13 n\u00ba 035 de 2020 &#8211; Revoga\u00e7\u00e3o da Resolu\u00e7\u00e3o 003.2017<\/strong><\/a><\/li><li><a href=\"https:\/\/www.cref13.org.br\/documentos\/legislacao\/resolucao\/2020\/resolucao-cref13-0342020-revogacao-da-resolucao-0302019.pdf\"><strong>Resolu\u00e7\u00e3o CREF13 n\u00ba 034 de 2020 &#8211; Revoga\u00e7\u00e3o da Resolu\u00e7\u00e3o 030.2019<\/strong><\/a><\/li><\/ul>\t\t\t\t\t\t\t\t<\/div>\n\t\t\t\t<\/div>\n\t\t\t\t<div class=\"elementor-element elementor-element-858778f elementor-widget elementor-widget-heading\" data-id=\"858778f\" data-element_type=\"widget\" data-widget_type=\"heading.default\">\n\t\t\t\t<div class=\"elementor-widget-container\">\n\t\t\t\t\t<h3 class=\"elementor-heading-title elementor-size-default\">2019<\/h3>\t\t\t\t<\/div>\n\t\t\t\t<\/div>\n\t\t\t\t<div class=\"elementor-element elementor-element-72362e2 elementor-widget elementor-widget-text-editor\" data-id=\"72362e2\" data-element_type=\"widget\" data-widget_type=\"text-editor.default\">\n\t\t\t\t<div class=\"elementor-widget-container\">\n\t\t\t\t\t\t\t\t\t<ul>\n<li><strong><a href=\"https:\/\/www.cref13.org.br\/documentos\/legislacao\/resolucao\/2019\/resolucao-cref13-0322019-orcamento-2020.pdf\" target=\"_blank\" rel=\"noopener\">Resolu\u00e7\u00e3o CREF13 n\u00ba 032 de 2019 &#8211; Or\u00e7amento 2020<\/a><\/strong><\/li>\n<li><strong><a href=\"https:\/\/www.cref13.org.br\/documentos\/legislacao\/resolucao\/2019\/resolucao-cref13-0302019-preco-de-servico-revogada.pdf\" target=\"_blank\" rel=\"noopener\"><del datetime=\"2021-10-13T18:03:55+00:00\">Resolu\u00e7\u00e3o CREF13 n\u00ba 030 de 2019 &#8211; Pre\u00e7o de Servi\u00e7o (Revogada)<\/del><\/a><\/strong><\/li>\n<li><strong><a href=\"https:\/\/www.cref13.org.br\/documentos\/legislacao\/resolucao\/2019\/resolucao-cref13-0272019-parcelamento.pdf\" target=\"_blank\" rel=\"noopener\">Resolu\u00e7\u00e3o CREF13 n\u00ba 027 de 2019 &#8211; Parcelamento<\/a><\/strong><\/li>\n<\/ul>\t\t\t\t\t\t\t\t<\/div>\n\t\t\t\t<\/div>\n\t\t\t\t<div class=\"elementor-element elementor-element-887a2af elementor-widget elementor-widget-heading\" data-id=\"887a2af\" data-element_type=\"widget\" data-widget_type=\"heading.default\">\n\t\t\t\t<div class=\"elementor-widget-container\">\n\t\t\t\t\t<h3 class=\"elementor-heading-title elementor-size-default\">2018<\/h3>\t\t\t\t<\/div>\n\t\t\t\t<\/div>\n\t\t\t\t<div class=\"elementor-element elementor-element-3b7b7b8 elementor-widget elementor-widget-text-editor\" data-id=\"3b7b7b8\" data-element_type=\"widget\" data-widget_type=\"text-editor.default\">\n\t\t\t\t<div class=\"elementor-widget-container\">\n\t\t\t\t\t\t\t\t\t<ul><li><a href=\"https:\/\/www.cref13.org.br\/documentos\/legislacao\/resolucao\/2018\/resolucao-cref13-0262018-nomeacao-diretoria.pdf\"><strong>Resolu\u00e7\u00e3o CREF13 n\u00ba 026 de 2018 &#8211; Nomea\u00e7\u00e3o Diretoria<\/strong><\/a><\/li><li><a href=\"https:\/\/www.cref13.org.br\/documentos\/legislacao\/resolucao\/2018\/resolucao-cref13-0252018-processo-administrativo.pdf\"><strong>Resolu\u00e7\u00e3o CREF13 n\u00ba 025 de 2018 &#8211; Processo Administrativo<\/strong><\/a><\/li><li><a href=\"https:\/\/www.cref13.org.br\/documentos\/legislacao\/resolucao\/2018\/resolucao-cref13-0242018-orcamento-2019.pdf\"><strong>Resolu\u00e7\u00e3o CREF13 n\u00ba 024 de 2018 &#8211; Or\u00e7amento 2019<\/strong><\/a><\/li><li><a href=\"https:\/\/www.cref13.org.br\/documentos\/legislacao\/resolucao\/2018\/resolucao-cref13-0232018-bens-inserviveis.pdf\"><strong>Resolu\u00e7\u00e3o CREF13 n\u00ba 023 de 2018 &#8211; Bens Inserv\u00edveis<\/strong><\/a><\/li><li><a href=\"https:\/\/www.cref13.org.br\/documentos\/legislacao\/resolucao\/2018\/resolucao-cref13-0222018-alienacao-dos-bens.pdf\"><strong>Resolu\u00e7\u00e3o CREF13 n\u00ba 022 de 2018 &#8211; Aliena\u00e7\u00e3o dos Bens<\/strong><\/a><\/li><li><a href=\"https:\/\/www.cref13.org.br\/documentos\/legislacao\/resolucao\/2018\/resolucao-cref13-0212018-anuidade-2019.pdf\"><strong>Resolu\u00e7\u00e3o CREF13 n\u00ba 021 de 2018 &#8211; Anuidade 2019<\/strong><\/a><\/li><li><a href=\"https:\/\/www.cref13.org.br\/documentos\/legislacao\/resolucao\/2018\/resolucao-cref13-0202018-multa.pdf\"><strong>Resolu\u00e7\u00e3o CREF13 n\u00ba 020 de 2018 &#8211; Multa<\/strong><\/a><\/li><li><a href=\"https:\/\/www.cref13.org.br\/documentos\/legislacao\/resolucao\/2018\/resolucao-cref13-0192018-diaria-e-outras-verbas-revogada-parcialmente.pdf\"><strong>Resolu\u00e7\u00e3o CREF13 n\u00ba 019 de 2018 &#8211; Di\u00e1ria e Outras Verbas (Revogada Parcialmente)<\/strong><\/a><\/li><li><a href=\"https:\/\/www.cref13.org.br\/documentos\/legislacao\/resolucao\/2018\/resolucao-cref13-0182018-prorrogacao.pdf\"><strong>Resolu\u00e7\u00e3o CREF13 n\u00ba 018 de 2018 &#8211; Prorroga\u00e7\u00e3o<\/strong><\/a><\/li><li><a href=\"https:\/\/www.cref13.org.br\/documentos\/legislacao\/resolucao\/2018\/resolucao-cref13-0172018-reformulacao-do-orcamento-2018.pdf\"><strong>Resolu\u00e7\u00e3o CREF13 n\u00ba 017 de 2018 &#8211; Reformula\u00e7\u00e3o do Or\u00e7amento 2018<\/strong><\/a><\/li><li><a href=\"https:\/\/www.cref13.org.br\/documentos\/legislacao\/resolucao\/2018\/resolucao-cref13-0162018-comissao-eleitoral.pdf\"><strong>Resolu\u00e7\u00e3o CREF13 n\u00ba 016 de 2018 &#8211; Comiss\u00e3o Eleitoral<\/strong><\/a><\/li><li><a href=\"https:\/\/www.cref13.org.br\/documentos\/legislacao\/resolucao\/2018\/resolucao-cref13-0152018-regimento-eleitoral.pdf\"><strong>Resolu\u00e7\u00e3o CREF13 n\u00ba 015 de 2018 &#8211; Regimento Eleitoral<\/strong><\/a><\/li><\/ul>\t\t\t\t\t\t\t\t<\/div>\n\t\t\t\t<\/div>\n\t\t\t\t<div class=\"elementor-element elementor-element-d8565ed elementor-widget elementor-widget-heading\" data-id=\"d8565ed\" data-element_type=\"widget\" data-widget_type=\"heading.default\">\n\t\t\t\t<div class=\"elementor-widget-container\">\n\t\t\t\t\t<h3 class=\"elementor-heading-title elementor-size-default\">2017<\/h3>\t\t\t\t<\/div>\n\t\t\t\t<\/div>\n\t\t\t\t<div class=\"elementor-element elementor-element-c06db64 elementor-widget elementor-widget-text-editor\" data-id=\"c06db64\" data-element_type=\"widget\" data-widget_type=\"text-editor.default\">\n\t\t\t\t<div class=\"elementor-widget-container\">\n\t\t\t\t\t\t\t\t\t<ul><li><a href=\"https:\/\/www.cref13.org.br\/documentos\/legislacao\/resolucao\/2017\/resolucao-cref13-0142017-livre-provimento.pdf\"><strong>Resolu\u00e7\u00e3o CREF13 n\u00ba 014 de 2017 <span style=\"font-weight: bolder;\">\u2013<\/span>\u00a0Livre Provimento<\/strong><\/a><\/li><li><a href=\"https:\/\/www.cref13.org.br\/documentos\/legislacao\/resolucao\/2017\/resolucao-cref13-0132017-normativo-de-pessoal.pdf\"><strong>Resolu\u00e7\u00e3o CREF13 n\u00ba 013 de 2017 <span style=\"font-weight: bolder;\">\u2013<\/span>\u00a0Normativo de Pessoal<\/strong><\/a><\/li><li><a href=\"https:\/\/www.cref13.org.br\/cref13\/wp-content\/uploads\/2023\/08\/Resolucao-no-012.2017-Plano-de-Cargos-e-Salarios.pdf\"><strong>Resolu\u00e7\u00e3o CREF13 n\u00ba 012 de 2017 <span style=\"font-weight: bolder;\">\u2013<\/span> Plano de Cargos e Sal\u00e1rios<\/strong><\/a><\/li><li><a style=\"font-family: var( --e-global-typography-text-font-family ), Sans-serif; font-weight: var( --e-global-typography-text-font-weight );\" href=\"https:\/\/www.cref13.org.br\/documentos\/legislacao\/resolucao\/2017\/resolucao-cref13-0112017-resolucao-responsavel-tecnico.pdf\"><strong>Resolu\u00e7\u00e3o CREF13 n\u00ba 011 de 2017 <span style=\"font-weight: bolder;\">\u2013<\/span>\u00a0Respons\u00e1vel T\u00e9cnico<\/strong><\/a><\/li><li><a href=\"https:\/\/www.cref13.org.br\/documentos\/legislacao\/resolucao\/2017\/resolucao-cref13-0102017-multa.pdf\"><strong>Resolu\u00e7\u00e3o CREF13 n\u00ba 010 de 2017 <span style=\"font-weight: bolder;\">\u2013<\/span>\u00a0Multa<\/strong><\/a><\/li><li><a href=\"https:\/\/www.cref13.org.br\/documentos\/legislacao\/resolucao\/2017\/resolucao-cref13-0092017-diaria-e-outras-verbas.pdf\"><strong>Resolu\u00e7\u00e3o CREF13 n\u00ba 009 de 2017 <span style=\"font-weight: bolder;\">\u2013<\/span>\u00a0Di\u00e1ria e Outras Verbas<\/strong><\/a><\/li><li><a href=\"https:\/\/www.cref13.org.br\/documentos\/legislacao\/resolucao\/2017\/resolucao-cref13-0082017-anuidade-2018.pdf\"><strong>Resolu\u00e7\u00e3o CREF13 n\u00ba 008 de 2017 <span style=\"font-weight: bolder;\">\u2013<\/span>\u00a0Anuidade 2018<\/strong><\/a><\/li><li><a href=\"https:\/\/www.cref13.org.br\/documentos\/legislacao\/resolucao\/2017\/resolucao-cref13-0072017-orcamento-2018.pdf\"><strong>Resolu\u00e7\u00e3o CREF13 n\u00ba 007 de 2017 <span style=\"font-weight: bolder;\">\u2013<\/span>\u00a0Or\u00e7amento 2018<\/strong><\/a><\/li><li><a href=\"https:\/\/www.cref13.org.br\/documentos\/legislacao\/resolucao\/2017\/resolucao-cref13-0062017-reformulacao-do-orcamento-2017.pdf\"><strong>Resolu\u00e7\u00e3o CREF13 n\u00ba 006 de 2017 <span style=\"font-weight: bolder;\">\u2013<\/span>\u00a0Reformula\u00e7\u00e3o do Or\u00e7amento<\/strong><\/a><\/li><li><a href=\"https:\/\/www.cref13.org.br\/documentos\/legislacao\/resolucao\/2017\/resolucao-cref13-0052017-apoio-de-eventos.pdf\"><strong>Resolu\u00e7\u00e3o CREF13 n\u00ba 005 de 2017 \u2013 Apoio de Eventos<\/strong><\/a><\/li><li><a href=\"https:\/\/www.cref13.org.br\/documentos\/legislacao\/resolucao\/2017\/resolucao-cref13-0032017-identificacao-revogada.pdf\"><strong>Resolu\u00e7\u00e3o CREF13 n\u00ba 004 de 2017 \u2013 Multa<\/strong><\/a><\/li><li><a href=\"https:\/\/www.cref13.org.br\/documentos\/legislacao\/resolucao\/2017\/resolucao-cref13-0032017-identificacao-revogada.pdf\"><strong><del datetime=\"2021-10-13T18:03:55+00:00\">Resolu\u00e7\u00e3o CREF13 n\u00ba 003 de 2017 <span style=\"font-weight: bolder;\">\u2013<\/span> Identifica\u00e7\u00e3o (Revogada)<\/del><\/strong><\/a><\/li><li><a href=\"https:\/\/www.cref13.org.br\/documentos\/legislacao\/resolucao\/2017\/resolucao-cref13-0022017-regimento-interno.pdf\"><strong>Resolu\u00e7\u00e3o CREF13 n\u00ba 002 de 2017 <span style=\"font-weight: bolder;\">\u2013<\/span>\u00a0Regimento Interno<\/strong><\/a><\/li><li><a href=\"https:\/\/www.cref13.org.br\/documentos\/legislacao\/resolucao\/2017\/resolucao-cref13-0012017-estatuto.pdf\"><strong>Resolu\u00e7\u00e3o CREF13 n\u00ba 001 de 2017 <span style=\"font-weight: bolder;\">\u2013<\/span>\u00a0Estatuto<\/strong><\/a><\/li><\/ul>\t\t\t\t\t\t\t\t<\/div>\n\t\t\t\t<\/div>\n\t\t\t\t<div class=\"elementor-element elementor-element-d182c99 elementor-widget elementor-widget-heading\" data-id=\"d182c99\" data-element_type=\"widget\" data-widget_type=\"heading.default\">\n\t\t\t\t<div class=\"elementor-widget-container\">\n\t\t\t\t\t<h3 class=\"elementor-heading-title elementor-size-default\">2016<\/h3>\t\t\t\t<\/div>\n\t\t\t\t<\/div>\n\t\t\t\t<div class=\"elementor-element elementor-element-08fda43 elementor-widget elementor-widget-text-editor\" data-id=\"08fda43\" data-element_type=\"widget\" data-widget_type=\"text-editor.default\">\n\t\t\t\t<div class=\"elementor-widget-container\">\n\t\t\t\t\t\t\t\t\t<ul><li><a href=\"https:\/\/www.cref13.org.br\/documentos\/legislacao\/resolucao\/2016\/resolucao-cref13-0112016-prestacao-de-contas.pdf\"><strong>Resolu\u00e7\u00e3o CREF13 n\u00ba 011 de 2016 &#8211; Presta\u00e7\u00e3o de Contas 2015<\/strong><\/a><\/li><li><a href=\"https:\/\/www.cref13.org.br\/documentos\/legislacao\/resolucao\/2016\/resolucao-cref13-0102016-orcamento-2017-estado-de-sergipe.pdf\"><strong>Resolu\u00e7\u00e3o <\/strong><b>CREF13<\/b> <strong>n\u00ba 010 de 2016 &#8211; Or\u00e7amento Sergipe 2017<\/strong><\/a><\/li><li><a href=\"https:\/\/www.cref13.org.br\/documentos\/legislacao\/resolucao\/2016\/resolucao-cref13-0092016-orcamento-2017-bahia.pdf\"><b>Resolu\u00e7\u00e3o CREF13<\/b><span style=\"font-weight: bolder;\">\u00a0<\/span><b>n\u00ba 009 de 2016 &#8211; Or\u00e7amento Bahia 2017<\/b><\/a><\/li><li><a href=\"https:\/\/www.cref13.org.br\/documentos\/legislacao\/resolucao\/2016\/resolucao-cref13-0082016-diarias.pdf\"><b>Resolu\u00e7\u00e3o CREF13 n\u00ba 008 de 2016 &#8211; Di\u00e1rias<\/b><\/a><\/li><li><a href=\"https:\/\/www.cref13.org.br\/documentos\/legislacao\/resolucao\/2016\/resolucao-cref13-0072016-auxilio-representacao.pdf\"><b>Resolu\u00e7\u00e3o CREF13 n\u00ba 007 de 2016 &#8211; Auxilio Representa\u00e7\u00e3o<\/b><\/a><\/li><li><a href=\"https:\/\/www.cref13.org.br\/documentos\/legislacao\/resolucao\/2016\/resolucao-cref13-0062016-verbada-indenizatoria.pdf\"><b>Resolu\u00e7\u00e3o CREF13 n\u00ba 006 de 2016 &#8211; Verba Indenizat\u00f3ria<\/b><\/a><\/li><li><a href=\"https:\/\/www.cref13.org.br\/documentos\/legislacao\/resolucao\/2016\/resolucao-cref13-0052016-multas.pdf\"><b>Resolu\u00e7\u00e3o CREF13 n\u00ba 005 de 2016 &#8211; Multas<\/b><\/a><\/li><li><a href=\"https:\/\/www.cref13.org.br\/documentos\/legislacao\/resolucao\/2016\/resolucao-cref13-0042016-anuidade-2017.pdf\"><b>Resolu\u00e7\u00e3o CREF13 n\u00ba 004 de 2016 &#8211; Anuidade 2017<\/b><\/a><\/li><li><a href=\"https:\/\/www.cref13.org.br\/documentos\/legislacao\/resolucao\/2016\/resolucao-cref13-0032016-encerramento-da-coordenadoria-itabuna.pdf\"><b>Resolu\u00e7\u00e3o CREF13 n\u00ba 003 de 2016 &#8211; Encerramento da Coordenadoria de Itabuna<\/b><\/a><\/li><li><a href=\"https:\/\/www.cref13.org.br\/documentos\/legislacao\/resolucao\/2016\/resolucao-cref13-0012016-remanejamento-de-orcamento.pdf\"><b>Resolu\u00e7\u00e3o CREF13 n\u00ba 001 de 2016 &#8211; Remanejamento de Or\u00e7amento<\/b><\/a><\/li><\/ul>\t\t\t\t\t\t\t\t<\/div>\n\t\t\t\t<\/div>\n\t\t\t\t<div class=\"elementor-element elementor-element-8c768ca elementor-widget elementor-widget-heading\" data-id=\"8c768ca\" data-element_type=\"widget\" data-widget_type=\"heading.default\">\n\t\t\t\t<div class=\"elementor-widget-container\">\n\t\t\t\t\t<h3 class=\"elementor-heading-title elementor-size-default\">2015<\/h3>\t\t\t\t<\/div>\n\t\t\t\t<\/div>\n\t\t\t\t<div class=\"elementor-element elementor-element-abd25a5 elementor-widget elementor-widget-text-editor\" data-id=\"abd25a5\" data-element_type=\"widget\" data-widget_type=\"text-editor.default\">\n\t\t\t\t<div class=\"elementor-widget-container\">\n\t\t\t\t\t\t\t\t\t<ul><li><a href=\"https:\/\/www.cref13.org.br\/documentos\/legislacao\/resolucao\/2015\/resolucao-cref13-0732015-diretoria-trienio.pdf\"><strong>Resolu\u00e7\u00e3<\/strong><b>o CREF13 n\u00ba 073 de 2015 &#8211; Diretoria &#8211; Tri\u00eanio<\/b><\/a><\/li><li><a href=\"https:\/\/www.cref13.org.br\/documentos\/legislacao\/resolucao\/2015\/resolucao-cref13-0722015-orcamento.pdf\"><b>Resolu\u00e7\u00e3o CREF13 n\u00ba 072 de 2015 &#8211; Or\u00e7amento<\/b><\/a><\/li><li><a href=\"https:\/\/www.cref13.org.br\/documentos\/legislacao\/resolucao\/2015\/resolucao-cref13-0712015-prestacao-de-contas-2014.pdf\"><b>Resolu\u00e7\u00e3o CREF13 n\u00ba 071 de 2015 &#8211; Presta\u00e7\u00e3o de Contas 2014<\/b><\/a><\/li><li><a href=\"https:\/\/www.cref13.org.br\/documentos\/legislacao\/resolucao\/2015\/resolucao-cref13-0702015-prestacao-de-contas-2013.pdf\"><b>Resolu\u00e7\u00e3o CREF13 n\u00ba 070 de 2015 &#8211; Presta\u00e7\u00e3o de Contas 2013<\/b><\/a><\/li><li><a href=\"https:\/\/www.cref13.org.br\/documentos\/legislacao\/resolucao\/2015\/resolucao-cref13-0692015-anuidade-e-registro-2016-correcao-art-8.pdf\"><b>Resolu\u00e7\u00e3o CREF13 n\u00ba 069 de 2015 &#8211; Anuidade e Registro 2016 (Corre\u00e7\u00e3o Art. 8\u00ba no DUO)<\/b><\/a><\/li><li><a href=\"https:\/\/www.cref13.org.br\/documentos\/legislacao\/resolucao\/2015\/resolucao-cref13-0682015-firmar-convenio-junto-ao-cref13-se.pdf\"><b>Resolu\u00e7\u00e3o CREF13 n\u00ba 068 de 2015 &#8211; Procedimentos a Serem Adotados para Firmar Conv\u00eanio Junto ao CREF13\/BA-SE<\/b><\/a><\/li><li><a href=\"https:\/\/www.cref13.org.br\/documentos\/legislacao\/resolucao\/2015\/resolucao-cref13-0672015-multas.pdf\"><b>Resolu\u00e7\u00e3o CREF13 n\u00ba 067 de 2015 &#8211; Multas<\/b><\/a><\/li><li><a href=\"https:\/\/www.cref13.org.br\/documentos\/legislacao\/resolucao\/2015\/resolucao-cref13-0662015-ajuda-de-custo-e-diarias.pdf\"><b>Resolu\u00e7\u00e3o CREF13 n\u00ba 066 de 2015 &#8211; Ajuda de Custo e Di\u00e1rias<\/b><\/a><\/li><li><a href=\"https:\/\/www.cref13.org.br\/documentos\/legislacao\/resolucao\/2015\/resolucao-cref13-0652015-anuidade-e-registro-2016.pdf\"><b>Resolu\u00e7\u00e3o CREF13 n\u00ba 065 de 2015 &#8211; Anuidade e Registro 2016<\/b><\/a><\/li><li><a href=\"https:\/\/www.cref13.org.br\/documentos\/legislacao\/resolucao\/2015\/resolucao-cref13-0642015-provisionado-duo.pdf\"><b>Resolu\u00e7\u00e3o CREF13 n\u00ba 064 de 2015 &#8211; Registro de N\u00e3o Graduados em Educa\u00e7\u00e3o F\u00edsica<\/b><\/a><\/li><li><a href=\"https:\/\/www.cref13.org.br\/documentos\/legislacao\/resolucao\/2015\/resolucao-cref13-0632015-comissao-eleitoral-2015-duo.pdf\"><b>Resolu\u00e7\u00e3o CREF13 n\u00ba 063 de 2015 &#8211; Comiss\u00e3o Eleitoral 2015<\/b><\/a><\/li><li><a href=\"https:\/\/www.cref13.org.br\/documentos\/legislacao\/resolucao\/2015\/resolucao-cref13-0622015-regimento-eleitoral-2015-corrigido.pdf\"><b>Resolu\u00e7\u00e3o CREF13 n<\/b><strong>\u00ba 062 de 2015 &#8211; Regimento Eleitoral 2015<\/strong><\/a><\/li><\/ul>\t\t\t\t\t\t\t\t<\/div>\n\t\t\t\t<\/div>\n\t\t\t\t<div class=\"elementor-element elementor-element-09d2b05 elementor-widget elementor-widget-heading\" data-id=\"09d2b05\" data-element_type=\"widget\" data-widget_type=\"heading.default\">\n\t\t\t\t<div class=\"elementor-widget-container\">\n\t\t\t\t\t<h3 class=\"elementor-heading-title elementor-size-default\">2014<\/h3>\t\t\t\t<\/div>\n\t\t\t\t<\/div>\n\t\t\t\t<div class=\"elementor-element elementor-element-d17aa8e elementor-widget elementor-widget-text-editor\" data-id=\"d17aa8e\" data-element_type=\"widget\" data-widget_type=\"text-editor.default\">\n\t\t\t\t<div class=\"elementor-widget-container\">\n\t\t\t\t\t\t\t\t\t<ul><li><a href=\"https:\/\/www.cref13.org.br\/documentos\/legislacao\/resolucao\/2014\/resolucao-cref13-0612014-alteracao-da-resolucao-0572014-anuidade-2015.pdf\"><b>Resolu\u00e7\u00e3o CREF13 n\u00ba 061 de 2014 &#8211; Anuidade e Registro 2015<\/b><\/a><\/li><li><a href=\"https:\/\/www.cref13.org.br\/documentos\/legislacao\/resolucao\/2014\/resolucao-cref13-0602014-ajuda-de-custo-e-diarias.pdf\"><b>Resolu\u00e7\u00e3o CREF13 n\u00ba 060 de 2014 &#8211; Ajuda de Custo e Di\u00e1rias<\/b><\/a><\/li><li><a href=\"https:\/\/www.cref13.org.br\/documentos\/legislacao\/resolucao\/2014\/resolucao-cref13-0592014-proposta-orcamentaria-2015.pdf\"><b>Resolu\u00e7\u00e3o CREF13 n\u00ba 059 de 2014 &#8211; Proposta Or\u00e7ament\u00e1ria 2015<\/b><\/a><\/li><li><a href=\"https:\/\/www.cref13.org.br\/documentos\/legislacao\/resolucao\/2014\/resolucao-cref13-0582014-provisionado.pdf\"><b>Resolu\u00e7\u00e3o CREF13 n\u00ba 058 de 2014 &#8211; Provisionado<\/b><\/a><\/li><li><a href=\"https:\/\/www.cref13.org.br\/documentos\/legislacao\/resolucao\/2014\/resolucao-cref13-0572014-anuidade-e-registro-2015.pdf\"><b>Resolu\u00e7\u00e3o CREF13 n<\/b><strong>\u00ba 057 de 2014 &#8211; Anuidade e Registro 2015<\/strong><span style=\"font-weight: bolder;\">CREF\u00a0<\/span><\/a><\/li><\/ul>\t\t\t\t\t\t\t\t<\/div>\n\t\t\t\t<\/div>\n\t\t\t\t<div class=\"elementor-element elementor-element-fb66863 elementor-widget elementor-widget-heading\" data-id=\"fb66863\" data-element_type=\"widget\" data-widget_type=\"heading.default\">\n\t\t\t\t<div class=\"elementor-widget-container\">\n\t\t\t\t\t<h3 class=\"elementor-heading-title elementor-size-default\">2013<\/h3>\t\t\t\t<\/div>\n\t\t\t\t<\/div>\n\t\t\t\t<div class=\"elementor-element elementor-element-e805098 elementor-widget elementor-widget-text-editor\" data-id=\"e805098\" data-element_type=\"widget\" data-widget_type=\"text-editor.default\">\n\t\t\t\t<div class=\"elementor-widget-container\">\n\t\t\t\t\t\t\t\t\t<ul><li><a href=\"https:\/\/www.cref13.org.br\/documentos\/legislacao\/resolucao\/2013\/resolucao-cref13-0542013-proposta-orcamentaria-2014.pdf\"><b>Resolu\u00e7\u00e3o CREF13 n\u00ba 054 de 2013 &#8211; Proposta Or\u00e7ament\u00e1ria 2014<\/b><\/a><\/li><li><a href=\"https:\/\/www.cref13.org.br\/documentos\/legislacao\/resolucao\/2013\/resolucao-cref13-0532013-remanejamento-proposta-orcamentaria-2013.pdf\"><b>Resolu\u00e7\u00e3o CREF13 n\u00ba 053 de 2013 &#8211; Remanejamento &#8211; Proposta Or\u00e7ament\u00e1ria 2013<\/b><\/a><\/li><li><a href=\"https:\/\/www.cref13.org.br\/documentos\/legislacao\/resolucao\/2013\/resolucao-cref13-0522013-anuidade-e-registro-2014-alteracao.pdf\"><b>Resolu\u00e7\u00e3o CREF13 n\u00ba 052 de 2013 &#8211; Anuidade e Registro 2014 &#8211; Altera\u00e7\u00e3o<\/b><\/a><\/li><li><a href=\"https:\/\/www.cref13.org.br\/documentos\/legislacao\/resolucao\/2013\/resolucao-cref13-0512013-multas.pdf\"><b>Resolu\u00e7\u00e3o CREF13 n\u00ba 051 de 2013 &#8211; Multas<\/b><\/a><\/li><li><a href=\"https:\/\/www.cref13.org.br\/documentos\/legislacao\/resolucao\/2013\/resolucao-cref13-0502013-ajuda-de-custo-e-diarias.pdf\"><b>Resolu\u00e7\u00e3o CREF13 n\u00ba 050 de 2013 &#8211; Ajuda de Custo e Di\u00e1rias<\/b><\/a><\/li><li><a href=\"https:\/\/www.cref13.org.br\/documentos\/legislacao\/resolucao\/2013\/resolucao-cref13-0492013-anuidade-e-registro-2014.pdf\"><b>Resolu\u00e7\u00e3o CREF13 n\u00ba 049 de 2013 &#8211; Anuidade e Registro 2014<\/b><\/a><\/li><li><a href=\"https:\/\/www.cref13.org.br\/documentos\/legislacao\/resolucao\/2013\/resolucao-cref13-0482013-ajuda-de-custo-e-diarias.pdf\"><b>Resolu\u00e7\u00e3o CREF13<\/b><span style=\"font-weight: bolder;\">\u00a0<\/span><b>n\u00ba 048 de 2013 &#8211; Ajuda de Custo e Di\u00e1rias<\/b><\/a><\/li><\/ul>\t\t\t\t\t\t\t\t<\/div>\n\t\t\t\t<\/div>\n\t\t\t\t<div class=\"elementor-element elementor-element-95c5b50 elementor-widget elementor-widget-heading\" data-id=\"95c5b50\" data-element_type=\"widget\" data-widget_type=\"heading.default\">\n\t\t\t\t<div class=\"elementor-widget-container\">\n\t\t\t\t\t<h3 class=\"elementor-heading-title elementor-size-default\">2012<\/h3>\t\t\t\t<\/div>\n\t\t\t\t<\/div>\n\t\t\t\t<div class=\"elementor-element elementor-element-f9da190 elementor-widget elementor-widget-text-editor\" data-id=\"f9da190\" data-element_type=\"widget\" data-widget_type=\"text-editor.default\">\n\t\t\t\t<div class=\"elementor-widget-container\">\n\t\t\t\t\t\t\t\t\t<ul><li><a href=\"https:\/\/www.cref13.org.br\/documentos\/legislacao\/resolucao\/2012\/resolucao-cref13-0472012-proposta-orcamentaria-2013.pdf\"><b>Resolu\u00e7\u00e3o CREF13 n\u00ba 047 de 2012 &#8211; Proposta Or\u00e7ament\u00e1ria 2013<\/b><\/a><\/li><li><a href=\"https:\/\/www.cref13.org.br\/documentos\/legislacao\/resolucao\/2012\/resolucao-cref13-0462012-anuidade-e-registro-2013.pdf\"><b>Resolu\u00e7\u00e3o CREF13 n\u00ba 046 de 2012 &#8211; Anuidade e Registro 2013<\/b><\/a><\/li><li><a href=\"https:\/\/www.cref13.org.br\/documentos\/legislacao\/resolucao\/2012\/resolucao-cref13-0452012-ajuda-de-custo-e-diarias.pdf\"><b>Resolu\u00e7\u00e3o CREF13 n\u00ba 045 de 2012 &#8211; Ajuda de Custos e Di\u00e1rias<\/b><\/a><\/li><li><a href=\"https:\/\/www.cref13.org.br\/documentos\/legislacao\/resolucao\/2012\/resolucao-cref13-0442012-anuidade-e-registro-2013.pdf\"><b>Resolu\u00e7\u00e3o CREF13 n\u00ba 044 de 2012 &#8211; Anuidade e Registro 2013<\/b><\/a><\/li><li><a href=\"https:\/\/www.cref13.org.br\/documentos\/legislacao\/resolucao\/2012\/resolucao-cref13-0432012-regimento-interno-2012.pdf\"><b>Resolu\u00e7\u00e3o CREF13 n\u00ba 043 de 2012 &#8211; Regimento Interno 2012<\/b><\/a><\/li><li><a href=\"https:\/\/www.cref13.org.br\/documentos\/legislacao\/resolucao\/2012\/resolucao-cref13-0422012-comissao-eleitoral.pdf\"><b>Resolu\u00e7\u00e3o CREF13 n\u00ba 042 de 2012 &#8211; Comiss\u00e3o Eleitoral<\/b><\/a><\/li><li><a href=\"https:\/\/www.cref13.org.br\/documentos\/legislacao\/resolucao\/2012\/resolucao-cref13-0412012-regimento-interno-2012.pdf\"><b>Resolu\u00e7\u00e3o CREF13 n\u00ba 041 de 2012 &#8211; Regimento Interno 2012<\/b><\/a><\/li><li><a href=\"https:\/\/www.cref13.org.br\/documentos\/legislacao\/resolucao\/2012\/resolucao-cref13-0402012-regimento-eleitoral-2012.pdf\"><b>Resolu\u00e7\u00e3o CREF13 n\u00ba 040 de 2012 &#8211; Regimento Eleitoral 2012<\/b><\/a><\/li><li><a href=\"https:\/\/www.cref13.org.br\/documentos\/legislacao\/resolucao\/2012\/resolucao-cref13-0392012-criacao-do-cargo-de-assessor-regional.pdf\"><b>Resolu\u00e7\u00e3o CREF13 n\u00ba 039 de 2012 &#8211; Cria\u00e7\u00e3o do Cargo de Assessor Regional<\/b><\/a><\/li><li><a href=\"https:\/\/www.cref13.org.br\/documentos\/legislacao\/resolucao\/2012\/resolucao-cref13-0382012-procedimento-administrativo.pdf\"><b>Resolu\u00e7\u00e3o CREF13 n\u00ba 038 de 2012 &#8211; Procedimentos Administrativos<\/b><\/a><\/li><li><a href=\"https:\/\/www.cref13.org.br\/documentos\/legislacao\/resolucao\/2012\/resolucao-cref13-0372012-ajuda-de-custo-e-diarias.pdf\"><b>Resolu\u00e7\u00e3o CREF13<\/b><span style=\"font-weight: bolder;\">\u00a0<\/span><b>n\u00ba 037 de 2012 &#8211; Ajuda de Custos e Di\u00e1rias<\/b><\/a><\/li><\/ul>\t\t\t\t\t\t\t\t<\/div>\n\t\t\t\t<\/div>\n\t\t\t\t<div class=\"elementor-element elementor-element-42913c5 elementor-widget elementor-widget-heading\" data-id=\"42913c5\" data-element_type=\"widget\" data-widget_type=\"heading.default\">\n\t\t\t\t<div class=\"elementor-widget-container\">\n\t\t\t\t\t<h3 class=\"elementor-heading-title elementor-size-default\">2011<\/h3>\t\t\t\t<\/div>\n\t\t\t\t<\/div>\n\t\t\t\t<div class=\"elementor-element elementor-element-9c051a4 elementor-widget elementor-widget-text-editor\" data-id=\"9c051a4\" data-element_type=\"widget\" data-widget_type=\"text-editor.default\">\n\t\t\t\t<div class=\"elementor-widget-container\">\n\t\t\t\t\t\t\t\t\t<ul><li><a href=\"https:\/\/www.cref13.org.br\/documentos\/legislacao\/resolucao\/2011\/resolucao-cref13-0362011-anuidade-e-registro-2012.pdf\"><b>Resolu\u00e7\u00e3o CREF13 n\u00ba 036 de 2011 &#8211; Anuidade e Registro 2012<\/b><\/a><\/li><li><a href=\"https:\/\/www.cref13.org.br\/documentos\/legislacao\/resolucao\/2011\/resolucao-cref13-0352011-anuidade-e-registro-2012.pdf\"><b>Resolu\u00e7\u00e3o CREF13 n\u00ba 035 de 2011 &#8211; Anuidade e Registro 2012<\/b><\/a><\/li><li><a href=\"https:\/\/www.cref13.org.br\/documentos\/legislacao\/resolucao\/2011\/resolucao-cref13-0342011-procedimento-registro-provisionado.pdf\"><b>Resolu\u00e7\u00e3o CREF13 n\u00ba 034 de 2011 &#8211; Procedimento Registro Provisionado<\/b><\/a><\/li><li><a href=\"https:\/\/www.cref13.org.br\/documentos\/legislacao\/resolucao\/2011\/resolucao-cref13-0332011-publicacao-estatuto-cref13-se.pdf\"><b>Resolu\u00e7\u00e3o CREF13<\/b><span style=\"font-weight: bolder;\">\u00a0<\/span><b>n\u00ba 033 de 2011 &#8211; Publica\u00e7\u00e3o Estatuto CREF13\/BA-SE<\/b><\/a><\/li><\/ul>\t\t\t\t\t\t\t\t<\/div>\n\t\t\t\t<\/div>\n\t\t\t\t<div class=\"elementor-element elementor-element-7218315 elementor-widget elementor-widget-heading\" data-id=\"7218315\" data-element_type=\"widget\" data-widget_type=\"heading.default\">\n\t\t\t\t<div class=\"elementor-widget-container\">\n\t\t\t\t\t<h3 class=\"elementor-heading-title elementor-size-default\">2010<\/h3>\t\t\t\t<\/div>\n\t\t\t\t<\/div>\n\t\t\t\t<div class=\"elementor-element elementor-element-085581c elementor-widget elementor-widget-text-editor\" data-id=\"085581c\" data-element_type=\"widget\" data-widget_type=\"text-editor.default\">\n\t\t\t\t<div class=\"elementor-widget-container\">\n\t\t\t\t\t\t\t\t\t<ul><li><a href=\"https:\/\/www.cref13.org.br\/documentos\/legislacao\/resolucao\/2010\/resolucao-cref13-0322010-extincao-do-pip.pdf\"><b>Resolu\u00e7\u00e3o CREF13 n\u00ba 032 de 2010 &#8211; Extin\u00e7\u00e3o do PIPP<\/b><\/a><\/li><li><a href=\"https:\/\/www.cref13.org.br\/documentos\/legislacao\/resolucao\/2010\/resolucao-cref13-0312010-ajuda-de-custo-e-diarias.pdf\"><b>Resolu\u00e7\u00e3o CREF13 n\u00ba 031 de 2010 &#8211; Ajuda de Custos e Di\u00e1rias<\/b><\/a><\/li><li><a href=\"https:\/\/www.cref13.org.br\/documentos\/legislacao\/resolucao\/2010\/resolucao-cref13-0302010-anuidade-e-registro-2011.pdf\"><b>Resolu\u00e7\u00e3o CREF13 n\u00ba 030 de 2010 &#8211; Anuidade e Registro 2011<\/b><\/a><\/li><li><a href=\"https:\/\/www.cref13.org.br\/documentos\/legislacao\/resolucao\/2010\/resolucao-cref13-0292010-publicacao-no-dou-admitidos-e-demitidos.pdf\"><b>Resolu\u00e7\u00e3o CREF13 n\u00ba 029 de 2010 &#8211; Publica\u00e7\u00e3o no DOU &#8211; Admitidos e Demitidos<\/b><\/a><\/li><li><a href=\"https:\/\/www.cref13.org.br\/documentos\/legislacao\/resolucao\/2010\/resolucao-cref13-0282010-diarias.pdf\"><b>Resolu\u00e7\u00e3o CREF13 n\u00ba 028 de 2010 &#8211; Di\u00e1rias<\/b><\/a><\/li><\/ul>\t\t\t\t\t\t\t\t<\/div>\n\t\t\t\t<\/div>\n\t\t\t\t<div class=\"elementor-element elementor-element-6237343 elementor-widget elementor-widget-heading\" data-id=\"6237343\" data-element_type=\"widget\" data-widget_type=\"heading.default\">\n\t\t\t\t<div class=\"elementor-widget-container\">\n\t\t\t\t\t<h3 class=\"elementor-heading-title elementor-size-default\">2009<\/h3>\t\t\t\t<\/div>\n\t\t\t\t<\/div>\n\t\t\t\t<div class=\"elementor-element elementor-element-d2ddb77 elementor-widget elementor-widget-text-editor\" data-id=\"d2ddb77\" data-element_type=\"widget\" data-widget_type=\"text-editor.default\">\n\t\t\t\t<div class=\"elementor-widget-container\">\n\t\t\t\t\t\t\t\t\t<ul><li><a href=\"https:\/\/www.cref13.org.br\/documentos\/legislacao\/resolucao\/2009\/resolucao-cref13-0272009-regimento-comissao-de-etica-profissional.pdf\"><b>Resolu\u00e7\u00e3o CREF13 n\u00ba 027 de 2009 &#8211; Regimento Comiss\u00e3o de \u00c9tica Profissional<\/b><\/a><\/li><li><a href=\"https:\/\/www.cref13.org.br\/documentos\/legislacao\/resolucao\/2009\/resolucao-cref13-0262009-anuidade-e-registro-2010.pdf\"><b>Resolu\u00e7\u00e3o CREF13 n\u00ba 026 de 2009 &#8211; Anuidade e Registro 2010<\/b><\/a><\/li><li><a href=\"https:\/\/www.cref13.org.br\/documentos\/legislacao\/resolucao\/2009\/resolucao-cref13-0252009-publicacao-estatuto-cref13-se.pdf\"><b>Resolu\u00e7\u00e3o CREF13 n\u00ba 025 de 2009 &#8211; Publica\u00e7\u00e3o Estatuto CREF13\/BA-SE<\/b><\/a><\/li><li><a href=\"https:\/\/www.cref13.org.br\/documentos\/legislacao\/resolucao\/2009\/resolucao-cref13-0242009-proposta-orcamentaria-2010.pdf\"><b>Resolu\u00e7\u00e3o CREF13 n\u00ba 024 de 2009 &#8211; Proposta Or\u00e7ament\u00e1ria 2010<\/b><\/a><\/li><li><a href=\"https:\/\/www.cref13.org.br\/documentos\/legislacao\/resolucao\/2009\/resolucao-cref13-0232009-diarias.pdf\"><b>Resolu\u00e7\u00e3o CREF13 n\u00ba 023 de 2009 &#8211; Di\u00e1rias<\/b><\/a><\/li><li><a href=\"https:\/\/www.cref13.org.br\/documentos\/legislacao\/resolucao\/2009\/resolucao-cref13-0222009-anistia-e-extincao-multa-eleicao.pdf\"><b>Resolu\u00e7\u00e3o CREF13 n\u00ba 022 de 2009 &#8211; Anistia e Extin\u00e7\u00e3o Multa Elei\u00e7\u00e3o<\/b><\/a><\/li><li><a href=\"https:\/\/www.cref13.org.br\/documentos\/legislacao\/resolucao\/2009\/resolucao-cref13-0212009-uso-logomarca-cref13-base-e-apoio-em-eventos.pdf\"><b>Resolu\u00e7\u00e3o CREF13 n\u00ba 021 de 2009 &#8211; Uso de Logomarca do CREF13\/BA-SE e Apoio em Eventos<\/b><\/a><\/li><li><a href=\"https:\/\/www.cref13.org.br\/documentos\/legislacao\/resolucao\/2009\/resolucao-cref13-0202009-regimento-eleitoral.pdf\"><b>Resolu\u00e7\u00e3o CREF13 n\u00ba 020 de 2009 &#8211; Regimento Eleitoral<\/b><\/a><\/li><li><a href=\"https:\/\/www.cref13.org.br\/documentos\/legislacao\/resolucao\/2009\/resolucao-cref13-0192009-programa-de-instrucao-de-provisionados.pdf\"><b>Resolu\u00e7\u00e3o CREF13<\/b><span style=\"font-weight: bolder;\">\u00a0<\/span><b>n\u00ba 019 de 2009 &#8211; Programa de Instru\u00e7\u00e3o de Provisionados<\/b><\/a><\/li><\/ul>\t\t\t\t\t\t\t\t<\/div>\n\t\t\t\t<\/div>\n\t\t\t\t<div class=\"elementor-element elementor-element-5f57a3d elementor-widget elementor-widget-heading\" data-id=\"5f57a3d\" data-element_type=\"widget\" data-widget_type=\"heading.default\">\n\t\t\t\t<div class=\"elementor-widget-container\">\n\t\t\t\t\t<h3 class=\"elementor-heading-title elementor-size-default\">2008<\/h3>\t\t\t\t<\/div>\n\t\t\t\t<\/div>\n\t\t\t\t<div class=\"elementor-element elementor-element-acf6f64 elementor-widget elementor-widget-text-editor\" data-id=\"acf6f64\" data-element_type=\"widget\" data-widget_type=\"text-editor.default\">\n\t\t\t\t<div class=\"elementor-widget-container\">\n\t\t\t\t\t\t\t\t\t<ul><li><a href=\"https:\/\/www.cref13.org.br\/documentos\/legislacao\/resolucao\/2008\/resolucao-cref13-0182008-proposta-orcamentaria-2009.pdf\"><strong>Resolu\u00e7\u00e3o CREF13 n\u00ba 018 de 2008 &#8211; Proposta Or\u00e7ament\u00e1ria 2009<\/strong><\/a><\/li><li><a href=\"https:\/\/www.cref13.org.br\/documentos\/legislacao\/resolucao\/2008\/resolucao-cref13-0172008-provisionado.pdf\"><strong>Reso<\/strong><b>lu\u00e7\u00e3o CREF13 n\u00ba 017 de 2008 &#8211; Procedimento Registro Provisionado<\/b><\/a><\/li><li><a href=\"https:\/\/www.cref13.org.br\/documentos\/legislacao\/resolucao\/2008\/resolucao-cref13-0162008-anuidade-e-registro-2009.pdf\"><b>Resolu\u00e7\u00e3o CREF13 n\u00ba 016 de 2008 &#8211; Anuidade e Registro 2009<\/b><\/a><\/li><li><a href=\"https:\/\/www.cref13.org.br\/documentos\/legislacao\/resolucao\/2008\/resolucao-cref13-0152008-anistia-e-extincao-multa-eleicao.pdf\"><b>Resolu\u00e7\u00e3o CREF13 n\u00ba 015 de 2008 &#8211; Anistia e Extin\u00e7\u00e3o Multa Elei\u00e7\u00e3o<\/b><\/a><\/li><li><a href=\"https:\/\/www.cref13.org.br\/documentos\/legislacao\/resolucao\/2008\/resolucao-cref13-0142008-uso-logomarca-cref13-base-e-apoio-em-eventos.pdf\"><b>Resolu\u00e7\u00e3o CREF13 n\u00ba 014 de 2008 &#8211; Uso Logomarca CREF13-BA\/SE e Apoio em Eventos<\/b><\/a><\/li><li><a href=\"https:\/\/www.cref13.org.br\/documentos\/legislacao\/resolucao\/2008\/resolucao-cref13-0132008-diarias.pdf\"><b>Resolu\u00e7\u00e3o CREF13 n\u00ba 013 de 2008 &#8211; Di\u00e1rias<\/b><\/a><\/li><\/ul>\t\t\t\t\t\t\t\t<\/div>\n\t\t\t\t<\/div>\n\t\t\t\t<div class=\"elementor-element elementor-element-110977c elementor-widget elementor-widget-heading\" data-id=\"110977c\" data-element_type=\"widget\" data-widget_type=\"heading.default\">\n\t\t\t\t<div class=\"elementor-widget-container\">\n\t\t\t\t\t<h3 class=\"elementor-heading-title elementor-size-default\">2007<\/h3>\t\t\t\t<\/div>\n\t\t\t\t<\/div>\n\t\t\t\t<div class=\"elementor-element elementor-element-3197911 elementor-widget elementor-widget-text-editor\" data-id=\"3197911\" data-element_type=\"widget\" data-widget_type=\"text-editor.default\">\n\t\t\t\t<div class=\"elementor-widget-container\">\n\t\t\t\t\t\t\t\t\t<ul><li><a href=\"https:\/\/www.cref13.org.br\/documentos\/legislacao\/resolucao\/2007\/resolucao-cref13-0122007-anuidade-exerc\u00edcio-2008.pdf\"><strong>Resolu\u00e7\u00e3o<\/strong><b> CREF13 n\u00ba 012 de 2007 &#8211; Anuidade Exerc\u00edcio 2008<\/b><\/a><\/li><li><a href=\"https:\/\/www.cref13.org.br\/documentos\/legislacao\/resolucao\/2007\/resolucao-cref13-0112007-aprovacao-regimento-eleitoral.pdf\"><b>Resolu\u00e7\u00e3o CREF13 n\u00ba 011 de 2007 &#8211; Aprova\u00e7\u00e3o Regimento Eleitoral<\/b><\/a><\/li><li><a href=\"https:\/\/www.cref13.org.br\/documentos\/legislacao\/resolucao\/2007\/resolucao-cref13-0102007-comissao-eleitoral-2007.pdf\"><b>Resolu\u00e7\u00e3o CREF13 n\u00ba 010 de 2007 &#8211; Comiss\u00e3o Eleitoral 2007<\/b><\/a><\/li><li><a href=\"https:\/\/www.cref13.org.br\/documentos\/legislacao\/resolucao\/2007\/resolucao-cref13-0092007-multa-eleicao.pdf\"><b>Resolu\u00e7\u00e3o CREF13 n\u00ba 009<\/b><strong> de 2007 &#8211; Multa Elei\u00e7\u00e3o<\/strong><\/a><\/li><\/ul>\t\t\t\t\t\t\t\t<\/div>\n\t\t\t\t<\/div>\n\t\t\t\t<div class=\"elementor-element elementor-element-4e5ab6d elementor-widget elementor-widget-heading\" data-id=\"4e5ab6d\" data-element_type=\"widget\" data-widget_type=\"heading.default\">\n\t\t\t\t<div class=\"elementor-widget-container\">\n\t\t\t\t\t<h3 class=\"elementor-heading-title elementor-size-default\">2006<\/h3>\t\t\t\t<\/div>\n\t\t\t\t<\/div>\n\t\t\t\t<div class=\"elementor-element elementor-element-11808cd elementor-widget elementor-widget-text-editor\" data-id=\"11808cd\" data-element_type=\"widget\" data-widget_type=\"text-editor.default\">\n\t\t\t\t<div class=\"elementor-widget-container\">\n\t\t\t\t\t\t\t\t\t<ul><li><a href=\"https:\/\/www.cref13.org.br\/documentos\/legislacao\/resolucao\/2006\/resolucao-cref13-0082006-anuidade-exercicio-2007.pdf\"><strong>Resol<\/strong><b>u\u00e7\u00e3o CREF13 n\u00ba 008 de 2006 &#8211; Anuidade Exerc\u00edcio 2007<\/b><\/a><\/li><li><a href=\"https:\/\/www.cref13.org.br\/documentos\/legislacao\/resolucao\/2006\/resolucao-cref13-0072006-publica-aprovacao-estatuto.pdf\"><b>Resolu\u00e7\u00e3o CREF13 n\u00ba 007 de 2006 &#8211; Publica Aprova\u00e7\u00e3o Estatuto<\/b><\/a><\/li><li><a href=\"https:\/\/www.cref13.org.br\/documentos\/legislacao\/resolucao\/2006\/resolucao-cref13-0062006-nomear-presidencia-seccional-sergipe.pdf\"><b>Resolu\u00e7\u00e3o CREF13 n\u00ba 006 de 2006 &#8211; Nomear Presid\u00eancia Seccional Sergipe<\/b><\/a><\/li><li><a href=\"https:\/\/www.cref13.org.br\/documentos\/legislacao\/resolucao\/2006\/resolucao-cref13-0052006-instalacao-seccional-sergipe.pdf\"><b>Resolu\u00e7\u00e3o CREF13 n\u00ba 005 de 2006 &#8211; Instala\u00e7\u00e3o Seccional Ser<\/b><strong>gipe<\/strong><\/a><\/li><\/ul>\t\t\t\t\t\t\t\t<\/div>\n\t\t\t\t<\/div>\n\t\t\t\t<div class=\"elementor-element elementor-element-3ee72ac elementor-widget elementor-widget-heading\" data-id=\"3ee72ac\" data-element_type=\"widget\" data-widget_type=\"heading.default\">\n\t\t\t\t<div class=\"elementor-widget-container\">\n\t\t\t\t\t<h3 class=\"elementor-heading-title elementor-size-default\">2005<\/h3>\t\t\t\t<\/div>\n\t\t\t\t<\/div>\n\t\t\t\t<div class=\"elementor-element elementor-element-e164d79 elementor-widget elementor-widget-text-editor\" data-id=\"e164d79\" data-element_type=\"widget\" data-widget_type=\"text-editor.default\">\n\t\t\t\t<div class=\"elementor-widget-container\">\n\t\t\t\t\t\t\t\t\t<ul><li><a href=\"https:\/\/www.cref13.org.br\/documentos\/legislacao\/resolucao\/2005\/resolucao-cref13-0042005-anuidade-taxa-e-emolumentos-2006.pdf\"><b>Resolu\u00e7\u00e3o CREF13 n\u00ba 004 de 2005 &#8211; Anuidade, Taxa e Emolumentos 2006<\/b><\/a><\/li><li><a href=\"https:\/\/www.cref13.org.br\/documentos\/legislacao\/resolucao\/2005\/resolucao-cref13-0032005-area-competencia-coordenadorias.pdf\"><b>Resolu\u00e7\u00e3o CREF13 n\u00ba 003 de 2005 &#8211; \u00c1rea Compet\u00eancia Coordenadorias<\/b><\/a><\/li><li><a href=\"https:\/\/www.cref13.org.br\/documentos\/legislacao\/resolucao\/2005\/resolucao-cref13-0022005-data-limite-registro-nao-graduados.pdf\"><b>Resolu\u00e7\u00e3o CREF13 n<\/b><strong>\u00ba 002 de 2005 &#8211; Data Limite Registro N\u00e3o Graduados<\/strong><\/a><\/li><\/ul>\t\t\t\t\t\t\t\t<\/div>\n\t\t\t\t<\/div>\n\t\t\t\t<div class=\"elementor-element elementor-element-826df8b elementor-widget elementor-widget-heading\" data-id=\"826df8b\" data-element_type=\"widget\" data-widget_type=\"heading.default\">\n\t\t\t\t<div class=\"elementor-widget-container\">\n\t\t\t\t\t<h3 class=\"elementor-heading-title elementor-size-default\">2004<\/h3>\t\t\t\t<\/div>\n\t\t\t\t<\/div>\n\t\t\t\t<div class=\"elementor-element elementor-element-c1cc4d4 elementor-widget elementor-widget-text-editor\" data-id=\"c1cc4d4\" data-element_type=\"widget\" data-widget_type=\"text-editor.default\">\n\t\t\t\t<div class=\"elementor-widget-container\">\n\t\t\t\t\t\t\t\t\t<ul><li><a href=\"https:\/\/www.cref13.org.br\/documentos\/legislacao\/resolucao\/2004\/resolucao-cref13-0012004-anuidade-exercicio-2005.pdf\"><b>Resolu\u00e7\u00e3o CREF13 n\u00ba 001 de 2004 &#8211; Anuidade 2005<\/b><\/a><\/li><\/ul>\t\t\t\t\t\t\t\t<\/div>\n\t\t\t\t<\/div>\n\t\t\t\t\t<\/div>\n\t\t<\/div>\n\t\t\t\t\t<\/div>\n\t\t<\/section>\n\t\t\t\t<\/div>\n\t\t","protected":false},"excerpt":{"rendered":"<p>2025 Resolu\u00e7\u00e3o CREF13 n\u00ba083 de 2025 &#8211;\u00a0 Proposta Or\u00e7ament\u00e1ria de 2026 Resolu\u00e7\u00e3o CREF13 n\u00ba 082 de 2025 &#8211; Atualiza\u00e7\u00e3o Monet\u00e1ria dos Valores Constantes no Anexo I da Resolu\u00e7\u00e3o CREF13\/BA n\u00ba 078\/2025 Resolu\u00e7\u00e3o CREF13 n\u00ba 081 de 2025 &#8211; Fixa\u00e7\u00e3o dos Valores das Anuidades do Exerc\u00edcio de 2026 Resolu\u00e7\u00e3o CREF13 n\u00ba 080 de 2025 &#8211; Altera\u00e7\u00e3o [&hellip;]<\/p>\n","protected":false},"author":11,"featured_media":0,"parent":0,"menu_order":0,"comment_status":"closed","ping_status":"closed","template":"","meta":{"footnotes":""},"class_list":["post-1803","page","type-page","status-publish","hentry"],"_links":{"self":[{"href":"https:\/\/www.cref13.org.br\/cref13\/wp-json\/wp\/v2\/pages\/1803","targetHints":{"allow":["GET"]}}],"collection":[{"href":"https:\/\/www.cref13.org.br\/cref13\/wp-json\/wp\/v2\/pages"}],"about":[{"href":"https:\/\/www.cref13.org.br\/cref13\/wp-json\/wp\/v2\/types\/page"}],"author":[{"embeddable":true,"href":"https:\/\/www.cref13.org.br\/cref13\/wp-json\/wp\/v2\/users\/11"}],"replies":[{"embeddable":true,"href":"https:\/\/www.cref13.org.br\/cref13\/wp-json\/wp\/v2\/comments?post=1803"}],"version-history":[{"count":274,"href":"https:\/\/www.cref13.org.br\/cref13\/wp-json\/wp\/v2\/pages\/1803\/revisions"}],"predecessor-version":[{"id":11749,"href":"https:\/\/www.cref13.org.br\/cref13\/wp-json\/wp\/v2\/pages\/1803\/revisions\/11749"}],"wp:attachment":[{"href":"https:\/\/www.cref13.org.br\/cref13\/wp-json\/wp\/v2\/media?parent=1803"}],"curies":[{"name":"wp","href":"https:\/\/api.w.org\/{rel}","templated":true}]}}