{"id":205,"date":"2021-08-04T16:47:26","date_gmt":"2021-08-04T19:47:26","guid":{"rendered":"https:\/\/www.cref13.org.br\/cref13\/?page_id=205"},"modified":"2026-03-13T09:34:44","modified_gmt":"2026-03-13T12:34:44","slug":"pessoa-juridica","status":"publish","type":"page","link":"https:\/\/www.cref13.org.br\/cref13\/pessoa-juridica\/","title":{"rendered":"Pessoa Jur\u00eddica"},"content":{"rendered":"\t\t<div data-elementor-type=\"wp-page\" data-elementor-id=\"205\" class=\"elementor elementor-205\" data-elementor-post-type=\"page\">\n\t\t\t\t\t\t<section class=\"elementor-section elementor-top-section elementor-element elementor-element-c923f48 elementor-section-boxed elementor-section-height-default elementor-section-height-default\" data-id=\"c923f48\" data-element_type=\"section\">\n\t\t\t\t\t\t<div class=\"elementor-container elementor-column-gap-default\">\n\t\t\t\t\t<div class=\"elementor-column elementor-col-100 elementor-top-column elementor-element elementor-element-0d7a246\" data-id=\"0d7a246\" data-element_type=\"column\">\n\t\t\t<div class=\"elementor-widget-wrap elementor-element-populated\">\n\t\t\t\t\t\t<div class=\"elementor-element elementor-element-1a065db elementor-headline--style-highlight elementor-widget elementor-widget-animated-headline\" data-id=\"1a065db\" data-element_type=\"widget\" data-settings=\"{&quot;marker&quot;:&quot;curly&quot;,&quot;highlighted_text&quot;:&quot;Pessoa Jur\\u00eddica&quot;,&quot;headline_style&quot;:&quot;highlight&quot;,&quot;highlight_animation_duration&quot;:1200}\" data-widget_type=\"animated-headline.default\">\n\t\t\t\t<div class=\"elementor-widget-container\">\n\t\t\t\t\t\t\t<h2 class=\"elementor-headline\">\n\t\t\t\t<span class=\"elementor-headline-dynamic-wrapper elementor-headline-text-wrapper\">\n\t\t\t\t\t<span class=\"elementor-headline-dynamic-text elementor-headline-text-active\">Pessoa Jur\u00eddica<\/span>\n\t\t\t\t<\/span>\n\t\t\t\t<\/h2>\n\t\t\t\t\t\t<\/div>\n\t\t\t\t<\/div>\n\t\t\t\t<div class=\"elementor-element elementor-element-8473935 elementor-widget elementor-widget-heading\" data-id=\"8473935\" data-element_type=\"widget\" data-widget_type=\"heading.default\">\n\t\t\t\t<div class=\"elementor-widget-container\">\n\t\t\t\t\t<h2 class=\"elementor-heading-title elementor-size-default\">Requerimento Online<\/h2>\t\t\t\t<\/div>\n\t\t\t\t<\/div>\n\t\t\t\t<div class=\"elementor-element elementor-element-a0f36f9 elementor-align-center elementor-widget elementor-widget-button\" data-id=\"a0f36f9\" data-element_type=\"widget\" data-widget_type=\"button.default\">\n\t\t\t\t<div class=\"elementor-widget-container\">\n\t\t\t\t\t\t\t\t\t<div class=\"elementor-button-wrapper\">\n\t\t\t\t\t<a class=\"elementor-button elementor-button-link elementor-size-md\" href=\"https:\/\/spw.cref13.org.br\/SPW\/srcempresa\/telaentrada.aspx\">\n\t\t\t\t\t\t<span class=\"elementor-button-content-wrapper\">\n\t\t\t\t\t\t\t\t\t<span class=\"elementor-button-text\">Primeiro Registro<\/span>\n\t\t\t\t\t<\/span>\n\t\t\t\t\t<\/a>\n\t\t\t\t<\/div>\n\t\t\t\t\t\t\t\t<\/div>\n\t\t\t\t<\/div>\n\t\t\t\t<div class=\"elementor-element elementor-element-c5e2c9a elementor-widget elementor-widget-heading\" data-id=\"c5e2c9a\" data-element_type=\"widget\" data-widget_type=\"heading.default\">\n\t\t\t\t<div class=\"elementor-widget-container\">\n\t\t\t\t\t<h2 class=\"elementor-heading-title elementor-size-default\">Documentos<\/h2>\t\t\t\t<\/div>\n\t\t\t\t<\/div>\n\t\t\t\t<div class=\"elementor-element elementor-element-a30480f elementor-widget elementor-widget-text-editor\" data-id=\"a30480f\" data-element_type=\"widget\" data-widget_type=\"text-editor.default\">\n\t\t\t\t<div class=\"elementor-widget-container\">\n\t\t\t\t\t\t\t\t\t<div class=\"link-container\"><ul><li><strong><a href=\"https:\/\/www.cref13.org.br\/cref13\/wp-content\/uploads\/2025\/10\/pessoa-juridica-quadro-tecnico.pdf\">Formul\u00e1rio de Requerimento de Pessoa Jur\u00eddica &#8211; Quadro T\u00e9cnico<\/a><\/strong><\/li><li><a href=\"https:\/\/www.cref13.org.br\/cref13\/wp-content\/uploads\/2025\/11\/pessoa-juridica-baixa-ou-cancelamento.pdf\"><strong>Formul\u00e1rio de Requerimento de Pesso<\/strong><strong>a Jur\u00eddica &#8211; Baixa de Registro ou Cancelamento<\/strong><\/a><\/li><li><a href=\"https:\/\/www.cref13.org.br\/cref13\/wp-content\/uploads\/2025\/09\/pessoa-juridica-outras-solicitacoes.pdf\"><strong>Formul\u00e1rio de Requerimento de Pessoa Jur\u00eddica &#8211; Outras Solicita\u00e7\u00f5es<\/strong><\/a><\/li><li><a href=\"https:\/\/www.cref13.org.br\/cref13\/wp-content\/uploads\/2025\/09\/pessoa-juridica-atualizar-responsavel-tecnico.pdf\"><strong>Formul\u00e1rio de Requerimento de Pessoa Jur\u00eddica &#8211; Atualiza\u00e7\u00e3o de Respons\u00e1vel T\u00e9cnico<\/strong><\/a><\/li><li><a href=\"https:\/\/www.cref13.org.br\/cref13\/wp-content\/uploads\/2025\/09\/pessoa-juridica-responsabilidades-tecnica.pdf\"><strong>Formul\u00e1rio de Requerimento de Pessoa Jur\u00eddica &#8211; Termo de Responsabilidade T\u00e9cnica<\/strong><\/a><\/li><li><a href=\"https:\/\/www.cref13.org.br\/cref13\/wp-content\/uploads\/2025\/09\/pessoa-juridica-contranotificacao.pdf\"><strong>Formul\u00e1rio de Requerimento de Pessoa Jur\u00eddica &#8211; Contranotifica\u00e7\u00e3o<\/strong><\/a><\/li><\/ul><\/div>\t\t\t\t\t\t\t\t<\/div>\n\t\t\t\t<\/div>\n\t\t\t\t<div class=\"elementor-element elementor-element-53b3193 elementor-widget elementor-widget-text-editor\" data-id=\"53b3193\" data-element_type=\"widget\" data-widget_type=\"text-editor.default\">\n\t\t\t\t<div class=\"elementor-widget-container\">\n\t\t\t\t\t\t\t\t\t<p><strong>Obs: Com exce\u00e7\u00e3o da solicita\u00e7\u00e3o do primeiro registro, todos os requerimentos e documentos devem ser enviados para: <em>cref13@cref13.org.br<\/em><\/strong><\/p>\t\t\t\t\t\t\t\t<\/div>\n\t\t\t\t<\/div>\n\t\t\t\t<div class=\"elementor-element elementor-element-7ea7575 elementor-widget-divider--view-line elementor-widget elementor-widget-divider\" data-id=\"7ea7575\" data-element_type=\"widget\" data-widget_type=\"divider.default\">\n\t\t\t\t<div class=\"elementor-widget-container\">\n\t\t\t\t\t\t\t<div class=\"elementor-divider\">\n\t\t\t<span class=\"elementor-divider-separator\">\n\t\t\t\t\t\t<\/span>\n\t\t<\/div>\n\t\t\t\t\t\t<\/div>\n\t\t\t\t<\/div>\n\t\t\t\t<section class=\"elementor-section elementor-inner-section elementor-element elementor-element-9a677bc elementor-section-boxed elementor-section-height-default elementor-section-height-default\" data-id=\"9a677bc\" data-element_type=\"section\">\n\t\t\t\t\t\t<div class=\"elementor-container elementor-column-gap-default\">\n\t\t\t\t\t<div class=\"elementor-column elementor-col-50 elementor-inner-column elementor-element elementor-element-be08f84\" data-id=\"be08f84\" data-element_type=\"column\">\n\t\t\t<div class=\"elementor-widget-wrap elementor-element-populated\">\n\t\t\t\t\t\t<div class=\"elementor-element elementor-element-e28eb58 elementor-widget elementor-widget-text-editor\" data-id=\"e28eb58\" data-element_type=\"widget\" data-widget_type=\"text-editor.default\">\n\t\t\t\t<div class=\"elementor-widget-container\">\n\t\t\t\t\t\t\t\t\t<strong>Acesse o sistema do CREF13\/BA para os seguintes servi\u00e7os:<\/strong>\n<ul>\n \t<li>Consultar o cadastro completo;<\/li>\n \t<li>Emitir certid\u00e3o negativa de regularidade;<\/li>\n \t<li>Emitir guia para pagamento no boleto ou cart\u00e3o.<\/li>\n<\/ul>\n<em>\n<\/em>Aten\u00e7\u00e3o: Para o primeiro acesso, \u00e9 necess\u00e1rio a cria\u00e7\u00e3o de senha, que ser\u00e1 enviada para o e-mail cadastrado no CREF13.\t\t\t\t\t\t\t\t<\/div>\n\t\t\t\t<\/div>\n\t\t\t\t\t<\/div>\n\t\t<\/div>\n\t\t\t\t<div class=\"elementor-column elementor-col-50 elementor-inner-column elementor-element elementor-element-01693ab\" data-id=\"01693ab\" data-element_type=\"column\">\n\t\t\t<div class=\"elementor-widget-wrap elementor-element-populated\">\n\t\t\t\t\t\t<div class=\"elementor-element elementor-element-16a695e elementor-align-justify elementor-widget elementor-widget-button\" data-id=\"16a695e\" data-element_type=\"widget\" data-widget_type=\"button.default\">\n\t\t\t\t<div class=\"elementor-widget-container\">\n\t\t\t\t\t\t\t\t\t<div class=\"elementor-button-wrapper\">\n\t\t\t\t\t<a class=\"elementor-button elementor-button-link elementor-size-lg\" href=\"https:\/\/spw.cref13.org.br\/spw\/ConsultaCadastral\/TelaLoginEmpresa.aspx\">\n\t\t\t\t\t\t<span class=\"elementor-button-content-wrapper\">\n\t\t\t\t\t\t\t\t\t<span class=\"elementor-button-text\">Acesso ao Sistema<\/span>\n\t\t\t\t\t<\/span>\n\t\t\t\t\t<\/a>\n\t\t\t\t<\/div>\n\t\t\t\t\t\t\t\t<\/div>\n\t\t\t\t<\/div>\n\t\t\t\t\t<\/div>\n\t\t<\/div>\n\t\t\t\t\t<\/div>\n\t\t<\/section>\n\t\t\t\t<div class=\"elementor-element elementor-element-040a34c elementor-widget-divider--view-line elementor-widget elementor-widget-divider\" data-id=\"040a34c\" data-element_type=\"widget\" data-widget_type=\"divider.default\">\n\t\t\t\t<div class=\"elementor-widget-container\">\n\t\t\t\t\t\t\t<div class=\"elementor-divider\">\n\t\t\t<span class=\"elementor-divider-separator\">\n\t\t\t\t\t\t<\/span>\n\t\t<\/div>\n\t\t\t\t\t\t<\/div>\n\t\t\t\t<\/div>\n\t\t\t\t<section class=\"elementor-section elementor-inner-section elementor-element elementor-element-79d5739 elementor-section-boxed elementor-section-height-default elementor-section-height-default\" data-id=\"79d5739\" data-element_type=\"section\">\n\t\t\t\t\t\t<div class=\"elementor-container elementor-column-gap-default\">\n\t\t\t\t\t<div class=\"elementor-column elementor-col-50 elementor-inner-column elementor-element elementor-element-b211739\" data-id=\"b211739\" data-element_type=\"column\">\n\t\t\t<div class=\"elementor-widget-wrap elementor-element-populated\">\n\t\t\t\t\t\t<div class=\"elementor-element elementor-element-42e0f71 elementor-widget elementor-widget-text-editor\" data-id=\"42e0f71\" data-element_type=\"widget\" data-widget_type=\"text-editor.default\">\n\t\t\t\t<div class=\"elementor-widget-container\">\n\t\t\t\t\t\t\t\t\t<p><b>Para outros servi\u00e7os, segue ao lado os <em>links<\/em> diretos<\/b><\/p>\t\t\t\t\t\t\t\t<\/div>\n\t\t\t\t<\/div>\n\t\t\t\t\t<\/div>\n\t\t<\/div>\n\t\t\t\t<div class=\"elementor-column elementor-col-50 elementor-inner-column elementor-element elementor-element-e0dbfc2\" data-id=\"e0dbfc2\" data-element_type=\"column\">\n\t\t\t<div class=\"elementor-widget-wrap elementor-element-populated\">\n\t\t\t\t\t\t<div class=\"elementor-element elementor-element-9069f26 elementor-align-justify elementor-widget elementor-widget-button\" data-id=\"9069f26\" data-element_type=\"widget\" data-widget_type=\"button.default\">\n\t\t\t\t<div class=\"elementor-widget-container\">\n\t\t\t\t\t\t\t\t\t<div class=\"elementor-button-wrapper\">\n\t\t\t\t\t<a class=\"elementor-button elementor-button-link elementor-size-lg\" href=\"https:\/\/spw.cref13.org.br\/spw\/ConsultaCadastral\/TelaConsultaPublicaCompleta.aspx\">\n\t\t\t\t\t\t<span class=\"elementor-button-content-wrapper\">\n\t\t\t\t\t\t\t\t\t<span class=\"elementor-button-text\">Consulta Cadastral<\/span>\n\t\t\t\t\t<\/span>\n\t\t\t\t\t<\/a>\n\t\t\t\t<\/div>\n\t\t\t\t\t\t\t\t<\/div>\n\t\t\t\t<\/div>\n\t\t\t\t<div class=\"elementor-element elementor-element-2d842eb elementor-align-justify elementor-widget elementor-widget-button\" data-id=\"2d842eb\" data-element_type=\"widget\" data-widget_type=\"button.default\">\n\t\t\t\t<div class=\"elementor-widget-container\">\n\t\t\t\t\t\t\t\t\t<div class=\"elementor-button-wrapper\">\n\t\t\t\t\t<a class=\"elementor-button elementor-button-link elementor-size-lg\" href=\"https:\/\/spw.cref13.org.br\/spw\/ConsultaCadastral\/TelaLoginEmpresa.aspx\">\n\t\t\t\t\t\t<span class=\"elementor-button-content-wrapper\">\n\t\t\t\t\t\t\t\t\t<span class=\"elementor-button-text\">Emiss\u00e3o de Guia de Pagamento<\/span>\n\t\t\t\t\t<\/span>\n\t\t\t\t\t<\/a>\n\t\t\t\t<\/div>\n\t\t\t\t\t\t\t\t<\/div>\n\t\t\t\t<\/div>\n\t\t\t\t<div class=\"elementor-element elementor-element-3f4d9c3 elementor-align-justify elementor-widget elementor-widget-button\" data-id=\"3f4d9c3\" data-element_type=\"widget\" data-widget_type=\"button.default\">\n\t\t\t\t<div class=\"elementor-widget-container\">\n\t\t\t\t\t\t\t\t\t<div class=\"elementor-button-wrapper\">\n\t\t\t\t\t<a class=\"elementor-button elementor-button-link elementor-size-lg\" href=\"https:\/\/spw.cref13.org.br\/spw\/ConsultaCadastral\/TelaLoginEmpresa.aspx\">\n\t\t\t\t\t\t<span class=\"elementor-button-content-wrapper\">\n\t\t\t\t\t\t\t\t\t<span class=\"elementor-button-text\">Emiss\u00e3o de Certid\u00e3o<\/span>\n\t\t\t\t\t<\/span>\n\t\t\t\t\t<\/a>\n\t\t\t\t<\/div>\n\t\t\t\t\t\t\t\t<\/div>\n\t\t\t\t<\/div>\n\t\t\t\t\t<\/div>\n\t\t<\/div>\n\t\t\t\t\t<\/div>\n\t\t<\/section>\n\t\t\t\t<div class=\"elementor-element elementor-element-8b621cc elementor-widget-divider--view-line elementor-widget elementor-widget-divider\" data-id=\"8b621cc\" data-element_type=\"widget\" data-widget_type=\"divider.default\">\n\t\t\t\t<div class=\"elementor-widget-container\">\n\t\t\t\t\t\t\t<div class=\"elementor-divider\">\n\t\t\t<span class=\"elementor-divider-separator\">\n\t\t\t\t\t\t<\/span>\n\t\t<\/div>\n\t\t\t\t\t\t<\/div>\n\t\t\t\t<\/div>\n\t\t\t\t<div class=\"elementor-element elementor-element-7807496 elementor-widget elementor-widget-heading\" data-id=\"7807496\" data-element_type=\"widget\" data-widget_type=\"heading.default\">\n\t\t\t\t<div class=\"elementor-widget-container\">\n\t\t\t\t\t<h2 class=\"elementor-heading-title elementor-size-default\">Servi\u00e7os<\/h2>\t\t\t\t<\/div>\n\t\t\t\t<\/div>\n\t\t\t\t<div class=\"elementor-element elementor-element-cf5d250 elementor-widget elementor-widget-accordion\" data-id=\"cf5d250\" data-element_type=\"widget\" data-widget_type=\"accordion.default\">\n\t\t\t\t<div class=\"elementor-widget-container\">\n\t\t\t\t\t\t\t<div class=\"elementor-accordion\">\n\t\t\t\t\t\t\t<div class=\"elementor-accordion-item\">\n\t\t\t\t\t<div id=\"elementor-tab-title-2171\" class=\"elementor-tab-title\" data-tab=\"1\" role=\"button\" aria-controls=\"elementor-tab-content-2171\" aria-expanded=\"false\">\n\t\t\t\t\t\t\t\t\t\t\t\t\t<span class=\"elementor-accordion-icon elementor-accordion-icon-left\" aria-hidden=\"true\">\n\t\t\t\t\t\t\t\t\t\t\t\t\t\t\t<span class=\"elementor-accordion-icon-closed\"><i class=\"fas fa-plus\"><\/i><\/span>\n\t\t\t\t\t\t\t\t<span class=\"elementor-accordion-icon-opened\"><i class=\"fas fa-minus\"><\/i><\/span>\n\t\t\t\t\t\t\t\t\t\t\t\t\t\t<\/span>\n\t\t\t\t\t\t\t\t\t\t\t\t<a class=\"elementor-accordion-title\" tabindex=\"0\">Primeiro Registro<\/a>\n\t\t\t\t\t<\/div>\n\t\t\t\t\t<div id=\"elementor-tab-content-2171\" class=\"elementor-tab-content elementor-clearfix\" data-tab=\"1\" role=\"region\" aria-labelledby=\"elementor-tab-title-2171\"><p>Para requerer o registro no CREF13\/BA, deve-se acessar o <strong><a href=\"https:\/\/spw.cref13.org.br\/SPW\/srcempresa\/telaentrada.aspx\">LINK<\/a><\/strong>.<\/p><p>Os documentos que devem estar anexados no requerimento online s\u00e3o:<\/p><ul><li>Requerimento de Pessoa Jur\u00eddica \u2014 Registro, devidamente preenchido, datado e assinado pelo respons\u00e1vel legal (assinatura dever\u00e1 ser igual ao documento de identifica\u00e7\u00e3o apresentado ou assinado digitalmente pelo GOV);<\/li><li>Documento de identifica\u00e7\u00e3o do representante legal;<\/li><li>CPF do representante legal;<\/li><li>C\u00f3pia do instrumento de constitui\u00e7\u00e3o e de todas as altera\u00e7\u00f5es contratuais da pessoa jur\u00eddica, devidamente arquivado e registrado no \u00f3rg\u00e3o competente, bem como a autentica\u00e7\u00e3o na JUCEB ou o instrumento de constitui\u00e7\u00e3o da PJ consolidado no referido \u00f3rg\u00e3o, seguido da autentica\u00e7\u00e3o na JUCEB;<\/li><li>Quando a constitui\u00e7\u00e3o da Pessoa Jur\u00eddica tiver sido MEI, o cart\u00e3o de MEI deve ser apresentado no lugar da constitui\u00e7\u00e3o da pessoa jur\u00eddica junto com as altera\u00e7\u00f5es. Caso a altera\u00e7\u00e3o contratual venha especificando que \u00e9 para alterar de MEI para qualquer outra composi\u00e7\u00e3o, o cart\u00e3o de MEI \u00e9 dispensado.<\/li><li>Cart\u00e3o CNPJ;<\/li><li>Comprovante de endere\u00e7o (endere\u00e7o dever\u00e1 ser igual ao constante no alvar\u00e1\/CART\u00c3O CNPJ);<\/li><li>Termo de responsabilidade t\u00e9cnica devidamente assinado pelo respons\u00e1vel t\u00e9cnico (assinatura dever\u00e1 ser igual ao documento de identifica\u00e7\u00e3o apresentado ou assinado digitalmente pelo GOV);<\/li><li>Alvar\u00e1 de Funcionamento da Prefeitura do ano vigente;<\/li><\/ul><\/div>\n\t\t\t\t<\/div>\n\t\t\t\t\t\t\t<div class=\"elementor-accordion-item\">\n\t\t\t\t\t<div id=\"elementor-tab-title-2172\" class=\"elementor-tab-title\" data-tab=\"2\" role=\"button\" aria-controls=\"elementor-tab-content-2172\" aria-expanded=\"false\">\n\t\t\t\t\t\t\t\t\t\t\t\t\t<span class=\"elementor-accordion-icon elementor-accordion-icon-left\" aria-hidden=\"true\">\n\t\t\t\t\t\t\t\t\t\t\t\t\t\t\t<span class=\"elementor-accordion-icon-closed\"><i class=\"fas fa-plus\"><\/i><\/span>\n\t\t\t\t\t\t\t\t<span class=\"elementor-accordion-icon-opened\"><i class=\"fas fa-minus\"><\/i><\/span>\n\t\t\t\t\t\t\t\t\t\t\t\t\t\t<\/span>\n\t\t\t\t\t\t\t\t\t\t\t\t<a class=\"elementor-accordion-title\" tabindex=\"0\">Atualiza\u00e7\u00e3o Cadastral de Endere\u00e7o<\/a>\n\t\t\t\t\t<\/div>\n\t\t\t\t\t<div id=\"elementor-tab-content-2172\" class=\"elementor-tab-content elementor-clearfix\" data-tab=\"2\" role=\"region\" aria-labelledby=\"elementor-tab-title-2172\"><p style=\"text-align: justify;\">Para atualiza\u00e7\u00e3o cadastral do endere\u00e7o da Pessoa Jur\u00eddica \u00e9 necess\u00e1rio encaminhar os seguintes documentos para o e-mail: <strong>cref13@cref13.org.br<\/strong>:\u00a0<\/p><ul><li style=\"text-align: justify;\">Requerimento de Pessoa Jur\u00eddica, devidamente assinado pelo representante legal (assinatura dever\u00e1 estar igual ao documento de identifica\u00e7\u00e3o apresentado ou assinado digitalmente pelo GOV);<\/li><li style=\"text-align: justify;\">C\u00f3pia de todas e quaisquer altera\u00e7\u00f5es contratuais que tenham ocorrido desde a constitui\u00e7\u00e3o legal da Pessoa Jur\u00eddica at\u00e9 a presente data;<\/li><li style=\"text-align: justify;\">Comprovante de inscri\u00e7\u00e3o no CNPJ atualizado.<\/li><li style=\"text-align: justify;\">Comprovante de endere\u00e7o;<\/li><\/ul><p><strong>O documento solicitado deve ser digitalizado e encaminhado em formato\u202fPDF\u202fpara o e-mail:\u202f\u202fcref13@cref13.org.br. <\/strong><\/p><\/div>\n\t\t\t\t<\/div>\n\t\t\t\t\t\t\t<div class=\"elementor-accordion-item\">\n\t\t\t\t\t<div id=\"elementor-tab-title-2173\" class=\"elementor-tab-title\" data-tab=\"3\" role=\"button\" aria-controls=\"elementor-tab-content-2173\" aria-expanded=\"false\">\n\t\t\t\t\t\t\t\t\t\t\t\t\t<span class=\"elementor-accordion-icon elementor-accordion-icon-left\" aria-hidden=\"true\">\n\t\t\t\t\t\t\t\t\t\t\t\t\t\t\t<span class=\"elementor-accordion-icon-closed\"><i class=\"fas fa-plus\"><\/i><\/span>\n\t\t\t\t\t\t\t\t<span class=\"elementor-accordion-icon-opened\"><i class=\"fas fa-minus\"><\/i><\/span>\n\t\t\t\t\t\t\t\t\t\t\t\t\t\t<\/span>\n\t\t\t\t\t\t\t\t\t\t\t\t<a class=\"elementor-accordion-title\" tabindex=\"0\">Baixa de Registro<\/a>\n\t\t\t\t\t<\/div>\n\t\t\t\t\t<div id=\"elementor-tab-content-2173\" class=\"elementor-tab-content elementor-clearfix\" data-tab=\"3\" role=\"region\" aria-labelledby=\"elementor-tab-title-2173\"><p style=\"text-align: justify;\">Para solicitar a baixa da Pessoa Jur\u00eddica \u00e9 necess\u00e1rio encaminhar os seguintes documentos para o e-mail: <strong>cref13@cref13.org.br<\/strong>:<\/p><ul><li style=\"text-align: justify;\">Requerimento de Pessoa Jur\u00eddica solicitando a baixa do registro devidamente preenchido e assinado pelo representante legal (assinatura dever\u00e1 estar igual ao documento de identifica\u00e7\u00e3o apresentado ou assinado digitalmente pelo GOV);<\/li><li style=\"text-align: justify;\">Termo de Responsabilidade de Informa\u00e7\u00e3o de N\u00e3o Funcionamento do Estabelecimento devidamente preenchido e assinado pelo representante legal (assinatura dever\u00e1 estar igual ao documento de identifica\u00e7\u00e3o apresentado ou assinado digitalmente pelo GOV);<\/li><\/ul><p><strong>O documento solicitado deve ser digitalizado e encaminhado em formato\u202fPDF\u202fpara o e-mail:\u202f\u202fcref13@cref13.org.br. <\/strong><\/p><\/div>\n\t\t\t\t<\/div>\n\t\t\t\t\t\t\t<div class=\"elementor-accordion-item\">\n\t\t\t\t\t<div id=\"elementor-tab-title-2174\" class=\"elementor-tab-title\" data-tab=\"4\" role=\"button\" aria-controls=\"elementor-tab-content-2174\" aria-expanded=\"false\">\n\t\t\t\t\t\t\t\t\t\t\t\t\t<span class=\"elementor-accordion-icon elementor-accordion-icon-left\" aria-hidden=\"true\">\n\t\t\t\t\t\t\t\t\t\t\t\t\t\t\t<span class=\"elementor-accordion-icon-closed\"><i class=\"fas fa-plus\"><\/i><\/span>\n\t\t\t\t\t\t\t\t<span class=\"elementor-accordion-icon-opened\"><i class=\"fas fa-minus\"><\/i><\/span>\n\t\t\t\t\t\t\t\t\t\t\t\t\t\t<\/span>\n\t\t\t\t\t\t\t\t\t\t\t\t<a class=\"elementor-accordion-title\" tabindex=\"0\">Renova\u00e7\u00e3o de Certificado<\/a>\n\t\t\t\t\t<\/div>\n\t\t\t\t\t<div id=\"elementor-tab-content-2174\" class=\"elementor-tab-content elementor-clearfix\" data-tab=\"4\" role=\"region\" aria-labelledby=\"elementor-tab-title-2174\"><p><span style=\"font-size: inherit;\">Para renova\u00e7\u00e3o do certificado da Pessoa Jur\u00eddica \u00e9 necess\u00e1rio encaminhar os seguintes documentos para o e-mail: <strong>cref13@cref13.org.br<\/strong>:&nbsp;<\/span><\/p><p><span style=\"font-size: inherit;\">Requerimento de Pessoa Jur\u00eddica, devidamente assinado pelo representante legal (assinatura dever\u00e1 estar igual ao documento de identifica\u00e7\u00e3o apresentado ou assinado digitalmente pelo GOV);<\/span><\/p><ul><li><span style=\"font-size: inherit;\">Alvar\u00e1 de funcionamento do ano vigente;<\/span><\/li><li><span style=\"font-size: inherit;\">Quadro t\u00e9cnico&nbsp;devidamente preenchido,&nbsp;datado e assinado pelo representante legal da empresa conforme documento&nbsp;de&nbsp;identidade apresentado&nbsp;ou assinatura digital pelo GOV(rela\u00e7\u00e3o dos profissionais&nbsp;de&nbsp;educa\u00e7\u00e3o f\u00edsica, com seus respectivos n\u00fameros&nbsp;de&nbsp;registro no cref13 e modalidade que ministram (atividade f\u00edsica com que atuam): ex: dan\u00e7a, muscula\u00e7\u00e3o, ginastica..)<\/span><\/li><\/ul><div><br><\/div><p><span style=\"font-size: inherit;\">OBS: Se a PJ estiver em d\u00e9bito ou sem Respons\u00e1vel T\u00e9cnico cadastrado, informamos que deve ser sanada a pend\u00eancia para conseguir emitir o Certificado.<\/span><\/p><p style=\"text-align: justify;\"><span data-teams=\"true\"><\/span><\/p><p><span style=\"font-size: inherit;\"><strong>O documento solicitado deve ser digitalizado e encaminhado em formato\u202fPDF\u202fpara o e-mail:\u202f\u202fcref13@cref13.org.br.<\/strong><\/span><\/p><\/div>\n\t\t\t\t<\/div>\n\t\t\t\t\t\t\t<div class=\"elementor-accordion-item\">\n\t\t\t\t\t<div id=\"elementor-tab-title-2175\" class=\"elementor-tab-title\" data-tab=\"5\" role=\"button\" aria-controls=\"elementor-tab-content-2175\" aria-expanded=\"false\">\n\t\t\t\t\t\t\t\t\t\t\t\t\t<span class=\"elementor-accordion-icon elementor-accordion-icon-left\" aria-hidden=\"true\">\n\t\t\t\t\t\t\t\t\t\t\t\t\t\t\t<span class=\"elementor-accordion-icon-closed\"><i class=\"fas fa-plus\"><\/i><\/span>\n\t\t\t\t\t\t\t\t<span class=\"elementor-accordion-icon-opened\"><i class=\"fas fa-minus\"><\/i><\/span>\n\t\t\t\t\t\t\t\t\t\t\t\t\t\t<\/span>\n\t\t\t\t\t\t\t\t\t\t\t\t<a class=\"elementor-accordion-title\" tabindex=\"0\">Atualiza\u00e7\u00e3o Cadastral <\/a>\n\t\t\t\t\t<\/div>\n\t\t\t\t\t<div id=\"elementor-tab-content-2175\" class=\"elementor-tab-content elementor-clearfix\" data-tab=\"5\" role=\"region\" aria-labelledby=\"elementor-tab-title-2175\"><p style=\"text-align: justify;\">Para atualiza\u00e7\u00e3o cadastral da Pessoa Jur\u00eddica \u00e9 necess\u00e1rio encaminhar os seguintes documentos para o e-mail: <strong>cref13@cref13.org.br<\/strong>:\u00a0<\/p><ul><li style=\"text-align: justify;\">Requerimento de Pessoa Jur\u00eddica, devidamente assinado pelo representante legal (assinatura dever\u00e1 estar igual ao documento de identifica\u00e7\u00e3o apresentado ou assinado digitalmente pelo GOV);<\/li><li style=\"text-align: justify;\">C\u00f3pia de todas e quaisquer altera\u00e7\u00f5es contratuais que tenham ocorrido desde a constitui\u00e7\u00e3o legal da Pessoa Jur\u00eddica at\u00e9 a presente data;<\/li><li style=\"text-align: justify;\">Comprovante de inscri\u00e7\u00e3o no CNPJ atualizado.<\/li><\/ul><p><strong>O documento solicitado deve ser digitalizado e encaminhado em formato\u202fPDF\u202fpara o e-mail:\u202f\u202fcref13@cref13.org.br. <\/strong><\/p><\/div>\n\t\t\t\t<\/div>\n\t\t\t\t\t\t\t<div class=\"elementor-accordion-item\">\n\t\t\t\t\t<div id=\"elementor-tab-title-2176\" class=\"elementor-tab-title\" data-tab=\"6\" role=\"button\" aria-controls=\"elementor-tab-content-2176\" aria-expanded=\"false\">\n\t\t\t\t\t\t\t\t\t\t\t\t\t<span class=\"elementor-accordion-icon elementor-accordion-icon-left\" aria-hidden=\"true\">\n\t\t\t\t\t\t\t\t\t\t\t\t\t\t\t<span class=\"elementor-accordion-icon-closed\"><i class=\"fas fa-plus\"><\/i><\/span>\n\t\t\t\t\t\t\t\t<span class=\"elementor-accordion-icon-opened\"><i class=\"fas fa-minus\"><\/i><\/span>\n\t\t\t\t\t\t\t\t\t\t\t\t\t\t<\/span>\n\t\t\t\t\t\t\t\t\t\t\t\t<a class=\"elementor-accordion-title\" tabindex=\"0\">Substitui\u00e7\u00e3o de Respons\u00e1vel T\u00e9cnico<\/a>\n\t\t\t\t\t<\/div>\n\t\t\t\t\t<div id=\"elementor-tab-content-2176\" class=\"elementor-tab-content elementor-clearfix\" data-tab=\"6\" role=\"region\" aria-labelledby=\"elementor-tab-title-2176\"><p style=\"text-align: justify;\">Segue abaixo a lista dos documentos necess\u00e1rios para do Respons\u00e1vel T\u00e9cnico para o e-mail:<strong> cref13@cref13.org.br<\/strong>:\u00a0<\/p><ul><li style=\"text-align: justify;\">Requerimento de Pessoa Jur\u00eddica, devidamente assinado pelo representante legal (assinatura dever\u00e1 estar igual ao documento de identifica\u00e7\u00e3o apresentado ou assinado digitalmente pelo GOV);<\/li><li style=\"text-align: justify;\">Termo de Responsabilidade T\u00e9cnica assinado pelo Profissional de Educa\u00e7\u00e3o F\u00edsica bacharel, registrado no CREF13, que assumir\u00e1 essa condi\u00e7\u00e3o (assinatura dever\u00e1 estar igual ao documento de identifica\u00e7\u00e3o apresentado ou assinado digitalmente pelo GOV);<\/li><li style=\"text-align: justify;\">Quadro T\u00e9cnico preenchido e assinado pelo Representante Legal da empresa (Rela\u00e7\u00e3o dos Profissionais de Educa\u00e7\u00e3o F\u00edsica, bachar\u00e9is, integrantes do quadro t\u00e9cnico, com seus respectivos n\u00fameros de registro no CREF13 e modalidade que ministram);<\/li><\/ul><p><strong>O documento solicitado deve ser digitalizado e encaminhado em formato\u202fPDF\u202fpara o e-mail:\u202f\u202fcref13@cref13.org.br. <\/strong><\/p><\/div>\n\t\t\t\t<\/div>\n\t\t\t\t\t\t\t<div class=\"elementor-accordion-item\">\n\t\t\t\t\t<div id=\"elementor-tab-title-2177\" class=\"elementor-tab-title\" data-tab=\"7\" role=\"button\" aria-controls=\"elementor-tab-content-2177\" aria-expanded=\"false\">\n\t\t\t\t\t\t\t\t\t\t\t\t\t<span class=\"elementor-accordion-icon elementor-accordion-icon-left\" aria-hidden=\"true\">\n\t\t\t\t\t\t\t\t\t\t\t\t\t\t\t<span class=\"elementor-accordion-icon-closed\"><i class=\"fas fa-plus\"><\/i><\/span>\n\t\t\t\t\t\t\t\t<span class=\"elementor-accordion-icon-opened\"><i class=\"fas fa-minus\"><\/i><\/span>\n\t\t\t\t\t\t\t\t\t\t\t\t\t\t<\/span>\n\t\t\t\t\t\t\t\t\t\t\t\t<a class=\"elementor-accordion-title\" tabindex=\"0\">Ren\u00fancia de Responsabilidade T\u00e9cnica<\/a>\n\t\t\t\t\t<\/div>\n\t\t\t\t\t<div id=\"elementor-tab-content-2177\" class=\"elementor-tab-content elementor-clearfix\" data-tab=\"7\" role=\"region\" aria-labelledby=\"elementor-tab-title-2177\"><p style=\"text-align: justify;\">Para atualiza\u00e7\u00e3o cadastral da Pessoa Jur\u00eddica \u00e9 necess\u00e1rio encaminhar os seguintes documentos para o e-mail:<strong> cref13@cref13.org.br<\/strong>:\u00a0<\/p><ul><li style=\"text-align: justify;\">O TERMO DE REN\u00daNCIA DE RESPONSABILIDADE T\u00c9CNICA &#8211; devidamente preenchido, datado e assinado (assinatura dever\u00e1 estar igual ao documento de identifica\u00e7\u00e3o apresentado ou assinado digitalmente pelo GOV);<\/li><\/ul><p><strong>O documento solicitado deve ser digitalizado e encaminhado em formato\u202fPDF\u202fpara o e-mail:\u202f\u202fcref13@cref13.org.br. <\/strong><\/p><\/div>\n\t\t\t\t<\/div>\n\t\t\t\t\t\t\t\t<\/div>\n\t\t\t\t\t\t<\/div>\n\t\t\t\t<\/div>\n\t\t\t\t<div class=\"elementor-element elementor-element-0a3838d elementor-widget elementor-widget-heading\" data-id=\"0a3838d\" data-element_type=\"widget\" data-widget_type=\"heading.default\">\n\t\t\t\t<div class=\"elementor-widget-container\">\n\t\t\t\t\t<h2 class=\"elementor-heading-title elementor-size-default\">Perguntas Frequentes<\/h2>\t\t\t\t<\/div>\n\t\t\t\t<\/div>\n\t\t\t\t<div class=\"elementor-element elementor-element-13ae24b elementor-widget elementor-widget-accordion\" data-id=\"13ae24b\" data-element_type=\"widget\" data-widget_type=\"accordion.default\">\n\t\t\t\t<div class=\"elementor-widget-container\">\n\t\t\t\t\t\t\t<div class=\"elementor-accordion\">\n\t\t\t\t\t\t\t<div class=\"elementor-accordion-item\">\n\t\t\t\t\t<div id=\"elementor-tab-title-2061\" class=\"elementor-tab-title\" data-tab=\"1\" role=\"button\" aria-controls=\"elementor-tab-content-2061\" aria-expanded=\"false\">\n\t\t\t\t\t\t\t\t\t\t\t\t\t<span class=\"elementor-accordion-icon elementor-accordion-icon-left\" aria-hidden=\"true\">\n\t\t\t\t\t\t\t\t\t\t\t\t\t\t\t<span class=\"elementor-accordion-icon-closed\"><i class=\"fas fa-plus\"><\/i><\/span>\n\t\t\t\t\t\t\t\t<span class=\"elementor-accordion-icon-opened\"><i class=\"fas fa-minus\"><\/i><\/span>\n\t\t\t\t\t\t\t\t\t\t\t\t\t\t<\/span>\n\t\t\t\t\t\t\t\t\t\t\t\t<a class=\"elementor-accordion-title\" tabindex=\"0\">Como fazer o registro de Pessoa Jur\u00eddica (estabelecimento prestador de servi\u00e7os em atividade f\u00edsica) no CREF13\/BA?<\/a>\n\t\t\t\t\t<\/div>\n\t\t\t\t\t<div id=\"elementor-tab-content-2061\" class=\"elementor-tab-content elementor-clearfix\" data-tab=\"1\" role=\"region\" aria-labelledby=\"elementor-tab-title-2061\"><p style=\"text-align: justify;\">Para requerer o registro no CREF13\/BA, deve-se acessar o <strong><a style=\"color: #469c3b;\" href=\"https:\/\/spw.cref13.org.br\/SPW\/srcempresa\/telaentrada.aspx\" target=\"_blank\" rel=\"noopener\">LINK<\/a><\/strong>.<\/p><p style=\"text-align: justify;\">Os documentos que devem est\u00e1 em anexo no requerimento online, s\u00e3o:<\/p><ul><li style=\"text-align: justify;\">Contrato Social, com assinatura do s\u00f3cio administrador;<\/li><li style=\"text-align: justify;\">Comprovante de inscri\u00e7\u00e3o de situa\u00e7\u00e3o cadastral na Receita Federal;<\/li><li style=\"text-align: justify;\">Comprovante de endere\u00e7o;<\/li><li style=\"text-align: justify;\">Documento de identifica\u00e7\u00e3o com foto, do s\u00f3cio;<\/li><li style=\"text-align: justify;\">CPF do s\u00f3cio;<\/li><li style=\"text-align: justify;\">Alvar\u00e1 de funcionamento vigente;<\/li><li style=\"text-align: justify;\"><a style=\"color: #469c3b;\" href=\"https:\/\/cref13.org.br\/documentos\/servicos\/pessoa-juridica-termo-de-responsabilidade-tecnica.pdf\"><strong>Termo de Responsabilidade T\u00e9cnica<\/strong><\/a>, devidamente preenchido, datado e assinado.<\/li><\/ul><\/div>\n\t\t\t\t<\/div>\n\t\t\t\t\t\t\t<div class=\"elementor-accordion-item\">\n\t\t\t\t\t<div id=\"elementor-tab-title-2062\" class=\"elementor-tab-title\" data-tab=\"2\" role=\"button\" aria-controls=\"elementor-tab-content-2062\" aria-expanded=\"false\">\n\t\t\t\t\t\t\t\t\t\t\t\t\t<span class=\"elementor-accordion-icon elementor-accordion-icon-left\" aria-hidden=\"true\">\n\t\t\t\t\t\t\t\t\t\t\t\t\t\t\t<span class=\"elementor-accordion-icon-closed\"><i class=\"fas fa-plus\"><\/i><\/span>\n\t\t\t\t\t\t\t\t<span class=\"elementor-accordion-icon-opened\"><i class=\"fas fa-minus\"><\/i><\/span>\n\t\t\t\t\t\t\t\t\t\t\t\t\t\t<\/span>\n\t\t\t\t\t\t\t\t\t\t\t\t<a class=\"elementor-accordion-title\" tabindex=\"0\">O condom\u00ednio pode oferecer espa\u00e7o com equipamentos para pr\u00e1tica de atividades f\u00edsicas (academia)?<\/a>\n\t\t\t\t\t<\/div>\n\t\t\t\t\t<div id=\"elementor-tab-content-2062\" class=\"elementor-tab-content elementor-clearfix\" data-tab=\"2\" role=\"region\" aria-labelledby=\"elementor-tab-title-2062\"><p style=\"text-align: justify;\">O Condom\u00ednio pode ter um espa\u00e7o com aparelhos oferecido para os cond\u00f4minos, mas desde o momento que a atividade f\u00edsica for orientada, precisar\u00e1 de um Profissional de Educa\u00e7\u00e3o F\u00edsica nesta orienta\u00e7\u00e3o.<\/p><p style=\"text-align: justify;\">\u00c9 fundamental ressaltar a import\u00e2ncia do Profissional de Educa\u00e7\u00e3o F\u00edsica presente, a fim de que sejam praticados exerc\u00edcios orientados corretamente, objetivando evitar les\u00f5es e at\u00e9 riscos maiores \u00e0 sa\u00fade dos usu\u00e1rios. Lembramos que qualquer problema relacionado a estes acontecimentos, o condom\u00ednio poder\u00e1 ser responsabilizado.<\/p><p style=\"text-align: justify;\">Ressaltamos ainda que o CREF da respectiva \u00e1rea de abrang\u00eancia poder\u00e1 proceder \u00e0 a\u00e7\u00f5es de fiscaliza\u00e7\u00e3o nas citadas academias, objetivando garantir que os servi\u00e7os em atividades f\u00edsicas est\u00e3o sejam prestados por profissionais habilitados, assim como existir lei municipal ou estadual a ser obedecida.<\/p><\/div>\n\t\t\t\t<\/div>\n\t\t\t\t\t\t\t<div class=\"elementor-accordion-item\">\n\t\t\t\t\t<div id=\"elementor-tab-title-2063\" class=\"elementor-tab-title\" data-tab=\"3\" role=\"button\" aria-controls=\"elementor-tab-content-2063\" aria-expanded=\"false\">\n\t\t\t\t\t\t\t\t\t\t\t\t\t<span class=\"elementor-accordion-icon elementor-accordion-icon-left\" aria-hidden=\"true\">\n\t\t\t\t\t\t\t\t\t\t\t\t\t\t\t<span class=\"elementor-accordion-icon-closed\"><i class=\"fas fa-plus\"><\/i><\/span>\n\t\t\t\t\t\t\t\t<span class=\"elementor-accordion-icon-opened\"><i class=\"fas fa-minus\"><\/i><\/span>\n\t\t\t\t\t\t\t\t\t\t\t\t\t\t<\/span>\n\t\t\t\t\t\t\t\t\t\t\t\t<a class=\"elementor-accordion-title\" tabindex=\"0\">Como \u00e9 tratada a quest\u00e3o das condi\u00e7\u00f5es higi\u00eanicas das Pessoas Jur\u00eddicas e de seguran\u00e7a do local?<\/a>\n\t\t\t\t\t<\/div>\n\t\t\t\t\t<div id=\"elementor-tab-content-2063\" class=\"elementor-tab-content elementor-clearfix\" data-tab=\"3\" role=\"region\" aria-labelledby=\"elementor-tab-title-2063\"><p style=\"text-align: justify;\">A fiscaliza\u00e7\u00e3o de higiene cabe a Vigil\u00e2ncia Sanit\u00e1ria ou algum \u00f3rg\u00e3o similar de sua regi\u00e3o. Durante as a\u00e7\u00f5es fiscalizat\u00f3rias dos CREFs, o fiscal, observando condi\u00e7\u00f5es inadequadas, sinalizar\u00e1 em seu relat\u00f3rio tal ocorr\u00eancia e far\u00e1 as recomenda\u00e7\u00f5es pertinentes.<\/p><p style=\"text-align: justify;\">Em rela\u00e7\u00e3o a seguran\u00e7a do local (fios desencapados, rachaduras, degraus, entre outros que possam causar acidentes) cabe a den\u00fancia e fiscaliza\u00e7\u00e3o do Corpo de Bombeiros e Vigil\u00e2ncia Sanit\u00e1ria.<\/p><\/div>\n\t\t\t\t<\/div>\n\t\t\t\t\t\t\t<div class=\"elementor-accordion-item\">\n\t\t\t\t\t<div id=\"elementor-tab-title-2064\" class=\"elementor-tab-title\" data-tab=\"4\" role=\"button\" aria-controls=\"elementor-tab-content-2064\" aria-expanded=\"false\">\n\t\t\t\t\t\t\t\t\t\t\t\t\t<span class=\"elementor-accordion-icon elementor-accordion-icon-left\" aria-hidden=\"true\">\n\t\t\t\t\t\t\t\t\t\t\t\t\t\t\t<span class=\"elementor-accordion-icon-closed\"><i class=\"fas fa-plus\"><\/i><\/span>\n\t\t\t\t\t\t\t\t<span class=\"elementor-accordion-icon-opened\"><i class=\"fas fa-minus\"><\/i><\/span>\n\t\t\t\t\t\t\t\t\t\t\t\t\t\t<\/span>\n\t\t\t\t\t\t\t\t\t\t\t\t<a class=\"elementor-accordion-title\" tabindex=\"0\">Como emitir o certificado de registro de Pessoa Jur\u00eddica?<\/a>\n\t\t\t\t\t<\/div>\n\t\t\t\t\t<div id=\"elementor-tab-content-2064\" class=\"elementor-tab-content elementor-clearfix\" data-tab=\"4\" role=\"region\" aria-labelledby=\"elementor-tab-title-2064\"><p style=\"text-align: justify;\">Para gerar a certid\u00e3o, deve-se:<\/p><ol><li style=\"text-align: justify;\">Abrir o Sistema de PJ atrav\u00e9s desse (<strong><a style=\"color: #469c3b;\" href=\"https:\/\/spw.cref13.org.br\/spw\/ConsultaCadastral\/TelaLoginEmpresa.aspx\" target=\"_blank\" rel=\"noopener\">LINK<\/a><\/strong>);<\/li><li style=\"text-align: justify;\">Logar no sistema (Obs.: Para o primeiro acesso, deve-se clicar em &#8220;primeiro acesso&#8221;, caso n\u00e3o possua senha);<\/li><li style=\"text-align: justify;\">Ap\u00f3s o sistema aberto, deve-se clicar no menu esquerdo, na aba de servi\u00e7os, e selecionar &#8220;<strong>Certificado de Registro<\/strong>&#8220;, ap\u00f3s o certificado emitido, clicar em &#8220;Imprimir&#8221;, para salvar como PDF;<\/li><li style=\"text-align: justify;\">Caso apare\u00e7a a mensagem de erro &#8220;<strong>Contate o CREF13<\/strong>&#8220;, deve-se regularizar o cadastro de PJ, enviando o alvar\u00e1 vigente e verificando se existe pend\u00eancia com o CREF13 pelo WhatsApp<strong> (71) 99952-9611<\/strong> ou e-mail: <strong>cref13@cref13.org.br<\/strong>.<\/li><\/ol><\/div>\n\t\t\t\t<\/div>\n\t\t\t\t\t\t\t<div class=\"elementor-accordion-item\">\n\t\t\t\t\t<div id=\"elementor-tab-title-2065\" class=\"elementor-tab-title\" data-tab=\"5\" role=\"button\" aria-controls=\"elementor-tab-content-2065\" aria-expanded=\"false\">\n\t\t\t\t\t\t\t\t\t\t\t\t\t<span class=\"elementor-accordion-icon elementor-accordion-icon-left\" aria-hidden=\"true\">\n\t\t\t\t\t\t\t\t\t\t\t\t\t\t\t<span class=\"elementor-accordion-icon-closed\"><i class=\"fas fa-plus\"><\/i><\/span>\n\t\t\t\t\t\t\t\t<span class=\"elementor-accordion-icon-opened\"><i class=\"fas fa-minus\"><\/i><\/span>\n\t\t\t\t\t\t\t\t\t\t\t\t\t\t<\/span>\n\t\t\t\t\t\t\t\t\t\t\t\t<a class=\"elementor-accordion-title\" tabindex=\"0\">Quem pode ser repons\u00e1vel t\u00e9cnico da empresa e quais as atribui\u00e7\u00f5es? <\/a>\n\t\t\t\t\t<\/div>\n\t\t\t\t\t<div id=\"elementor-tab-content-2065\" class=\"elementor-tab-content elementor-clearfix\" data-tab=\"5\" role=\"region\" aria-labelledby=\"elementor-tab-title-2065\"><p>Respons\u00e1vel T\u00e9cnico \u00e9 o Profissional de Educa\u00e7\u00e3o F\u00edsica contratado por Pessoa Jur\u00eddica atuante na \u00e1rea de atividades f\u00edsicas e esportivas e afins. Sendo o principal profissional respons\u00e1vel pela entidade, tem a fun\u00e7\u00e3o de assessorar nos assuntos t\u00e9cnicos perante o CREF, de acordo com a Legisla\u00e7\u00e3o vigente. Todas as atribui\u00e7\u00f5es do Respons\u00e1vel T\u00e9cnico est\u00e3o elencadas na Resolu\u00e7\u00e3o CONFEF n\u00ba 477\/2023.<\/p><p>O respons\u00e1vel t\u00e9cnico responde pela orienta\u00e7\u00e3o t\u00e9cnica geral e pelo bom andamento das atividades oferecidas na Pessoa Jur\u00eddica. Ele tamb\u00e9m \u00e9 respons\u00e1vel pelas atitudes do quadro de profissionais, bem como pela manuten\u00e7\u00e3o dos equipamentos utilizados no estabelecimento, al\u00e9m de zelar pelo fiel cumprimento do C\u00f3digo de \u00c9tica do Profissional de Educa\u00e7\u00e3o F\u00edsica.<\/p><p>A responsabilidade t\u00e9cnica s\u00f3 pode ser exercida por profissionais de Educa\u00e7\u00e3o F\u00edsica com forma\u00e7\u00e3o em bacharelado ou por provisionados, desde que a pessoa jur\u00eddica oferte exclusivamente a modalidade em que este profissional seja habilitado.<\/p><\/div>\n\t\t\t\t<\/div>\n\t\t\t\t\t\t\t<div class=\"elementor-accordion-item\">\n\t\t\t\t\t<div id=\"elementor-tab-title-2066\" class=\"elementor-tab-title\" data-tab=\"6\" role=\"button\" aria-controls=\"elementor-tab-content-2066\" aria-expanded=\"false\">\n\t\t\t\t\t\t\t\t\t\t\t\t\t<span class=\"elementor-accordion-icon elementor-accordion-icon-left\" aria-hidden=\"true\">\n\t\t\t\t\t\t\t\t\t\t\t\t\t\t\t<span class=\"elementor-accordion-icon-closed\"><i class=\"fas fa-plus\"><\/i><\/span>\n\t\t\t\t\t\t\t\t<span class=\"elementor-accordion-icon-opened\"><i class=\"fas fa-minus\"><\/i><\/span>\n\t\t\t\t\t\t\t\t\t\t\t\t\t\t<\/span>\n\t\t\t\t\t\t\t\t\t\t\t\t<a class=\"elementor-accordion-title\" tabindex=\"0\">Posso atuar em mais de uma  Pessoa Jur\u00eddica como respons\u00e1vel t\u00e9nico?<\/a>\n\t\t\t\t\t<\/div>\n\t\t\t\t\t<div id=\"elementor-tab-content-2066\" class=\"elementor-tab-content elementor-clearfix\" data-tab=\"6\" role=\"region\" aria-labelledby=\"elementor-tab-title-2066\"><p style=\"text-align: justify;\">A Responsabilidade T\u00e9cnica somente poder\u00e1 ser exercida por Profissional de Educa\u00e7\u00e3o F\u00edsica, em no m\u00e1ximo 02 (dois) estabelecimentos, em hor\u00e1rios compat\u00edveis, conforme disposto no Art. 2\u00ba, \u00a72\u00ba da Resolu\u00e7\u00e3o CONFEF n\u00ba 477\/2023..<\/p><\/div>\n\t\t\t\t<\/div>\n\t\t\t\t\t\t\t<div class=\"elementor-accordion-item\">\n\t\t\t\t\t<div id=\"elementor-tab-title-2067\" class=\"elementor-tab-title\" data-tab=\"7\" role=\"button\" aria-controls=\"elementor-tab-content-2067\" aria-expanded=\"false\">\n\t\t\t\t\t\t\t\t\t\t\t\t\t<span class=\"elementor-accordion-icon elementor-accordion-icon-left\" aria-hidden=\"true\">\n\t\t\t\t\t\t\t\t\t\t\t\t\t\t\t<span class=\"elementor-accordion-icon-closed\"><i class=\"fas fa-plus\"><\/i><\/span>\n\t\t\t\t\t\t\t\t<span class=\"elementor-accordion-icon-opened\"><i class=\"fas fa-minus\"><\/i><\/span>\n\t\t\t\t\t\t\t\t\t\t\t\t\t\t<\/span>\n\t\t\t\t\t\t\t\t\t\t\t\t<a class=\"elementor-accordion-title\" tabindex=\"0\">Atualiza\u00e7\u00e3o Cadastral<\/a>\n\t\t\t\t\t<\/div>\n\t\t\t\t\t<div id=\"elementor-tab-content-2067\" class=\"elementor-tab-content elementor-clearfix\" data-tab=\"7\" role=\"region\" aria-labelledby=\"elementor-tab-title-2067\"><p>A impress\u00e3o de boletos, impress\u00e3o de certid\u00e3o de regularidade, atualiza\u00e7\u00e3o de datas de vencimento de boletos bem como atualiza\u00e7\u00f5es cadastrais poder\u00e3o ser feitas a qualquer momento atrav\u00e9s do link a seguir: CLICAR EM PRIMEIRO ACESSO PARA GERA\u00c7\u00c3O DA SENHA (caso ainda n\u00e3o possua). Ap\u00f3s logado clicar em SERVI\u00c7OS &gt; EMITIR CERTID\u00c3O<\/p><p><strong>Pessoa Jur\u00eddica<\/strong><\/p><p><strong>(<a style=\"color: #469c3b;\" href=\"https:\/\/spw.cref13.org.br\/spw\/ConsultaCadastral\/TelaLoginEmpresa.aspx\" target=\"_blank\" rel=\"noopener\">LINK<\/a>)<\/strong><\/p><\/div>\n\t\t\t\t<\/div>\n\t\t\t\t\t\t\t<div class=\"elementor-accordion-item\">\n\t\t\t\t\t<div id=\"elementor-tab-title-2068\" class=\"elementor-tab-title\" data-tab=\"8\" role=\"button\" aria-controls=\"elementor-tab-content-2068\" aria-expanded=\"false\">\n\t\t\t\t\t\t\t\t\t\t\t\t\t<span class=\"elementor-accordion-icon elementor-accordion-icon-left\" aria-hidden=\"true\">\n\t\t\t\t\t\t\t\t\t\t\t\t\t\t\t<span class=\"elementor-accordion-icon-closed\"><i class=\"fas fa-plus\"><\/i><\/span>\n\t\t\t\t\t\t\t\t<span class=\"elementor-accordion-icon-opened\"><i class=\"fas fa-minus\"><\/i><\/span>\n\t\t\t\t\t\t\t\t\t\t\t\t\t\t<\/span>\n\t\t\t\t\t\t\t\t\t\t\t\t<a class=\"elementor-accordion-title\" tabindex=\"0\">Solicita\u00e7\u00e3o de Certid\u00e3o Negativa de D\u00e9bitos <\/a>\n\t\t\t\t\t<\/div>\n\t\t\t\t\t<div id=\"elementor-tab-content-2068\" class=\"elementor-tab-content elementor-clearfix\" data-tab=\"8\" role=\"region\" aria-labelledby=\"elementor-tab-title-2068\"><p>A impress\u00e3o de certid\u00e3o de regularidade, poder\u00e1 ser feita a qualquer momento atrav\u00e9s do link a seguir: CLICAR EM PRIMEIRO ACESSO PARA GERA\u00c7\u00c3O DA SENHA (caso ainda n\u00e3o possua). Ap\u00f3s logado clicar em SERVI\u00c7OS &gt; EMITIR CERTID\u00c3O<\/p><p><strong>Pessoa Jur\u00eddica<\/strong><\/p><p><strong>(<a style=\"color: #469c3b;\" href=\"https:\/\/spw.cref13.org.br\/spw\/ConsultaCadastral\/TelaLoginEmpresa.aspx\" target=\"_blank\" rel=\"noopener\">LINK<\/a>)<\/strong><\/p><p><strong>CLICAR EM PRIMEIRO ACESSO PARA GERA\u00c7\u00c3O DA SENHA<\/strong> (caso n\u00e3o possua).<\/p><p><strong>Ap\u00f3s logado clicar em SERVI\u00c7OS<\/strong> &gt;<strong> EMITIR CERTID\u00c3O.<\/strong><\/p><p>A Certid\u00e3o de Regularidade estar\u00e1 dispon\u00edvel 2 dias \u00fateis ap\u00f3s o pagamento do primeiro boleto do acordo.<\/p><\/div>\n\t\t\t\t<\/div>\n\t\t\t\t\t\t\t<div class=\"elementor-accordion-item\">\n\t\t\t\t\t<div id=\"elementor-tab-title-2069\" class=\"elementor-tab-title\" data-tab=\"9\" role=\"button\" aria-controls=\"elementor-tab-content-2069\" aria-expanded=\"false\">\n\t\t\t\t\t\t\t\t\t\t\t\t\t<span class=\"elementor-accordion-icon elementor-accordion-icon-left\" aria-hidden=\"true\">\n\t\t\t\t\t\t\t\t\t\t\t\t\t\t\t<span class=\"elementor-accordion-icon-closed\"><i class=\"fas fa-plus\"><\/i><\/span>\n\t\t\t\t\t\t\t\t<span class=\"elementor-accordion-icon-opened\"><i class=\"fas fa-minus\"><\/i><\/span>\n\t\t\t\t\t\t\t\t\t\t\t\t\t\t<\/span>\n\t\t\t\t\t\t\t\t\t\t\t\t<a class=\"elementor-accordion-title\" tabindex=\"0\">Est\u00e1gio<\/a>\n\t\t\t\t\t<\/div>\n\t\t\t\t\t<div id=\"elementor-tab-content-2069\" class=\"elementor-tab-content elementor-clearfix\" data-tab=\"9\" role=\"region\" aria-labelledby=\"elementor-tab-title-2069\"><p>\u00c9 importante lembrar que existe uma Lei para o estudante que precisa aperfei\u00e7oar seus conhecimentos da sala de aula para a pr\u00e1tica. Se deseja contratar um estagi\u00e1rio na \u00e1rea de Educa\u00e7\u00e3o F\u00edsica, \u00e9 essencial ter conhecimento sobre a <b><a href=\"https:\/\/www.planalto.gov.br\/ccivil_03\/_ato2007-2010\/2008\/lei\/l11788.htm\">Lei 11.788, de 25 de setembro de 2008<\/a>.<\/b> As normas estabelecidas asseguram a prote\u00e7\u00e3o dos indiv\u00edduos e do estagi\u00e1rio.<\/p><p><b>Para isso, o CREF13\/BA observa algumas regras:<\/b><br \/>&#8211; O estagi\u00e1rio precisa estar sempre acompanhado do seu Profissional de Educa\u00e7\u00e3o F\u00edsica registrado, respons\u00e1vel do hor\u00e1rio <br \/>&#8211; O estagi\u00e1rio precisa estar com seu contrato de est\u00e1gio devidamente assinado e carimbado pela Institui\u00e7\u00e3o de Ensino.<\/p><p>Contratar estagi\u00e1rios com o intuito de utilizar a m\u00e3o de obra dos estudantes no lugar de empregados configura fraude \u00e0 Lei do Est\u00e1gio. Fique atento!<\/p><\/div>\n\t\t\t\t<\/div>\n\t\t\t\t\t\t\t\t<\/div>\n\t\t\t\t\t\t<\/div>\n\t\t\t\t<\/div>\n\t\t\t\t<div class=\"elementor-element elementor-element-931a560 elementor-widget elementor-widget-text-editor\" data-id=\"931a560\" data-element_type=\"widget\" data-widget_type=\"text-editor.default\">\n\t\t\t\t<div class=\"elementor-widget-container\">\n\t\t\t\t\t\t\t\t\t<p>\u00a0<\/p><hr \/>\t\t\t\t\t\t\t\t<\/div>\n\t\t\t\t<\/div>\n\t\t\t\t\t<\/div>\n\t\t<\/div>\n\t\t\t\t\t<\/div>\n\t\t<\/section>\n\t\t\t\t<section class=\"elementor-section elementor-top-section elementor-element elementor-element-f81de3e elementor-section-boxed elementor-section-height-default elementor-section-height-default\" data-id=\"f81de3e\" data-element_type=\"section\">\n\t\t\t\t\t\t<div class=\"elementor-container elementor-column-gap-default\">\n\t\t\t\t\t<div class=\"elementor-column elementor-col-100 elementor-top-column elementor-element elementor-element-160e503\" data-id=\"160e503\" data-element_type=\"column\">\n\t\t\t<div class=\"elementor-widget-wrap elementor-element-populated\">\n\t\t\t\t\t\t<div class=\"elementor-element elementor-element-65a7e9d elementor-widget__width-initial elementor-widget elementor-widget-image\" data-id=\"65a7e9d\" data-element_type=\"widget\" data-widget_type=\"image.default\">\n\t\t\t\t<div class=\"elementor-widget-container\">\n\t\t\t\t\t\t\t\t\t\t\t\t\t\t\t<img fetchpriority=\"high\" decoding=\"async\" width=\"1920\" height=\"1080\" src=\"https:\/\/www.cref13.org.br\/cref13\/wp-content\/uploads\/2025\/11\/Tabela-de-Valores-de-Anuidade-2026-2.png\" class=\"attachment-full size-full wp-image-12341\" alt=\"\" srcset=\"https:\/\/www.cref13.org.br\/cref13\/wp-content\/uploads\/2025\/11\/Tabela-de-Valores-de-Anuidade-2026-2.png 1920w, https:\/\/www.cref13.org.br\/cref13\/wp-content\/uploads\/2025\/11\/Tabela-de-Valores-de-Anuidade-2026-2-300x169.png 300w, https:\/\/www.cref13.org.br\/cref13\/wp-content\/uploads\/2025\/11\/Tabela-de-Valores-de-Anuidade-2026-2-1024x576.png 1024w, https:\/\/www.cref13.org.br\/cref13\/wp-content\/uploads\/2025\/11\/Tabela-de-Valores-de-Anuidade-2026-2-768x432.png 768w, https:\/\/www.cref13.org.br\/cref13\/wp-content\/uploads\/2025\/11\/Tabela-de-Valores-de-Anuidade-2026-2-1536x864.png 1536w\" sizes=\"(max-width: 1920px) 100vw, 1920px\" \/>\t\t\t\t\t\t\t\t\t\t\t\t\t\t\t<\/div>\n\t\t\t\t<\/div>\n\t\t\t\t<div class=\"elementor-element elementor-element-bfa8b9d elementor-widget elementor-widget-text-editor\" data-id=\"bfa8b9d\" data-element_type=\"widget\" data-widget_type=\"text-editor.default\">\n\t\t\t\t<div class=\"elementor-widget-container\">\n\t\t\t\t\t\t\t\t\t<p><strong><span style=\"color: #ff0000;\">*O pagamento parcelado \u00e9 feito somente por cart\u00e3o de cr\u00e9dito.<\/span><\/strong><\/p>\t\t\t\t\t\t\t\t<\/div>\n\t\t\t\t<\/div>\n\t\t\t\t<div class=\"elementor-element elementor-element-ef28d58 elementor-widget elementor-widget-image\" data-id=\"ef28d58\" data-element_type=\"widget\" data-widget_type=\"image.default\">\n\t\t\t\t<div class=\"elementor-widget-container\">\n\t\t\t\t\t\t\t\t\t\t\t\t\t\t\t<img decoding=\"async\" width=\"1920\" height=\"1080\" src=\"https:\/\/www.cref13.org.br\/cref13\/wp-content\/uploads\/2025\/10\/Tabela-de-Valores-de-Anuidade-2026-1.png\" class=\"attachment-full size-full wp-image-11980\" alt=\"\" srcset=\"https:\/\/www.cref13.org.br\/cref13\/wp-content\/uploads\/2025\/10\/Tabela-de-Valores-de-Anuidade-2026-1.png 1920w, https:\/\/www.cref13.org.br\/cref13\/wp-content\/uploads\/2025\/10\/Tabela-de-Valores-de-Anuidade-2026-1-300x169.png 300w, https:\/\/www.cref13.org.br\/cref13\/wp-content\/uploads\/2025\/10\/Tabela-de-Valores-de-Anuidade-2026-1-1024x576.png 1024w, https:\/\/www.cref13.org.br\/cref13\/wp-content\/uploads\/2025\/10\/Tabela-de-Valores-de-Anuidade-2026-1-768x432.png 768w, https:\/\/www.cref13.org.br\/cref13\/wp-content\/uploads\/2025\/10\/Tabela-de-Valores-de-Anuidade-2026-1-1536x864.png 1536w\" sizes=\"(max-width: 1920px) 100vw, 1920px\" \/>\t\t\t\t\t\t\t\t\t\t\t\t\t\t\t<\/div>\n\t\t\t\t<\/div>\n\t\t\t\t\t<\/div>\n\t\t<\/div>\n\t\t\t\t\t<\/div>\n\t\t<\/section>\n\t\t\t\t<\/div>\n\t\t","protected":false},"excerpt":{"rendered":"<p>Requerimento Online Primeiro Registro Documentos Formul\u00e1rio de Requerimento de Pessoa Jur\u00eddica &#8211; Quadro T\u00e9cnico Formul\u00e1rio de Requerimento de Pessoa Jur\u00eddica &#8211; Baixa de Registro ou Cancelamento Formul\u00e1rio de Requerimento de Pessoa Jur\u00eddica &#8211; Outras Solicita\u00e7\u00f5es Formul\u00e1rio de Requerimento de Pessoa Jur\u00eddica &#8211; Atualiza\u00e7\u00e3o de Respons\u00e1vel T\u00e9cnico Formul\u00e1rio de Requerimento de Pessoa Jur\u00eddica &#8211; Termo de [&hellip;]<\/p>\n","protected":false},"author":11,"featured_media":0,"parent":0,"menu_order":0,"comment_status":"closed","ping_status":"closed","template":"","meta":{"footnotes":""},"class_list":["post-205","page","type-page","status-publish","hentry"],"_links":{"self":[{"href":"https:\/\/www.cref13.org.br\/cref13\/wp-json\/wp\/v2\/pages\/205","targetHints":{"allow":["GET"]}}],"collection":[{"href":"https:\/\/www.cref13.org.br\/cref13\/wp-json\/wp\/v2\/pages"}],"about":[{"href":"https:\/\/www.cref13.org.br\/cref13\/wp-json\/wp\/v2\/types\/page"}],"author":[{"embeddable":true,"href":"https:\/\/www.cref13.org.br\/cref13\/wp-json\/wp\/v2\/users\/11"}],"replies":[{"embeddable":true,"href":"https:\/\/www.cref13.org.br\/cref13\/wp-json\/wp\/v2\/comments?post=205"}],"version-history":[{"count":449,"href":"https:\/\/www.cref13.org.br\/cref13\/wp-json\/wp\/v2\/pages\/205\/revisions"}],"predecessor-version":[{"id":12938,"href":"https:\/\/www.cref13.org.br\/cref13\/wp-json\/wp\/v2\/pages\/205\/revisions\/12938"}],"wp:attachment":[{"href":"https:\/\/www.cref13.org.br\/cref13\/wp-json\/wp\/v2\/media?parent=205"}],"curies":[{"name":"wp","href":"https:\/\/api.w.org\/{rel}","templated":true}]}}