{"id":573,"date":"2021-09-20T12:08:03","date_gmt":"2021-09-20T15:08:03","guid":{"rendered":"https:\/\/www.cref13.org.br\/cref13\/?page_id=573"},"modified":"2025-02-19T14:37:54","modified_gmt":"2025-02-19T17:37:54","slug":"noticias","status":"publish","type":"page","link":"https:\/\/www.cref13.org.br\/cref13\/noticias\/","title":{"rendered":"Not\u00edcias"},"content":{"rendered":"\t\t<div data-elementor-type=\"wp-page\" data-elementor-id=\"573\" class=\"elementor elementor-573\" data-elementor-post-type=\"page\">\n\t\t\t\t\t\t<section class=\"elementor-section elementor-top-section elementor-element elementor-element-dac472f elementor-section-boxed elementor-section-height-default elementor-section-height-default\" data-id=\"dac472f\" data-element_type=\"section\">\n\t\t\t\t\t\t<div class=\"elementor-container elementor-column-gap-default\">\n\t\t\t\t\t<div class=\"elementor-column elementor-col-100 elementor-top-column elementor-element elementor-element-496b04f\" data-id=\"496b04f\" data-element_type=\"column\">\n\t\t\t<div class=\"elementor-widget-wrap elementor-element-populated\">\n\t\t\t\t\t\t<div class=\"elementor-element elementor-element-7d79a1d elementor-headline--style-highlight elementor-widget elementor-widget-animated-headline\" data-id=\"7d79a1d\" data-element_type=\"widget\" data-settings=\"{&quot;marker&quot;:&quot;curly&quot;,&quot;highlighted_text&quot;:&quot;Not\\u00edcias&quot;,&quot;headline_style&quot;:&quot;highlight&quot;,&quot;highlight_animation_duration&quot;:1200}\" data-widget_type=\"animated-headline.default\">\n\t\t\t\t<div class=\"elementor-widget-container\">\n\t\t\t\t\t\t\t<h2 class=\"elementor-headline\">\n\t\t\t\t<span class=\"elementor-headline-dynamic-wrapper elementor-headline-text-wrapper\">\n\t\t\t\t\t<span class=\"elementor-headline-dynamic-text elementor-headline-text-active\">Not\u00edcias<\/span>\n\t\t\t\t<\/span>\n\t\t\t\t<\/h2>\n\t\t\t\t\t\t<\/div>\n\t\t\t\t<\/div>\n\t\t\t\t\t<\/div>\n\t\t<\/div>\n\t\t\t\t\t<\/div>\n\t\t<\/section>\n\t\t\t\t<section class=\"elementor-section elementor-top-section elementor-element elementor-element-eda365c elementor-section-boxed elementor-section-height-default elementor-section-height-default\" data-id=\"eda365c\" data-element_type=\"section\">\n\t\t\t\t\t\t<div class=\"elementor-container elementor-column-gap-default\">\n\t\t\t\t\t<div class=\"elementor-column elementor-col-100 elementor-top-column elementor-element elementor-element-d6544a2\" data-id=\"d6544a2\" data-element_type=\"column\">\n\t\t\t<div class=\"elementor-widget-wrap elementor-element-populated\">\n\t\t\t\t\t\t<div class=\"elementor-element elementor-element-d4b51b0 elementor-widget elementor-widget-text-editor\" data-id=\"d4b51b0\" data-element_type=\"widget\" data-widget_type=\"text-editor.default\">\n\t\t\t\t<div class=\"elementor-widget-container\">\n\t\t\t\t\t\t\t\t\t<h6><em>comunicacao@cref13.org.br<\/em><\/h6>\t\t\t\t\t\t\t\t<\/div>\n\t\t\t\t<\/div>\n\t\t\t\t\t<\/div>\n\t\t<\/div>\n\t\t\t\t\t<\/div>\n\t\t<\/section>\n\t\t\t\t<section class=\"elementor-section elementor-top-section elementor-element elementor-element-669a4f1 elementor-section-boxed elementor-section-height-default elementor-section-height-default\" data-id=\"669a4f1\" data-element_type=\"section\">\n\t\t\t\t\t\t<div class=\"elementor-container elementor-column-gap-default\">\n\t\t\t\t\t<div class=\"elementor-column elementor-col-100 elementor-top-column elementor-element elementor-element-e5cb065\" data-id=\"e5cb065\" data-element_type=\"column\">\n\t\t\t<div class=\"elementor-widget-wrap elementor-element-populated\">\n\t\t\t\t\t\t<div class=\"elementor-element elementor-element-6fc991d elementor-grid-4 elementor-grid-tablet-2 elementor-grid-mobile-1 elementor-posts--thumbnail-top elementor-card-shadow-yes elementor-posts__hover-gradient elementor-widget elementor-widget-posts\" data-id=\"6fc991d\" data-element_type=\"widget\" data-settings=\"{&quot;cards_columns&quot;:&quot;4&quot;,&quot;pagination_type&quot;:&quot;numbers&quot;,&quot;cards_row_gap&quot;:{&quot;unit&quot;:&quot;px&quot;,&quot;size&quot;:30,&quot;sizes&quot;:[]},&quot;cards_columns_tablet&quot;:&quot;2&quot;,&quot;cards_columns_mobile&quot;:&quot;1&quot;,&quot;cards_row_gap_tablet&quot;:{&quot;unit&quot;:&quot;px&quot;,&quot;size&quot;:&quot;&quot;,&quot;sizes&quot;:[]},&quot;cards_row_gap_mobile&quot;:{&quot;unit&quot;:&quot;px&quot;,&quot;size&quot;:&quot;&quot;,&quot;sizes&quot;:[]}}\" data-widget_type=\"posts.cards\">\n\t\t\t\t<div class=\"elementor-widget-container\">\n\t\t\t\t\t\t\t<div class=\"elementor-posts-container elementor-posts elementor-posts--skin-cards elementor-grid\">\n\t\t\t\t<article class=\"elementor-post elementor-grid-item post-13113 post type-post status-publish format-standard has-post-thumbnail hentry category-noticias\">\n\t\t\t<div class=\"elementor-post__card\">\n\t\t\t\t<a class=\"elementor-post__thumbnail__link\" href=\"https:\/\/www.cref13.org.br\/cref13\/cref13-ba-marca-presenca-na-fitness-bahia-expo-em-teixeira-de-freitas\/\" tabindex=\"-1\" ><div class=\"elementor-post__thumbnail\"><img fetchpriority=\"high\" decoding=\"async\" width=\"240\" height=\"300\" src=\"https:\/\/www.cref13.org.br\/cref13\/wp-content\/uploads\/2026\/04\/CAPA-REELS-Site-1-240x300.png\" class=\"attachment-medium size-medium wp-image-13115\" alt=\"\" srcset=\"https:\/\/www.cref13.org.br\/cref13\/wp-content\/uploads\/2026\/04\/CAPA-REELS-Site-1-240x300.png 240w, https:\/\/www.cref13.org.br\/cref13\/wp-content\/uploads\/2026\/04\/CAPA-REELS-Site-1-819x1024.png 819w, https:\/\/www.cref13.org.br\/cref13\/wp-content\/uploads\/2026\/04\/CAPA-REELS-Site-1-768x960.png 768w, https:\/\/www.cref13.org.br\/cref13\/wp-content\/uploads\/2026\/04\/CAPA-REELS-Site-1.png 1080w\" sizes=\"(max-width: 240px) 100vw, 240px\" \/><\/div><\/a>\n\t\t\t\t<div class=\"elementor-post__text\">\n\t\t\t\t<h3 class=\"elementor-post__title\">\n\t\t\t<a href=\"https:\/\/www.cref13.org.br\/cref13\/cref13-ba-marca-presenca-na-fitness-bahia-expo-em-teixeira-de-freitas\/\" >\n\t\t\t\tCREF13\/BA marca presen\u00e7a na Fitness Bahia Expo, em Teixeira de Freitas\t\t\t<\/a>\n\t\t<\/h3>\n\t\t\t\t<\/div>\n\t\t\t\t<div class=\"elementor-post__meta-data\">\n\t\t\t\t\t<span class=\"elementor-post-date\">\n\t\t\t20 de abril de 2026\t\t<\/span>\n\t\t\t\t<\/div>\n\t\t\t\t\t<\/div>\n\t\t<\/article>\n\t\t\t\t<article class=\"elementor-post elementor-grid-item post-13109 post type-post status-publish format-standard has-post-thumbnail hentry category-noticias\">\n\t\t\t<div class=\"elementor-post__card\">\n\t\t\t\t<a class=\"elementor-post__thumbnail__link\" href=\"https:\/\/www.cref13.org.br\/cref13\/cref13-ba-marca-presenca-no-evento-melhores-do-atletismo-2025-da-fba\/\" tabindex=\"-1\" ><div class=\"elementor-post__thumbnail\"><img decoding=\"async\" width=\"240\" height=\"300\" src=\"https:\/\/www.cref13.org.br\/cref13\/wp-content\/uploads\/2026\/04\/3-240x300.png\" class=\"attachment-medium size-medium wp-image-13110\" alt=\"\" srcset=\"https:\/\/www.cref13.org.br\/cref13\/wp-content\/uploads\/2026\/04\/3-240x300.png 240w, https:\/\/www.cref13.org.br\/cref13\/wp-content\/uploads\/2026\/04\/3-819x1024.png 819w, https:\/\/www.cref13.org.br\/cref13\/wp-content\/uploads\/2026\/04\/3-768x960.png 768w, https:\/\/www.cref13.org.br\/cref13\/wp-content\/uploads\/2026\/04\/3.png 1080w\" sizes=\"(max-width: 240px) 100vw, 240px\" \/><\/div><\/a>\n\t\t\t\t<div class=\"elementor-post__text\">\n\t\t\t\t<h3 class=\"elementor-post__title\">\n\t\t\t<a href=\"https:\/\/www.cref13.org.br\/cref13\/cref13-ba-marca-presenca-no-evento-melhores-do-atletismo-2025-da-fba\/\" >\n\t\t\t\tCREF13\/BA marca presen\u00e7a no evento Melhores do Atletismo 2025, da FBA\t\t\t<\/a>\n\t\t<\/h3>\n\t\t\t\t<\/div>\n\t\t\t\t<div class=\"elementor-post__meta-data\">\n\t\t\t\t\t<span class=\"elementor-post-date\">\n\t\t\t20 de abril de 2026\t\t<\/span>\n\t\t\t\t<\/div>\n\t\t\t\t\t<\/div>\n\t\t<\/article>\n\t\t\t\t<article class=\"elementor-post elementor-grid-item post-13106 post type-post status-publish format-standard has-post-thumbnail hentry category-noticias\">\n\t\t\t<div class=\"elementor-post__card\">\n\t\t\t\t<a class=\"elementor-post__thumbnail__link\" href=\"https:\/\/www.cref13.org.br\/cref13\/cref13-ba-marca-presenca-na-7a-edicao-da-competicao-de-triathlon-mae-malvada-em-juazeiro\/\" tabindex=\"-1\" ><div class=\"elementor-post__thumbnail\"><img decoding=\"async\" width=\"240\" height=\"300\" src=\"https:\/\/www.cref13.org.br\/cref13\/wp-content\/uploads\/2026\/04\/POST-INSTAGRAM-FEED-240x300.png\" class=\"attachment-medium size-medium wp-image-13107\" alt=\"\" srcset=\"https:\/\/www.cref13.org.br\/cref13\/wp-content\/uploads\/2026\/04\/POST-INSTAGRAM-FEED-240x300.png 240w, https:\/\/www.cref13.org.br\/cref13\/wp-content\/uploads\/2026\/04\/POST-INSTAGRAM-FEED-819x1024.png 819w, https:\/\/www.cref13.org.br\/cref13\/wp-content\/uploads\/2026\/04\/POST-INSTAGRAM-FEED-768x960.png 768w, https:\/\/www.cref13.org.br\/cref13\/wp-content\/uploads\/2026\/04\/POST-INSTAGRAM-FEED.png 1080w\" sizes=\"(max-width: 240px) 100vw, 240px\" \/><\/div><\/a>\n\t\t\t\t<div class=\"elementor-post__text\">\n\t\t\t\t<h3 class=\"elementor-post__title\">\n\t\t\t<a href=\"https:\/\/www.cref13.org.br\/cref13\/cref13-ba-marca-presenca-na-7a-edicao-da-competicao-de-triathlon-mae-malvada-em-juazeiro\/\" >\n\t\t\t\tCREF13\/BA marca presen\u00e7a na 7\u00aa edi\u00e7\u00e3o da competi\u00e7\u00e3o de Triathlon, M\u00e3e Malvada, em Juazeiro\t\t\t<\/a>\n\t\t<\/h3>\n\t\t\t\t<\/div>\n\t\t\t\t<div class=\"elementor-post__meta-data\">\n\t\t\t\t\t<span class=\"elementor-post-date\">\n\t\t\t20 de abril de 2026\t\t<\/span>\n\t\t\t\t<\/div>\n\t\t\t\t\t<\/div>\n\t\t<\/article>\n\t\t\t\t<article class=\"elementor-post elementor-grid-item post-13086 post type-post status-publish format-standard has-post-thumbnail hentry category-noticias\">\n\t\t\t<div class=\"elementor-post__card\">\n\t\t\t\t<a class=\"elementor-post__thumbnail__link\" href=\"https:\/\/www.cref13.org.br\/cref13\/atendimentos-durante-segunda-feira-20-e-terca-feira-21-estao-suspensos\/\" tabindex=\"-1\" ><div class=\"elementor-post__thumbnail\"><img loading=\"lazy\" decoding=\"async\" width=\"240\" height=\"300\" src=\"https:\/\/www.cref13.org.br\/cref13\/wp-content\/uploads\/2026\/04\/WhatsApp-Image-2026-04-13-at-2.51.36-PM-240x300.jpeg\" class=\"attachment-medium size-medium wp-image-13087\" alt=\"\" srcset=\"https:\/\/www.cref13.org.br\/cref13\/wp-content\/uploads\/2026\/04\/WhatsApp-Image-2026-04-13-at-2.51.36-PM-240x300.jpeg 240w, https:\/\/www.cref13.org.br\/cref13\/wp-content\/uploads\/2026\/04\/WhatsApp-Image-2026-04-13-at-2.51.36-PM-819x1024.jpeg 819w, https:\/\/www.cref13.org.br\/cref13\/wp-content\/uploads\/2026\/04\/WhatsApp-Image-2026-04-13-at-2.51.36-PM-768x960.jpeg 768w, https:\/\/www.cref13.org.br\/cref13\/wp-content\/uploads\/2026\/04\/WhatsApp-Image-2026-04-13-at-2.51.36-PM.jpeg 1080w\" sizes=\"(max-width: 240px) 100vw, 240px\" \/><\/div><\/a>\n\t\t\t\t<div class=\"elementor-post__text\">\n\t\t\t\t<h3 class=\"elementor-post__title\">\n\t\t\t<a href=\"https:\/\/www.cref13.org.br\/cref13\/atendimentos-durante-segunda-feira-20-e-terca-feira-21-estao-suspensos\/\" >\n\t\t\t\tAtendimentos durante segunda-feira (20) e ter\u00e7a-feira (21), est\u00e3o suspensos\t\t\t<\/a>\n\t\t<\/h3>\n\t\t\t\t<\/div>\n\t\t\t\t<div class=\"elementor-post__meta-data\">\n\t\t\t\t\t<span class=\"elementor-post-date\">\n\t\t\t16 de abril de 2026\t\t<\/span>\n\t\t\t\t<\/div>\n\t\t\t\t\t<\/div>\n\t\t<\/article>\n\t\t\t\t<article class=\"elementor-post elementor-grid-item post-13082 post type-post status-publish format-standard hentry category-noticias\">\n\t\t\t<div class=\"elementor-post__card\">\n\t\t\t\t<div class=\"elementor-post__text\">\n\t\t\t\t<h3 class=\"elementor-post__title\">\n\t\t\t<a href=\"https:\/\/www.cref13.org.br\/cref13\/confef-alerta-sobre-mensagens-falsas-e-site-fraudulento-envolvendo-cobranca-de-anuidade\/\" >\n\t\t\t\tCONFEF alerta sobre mensagens falsas e site fraudulento envolvendo cobran\u00e7a de anuidade\t\t\t<\/a>\n\t\t<\/h3>\n\t\t\t\t<\/div>\n\t\t\t\t<div class=\"elementor-post__meta-data\">\n\t\t\t\t\t<span class=\"elementor-post-date\">\n\t\t\t16 de abril de 2026\t\t<\/span>\n\t\t\t\t<\/div>\n\t\t\t\t\t<\/div>\n\t\t<\/article>\n\t\t\t\t<article class=\"elementor-post elementor-grid-item post-13090 post type-post status-publish format-standard has-post-thumbnail hentry category-noticias\">\n\t\t\t<div class=\"elementor-post__card\">\n\t\t\t\t<a class=\"elementor-post__thumbnail__link\" href=\"https:\/\/www.cref13.org.br\/cref13\/mais-educacao-fisica-nas-escolas-e-mais-saude-mais-desenvolvimento-e-mais-futuro\/\" tabindex=\"-1\" ><div class=\"elementor-post__thumbnail\"><img loading=\"lazy\" decoding=\"async\" width=\"240\" height=\"300\" src=\"https:\/\/www.cref13.org.br\/cref13\/wp-content\/uploads\/2026\/04\/FEED-2026-96-1-240x300.png\" class=\"attachment-medium size-medium wp-image-13091\" alt=\"\" srcset=\"https:\/\/www.cref13.org.br\/cref13\/wp-content\/uploads\/2026\/04\/FEED-2026-96-1-240x300.png 240w, https:\/\/www.cref13.org.br\/cref13\/wp-content\/uploads\/2026\/04\/FEED-2026-96-1-819x1024.png 819w, https:\/\/www.cref13.org.br\/cref13\/wp-content\/uploads\/2026\/04\/FEED-2026-96-1-768x960.png 768w, https:\/\/www.cref13.org.br\/cref13\/wp-content\/uploads\/2026\/04\/FEED-2026-96-1.png 1080w\" sizes=\"(max-width: 240px) 100vw, 240px\" \/><\/div><\/a>\n\t\t\t\t<div class=\"elementor-post__text\">\n\t\t\t\t<h3 class=\"elementor-post__title\">\n\t\t\t<a href=\"https:\/\/www.cref13.org.br\/cref13\/mais-educacao-fisica-nas-escolas-e-mais-saude-mais-desenvolvimento-e-mais-futuro\/\" >\n\t\t\t\tMais Educa\u00e7\u00e3o F\u00edsica nas escolas \u00e9 mais sa\u00fade, mais desenvolvimento e mais futuro.\t\t\t<\/a>\n\t\t<\/h3>\n\t\t\t\t<\/div>\n\t\t\t\t<div class=\"elementor-post__meta-data\">\n\t\t\t\t\t<span class=\"elementor-post-date\">\n\t\t\t15 de abril de 2026\t\t<\/span>\n\t\t\t\t<\/div>\n\t\t\t\t\t<\/div>\n\t\t<\/article>\n\t\t\t\t<article class=\"elementor-post elementor-grid-item post-13079 post type-post status-publish format-standard has-post-thumbnail hentry category-noticias\">\n\t\t\t<div class=\"elementor-post__card\">\n\t\t\t\t<a class=\"elementor-post__thumbnail__link\" href=\"https:\/\/www.cref13.org.br\/cref13\/41-perfis-sao-notificados-pelo-cref13-ba-neste-primeiro-trimestre-de-2026\/\" tabindex=\"-1\" ><div class=\"elementor-post__thumbnail\"><img loading=\"lazy\" decoding=\"async\" width=\"240\" height=\"300\" src=\"https:\/\/www.cref13.org.br\/cref13\/wp-content\/uploads\/2026\/04\/CARROSSEL-FEED-2-240x300.png\" class=\"attachment-medium size-medium wp-image-13080\" alt=\"\" srcset=\"https:\/\/www.cref13.org.br\/cref13\/wp-content\/uploads\/2026\/04\/CARROSSEL-FEED-2-240x300.png 240w, https:\/\/www.cref13.org.br\/cref13\/wp-content\/uploads\/2026\/04\/CARROSSEL-FEED-2-819x1024.png 819w, https:\/\/www.cref13.org.br\/cref13\/wp-content\/uploads\/2026\/04\/CARROSSEL-FEED-2-768x960.png 768w, https:\/\/www.cref13.org.br\/cref13\/wp-content\/uploads\/2026\/04\/CARROSSEL-FEED-2.png 1080w\" sizes=\"(max-width: 240px) 100vw, 240px\" \/><\/div><\/a>\n\t\t\t\t<div class=\"elementor-post__text\">\n\t\t\t\t<h3 class=\"elementor-post__title\">\n\t\t\t<a href=\"https:\/\/www.cref13.org.br\/cref13\/41-perfis-sao-notificados-pelo-cref13-ba-neste-primeiro-trimestre-de-2026\/\" >\n\t\t\t\t41 perfis s\u00e3o notificados pelo CREF13\/BA neste primeiro trimestre de 2026.\t\t\t<\/a>\n\t\t<\/h3>\n\t\t\t\t<\/div>\n\t\t\t\t<div class=\"elementor-post__meta-data\">\n\t\t\t\t\t<span class=\"elementor-post-date\">\n\t\t\t14 de abril de 2026\t\t<\/span>\n\t\t\t\t<\/div>\n\t\t\t\t\t<\/div>\n\t\t<\/article>\n\t\t\t\t<article class=\"elementor-post elementor-grid-item post-13076 post type-post status-publish format-standard has-post-thumbnail hentry category-noticias\">\n\t\t\t<div class=\"elementor-post__card\">\n\t\t\t\t<a class=\"elementor-post__thumbnail__link\" href=\"https:\/\/www.cref13.org.br\/cref13\/atendimento-movel-do-cref13-ba-em-teixeira-de-freitas\/\" tabindex=\"-1\" ><div class=\"elementor-post__thumbnail\"><img loading=\"lazy\" decoding=\"async\" width=\"240\" height=\"300\" src=\"https:\/\/www.cref13.org.br\/cref13\/wp-content\/uploads\/2026\/04\/WhatsApp-Image-2026-04-13-at-11.50.42-AM-240x300.jpeg\" class=\"attachment-medium size-medium wp-image-13077\" alt=\"\" srcset=\"https:\/\/www.cref13.org.br\/cref13\/wp-content\/uploads\/2026\/04\/WhatsApp-Image-2026-04-13-at-11.50.42-AM-240x300.jpeg 240w, https:\/\/www.cref13.org.br\/cref13\/wp-content\/uploads\/2026\/04\/WhatsApp-Image-2026-04-13-at-11.50.42-AM-819x1024.jpeg 819w, https:\/\/www.cref13.org.br\/cref13\/wp-content\/uploads\/2026\/04\/WhatsApp-Image-2026-04-13-at-11.50.42-AM-768x960.jpeg 768w, https:\/\/www.cref13.org.br\/cref13\/wp-content\/uploads\/2026\/04\/WhatsApp-Image-2026-04-13-at-11.50.42-AM.jpeg 1080w\" sizes=\"(max-width: 240px) 100vw, 240px\" \/><\/div><\/a>\n\t\t\t\t<div class=\"elementor-post__text\">\n\t\t\t\t<h3 class=\"elementor-post__title\">\n\t\t\t<a href=\"https:\/\/www.cref13.org.br\/cref13\/atendimento-movel-do-cref13-ba-em-teixeira-de-freitas\/\" >\n\t\t\t\tAtendimento M\u00f3vel do CREF13\/BA em Teixeira de Freitas\t\t\t<\/a>\n\t\t<\/h3>\n\t\t\t\t<\/div>\n\t\t\t\t<div class=\"elementor-post__meta-data\">\n\t\t\t\t\t<span class=\"elementor-post-date\">\n\t\t\t13 de abril de 2026\t\t<\/span>\n\t\t\t\t<\/div>\n\t\t\t\t\t<\/div>\n\t\t<\/article>\n\t\t\t\t<article class=\"elementor-post elementor-grid-item post-13073 post type-post status-publish format-standard has-post-thumbnail hentry category-noticias\">\n\t\t\t<div class=\"elementor-post__card\">\n\t\t\t\t<a class=\"elementor-post__thumbnail__link\" href=\"https:\/\/www.cref13.org.br\/cref13\/cref13-ba-homenageia-profissionais-que-marcaram-a-historia-da-educacao-fisica-na-bahia\/\" tabindex=\"-1\" ><div class=\"elementor-post__thumbnail\"><img loading=\"lazy\" decoding=\"async\" width=\"240\" height=\"300\" src=\"https:\/\/www.cref13.org.br\/cref13\/wp-content\/uploads\/2026\/04\/CAPA-REELS-Site-2-240x300.jpg\" class=\"attachment-medium size-medium wp-image-13074\" alt=\"\" srcset=\"https:\/\/www.cref13.org.br\/cref13\/wp-content\/uploads\/2026\/04\/CAPA-REELS-Site-2-240x300.jpg 240w, https:\/\/www.cref13.org.br\/cref13\/wp-content\/uploads\/2026\/04\/CAPA-REELS-Site-2-819x1024.jpg 819w, https:\/\/www.cref13.org.br\/cref13\/wp-content\/uploads\/2026\/04\/CAPA-REELS-Site-2-768x960.jpg 768w, https:\/\/www.cref13.org.br\/cref13\/wp-content\/uploads\/2026\/04\/CAPA-REELS-Site-2.jpg 1080w\" sizes=\"(max-width: 240px) 100vw, 240px\" \/><\/div><\/a>\n\t\t\t\t<div class=\"elementor-post__text\">\n\t\t\t\t<h3 class=\"elementor-post__title\">\n\t\t\t<a href=\"https:\/\/www.cref13.org.br\/cref13\/cref13-ba-homenageia-profissionais-que-marcaram-a-historia-da-educacao-fisica-na-bahia\/\" >\n\t\t\t\tCREF13\/BA homenageia profissionais que marcaram a hist\u00f3ria da Educa\u00e7\u00e3o F\u00edsica na Bahia\t\t\t<\/a>\n\t\t<\/h3>\n\t\t\t\t<\/div>\n\t\t\t\t<div class=\"elementor-post__meta-data\">\n\t\t\t\t\t<span class=\"elementor-post-date\">\n\t\t\t13 de abril de 2026\t\t<\/span>\n\t\t\t\t<\/div>\n\t\t\t\t\t<\/div>\n\t\t<\/article>\n\t\t\t\t<article class=\"elementor-post elementor-grid-item post-13070 post type-post status-publish format-standard has-post-thumbnail hentry category-noticias\">\n\t\t\t<div class=\"elementor-post__card\">\n\t\t\t\t<a class=\"elementor-post__thumbnail__link\" href=\"https:\/\/www.cref13.org.br\/cref13\/se-tem-esportes-tem-o-cref13-ba-marcando-presenca\/\" tabindex=\"-1\" ><div class=\"elementor-post__thumbnail\"><img loading=\"lazy\" decoding=\"async\" width=\"240\" height=\"300\" src=\"https:\/\/www.cref13.org.br\/cref13\/wp-content\/uploads\/2026\/04\/CREF13BA-DA-PONTAPE-na-criacao-da-nota-tecnica-Nt-sobre-corridas-de-rua-240x300.jpg\" class=\"attachment-medium size-medium wp-image-13071\" alt=\"\" srcset=\"https:\/\/www.cref13.org.br\/cref13\/wp-content\/uploads\/2026\/04\/CREF13BA-DA-PONTAPE-na-criacao-da-nota-tecnica-Nt-sobre-corridas-de-rua-240x300.jpg 240w, https:\/\/www.cref13.org.br\/cref13\/wp-content\/uploads\/2026\/04\/CREF13BA-DA-PONTAPE-na-criacao-da-nota-tecnica-Nt-sobre-corridas-de-rua-819x1024.jpg 819w, https:\/\/www.cref13.org.br\/cref13\/wp-content\/uploads\/2026\/04\/CREF13BA-DA-PONTAPE-na-criacao-da-nota-tecnica-Nt-sobre-corridas-de-rua-768x960.jpg 768w, https:\/\/www.cref13.org.br\/cref13\/wp-content\/uploads\/2026\/04\/CREF13BA-DA-PONTAPE-na-criacao-da-nota-tecnica-Nt-sobre-corridas-de-rua.jpg 1080w\" sizes=\"(max-width: 240px) 100vw, 240px\" \/><\/div><\/a>\n\t\t\t\t<div class=\"elementor-post__text\">\n\t\t\t\t<h3 class=\"elementor-post__title\">\n\t\t\t<a href=\"https:\/\/www.cref13.org.br\/cref13\/se-tem-esportes-tem-o-cref13-ba-marcando-presenca\/\" >\n\t\t\t\tSe tem esportes, tem o CREF13\/BA marcando presen\u00e7a!\t\t\t<\/a>\n\t\t<\/h3>\n\t\t\t\t<\/div>\n\t\t\t\t<div class=\"elementor-post__meta-data\">\n\t\t\t\t\t<span class=\"elementor-post-date\">\n\t\t\t13 de abril de 2026\t\t<\/span>\n\t\t\t\t<\/div>\n\t\t\t\t\t<\/div>\n\t\t<\/article>\n\t\t\t\t<article class=\"elementor-post elementor-grid-item post-13067 post type-post status-publish format-standard has-post-thumbnail hentry category-noticias\">\n\t\t\t<div class=\"elementor-post__card\">\n\t\t\t\t<a class=\"elementor-post__thumbnail__link\" href=\"https:\/\/www.cref13.org.br\/cref13\/presidente-do-cref13-ba-realiza-visita-institucional-ao-2o-batalhao-de-operacoes-litoraneas-de-fuzileiros-navais\/\" tabindex=\"-1\" ><div class=\"elementor-post__thumbnail\"><img loading=\"lazy\" decoding=\"async\" width=\"240\" height=\"300\" src=\"https:\/\/www.cref13.org.br\/cref13\/wp-content\/uploads\/2026\/04\/CAPA-REELS-Site-1-240x300.jpg\" class=\"attachment-medium size-medium wp-image-13068\" alt=\"\" srcset=\"https:\/\/www.cref13.org.br\/cref13\/wp-content\/uploads\/2026\/04\/CAPA-REELS-Site-1-240x300.jpg 240w, https:\/\/www.cref13.org.br\/cref13\/wp-content\/uploads\/2026\/04\/CAPA-REELS-Site-1-819x1024.jpg 819w, https:\/\/www.cref13.org.br\/cref13\/wp-content\/uploads\/2026\/04\/CAPA-REELS-Site-1-768x960.jpg 768w, https:\/\/www.cref13.org.br\/cref13\/wp-content\/uploads\/2026\/04\/CAPA-REELS-Site-1.jpg 1080w\" sizes=\"(max-width: 240px) 100vw, 240px\" \/><\/div><\/a>\n\t\t\t\t<div class=\"elementor-post__text\">\n\t\t\t\t<h3 class=\"elementor-post__title\">\n\t\t\t<a href=\"https:\/\/www.cref13.org.br\/cref13\/presidente-do-cref13-ba-realiza-visita-institucional-ao-2o-batalhao-de-operacoes-litoraneas-de-fuzileiros-navais\/\" >\n\t\t\t\tPresidente do CREF13\/BA realiza visita institucional ao 2\u00ba Batalh\u00e3o de Opera\u00e7\u00f5es Litor\u00e2neas de Fuzileiros Navais\t\t\t<\/a>\n\t\t<\/h3>\n\t\t\t\t<\/div>\n\t\t\t\t<div class=\"elementor-post__meta-data\">\n\t\t\t\t\t<span class=\"elementor-post-date\">\n\t\t\t13 de abril de 2026\t\t<\/span>\n\t\t\t\t<\/div>\n\t\t\t\t\t<\/div>\n\t\t<\/article>\n\t\t\t\t<article class=\"elementor-post elementor-grid-item post-13064 post type-post status-publish format-standard has-post-thumbnail hentry category-noticias\">\n\t\t\t<div class=\"elementor-post__card\">\n\t\t\t\t<a class=\"elementor-post__thumbnail__link\" href=\"https:\/\/www.cref13.org.br\/cref13\/cref13-ba-marca-presenca-em-evento-de-anuncio-das-acoes-e-investimentos-no-esporte-baiano-para-2026\/\" tabindex=\"-1\" ><div class=\"elementor-post__thumbnail\"><img loading=\"lazy\" decoding=\"async\" width=\"240\" height=\"300\" src=\"https:\/\/www.cref13.org.br\/cref13\/wp-content\/uploads\/2026\/04\/CAPA-REELS-Site-240x300.jpg\" class=\"attachment-medium size-medium wp-image-13065\" alt=\"\" srcset=\"https:\/\/www.cref13.org.br\/cref13\/wp-content\/uploads\/2026\/04\/CAPA-REELS-Site-240x300.jpg 240w, https:\/\/www.cref13.org.br\/cref13\/wp-content\/uploads\/2026\/04\/CAPA-REELS-Site-819x1024.jpg 819w, https:\/\/www.cref13.org.br\/cref13\/wp-content\/uploads\/2026\/04\/CAPA-REELS-Site-768x960.jpg 768w, https:\/\/www.cref13.org.br\/cref13\/wp-content\/uploads\/2026\/04\/CAPA-REELS-Site.jpg 1080w\" sizes=\"(max-width: 240px) 100vw, 240px\" \/><\/div><\/a>\n\t\t\t\t<div class=\"elementor-post__text\">\n\t\t\t\t<h3 class=\"elementor-post__title\">\n\t\t\t<a href=\"https:\/\/www.cref13.org.br\/cref13\/cref13-ba-marca-presenca-em-evento-de-anuncio-das-acoes-e-investimentos-no-esporte-baiano-para-2026\/\" >\n\t\t\t\tCREF13\/BA marca presen\u00e7a em evento de an\u00fancio das A\u00e7\u00f5es e Investimentos no Esporte Baiano para 2026\t\t\t<\/a>\n\t\t<\/h3>\n\t\t\t\t<\/div>\n\t\t\t\t<div class=\"elementor-post__meta-data\">\n\t\t\t\t\t<span class=\"elementor-post-date\">\n\t\t\t13 de abril de 2026\t\t<\/span>\n\t\t\t\t<\/div>\n\t\t\t\t\t<\/div>\n\t\t<\/article>\n\t\t\t\t<article class=\"elementor-post elementor-grid-item post-13041 post type-post status-publish format-standard has-post-thumbnail hentry category-noticias\">\n\t\t\t<div class=\"elementor-post__card\">\n\t\t\t\t<a class=\"elementor-post__thumbnail__link\" href=\"https:\/\/www.cref13.org.br\/cref13\/academia-e-interditada-na-federacao-apos-decisao-judicial-entenda-o-caso\/\" tabindex=\"-1\" ><div class=\"elementor-post__thumbnail\"><img loading=\"lazy\" decoding=\"async\" width=\"240\" height=\"300\" src=\"https:\/\/www.cref13.org.br\/cref13\/wp-content\/uploads\/2026\/04\/WhatsApp-Image-2026-04-09-at-13.15.05-240x300.jpeg\" class=\"attachment-medium size-medium wp-image-13042\" alt=\"\" srcset=\"https:\/\/www.cref13.org.br\/cref13\/wp-content\/uploads\/2026\/04\/WhatsApp-Image-2026-04-09-at-13.15.05-240x300.jpeg 240w, https:\/\/www.cref13.org.br\/cref13\/wp-content\/uploads\/2026\/04\/WhatsApp-Image-2026-04-09-at-13.15.05-819x1024.jpeg 819w, https:\/\/www.cref13.org.br\/cref13\/wp-content\/uploads\/2026\/04\/WhatsApp-Image-2026-04-09-at-13.15.05-768x960.jpeg 768w, https:\/\/www.cref13.org.br\/cref13\/wp-content\/uploads\/2026\/04\/WhatsApp-Image-2026-04-09-at-13.15.05.jpeg 1080w\" sizes=\"(max-width: 240px) 100vw, 240px\" \/><\/div><\/a>\n\t\t\t\t<div class=\"elementor-post__text\">\n\t\t\t\t<h3 class=\"elementor-post__title\">\n\t\t\t<a href=\"https:\/\/www.cref13.org.br\/cref13\/academia-e-interditada-na-federacao-apos-decisao-judicial-entenda-o-caso\/\" >\n\t\t\t\tAcademia \u00e9 interditada na Federa\u00e7\u00e3o ap\u00f3s decis\u00e3o judicial, entenda o caso\t\t\t<\/a>\n\t\t<\/h3>\n\t\t\t\t<\/div>\n\t\t\t\t<div class=\"elementor-post__meta-data\">\n\t\t\t\t\t<span class=\"elementor-post-date\">\n\t\t\t9 de abril de 2026\t\t<\/span>\n\t\t\t\t<\/div>\n\t\t\t\t\t<\/div>\n\t\t<\/article>\n\t\t\t\t<article class=\"elementor-post elementor-grid-item post-13038 post type-post status-publish format-standard has-post-thumbnail hentry category-noticias\">\n\t\t\t<div class=\"elementor-post__card\">\n\t\t\t\t<a class=\"elementor-post__thumbnail__link\" href=\"https:\/\/www.cref13.org.br\/cref13\/cref13-ba-marca-presenca-no-oceanman-brazil-2026\/\" tabindex=\"-1\" ><div class=\"elementor-post__thumbnail\"><img loading=\"lazy\" decoding=\"async\" width=\"241\" height=\"300\" src=\"https:\/\/www.cref13.org.br\/cref13\/wp-content\/uploads\/2026\/04\/WhatsApp-Image-2026-04-09-at-13.15.05-1-241x300.jpeg\" class=\"attachment-medium size-medium wp-image-13039\" alt=\"\" srcset=\"https:\/\/www.cref13.org.br\/cref13\/wp-content\/uploads\/2026\/04\/WhatsApp-Image-2026-04-09-at-13.15.05-1-241x300.jpeg 241w, https:\/\/www.cref13.org.br\/cref13\/wp-content\/uploads\/2026\/04\/WhatsApp-Image-2026-04-09-at-13.15.05-1-823x1024.jpeg 823w, https:\/\/www.cref13.org.br\/cref13\/wp-content\/uploads\/2026\/04\/WhatsApp-Image-2026-04-09-at-13.15.05-1-768x956.jpeg 768w, https:\/\/www.cref13.org.br\/cref13\/wp-content\/uploads\/2026\/04\/WhatsApp-Image-2026-04-09-at-13.15.05-1.jpeg 1179w\" sizes=\"(max-width: 241px) 100vw, 241px\" \/><\/div><\/a>\n\t\t\t\t<div class=\"elementor-post__text\">\n\t\t\t\t<h3 class=\"elementor-post__title\">\n\t\t\t<a href=\"https:\/\/www.cref13.org.br\/cref13\/cref13-ba-marca-presenca-no-oceanman-brazil-2026\/\" >\n\t\t\t\tCREF13\/BA marca presen\u00e7a no Oceanman Brazil 2026\t\t\t<\/a>\n\t\t<\/h3>\n\t\t\t\t<\/div>\n\t\t\t\t<div class=\"elementor-post__meta-data\">\n\t\t\t\t\t<span class=\"elementor-post-date\">\n\t\t\t9 de abril de 2026\t\t<\/span>\n\t\t\t\t<\/div>\n\t\t\t\t\t<\/div>\n\t\t<\/article>\n\t\t\t\t<article class=\"elementor-post elementor-grid-item post-13029 post type-post status-publish format-standard has-post-thumbnail hentry category-noticias\">\n\t\t\t<div class=\"elementor-post__card\">\n\t\t\t\t<a class=\"elementor-post__thumbnail__link\" href=\"https:\/\/www.cref13.org.br\/cref13\/dia-da-natacao-2\/\" tabindex=\"-1\" ><div class=\"elementor-post__thumbnail\"><img loading=\"lazy\" decoding=\"async\" width=\"240\" height=\"300\" src=\"https:\/\/www.cref13.org.br\/cref13\/wp-content\/uploads\/2026\/04\/FEED-2026-87-1-240x300.png\" class=\"attachment-medium size-medium wp-image-13030\" alt=\"\" srcset=\"https:\/\/www.cref13.org.br\/cref13\/wp-content\/uploads\/2026\/04\/FEED-2026-87-1-240x300.png 240w, https:\/\/www.cref13.org.br\/cref13\/wp-content\/uploads\/2026\/04\/FEED-2026-87-1-819x1024.png 819w, https:\/\/www.cref13.org.br\/cref13\/wp-content\/uploads\/2026\/04\/FEED-2026-87-1-768x960.png 768w, https:\/\/www.cref13.org.br\/cref13\/wp-content\/uploads\/2026\/04\/FEED-2026-87-1.png 1080w\" sizes=\"(max-width: 240px) 100vw, 240px\" \/><\/div><\/a>\n\t\t\t\t<div class=\"elementor-post__text\">\n\t\t\t\t<h3 class=\"elementor-post__title\">\n\t\t\t<a href=\"https:\/\/www.cref13.org.br\/cref13\/dia-da-natacao-2\/\" >\n\t\t\t\tDia da Nata\u00e7\u00e3o\t\t\t<\/a>\n\t\t<\/h3>\n\t\t\t\t<\/div>\n\t\t\t\t<div class=\"elementor-post__meta-data\">\n\t\t\t\t\t<span class=\"elementor-post-date\">\n\t\t\t8 de abril de 2026\t\t<\/span>\n\t\t\t\t<\/div>\n\t\t\t\t\t<\/div>\n\t\t<\/article>\n\t\t\t\t<article class=\"elementor-post elementor-grid-item post-13026 post type-post status-publish format-standard has-post-thumbnail hentry category-noticias\">\n\t\t\t<div class=\"elementor-post__card\">\n\t\t\t\t<a class=\"elementor-post__thumbnail__link\" href=\"https:\/\/www.cref13.org.br\/cref13\/cref13-ba-apoia-2a-edicao-da-expoconfit-salvador\/\" tabindex=\"-1\" ><div class=\"elementor-post__thumbnail\"><img loading=\"lazy\" decoding=\"async\" width=\"240\" height=\"300\" src=\"https:\/\/www.cref13.org.br\/cref13\/wp-content\/uploads\/2026\/04\/FEED-2026-240x300.png\" class=\"attachment-medium size-medium wp-image-13027\" alt=\"\" srcset=\"https:\/\/www.cref13.org.br\/cref13\/wp-content\/uploads\/2026\/04\/FEED-2026-240x300.png 240w, https:\/\/www.cref13.org.br\/cref13\/wp-content\/uploads\/2026\/04\/FEED-2026-819x1024.png 819w, https:\/\/www.cref13.org.br\/cref13\/wp-content\/uploads\/2026\/04\/FEED-2026-768x960.png 768w, https:\/\/www.cref13.org.br\/cref13\/wp-content\/uploads\/2026\/04\/FEED-2026.png 1080w\" sizes=\"(max-width: 240px) 100vw, 240px\" \/><\/div><\/a>\n\t\t\t\t<div class=\"elementor-post__text\">\n\t\t\t\t<h3 class=\"elementor-post__title\">\n\t\t\t<a href=\"https:\/\/www.cref13.org.br\/cref13\/cref13-ba-apoia-2a-edicao-da-expoconfit-salvador\/\" >\n\t\t\t\tCREF13\/BA apoia 2\u00aa Edi\u00e7\u00e3o da ExpoConfit Salvador\t\t\t<\/a>\n\t\t<\/h3>\n\t\t\t\t<\/div>\n\t\t\t\t<div class=\"elementor-post__meta-data\">\n\t\t\t\t\t<span class=\"elementor-post-date\">\n\t\t\t7 de abril de 2026\t\t<\/span>\n\t\t\t\t<\/div>\n\t\t\t\t\t<\/div>\n\t\t<\/article>\n\t\t\t\t<\/div>\n\t\t\n\t\t\t\t<div class=\"e-load-more-anchor\" data-page=\"1\" data-max-page=\"68\" data-next-page=\"https:\/\/www.cref13.org.br\/cref13\/wp-json\/wp\/v2\/pages\/573\/page\/2\/\"><\/div>\n\t\t\t\t<nav class=\"elementor-pagination\" aria-label=\"Pagina\u00e7\u00e3o\">\n\t\t\t<span aria-current=\"page\" class=\"page-numbers current\"><span class=\"elementor-screen-only\">P\u00e1gina<\/span>1<\/span>\n<a class=\"page-numbers\" href=\"https:\/\/www.cref13.org.br\/cref13\/wp-json\/wp\/v2\/pages\/573\/page\/2\/\"><span class=\"elementor-screen-only\">P\u00e1gina<\/span>2<\/a>\n<a class=\"page-numbers\" href=\"https:\/\/www.cref13.org.br\/cref13\/wp-json\/wp\/v2\/pages\/573\/page\/3\/\"><span class=\"elementor-screen-only\">P\u00e1gina<\/span>3<\/a>\n<a class=\"page-numbers\" href=\"https:\/\/www.cref13.org.br\/cref13\/wp-json\/wp\/v2\/pages\/573\/page\/4\/\"><span class=\"elementor-screen-only\">P\u00e1gina<\/span>4<\/a>\n<a class=\"page-numbers\" href=\"https:\/\/www.cref13.org.br\/cref13\/wp-json\/wp\/v2\/pages\/573\/page\/5\/\"><span class=\"elementor-screen-only\">P\u00e1gina<\/span>5<\/a>\t\t<\/nav>\n\t\t\t\t\t\t<\/div>\n\t\t\t\t<\/div>\n\t\t\t\t\t<\/div>\n\t\t<\/div>\n\t\t\t\t\t<\/div>\n\t\t<\/section>\n\t\t\t\t<\/div>\n\t\t","protected":false},"excerpt":{"rendered":"<p>comunicacao@cref13.org.br<\/p>\n","protected":false},"author":11,"featured_media":0,"parent":0,"menu_order":0,"comment_status":"closed","ping_status":"closed","template":"","meta":{"footnotes":""},"class_list":["post-573","page","type-page","status-publish","hentry"],"_links":{"self":[{"href":"https:\/\/www.cref13.org.br\/cref13\/wp-json\/wp\/v2\/pages\/573","targetHints":{"allow":["GET"]}}],"collection":[{"href":"https:\/\/www.cref13.org.br\/cref13\/wp-json\/wp\/v2\/pages"}],"about":[{"href":"https:\/\/www.cref13.org.br\/cref13\/wp-json\/wp\/v2\/types\/page"}],"author":[{"embeddable":true,"href":"https:\/\/www.cref13.org.br\/cref13\/wp-json\/wp\/v2\/users\/11"}],"replies":[{"embeddable":true,"href":"https:\/\/www.cref13.org.br\/cref13\/wp-json\/wp\/v2\/comments?post=573"}],"version-history":[{"count":50,"href":"https:\/\/www.cref13.org.br\/cref13\/wp-json\/wp\/v2\/pages\/573\/revisions"}],"predecessor-version":[{"id":10551,"href":"https:\/\/www.cref13.org.br\/cref13\/wp-json\/wp\/v2\/pages\/573\/revisions\/10551"}],"wp:attachment":[{"href":"https:\/\/www.cref13.org.br\/cref13\/wp-json\/wp\/v2\/media?parent=573"}],"curies":[{"name":"wp","href":"https:\/\/api.w.org\/{rel}","templated":true}]}}