{"id":6814,"date":"2024-01-20T13:40:49","date_gmt":"2024-01-20T16:40:49","guid":{"rendered":"https:\/\/www.cref13.org.br\/cref13\/?page_id=6814"},"modified":"2026-04-20T15:54:09","modified_gmt":"2026-04-20T18:54:09","slug":"leg-portarias","status":"publish","type":"page","link":"https:\/\/www.cref13.org.br\/cref13\/leg-portarias\/","title":{"rendered":"Leg. Portarias"},"content":{"rendered":"\t\t<div data-elementor-type=\"wp-page\" data-elementor-id=\"6814\" class=\"elementor elementor-6814\" data-elementor-post-type=\"page\">\n\t\t\t\t\t\t<section class=\"elementor-section elementor-top-section elementor-element elementor-element-a6fa19b elementor-section-boxed elementor-section-height-default elementor-section-height-default\" data-id=\"a6fa19b\" data-element_type=\"section\">\n\t\t\t\t\t\t<div class=\"elementor-container elementor-column-gap-default\">\n\t\t\t\t\t<div class=\"elementor-column elementor-col-100 elementor-top-column elementor-element elementor-element-5ceac8f\" data-id=\"5ceac8f\" data-element_type=\"column\">\n\t\t\t<div class=\"elementor-widget-wrap elementor-element-populated\">\n\t\t\t\t\t\t<div class=\"elementor-element elementor-element-4d281e5 elementor-headline--style-highlight elementor-widget elementor-widget-animated-headline\" data-id=\"4d281e5\" data-element_type=\"widget\" data-settings=\"{&quot;marker&quot;:&quot;curly&quot;,&quot;highlighted_text&quot;:&quot;Portarias&quot;,&quot;headline_style&quot;:&quot;highlight&quot;,&quot;highlight_animation_duration&quot;:1200}\" data-widget_type=\"animated-headline.default\">\n\t\t\t\t<div class=\"elementor-widget-container\">\n\t\t\t\t\t\t\t<h2 class=\"elementor-headline\">\n\t\t\t\t<span class=\"elementor-headline-dynamic-wrapper elementor-headline-text-wrapper\">\n\t\t\t\t\t<span class=\"elementor-headline-dynamic-text elementor-headline-text-active\">Portarias<\/span>\n\t\t\t\t<\/span>\n\t\t\t\t<\/h2>\n\t\t\t\t\t\t<\/div>\n\t\t\t\t<\/div>\n\t\t\t\t<div class=\"elementor-element elementor-element-fbf93f5 elementor-widget elementor-widget-heading\" data-id=\"fbf93f5\" data-element_type=\"widget\" data-widget_type=\"heading.default\">\n\t\t\t\t<div class=\"elementor-widget-container\">\n\t\t\t\t\t<h3 class=\"elementor-heading-title elementor-size-default\">2026<\/h3>\t\t\t\t<\/div>\n\t\t\t\t<\/div>\n\t\t\t\t<div class=\"elementor-element elementor-element-f98527f elementor-widget elementor-widget-text-editor\" data-id=\"f98527f\" data-element_type=\"widget\" data-widget_type=\"text-editor.default\">\n\t\t\t\t<div class=\"elementor-widget-container\">\n\t\t\t\t\t\t\t\t\t<ul><li><a href=\"https:\/\/www.cref13.org.br\/cref13\/wp-content\/uploads\/2026\/04\/CREF13BA-DERH-PORT-341-2026-EXPENDIENTE-01-DE-MAIO-DIA-DO-TRABALHO.pdf\"><strong>Portaria CREF13 n\u00ba 341 de 2026 &#8211; Dia do Trabalho<\/strong><\/a><\/li><li><strong><a href=\"https:\/\/www.cref13.org.br\/cref13\/wp-content\/uploads\/2026\/04\/CREF13BA-DERH-PORT-340-2026-EXPEDIENTE-21-DE-ABRIL-TIRADENTES.pdf\">Portaria CREF13 n\u00ba 340 de 2026 &#8211; Expediente Tiradentes\u00a0<\/a><\/strong><\/li><li><strong><a href=\"https:\/\/www.cref13.org.br\/cref13\/wp-content\/uploads\/2026\/03\/CREF13BA-DERH-PORT-339-2026-EXPEDIENTE-03-DE-ABRIL-PAIXAO-DE-CRISTO.pdf\">Portaria CREF13 n\u00ba 339 de 2026 &#8211; Expediente Paix\u00e3o de Cristo<\/a><\/strong><\/li><li><strong><a href=\"https:\/\/www.cref13.org.br\/cref13\/wp-content\/uploads\/2026\/02\/CREF13BA-DERH-PORT-337.2026-FUNCAO-GRATIFICADA-KARINE-FERNANDES-MOURA.pdf\">Portaria CREF13n\u00ba 337 de 2026 &#8211; Fun\u00e7\u00e3o Gratificada de Karine Fernandes<\/a><\/strong><\/li><li><a href=\"https:\/\/www.cref13.org.br\/cref13\/wp-content\/uploads\/2026\/02\/CREF13BA-DERH-PORT-336.2026-FUNCAO-GRATIFICADA-AMANDA-DIAMANTARAS-GARCIA-DE-MELO.pdf\"><strong>Portaria CREF13n\u00ba 336 de 2026 &#8211; Fun\u00e7\u00e3o Gratificada de Amanda Diamantaras Garcia de Melo<\/strong><\/a><\/li><li><strong><a href=\"https:\/\/www.cref13.org.br\/cref13\/wp-content\/uploads\/2026\/02\/CREF13BA-DERH-PORT-335-2026-EXONERACAO-LEYLANE-EVANGELISTA-DO-NASCIMENTO.pdf\">Portaria CREF13n\u00ba 335 de 2026 &#8211; Exonera\u00e7\u00e3o Leylane Evangelista do Nascimento<\/a><\/strong><\/li><li><a href=\"https:\/\/www.cref13.org.br\/cref13\/wp-content\/uploads\/2026\/02\/CREF13BA-DERH-PORT-328-2026-ALTERACAO-DE-CARGO-JULIANNA-DE-ARAUJO-SOUZA.pdf\"><strong>Portaria CREF13 n\u00ba 328 de 2026 &#8211; Altera\u00e7\u00e3o de Cargo Julianna de Araujo Souza<\/strong><\/a><\/li><li><strong><a href=\"https:\/\/www.cref13.org.br\/cref13\/wp-content\/uploads\/2026\/02\/CREF13BA-DERH-PORT-327.2026-FUNCAO-GRATIFICADA-ENZO-FELIPE-EMANUEL.pdf\">Portaria CREF13 n\u00ba 327 de 2026 &#8211; Fun\u00e7\u00e3o Gratificada de Enzo Felipe Emanual Ribeiro Barboza<\/a><\/strong><\/li><li><strong><a href=\"https:\/\/www.cref13.org.br\/cref13\/wp-content\/uploads\/2026\/02\/CREF13BA-DERH-PORT-326-2026-EXONERACAO-ROBSON-SILVA-MENDES.pdf\">Portaria CREF13 n\u00ba 326 de 2026 &#8211; Exonera\u00e7\u00e3o Robson Silva Mendes<\/a><\/strong><\/li><li><strong><a href=\"https:\/\/www.cref13.org.br\/cref13\/wp-content\/uploads\/2026\/02\/CREF13BA-DERH-PORT-325-2026-EXPENDIENTE-NO-PERIODO-DE-CARNAVAL.pdf\"> Portaria CREF13 n\u00ba 325 de 2026 &#8211; Recesso de Carnaval <\/a><\/strong><\/li><li><strong><a href=\"https:\/\/www.cref13.org.br\/cref13\/wp-content\/uploads\/2026\/01\/CREF13BA-DERH-PORT-324-2026-NOMEACAO-KARINE-FERNANDES-MOURA.pdf\">Portaria CREF13 n\u00ba 324 de 2026 &#8211; Nomea\u00e7\u00e3o Karine Fernandes<\/a><\/strong><\/li><\/ul>\t\t\t\t\t\t\t\t<\/div>\n\t\t\t\t<\/div>\n\t\t\t\t<div class=\"elementor-element elementor-element-5e5e83e elementor-widget elementor-widget-heading\" data-id=\"5e5e83e\" data-element_type=\"widget\" data-widget_type=\"heading.default\">\n\t\t\t\t<div class=\"elementor-widget-container\">\n\t\t\t\t\t<h3 class=\"elementor-heading-title elementor-size-default\">2025<\/h3>\t\t\t\t<\/div>\n\t\t\t\t<\/div>\n\t\t\t\t<div class=\"elementor-element elementor-element-5c7a7aa elementor-widget elementor-widget-text-editor\" data-id=\"5c7a7aa\" data-element_type=\"widget\" data-widget_type=\"text-editor.default\">\n\t\t\t\t<div class=\"elementor-widget-container\">\n\t\t\t\t\t\t\t\t\t<ul><li><strong><a href=\"https:\/\/www.cref13.org.br\/cref13\/wp-content\/uploads\/2025\/12\/CREF13BA-DERH-PORT-322-2025-NOMEACAO-DOS-MEMBROS-DA-CAMARA-DE-JULGAMENTO-CJ.pdf\">Portaria CREF13 n\u00ba 322 de 2025 &#8211; Nomea\u00e7\u00e3o de Membros da C\u00e2maras de Julgamento<\/a><\/strong><\/li><li><strong><a href=\"https:\/\/www.cref13.org.br\/cref13\/wp-content\/uploads\/2025\/12\/CREF13BA-DERH-PORT-321-2025-NOMEACAO-DOS-MEMBROS-DA-CAMARA-DE-JULGAMENTO-CJ.pdf\">Portaria CREF13 n\u00ba 321 de 2025 &#8211; Nomea\u00e7\u00e3o de Membros da C\u00e2maras de Julgamento<\/a><\/strong><\/li><li><strong><a href=\"https:\/\/www.cref13.org.br\/cref13\/wp-content\/uploads\/2025\/12\/CREF13BA-DERH-PORT-320.2025-EXPEDIENTE-FINAL-DE-ANO-2025.pdf\">Portaria CREF13 n\u00ba 320 de 2025 &#8211; Expediente de Final de Ano\u00a0<\/a><\/strong><\/li><li><a href=\"https:\/\/www.cref13.org.br\/cref13\/wp-content\/uploads\/2025\/12\/CREF13BA-DERH-PORT-319-2025-NOMEACAO-AMANDA.pdf\"><strong>Portaria CREF13 n\u00ba 319 de 2025 &#8211; Nomea\u00e7\u00e3o de Amanda Diamantaras Garcia de Melo<\/strong><\/a><\/li><li><a href=\"https:\/\/www.cref13.org.br\/cref13\/wp-content\/uploads\/2025\/12\/CREF13BA-DERH-PORT-318.2025-EXPEDIENTE-8-DE-DEZEMBRO-2025-1.pdf\"><strong>Portaria CREF13 n\u00ba 318 de 2025 &#8211; Expediente Nossa Senhora da Concei\u00e7\u00e3o da Praia<\/strong><\/a><\/li><li><strong><a href=\"https:\/\/www.cref13.org.br\/cref13\/wp-content\/uploads\/2025\/11\/CREF13BA-DERH-PORT-317.2025-EXPEDIENTE-CONSCIENCIA-NEGRA-2025.pdf\">Portaria CREF13 n\u00ba 317 de 2025 &#8211; Expediente Dia Nacional de Zumbi e Consci\u00eancia Negra<\/a><\/strong><\/li><li><strong><a href=\"https:\/\/www.cref13.org.br\/cref13\/wp-content\/uploads\/2025\/10\/CREF13BA-DERH-PORT-316-2025-EXONERACAO-FABIANA-NEVES-DOS-SANTOS.pdf\">Portaria CREF13 n\u00ba 316 de 2025 &#8211; Exonera\u00e7\u00e3o Fabiana Neves dos Santos<\/a><\/strong><\/li><li><a href=\"https:\/\/www.cref13.org.br\/cref13\/wp-content\/uploads\/2025\/11\/CREF13BA-DERH-PORT-314.2025-NOMEACAO-LGPD.pdf\"><strong>Portaria CREF13 n\u00ba 314 de 2025 &#8211; Nomea\u00e7\u00e3o de Membros da Comiss\u00e3o de Lei Geral de Prote\u00e7\u00e3o de Dados<\/strong><\/a><\/li><li><a href=\"https:\/\/www.cref13.org.br\/cref13\/wp-content\/uploads\/2025\/09\/CREF13BA-DERH-PORT-313-2025-EXONERACAO-ELIAS-SILVA-DOS-SANTOS-2.pdf\"><strong>Portaria CREF13 n\u00ba 313 de 2025 &#8211; Exonera\u00e7\u00e3o por Inaptid\u00e3o Elias Silva dos Santos<\/strong><\/a><\/li><li><strong><a href=\"https:\/\/www.cref13.org.br\/cref13\/wp-content\/uploads\/2025\/08\/CREF13BA-DERH-PORT-308-2025-EXONERACAO-ALBERTO-CESAR-BRITO-CASAES.pdf\">Portaria CREF13 n\u00ba 308 de 2025 &#8211; Exonera\u00e7\u00e3o Alberto Cesar Brito Casaes<\/a><\/strong><\/li><li><strong><a href=\"https:\/\/www.cref13.org.br\/cref13\/wp-content\/uploads\/2025\/08\/CREF13BA-DERH-PORT-307-2025-EXONERACAO-LORENA-LAIS-ARAUJO-DOS-SANTOS.pdf\">Portaria CREF13 n\u00ba 307 de 2025 &#8211; Exonera\u00e7\u00e3o Lorena La\u00eds Ara\u00fajo dos Santos<\/a><\/strong><\/li><li><strong><a href=\"https:\/\/www.cref13.org.br\/cref13\/wp-content\/uploads\/2025\/09\/CREF13BA-DERH-PORT-306.2025-NOMEACAO-SUBSTITUICAO-DOS-MEMBROS-DA-CAMARA-DE-NORMATIZACAO-1.pdf\">Portaria CREF13 n\u00ba 306 de 2025 &#8211; Nomea\u00e7\u00e3o e Substitui\u00e7\u00e3o dos Membros da C\u00e2mara de Normatiza\u00e7\u00e3o<\/a><\/strong><\/li><li><strong><a href=\"https:\/\/www.cref13.org.br\/cref13\/wp-content\/uploads\/2025\/09\/CREF13BA-DERH-PORT-305.2025-NOMEACAO-SUBSTITUICAO-DOS-MEMBROS-DA-CAMARA-DE-ORIENTACAO-ETICA-1.pdf\">Portaria CREF13 n\u00ba 305 de 2025 &#8211; Nomea\u00e7\u00e3o e Substitui\u00e7\u00e3o dos Membros da C\u00e2mara de Orienta\u00e7\u00e3o \u00c9tica<\/a><\/strong><\/li><li><strong><a href=\"https:\/\/www.cref13.org.br\/cref13\/wp-content\/uploads\/2025\/09\/CREF13BA-DERH-PORT-304.2025-NOMEACAO-SUBSTITUICAO-DOS-MEMBROS-DA-CAMARA-DE-ORIENTACAO-ETICA.pdf\">Portaria CREF13 n\u00ba 304 de 2025 &#8211; Nomea\u00e7\u00e3o e Substitui\u00e7\u00e3o dos Membros da C\u00e2mara de Orienta\u00e7\u00e3o \u00c9tica<\/a><\/strong><\/li><li><strong><a href=\"https:\/\/www.cref13.org.br\/cref13\/wp-content\/uploads\/2025\/09\/CREF13BA-DERH-PORT-303.2025-NOMEACAO-SUBSTITUICAO-DOS-MEMBROS-DA-CAMARA-DE-FISCALIZACAO.pdf\">Portaria CREF13 n\u00ba 303 de 2025 &#8211; Nomea\u00e7\u00e3o e Substitui\u00e7\u00e3o dos Membros da C\u00e2mara de Fiscaliza\u00e7\u00e3o<\/a><\/strong><\/li><li><strong><a href=\"https:\/\/www.cref13.org.br\/cref13\/wp-content\/uploads\/2025\/09\/CREF13BA-DERH-PORT-302.2025-NOMEACAO-SUBSTITUICAO-DOS-MEMBROS-DA-CAMARA-DE-FISCALIZACAO.pdf\">Portaria CREF13 n\u00ba 302 de 2025 &#8211; Nomea\u00e7\u00e3o e Substitui\u00e7\u00e3o dos Membros da C\u00e2mara de Fiscaliza\u00e7\u00e3o<\/a><\/strong><\/li><li><strong><a href=\"https:\/\/www.cref13.org.br\/cref13\/wp-content\/uploads\/2025\/09\/CREF13BA-DERH-PORT-301.2025-NOMEACAO-SUBSTITUICAO-DOS-MEMBROS-DA-CAMARA-DE-REGISTRO-CARE.pdf\">Portaria CREF13 n\u00ba 301 de 2025 &#8211; Nomea\u00e7\u00e3o e Substitui\u00e7\u00e3o dos Membros da C\u00e2mara de Registro<\/a><\/strong><\/li><li><strong><a href=\"https:\/\/www.cref13.org.br\/cref13\/wp-content\/uploads\/2025\/09\/CREF13BA-DERH-PORT-300.2025-NOMEACAO-SUBSTITUICAO-DOS-MEMBROS-DA-CAMARA-DE-JULGAMENTO-CJ.pdf\">Portaria CREF13 n\u00ba 300 de 2025 &#8211; Nomea\u00e7\u00e3o e Substitui\u00e7\u00e3o dos Membros da C\u00e2mara de Julgamento<\/a><\/strong><\/li><li><strong><a href=\"https:\/\/www.cref13.org.br\/cref13\/wp-content\/uploads\/2025\/07\/CREF13BA-DERH-PORT-299.2025-NOMEACAO-SUBSTITUICAO-DOS-MEMBROS-DA-CAMARA-DE-JULGAMENTO-CJ.pdf\">Portaria CREF13 n\u00ba 299 de 2025 &#8211; Nomea\u00e7\u00e3o\u00a0 dos Membros da Comiss\u00e3o de Processos Administrativos<\/a><\/strong><\/li><li><a href=\"https:\/\/www.cref13.org.br\/cref13\/wp-content\/uploads\/2025\/06\/CREF13BA-DERH-PORT-298.2025-EXPEDIENTE-2-DE-JULHO-2025.pdf\"><strong>Portaria CREF13 n\u00ba 298 de 2025 &#8211; Expediente 2 de Julho<\/strong><\/a><\/li><li><strong><a href=\"https:\/\/www.cref13.org.br\/cref13\/wp-content\/uploads\/2025\/06\/CREF13BA-DERH-PORT-297-2025-EXPENDIENTE-CORPUS-CHRISTI-E-SAO-JOAO-1-1.pdf\">Portaria CREF13 n\u00ba 297 de 2025 &#8211; Expediente Corpus Christi e S\u00e3o Jo\u00e3o\u00a0<\/a><\/strong><\/li><li><strong><a href=\"https:\/\/www.cref13.org.br\/cref13\/wp-content\/uploads\/2025\/06\/CREF13BA-DERH-PORT-296-2025-NOMEACAO-LEYLANE-EVANGELISTA-DO-NASCIMENTO.pdf\">Portaria CREF13 n\u00ba 296 de 2025 &#8211; Nomea\u00e7\u00e3o Leylane Evangelista do Nascimento<\/a><\/strong><\/li><li><a href=\"https:\/\/www.cref13.org.br\/cref13\/wp-content\/uploads\/2025\/06\/CREF13BA-DERH-PORT-295-2025-NOMEACAO-CAROLINA-SILVA-DOS-SANTOS.pdf\"><strong>Portaria CREF13 n\u00ba 295 de 2025 &#8211; Nomea\u00e7\u00e3o Carolina Silva dos Santos<\/strong><\/a><\/li><li><strong><a href=\"https:\/\/www.cref13.org.br\/cref13\/wp-content\/uploads\/2025\/06\/CREF13BA-DERH-PORT-294-2025-NOMEACAO-ENZO-FELIPE-EMANUEL.pdf\">Portaria CREF13 n\u00ba 294 de 2025 &#8211;\u00a0 Nomea\u00e7\u00e3o Enzo Felipe Emanuel Ribeiro Barboza<\/a><\/strong><\/li><li><a href=\"https:\/\/www.cref13.org.br\/cref13\/wp-content\/uploads\/2025\/06\/CREF13BA-DERH-PORT-293-2025-NOMEACAO-ELIAS-SILVA-DOS-SANTOS.pdf\"><strong>Portaria CREF13 n\u00ba 293 de 2025 &#8211; Nomea\u00e7\u00e3o Elias Silva dos Santos<\/strong><\/a><\/li><li><a href=\"https:\/\/www.cref13.org.br\/cref13\/wp-content\/uploads\/2025\/06\/CREF13BA-DERH-PORT-292-2025-NOMEACAO-ANGELI-FIGUEIREDO-MONTEIRO.pdf\"><strong>Portaria CREF13 n\u00ba 292 de 2025 &#8211; Nomea\u00e7\u00e3o Angeli Figueiredo Monteiro<\/strong><\/a><\/li><li><a href=\"https:\/\/www.cref13.org.br\/cref13\/wp-content\/uploads\/2025\/06\/CREF13BA-DERH-PORT-291-2025-EXONERACAO-GRAZIELE-DE-ASSIS-COSTA.pdf\"><strong>Portaria CREF13 n\u00ba 291 de 2025 &#8211; Exonera\u00e7\u00e3o Graziele de Assis Costa<\/strong><\/a><\/li><li><a href=\"https:\/\/www.cref13.org.br\/cref13\/wp-content\/uploads\/2025\/05\/CREF13BA-DERH-PORT-290-2025-EXONERACAO-ERICK-DOS-SANTOS-FERNANDES.pdf\"><strong>Portaria CREF13 n\u00ba 290 de 2025 &#8211; Exonera\u00e7\u00e3o Erick dos Santos Fernandes<\/strong><\/a><\/li><li><a href=\"https:\/\/www.cref13.org.br\/cref13\/wp-content\/uploads\/2025\/05\/CREF13BA-DERH-PORT-289.2025-NOMEACAO-SUBSTITUICAO-DOS-MEMBROS-DA-CAMARA-DE-JULGAMENTO-CJ.pdf\"><strong>Portaria CREF13 n\u00ba 289 de 2025 &#8211; Nomea\u00e7\u00e3o Substitui\u00e7\u00e3o dos Membros da C\u00e2mara de Julgamento<\/strong><\/a><\/li><li><strong><a href=\"https:\/\/www.cref13.org.br\/cref13\/wp-content\/uploads\/2025\/05\/CREF13BA-DERH-PORT-288.2025-FUNCAO-GRATIFICADA-NILDETE-FRANCELINA-DE-SOUZA.pdf\">Portaria CREF13 n\u00ba 288 de 2025 &#8211; Gratifica\u00e7\u00e3o Nildete Francelina de Souza<\/a><\/strong><\/li><li><strong><a href=\"https:\/\/www.cref13.org.br\/cref13\/wp-content\/uploads\/2025\/04\/CREF13BA-DERH-PORT-287-2025-EXPENDIENTE-01-DE-MAIO-DIA-DO-TRABALHO.pdf\">Portaria CREF13 n\u00ba 287 de 2025 &#8211; Expediente Dia do Trabalho<\/a><\/strong><\/li><li><strong><a href=\"https:\/\/www.cref13.org.br\/cref13\/wp-content\/uploads\/2025\/04\/CREF13BA-DERH-PORT-285-2024-PAIXAO-DE-CRISTO-E-TIRADENTES.pdf\">Portaria CREF13 n\u00ba 285 de 2025 &#8211; Expediente Paix\u00e3o de Cristo e Tiradentes<\/a><\/strong><\/li><li><a href=\"https:\/\/www.cref13.org.br\/cref13\/wp-content\/uploads\/2025\/03\/CREF13BA-DERH-PORT-283.2025-ALTERACAO-DE-CARGO-ERICK-DOS-SANTOS-FERNANDES.pdf\"><strong>Portaria CREF13 n\u00ba 284 de 2025 &#8211; Altera\u00e7\u00e3o de Cargo Erick dos Santos Fernandes<\/strong><\/a><\/li><li><a href=\"https:\/\/www.cref13.org.br\/cref13\/wp-content\/uploads\/2025\/02\/CREF13BA-DERH-PORT-283-2024-EXPENDIENTE-NO-PERIODO-DE-CARNAVAL.pdf\"><strong>Portaria CREF13 n\u00ba 283 de 2025 &#8211; Expediente Carnaval<\/strong><\/a><\/li><li><a href=\"https:\/\/www.cref13.org.br\/cref13\/wp-content\/uploads\/2025\/02\/CREF13BA-DERH-PORT-282.2025-NOMEACAO-LILIA-KATIA-ANDRADE-NUNES.pdf\"><strong>Portaria CREF13 n\u00ba 282 de 2025 &#8211; Nomea\u00e7\u00e3o Lilia Katia Andrade Nunes<\/strong><\/a><\/li><li><a href=\"http:\/\/Portaria CREF13 n\u00ba 281 de 2025 - Nomea\u00e7\u00e3o M\u00e1rcio Santana\" data-wplink-url-error=\"true\"><strong>Portaria CREF13 n\u00ba 281 de 2025 &#8211; Nomea\u00e7\u00e3o M\u00e1rcio Santana<\/strong><\/a><\/li><li><a href=\"https:\/\/www.cref13.org.br\/cref13\/wp-content\/uploads\/2025\/02\/CREF13BA-DERH-PORT-280-2025-NOMEACAO-DOS-MEMBROS-DA-CAMARA-DE-NORMATIZACAO-CN.pdf\"><strong>Portaria CREF13 n\u00ba 280 de 2025 &#8211; Nomea\u00e7\u00e3o dos Membros da\u00a0 C\u00e2mara de Normatiza\u00e7\u00e3o<\/strong><\/a><\/li><li><a href=\"https:\/\/www.cref13.org.br\/cref13\/wp-content\/uploads\/2025\/02\/CREF13BA-DERH-PORT-279-2025-NOMEACAO-DOS-MEMBROS-DA-COMISSAO-DE-PROCESSOS-ADMINISTRATIVOS.pdf\"><strong>Portaria CREF13 n\u00ba 279 de 2025 &#8211; Nomea\u00e7\u00e3o dos Membros da Comiss\u00e3o de Processos Administrativos\u00a0<\/strong><\/a><\/li><li><a href=\"https:\/\/www.cref13.org.br\/cref13\/wp-content\/uploads\/2025\/02\/CREF13BA-DERH-PORT-278-2025-NOMEACAO-DOS-MEMBROS-DA-CAMARA-DE-ORIENTACAO-E-ETICA-PROFISSIONAL-COEP.pdf\"><strong>Portaria CREF13 n\u00ba 278 de 2025\u00a0 &#8211; Nomea\u00e7\u00e3o dos Membros da C\u00e2mara de Orienta\u00e7\u00e3o e \u00c9tica Profissional<\/strong><\/a>\u00a0<\/li><li><a href=\"https:\/\/www.cref13.org.br\/cref13\/wp-content\/uploads\/2025\/02\/CREF13BA-DERH-PORT-276-2025-NOMEACAO-DOS-MEMBROS-DA-CAMARA-DE-FISCALIZACAO-CF.pdf\"><strong>Portaria CREF13 n\u00ba 276 de 2025 &#8211; Nomea\u00e7\u00e3o dos Membros da C\u00e2mara de Fiscaliza\u00e7\u00e3o<\/strong><\/a><\/li><li><strong><a href=\"https:\/\/www.cref13.org.br\/cref13\/wp-content\/uploads\/2025\/02\/CREF13BA-DERH-PORT-275.2024-ALTERACAO-DO-ENCARREGADO-DO-TRATAMENTO-DE-DADOS.pdf\">Portaria CREF13 n\u00ba 275 de 2025 &#8211; Altera\u00e7\u00e3o do Encarregado do Tratamento de Dados<\/a><\/strong><\/li><li><a href=\"https:\/\/www.cref13.org.br\/cref13\/wp-content\/uploads\/2025\/01\/CREF13BA-DERH-PORT-274-2024-EXONERACAO-DIOGO-CARDOSO-SANTOS-SUZARTE-1.pdf\"><strong>Portaria CREF13 n\u00ba 274 de 2025 &#8211; Exonera\u00e7\u00e3o Diogo Carodoso Santos Suzarte<\/strong><\/a><\/li><li><a href=\"https:\/\/www.cref13.org.br\/cref13\/wp-content\/uploads\/2025\/01\/CREF13BA-DERH-PORT-273-2025-ADIANTAMENTO-DE-VIAGEM-1.pdf\"><strong>Portaria CREF13 n\u00ba 273 de 2025 &#8211; Adiantamento de Viagem<\/strong><\/a><\/li><li><strong><a href=\"https:\/\/www.cref13.org.br\/cref13\/wp-content\/uploads\/2025\/01\/CREF13BA-DERH-PORT-0272.2025-APLICACAO-DO-DAYOFF.pdf\">Portaria CREF13 n\u00ba 272 de 2025 &#8211; Aplica\u00e7\u00e3o do Day Off<\/a><\/strong><\/li><li><strong><a href=\"https:\/\/www.cref13.org.br\/cref13\/wp-content\/uploads\/2025\/01\/CREF13BA-DERH-PORT-271.2023-ALTERACAO-DE-CARGO-ALBERTO-CESAR-BRITO-CASAES.pdf\">Portaria CREF13 n\u00ba 271 de 2025\u00a0 &#8211; Altera\u00e7\u00e3o de Cargo de Alberto Cesar Brito Casaes<\/a><\/strong><\/li><li><a href=\"https:\/\/www.cref13.org.br\/cref13\/wp-content\/uploads\/2025\/02\/CREF13BA-DERH-PORT-270-2025-NOMEACAO-DOS-MEMBROS-DA-CAMARA-DE-JULGAMENTO-CJ.pdf\"><strong>Portaria CREF13 n\u00ba 270 de 2025 &#8211; Nomea\u00e7\u00e3o dos Membros da C\u00e2mara de Julgamento<\/strong><\/a><\/li><li><strong><a href=\"https:\/\/www.cref13.org.br\/cref13\/wp-content\/uploads\/2025\/02\/CREF13BA-DERH-PORT-269-2025-NOMEACAO-DOS-MEMBROS-DA-COMISSAO-DE-FINANCAS-CCF.pdf\">Portaria CREF13 n\u00ba 269 de 2025 &#8211; Nomea\u00e7\u00e3o dos Membros da C\u00e2mara de Controle e Finan\u00e7as\u00a0<\/a><\/strong><\/li><li><a href=\"https:\/\/www.cref13.org.br\/cref13\/wp-content\/uploads\/2025\/02\/CREF13BA-DERH-PORT-268-2025-NOMEACAO-DOS-MEMBROS-DA-CAMARA-DE-REGISTRO-CR.pdf\"><strong>Portaria CREF13 n\u00ba 268 de 2025 &#8211; Nomea\u00e7\u00e3o dos Membros da C\u00e2mara de Registro<\/strong><\/a><\/li><\/ul>\t\t\t\t\t\t\t\t<\/div>\n\t\t\t\t<\/div>\n\t\t\t\t<div class=\"elementor-element elementor-element-a79f8bc elementor-widget elementor-widget-heading\" data-id=\"a79f8bc\" data-element_type=\"widget\" data-widget_type=\"heading.default\">\n\t\t\t\t<div class=\"elementor-widget-container\">\n\t\t\t\t\t<h3 class=\"elementor-heading-title elementor-size-default\">2024<\/h3>\t\t\t\t<\/div>\n\t\t\t\t<\/div>\n\t\t\t\t<div class=\"elementor-element elementor-element-4af3b59 elementor-widget elementor-widget-text-editor\" data-id=\"4af3b59\" data-element_type=\"widget\" data-widget_type=\"text-editor.default\">\n\t\t\t\t<div class=\"elementor-widget-container\">\n\t\t\t\t\t\t\t\t\t<ul><li><a href=\"https:\/\/www.cref13.org.br\/cref13\/wp-content\/uploads\/2024\/12\/CREF13BA-DERH-PORT-0267.2024-FUNCAO-GRATIFICADA-TIAGO-FIGUEIREDO-PALMA.pdf\"><strong>Portaria CREF13 n\u00ba 267 de 2024 &#8211; Fun\u00e7\u00e3o Gratificada\u00a0 de Tiago de\u00a0 Figueiredo Palma<\/strong><\/a><\/li><li><a href=\"https:\/\/www.cref13.org.br\/cref13\/wp-content\/uploads\/2024\/12\/CREF13BA-DERH-PORT-0266.2024-EXPEDIENTE-FINAL-DE-ANO-2024-Copia.pdf\"><strong>Portaria CREF13 n\u00ba 266 de 2024 &#8211; Expediente Final de Ano<\/strong><\/a><\/li><li><strong><a href=\"https:\/\/www.cref13.org.br\/cref13\/wp-content\/uploads\/2024\/12\/CREF13BA-DERH-PORT-265-2024-COMISSAO-DE-INVENTARIO-1.pdf\">Portaria CREF13 n\u00ba 265 de 2024 &#8211; Comiss\u00e3o de Invent\u00e1rio<\/a><\/strong><\/li><li><strong><a href=\"https:\/\/www.cref13.org.br\/cref13\/wp-content\/uploads\/2024\/11\/CREF13BA-DERH-PORT-264.2024-EXPEDIENTE-ELEICOES-CREF13-2024.pdf\">Portaria CREF13 n\u00ba 264 de 2024 &#8211; Expediente Elei\u00e7\u00f5es 2024<\/a><\/strong><\/li><li><a href=\"https:\/\/www.cref13.org.br\/cref13\/wp-content\/uploads\/2024\/11\/CREF13BA-DERH-PORT-263.2024-EXPEDIENTE-CONSCIENCIA-NEGRA-2024.pdf\"><strong>Portaria CREF13 n\u00ba 263 de 2024 &#8211; Expediente Consci\u00eancia Negra<\/strong><\/a><\/li><li><a href=\"https:\/\/www.cref13.org.br\/cref13\/wp-content\/uploads\/2024\/11\/CREF13BA-DERH-PORT-262.2024-EXPEDIENTE-PROCLAMACAO-DA-REPUBLICA-2024.pdf\"><strong>Portaria CREF13 n\u00ba 262 de 2024 &#8211; Expediente Proclama\u00e7\u00e3o da Rep\u00fablica<\/strong><\/a><\/li><li><a href=\"https:\/\/www.cref13.org.br\/cref13\/wp-content\/uploads\/2025\/01\/CREF13BA-DERH-PORT-260-2024-SECRETARIA-DA-COMISSAO-ELEITORAL.pdf\"><strong>Portaria CREF13 n\u00ba 260 de 2024 &#8211; Secretaria da Comiss\u00e3o Eleitoral<\/strong><\/a><\/li><li><a href=\"https:\/\/www.cref13.org.br\/cref13\/wp-content\/uploads\/2024\/09\/CREF13BA-DERH-PORT-258-2024-RETORNO-ATENDIMENTO-PRESENCIAL-2024.pdf\"><strong>Portaria CREF13 n\u00ba 258 de 2024 &#8211; Retorno Atendimento Presencial 2024<\/strong><\/a><\/li><li><strong><a href=\"https:\/\/www.cref13.org.br\/cref13\/wp-content\/uploads\/2024\/09\/CREF13BA-DERH-PORT-257-2024-ALBERTO-CESAR-BRITO-CASAES.pdf\">Portaria CREF13 n\u00ba 257 de 2024 &#8211; Nomea\u00e7\u00e3o Alberto Cesar Brito Casaes<\/a><\/strong><\/li><li><strong><a href=\"https:\/\/www.cref13.org.br\/cref13\/wp-content\/uploads\/2024\/09\/CREF13BA-DERH-PORT-0256.2024-ALTERACAO-DO-ENCARREGADO-DO-TRATAMENTO-DE-DADOS.pdf\">Portaria CREF13 n\u00ba 256 de 2024 &#8211; Altera\u00e7\u00e3o do Encarregado do Tratamento de Dados do CREF13\/BA<\/a><\/strong><\/li><li><strong><a href=\"https:\/\/www.cref13.org.br\/cref13\/wp-content\/uploads\/2024\/09\/CREF13BA-DERH-PORT-255-2024-EXONERACAO-ROGER-JESUS-MASSA-DE-SOUSA.pdf\">Portaria CREF13 n\u00ba 255 de 2024 &#8211; Exonera\u00e7\u00e3o Roger de Jesus Massa de Sousa<\/a><\/strong><\/li><li><a href=\"https:\/\/www.cref13.org.br\/cref13\/wp-content\/uploads\/2024\/09\/CREF13BA-DERH-PORT-254-2024-DIOGO-CARDOSO-SANTOS-SUZARTE.pdf\"><strong>Portaria CREF13 n\u00ba 254 de 2024 &#8211;\u00a0 Nomea\u00e7\u00e3o Diogo Cardoso Santos Suzarte\u00a0<\/strong><\/a><\/li><li><strong><a href=\"https:\/\/www.cref13.org.br\/cref13\/wp-content\/uploads\/2024\/08\/CREF13BA-DERH-PORT-252-2024-EXONERACAO-MARCIO-AMORIM-LEITE.pdf\">Portaria CREF13 n\u00ba 252 de 2024 &#8211; Exonera\u00e7\u00e3o Marcio Amorim Leite<\/a><\/strong><\/li><li><strong><a href=\"https:\/\/www.cref13.org.br\/cref13\/wp-content\/uploads\/2024\/08\/CREF13BA-DERH-PORT-250-2024-NOMEACAO-MARCIO-AMORIM-LEITE.pdf\">Portaria CREF13 n\u00ba 250 de 2024 &#8211; Nomea\u00e7\u00e3o Marcio Amorim Leite<\/a><\/strong><\/li><li><strong><a href=\"https:\/\/www.cref13.org.br\/cref13\/wp-content\/uploads\/2024\/08\/CREF13BA-DERH-PORT-249-2024-NOMEACAO-ISLAINE-DE-ALMEIDA-CARVALHO.pdf\">Portaria CREF13 n\u00ba 249 de 2024 &#8211; Nomea\u00e7\u00e3o Islaine de Almeida Carvalho<\/a><\/strong><\/li><li><strong><a href=\"https:\/\/www.cref13.org.br\/cref13\/wp-content\/uploads\/2024\/07\/CREF13BA-DERH-PORT-248.2024-EXPEDIENTE-2-DE-JULHO-2024-1.pdf\">Portaria CREF13 n\u00ba 248 de 2024 &#8211; Expediente 2 de Julho<\/a><\/strong><\/li><li><a href=\"https:\/\/www.cref13.org.br\/cref13\/wp-content\/uploads\/2024\/06\/CREF13BA-DERH-PORT-0247.2024-ALTERACAO-DO-ENCARREGADO-DO-TRATAMENTO-DE-DADOS.pdf\"><strong>Portaria CREF13 n\u00ba 247 de 2024 &#8211; Altera\u00e7\u00e3o do Encarregado do Tratamento de Dados do CREF13\/BA<\/strong><\/a><\/li><li><a href=\"https:\/\/www.cref13.org.br\/cref13\/wp-content\/uploads\/2024\/06\/CREF13BA-DERH-PORT-246-2024-EXONERACAO-ARISSON-MAGALHAES-DE-JESUS-BARROS.pdf\"><strong>Portaria CREF13 n\u00ba 246 de 2024 &#8211; Exonera\u00e7\u00e3o Arisson Magalh\u00e3es de Jesus Barros <\/strong><\/a><\/li><li><strong><a href=\"https:\/\/www.cref13.org.br\/cref13\/wp-content\/uploads\/2024\/06\/CREF13BA-DERH-PORT-245.2024-EXPEDIENTE-SAO-JOAO-2024.pdf\">Portaria CREF13 n\u00ba 245 de 2024 &#8211; Expediente S\u00e3o Jo\u00e3o<\/a><\/strong><\/li><li><a href=\"https:\/\/www.cref13.org.br\/cref13\/wp-content\/uploads\/2024\/06\/CREF13BA-DERH-PORT-244-2024-EXONERACAO-ANNA-VALERIA-DA-SILVA-DE-SOUZA-LAGO.pdf\"><b>Portaria CREF13 n\u00ba 244 de 2024 &#8211; Exonera\u00e7\u00e3o Anna Valeria da Silva de Souza Lago<\/b><\/a><\/li><li><strong><a href=\"https:\/\/www.cref13.org.br\/cref13\/wp-content\/uploads\/2024\/05\/CREF13BA-DERH-PORT-0243.2024-EXPEDIENTE-CORPUS-CHRISTI-2024.pdf\">Portaria CREF13 n\u00ba 243 de 2024 &#8211; Expediente Corpus Christi<\/a><\/strong><\/li><li><strong><a href=\"https:\/\/www.cref13.org.br\/cref13\/wp-content\/uploads\/2024\/05\/CREF13BA-DERH-PORT-0242.2024-FUNCAO-GRATIFICADA-ILANA-DE-ASSIS-LIMA.pdf\" target=\"_blank\" rel=\"noopener\">Portaria CREF13 n\u00ba 242 de 2024 &#8211; Fun\u00e7\u00e3o Gratificada Concedida a Ilana de Assis Lima<\/a><\/strong><\/li><li><strong><a href=\"https:\/\/www.cref13.org.br\/cref13\/wp-content\/uploads\/2024\/03\/CREF13BA-DERH-PORT-240-2024-NOMEACAO-TIAGO-GALLO-DA-SILVA-1.pdf\">Portaria<\/a><a href=\"https:\/\/www.cref13.org.br\/cref13\/wp-content\/uploads\/2024\/03\/CREF13BA-DERH-PORT-240-2024-NOMEACAO-TIAGO-GALLO-DA-SILVA-1.pdf\"> CR<\/a><a href=\"https:\/\/www.cref13.org.br\/cref13\/wp-content\/uploads\/2024\/03\/CREF13BA-DERH-PORT-240-2024-NOMEACAO-TIAGO-GALLO-DA-SILVA-1.pdf\">EF13 n\u00ba 241 de 2024 &#8211;<\/a><a href=\"https:\/\/www.cref13.org.br\/cref13\/wp-content\/uploads\/2024\/03\/CREF13BA-DERH-PORT-0241.2024-EXPEDIENTE-SEMANA-SANTA-2024.pdf\"> Expediente Semana Santa<\/a><\/strong><\/li><li><strong><a href=\"https:\/\/www.cref13.org.br\/cref13\/wp-content\/uploads\/2024\/03\/CREF13BA-DERH-PORT-240-2024-NOMEACAO-TIAGO-GALLO-DA-SILVA-1.pdf\">Portaria<\/a><a href=\"https:\/\/www.cref13.org.br\/cref13\/wp-content\/uploads\/2024\/03\/CREF13BA-DERH-PORT-240-2024-NOMEACAO-TIAGO-GALLO-DA-SILVA-1.pdf\"> CR<\/a><a href=\"https:\/\/www.cref13.org.br\/cref13\/wp-content\/uploads\/2024\/03\/CREF13BA-DERH-PORT-240-2024-NOMEACAO-TIAGO-GALLO-DA-SILVA-1.pdf\">EF13 n\u00ba 240 de 2024 &#8211;<\/a><a href=\"https:\/\/www.cref13.org.br\/cref13\/wp-content\/uploads\/2024\/03\/CREF13BA-DERH-PORT-240-2024-NOMEACAO-TIAGO-GALLO-DA-SILVA-1.pdf\"> Nomea\u00e7\u00e3o Tiago Gallo da Silva<\/a><\/strong><\/li><li><a href=\"https:\/\/www.cref13.org.br\/cref13\/wp-content\/uploads\/2024\/08\/CREF13BA-DERH-PORT-237-2024-NOMEACAO-JOAO-MARCOS-MACEDO-PEDREIRA-DE-CERQUEIRA.pdf\"><strong>Portaria CREF13 n\u00ba 239 de 2024 &#8211; Exonera\u00e7\u00e3o Kely da Silva Santos<\/strong><\/a><\/li><li><a href=\"https:\/\/www.cref13.org.br\/cref13\/wp-content\/uploads\/2024\/08\/CREF13BA-DERH-PORT-238-2024-NOMEACAO-ROGER-DE-JESUS-MASSA-DE-SOUSA.pdf\"><strong>Portaria CREF13 n\u00ba 238 de 2024 &#8211; Nomea\u00e7\u00e3o Roger de Jesus Massa de Sousa<\/strong><\/a><\/li><li><strong><a href=\"https:\/\/www.cref13.org.br\/cref13\/wp-content\/uploads\/2024\/10\/CREF13BA-DERH-PORT-237-2024-NOMEACAO-JOAO-MARCOS-MACEDO-PEDREIRA-DE-CERQUEIRA.pdf\">Portaria CREF13 n\u00ba 237 de 2024 &#8211; Nomea\u00e7\u00e3o Jo\u00e3o Marcos Macedo Pedreira de Cerqueira<\/a><\/strong><\/li><li><strong><a href=\"https:\/\/www.cref13.org.br\/cref13\/wp-content\/uploads\/2024\/08\/CREF13BA-DERH-PORT-236-2024-NOMEACAO-JULIANNA-COSTA-SOUZA.pdf\">Portaria CREF13 n\u00ba 236 de 2024 &#8211; Nomea\u00e7\u00e3o Juliana Costa Souza<\/a><\/strong><\/li><li><a href=\"https:\/\/www.cref13.org.br\/cref13\/wp-content\/uploads\/2024\/08\/CREF13BA-DERH-PORT-235-2024-EXONERACAO-DANIELLE-GOUVEIA-DE-VASCONCELOS.pdf\"><strong>Portaria CREF13 n\u00ba 235 de 2024 &#8211; Exonera\u00e7\u00e3o <\/strong><\/a><strong><a href=\"https:\/\/www.cref13.org.br\/cref13\/wp-content\/uploads\/2024\/08\/CREF13BA-DERH-PORT-232.2024-NOMEACAO-DANIELLE-GOUVEIA-DE-VASCONCELOS.pdf\">Danielle Gouveia de Vasconcelos<\/a>\u00a0<\/strong><\/li><li><a href=\"https:\/\/www.cref13.org.br\/cref13\/wp-content\/uploads\/2024\/08\/CREF13BA-DERH-PORT-234.2024-NOMEACAO-RAFAELA-DE-LIMA-DA-SILVA.pdf\"><strong>Portaria CREF13 n\u00ba 234 de 2024 &#8211; Nomea\u00e7\u00e3o Rafaela de Lima da Silva<\/strong><\/a><\/li><li><a href=\"https:\/\/www.cref13.org.br\/cref13\/wp-content\/uploads\/2024\/03\/CREF13BA-DERH-PORT-233-2024-EXONERACAO-LORENA-SANTOS-CALDAS.pdf\"><strong>Portaria CREF13 n\u00ba 233 de 2024 &#8211; Exonera\u00e7\u00e3o Lorena Santos Caldas<\/strong><\/a><\/li><li><strong><a href=\"https:\/\/www.cref13.org.br\/cref13\/wp-content\/uploads\/2024\/08\/CREF13BA-DERH-PORT-232.2024-NOMEACAO-DANIELLE-GOUVEIA-DE-VASCONCELOS.pdf\">Portaria CREF13 n\u00ba 232 de 2024 &#8211; Nomea\u00e7\u00e3o Danielle Gouveia de Vasconcelos<\/a><\/strong><\/li><li><strong><a href=\"https:\/\/www.cref13.org.br\/cref13\/wp-content\/uploads\/2024\/08\/CREF13BA-DERH-PORT-231-2024-NOMEACAO-ELANE-ESTRELA-DE-OLIVEIRA-BOA-MORTE.pdf\">Portaria CREF13 n\u00ba 231 de 2024 &#8211; Nomea\u00e7\u00e3o Elane Estrela de Oliveira<\/a><\/strong><\/li><li><a href=\"https:\/\/www.cref13.org.br\/cref13\/wp-content\/uploads\/2024\/02\/CREF13BA-DERH-PORT-230-2024-EXPENDIENTE-NO-PERIODO-DE-CARNAVAL.pdf\"><strong>Portaria CREF13 n\u00ba 230 de 2024 &#8211; Expediente carnaval<\/strong><\/a><\/li><li><strong><a href=\"https:\/\/www.cref13.org.br\/cref13\/wp-content\/uploads\/2024\/02\/CREF13BA-SUPE-PORT-229.2024-EXPEDIENTE-OBRAS-2024.pdf\">Portaria CREF13 n\u00ba 229 de 2024 &#8211; Suspens\u00e3o de atendimento presencial durante o per\u00edodo de obras<\/a><\/strong><\/li><\/ul>\t\t\t\t\t\t\t\t<\/div>\n\t\t\t\t<\/div>\n\t\t\t\t<div class=\"elementor-element elementor-element-e1eb62d elementor-widget elementor-widget-heading\" data-id=\"e1eb62d\" data-element_type=\"widget\" data-widget_type=\"heading.default\">\n\t\t\t\t<div class=\"elementor-widget-container\">\n\t\t\t\t\t<h3 class=\"elementor-heading-title elementor-size-default\">2023<\/h3>\t\t\t\t<\/div>\n\t\t\t\t<\/div>\n\t\t\t\t<div class=\"elementor-element elementor-element-9a498af elementor-widget elementor-widget-text-editor\" data-id=\"9a498af\" data-element_type=\"widget\" data-widget_type=\"text-editor.default\">\n\t\t\t\t<div class=\"elementor-widget-container\">\n\t\t\t\t\t\t\t\t\t<ul><li><strong><a href=\"https:\/\/www.cref13.org.br\/cref13\/wp-content\/uploads\/2023\/12\/CREF13BA-SUPE-PORT-0228.2023-EXPEDIENTE-FINAL-DE-ANO-2023.pdf\">Portaria CREF13 n\u00ba 228 de 2023 &#8211; Expediente de final de ano<\/a><\/strong><\/li><li><a href=\"https:\/\/www.cref13.org.br\/cref13\/wp-content\/uploads\/2023\/12\/CREF13BA-ASLC-PORT-0227.2023-NOMEACAO-AGENTE-CONTRATACAO-EQUIPE-DE-APOIO.pdf\"><strong>Portaria CREF13 n\u00ba 227 de 2023 &#8211; Nomea\u00e7\u00e3o equipe de apoio<\/strong><\/a><\/li><li><strong><a href=\"https:\/\/www.cref13.org.br\/cref13\/wp-content\/uploads\/2023\/12\/CREF13BA-DERH-PORT-0226.2023-EXONERACAO-ANDERSON-SOUZA-LIMA.pdf\">Portaria CREF13 n\u00ba 226 de 2023 &#8211; Exonera\u00e7\u00e3o Anderson Souza Lima<\/a><\/strong><\/li><li><strong><a href=\"https:\/\/www.cref13.org.br\/cref13\/wp-content\/uploads\/2023\/12\/CREF13BA-DERH-PORT-0225.2023-EXONERACAO-MAIARA-SENA-CAVALCANTE.pdf\">Portaria CREF13 n\u00ba 225 de 2023 &#8211; Exonera\u00e7\u00e3o Maiara Sena Cavalcante\u00a0<\/a><\/strong><\/li><li><strong><a href=\"https:\/\/www.cref13.org.br\/cref13\/wp-content\/uploads\/2023\/12\/CREF13BA-DERH-PORT-0224.2023-ALTERACAO-DE-CARGO-ERICK-DOS-SANTOS-FERNANDES.pdf\">Portaria CREF13 n\u00ba 224 de 2023 &#8211; Altera\u00e7\u00e3o de Cargo Erick dos Santos Fernandes<\/a><\/strong><\/li><li><strong><a href=\"https:\/\/www.cref13.org.br\/cref13\/wp-content\/uploads\/2023\/12\/CREF13BA-DERH-PORT-0223.2023-ALTERACAO-DE-CARGO-ARISSON-MAGALHAES-DE-JESUS-BARROS.pdf\">Portaria CREF13 n\u00ba 223 de 2023 &#8211; Altera\u00e7\u00e3o de Cargo Arisson Magalh\u00e3es de Jesus Barros<\/a><\/strong><\/li><li><strong><a href=\"https:\/\/www.cref13.org.br\/cref13\/wp-content\/uploads\/2023\/12\/CREF13BA-DERH-PORT-0222.2023-NOMEACAO-ANDERSON-SOUZA-LIMA.pdf\">Portaria CREF13 n\u00ba 222 de 2023 &#8211; Nomea\u00e7\u00e3o Anderson Souza Lima<\/a><\/strong><\/li><li style=\"font-size: 16px;\"><a style=\"font-family: var( --e-global-typography-text-font-family ), Sans-serif; font-weight: var( --e-global-typography-text-font-weight );\" href=\"https:\/\/www.cref13.org.br\/cref13\/wp-content\/uploads\/2023\/11\/CREF13BA-DERH-PORT-0221.2023-NOMEACAO-COMISSAO-CHAMAMENTO-assinado.pdf\"><span style=\"font-weight: bold;\">Portaria CREF13 n\u00ba 221 de 2023 &#8211; Nomea\u00e7\u00e3o da Comiss\u00e3o Julgadora\u00a0<\/span><\/a><\/li><li><a style=\"font-family: var( --e-global-typography-text-font-family ), Sans-serif; font-weight: var( --e-global-typography-text-font-weight );\" href=\"https:\/\/www.cref13.org.br\/cref13\/wp-content\/uploads\/2023\/10\/CREF13BA-DERH-PORT-0220.2023-FERIADO-NACIONAL-DE-FINADOS-1.pdf\"><span style=\"font-weight: bold;\">Portaria CREF13 n\u00ba 220 de 2023 &#8211; Expediente Feriado Nacional de Finados<\/span><\/a><\/li><li><a style=\"font-family: var( --e-global-typography-text-font-family ), Sans-serif; font-weight: var( --e-global-typography-text-font-weight );\" href=\"https:\/\/www.cref13.org.br\/cref13\/wp-content\/uploads\/2023\/10\/CREF13BA-DERH-PORT-0219.2023-FERIADO-NACIONAL-NOSSA-SENHORA-APARECIDA.pdf\"><span style=\"font-weight: bold;\">Portaria CREF13 n\u00ba 219 de 2023 &#8211; Expediente Feriado 12 de Outubro<\/span><\/a><\/li><li><a style=\"font-family: var( --e-global-typography-text-font-family ), Sans-serif; font-weight: var( --e-global-typography-text-font-weight );\" href=\"https:\/\/www.cref13.org.br\/cref13\/wp-content\/uploads\/2023\/10\/CREF13BA-DERH-PORT-0218.2023-PUBLICIDADE-DO-ENCARREGADO-DO-TRATAMENTO-DE-DADOS.pdf\"><span style=\"font-weight: bold;\">Portaria CREF13 n\u00ba 218 de 2023 &#8211; Publicidade do Encarregado do Tratamento e Prote\u00e7\u00e3o de Dados<\/span><\/a><\/li><li><a style=\"font-family: var( --e-global-typography-text-font-family ), Sans-serif; font-weight: var( --e-global-typography-text-font-weight );\" href=\"https:\/\/www.cref13.org.br\/cref13\/wp-content\/uploads\/2023\/08\/CREF13BA-DERH-PORT-0217.2023-FERIADO-NACIONAL-INDEPENDENCIA-DO-BRASIL.pdf\"><span style=\"font-weight: bold;\">Portaria CREF13 n\u00ba 217 de 2023 &#8211; Expediente Feriado 7 de Setembro<\/span><\/a><\/li><li><a style=\"font-family: var( --e-global-typography-text-font-family ), Sans-serif; font-weight: var( --e-global-typography-text-font-weight );\" href=\"https:\/\/www.cref13.org.br\/cref13\/wp-content\/uploads\/2023\/08\/CREF13BA-DERH-PORT-0216.2023-NOMEACAO-ARISSON-MAGALHAES-DE-JESUS-BARROS.pdf\"><span style=\"font-weight: bold;\">Portaria CREF13 n\u00ba 216 de 2023 &#8211; Nomea\u00e7\u00e3o de Arisson Magalh\u00e3es de Jesus Barros<\/span><\/a><\/li><li><a style=\"font-family: var( --e-global-typography-text-font-family ), Sans-serif; font-weight: var( --e-global-typography-text-font-weight );\" href=\"https:\/\/www.cref13.org.br\/cref13\/wp-content\/uploads\/2023\/08\/cref13ba-derh-port-02152023-exoneracao-boris-marcio-rabelo-da-rocha.pdf\"><span style=\"font-weight: bold;\">Portaria CREF13 n\u00ba 215 de 2023 &#8211; Exonera\u00e7\u00e3o Boris M\u00e1rcio Rabelo da Rocha<\/span><\/a><\/li><li><a style=\"font-family: var( --e-global-typography-text-font-family ), Sans-serif; font-weight: var( --e-global-typography-text-font-weight );\" href=\"https:\/\/www.cref13.org.br\/cref13\/wp-content\/uploads\/2023\/08\/Portaria_214_2023_Comissao_Concurso-alterada-1.pdf\"><span style=\"font-weight: bold;\">Portaria CREF13 n\u00ba 214 de 2023 &#8211; Nomea\u00e7\u00e3o Comiss\u00e3o do Concurso<\/span><\/a><\/li><li><strong><a href=\"https:\/\/www.cref13.org.br\/cref13\/wp-content\/uploads\/2024\/09\/CREF13BA-DERH-PORT-0213.2023-NOMEACAO-BORIS.pdf\">Portaria CREF13 n\u00ba 213 de 2023 &#8211; Nomea\u00e7\u00e3o Boris Marcio da Rocha Rabelo\u00a0<\/a><\/strong><\/li><li><a href=\"https:\/\/www.cref13.org.br\/cref13\/wp-content\/uploads\/2024\/01\/CREF13BA-SUPE-PORT-0212.2023-Honorarios-Sucumbenciais-1-1.pdf\" target=\"_blank\" rel=\"noopener\"><strong><span class=\"ui-provider a b c d e f g h i j k l m n o p q r s t u v w x y z ab ac ae af ag ah ai aj ak\" dir=\"ltr\">Portaria CREF13 n\u00ba 212 de 2023 &#8211; Honor\u00e1rios Sucumbenciais<\/span><\/strong><\/a><\/li><li><a style=\"font-family: var( --e-global-typography-text-font-family ), Sans-serif; font-weight: var( --e-global-typography-text-font-weight );\" href=\"https:\/\/www.cref13.org.br\/documentos\/legislacao\/portarias\/2023\/cref13ba-derh-port-02112023-exoneracao-leandro.pdf\"><span style=\"font-weight: bold;\">Portaria CREF13 n\u00ba 211 de 2023 &#8211; Exonera\u00e7\u00e3o Leandro Lima dos Santos\u00a0<\/span><\/a><\/li><li><a href=\"https:\/\/www.cref13.org.br\/documentos\/legislacao\/portarias\/2023\/cref13ba-derh-port-02102023-exoneracao-larissa.pdf\"><span style=\"font-weight: bold;\">Portaria CREF13 n\u00ba 210 de 2023 &#8211; Exonera\u00e7\u00e3o Larissa Santana Nascimento<\/span><\/a><\/li><li><a href=\"https:\/\/www.cref13.org.br\/documentos\/legislacao\/portarias\/2023\/portaria-cref13-2092023-expediente-sao-joao-2023.pdf\"><span style=\"font-weight: bold;\">Portaria CREF13 n\u00ba 209 de 2023 &#8211; Expediente S\u00e3o Jo\u00e3o 2023<\/span><\/a><\/li><li><a href=\"https:\/\/www.cref13.org.br\/documentos\/legislacao\/portarias\/2023\/portaria-cref13-02082023-exoneracao-esmael.pdf\"><span style=\"font-weight: bold;\">Portaria CREF13 n\u00ba 208 de 2023 &#8211; Exonera\u00e7\u00e3o \u00a0Esmael Caliman Filho<\/span><\/a><\/li><li><strong><a href=\"https:\/\/www.cref13.org.br\/cref13\/wp-content\/uploads\/2024\/09\/CREF13BA-DERH-PORT-0207.2023-NOMEACAO-KELY.pdf\">Portaria CREF13 n\u00ba 207 de 2023 &#8211; Nomea\u00e7\u00e3o Kely\u00a0 da Silva Santos<\/a><\/strong><\/li><li><strong><a href=\"https:\/\/www.cref13.org.br\/cref13\/wp-content\/uploads\/2024\/09\/CREF13BA-DERH-PORT-0206.2023-NOMEACAO-LARISSA.pdf\">Portaria CREF13 n\u00ba 206 de 2023 &#8211; Nomea\u00e7\u00e3o Larissa Santana do Nascimento<\/a><\/strong><\/li><li style=\"font-size: 16px;\"><a href=\"https:\/\/www.cref13.org.br\/documentos\/legislacao\/portarias\/2023\/portaria-cref132052023-exoneracao-bianca-magaly.pdf\"><span style=\"font-weight: bold;\">Portaria CREF13 n\u00ba 205 de 2023 &#8211; Exonera\u00e7\u00e3o Bianca Magaly Pedreira Concei\u00e7\u00e3o\u00a0<\/span><\/a><\/li><li style=\"font-size: 16px;\"><a href=\"https:\/\/www.cref13.org.br\/documentos\/legislacao\/portarias\/2023\/portaria-cref13-2042023-expediente-durante-o-feriado-municipal-corpus-christi.pdf\"><span style=\"font-weight: bold;\">Portaria CREF13 n\u00ba 204 de 2023 &#8211; Expediente durante o Feriado de Corpus Christi\u00a0<\/span><\/a><\/li><li style=\"font-size: 16px;\"><a href=\"https:\/\/www.cref13.org.br\/documentos\/legislacao\/portarias\/2023\/portaria-cref13-2032023-nomeacao-dos-membros-da-camara-de-registro.pdf\"><span style=\"font-weight: bold;\">Portaria CREF13 n\u00ba 203 de 2023 &#8211; Nomea\u00e7\u00e3o dos Membros da C\u00e2mara Registro\u00a0<\/span><\/a><\/li><li style=\"font-size: 16px;\"><a href=\"https:\/\/www.cref13.org.br\/documentos\/legislacao\/portarias\/2023\/portaria-cref13-2022023-processo-administrativo-comissao-permanente.pdf\"><span style=\"font-weight: bold;\">Portaria CREF13 n\u00ba 202 de 2023 &#8211; Processo Administrativo Comiss\u00e3o Permanente\u00a0<\/span><\/a><\/li><li style=\"font-size: 16px;\"><a style=\"font-family: var( --e-global-typography-text-font-family ), Sans-serif; font-weight: var( --e-global-typography-text-font-weight );\" href=\"https:\/\/www.cref13.org.br\/documentos\/legislacao\/portarias\/2023\/portaria-cref13-2012023-nomeacao-dos-membros-da-camara-de-julgamento-(cj).pdf\"><span style=\"font-weight: bold;\">Portaria CREF13 n\u00ba 201 de 2023 &#8211; Nomea\u00e7\u00e3o dos Membros da C\u00e2mara de Julgamento\u00a0<\/span><\/a><\/li><li><a href=\"https:\/\/www.cref13.org.br\/documentos\/legislacao\/portarias\/2023\/portaria-cref13-2002023-nomeacao-de-administrador-das-contas-2-tesoureiro-assis-dos-santos-luiz.pdf\"><span style=\"font-weight: bold;\">Portaria CREF13 n\u00ba 200 de 2023 &#8211; Nomea\u00e7\u00e3o de Administrador das contas 2\u00ba Tesoureiro &#8211; Assis dos Santos Luiz<\/span><\/a><\/li><li><a href=\"https:\/\/www.cref13.org.br\/documentos\/legislacao\/portarias\/2023\/portaria-cref13-1982023-nomeacao-dos-membros-da-camara-de-julgamento.pdf\"><span style=\"font-weight: bold;\">Portaria CREF13 n\u00ba 198 de 2023 &#8211; Nomea\u00e7\u00e3o da C\u00e2mara de Julgamento<\/span><\/a><\/li><li><a href=\"https:\/\/www.cref13.org.br\/cref13\/wp-content\/uploads\/2024\/10\/CREF13BA-DERH-PORT-0197.2023-NOMEACAO-ANDRE.pdf\"><span style=\"font-weight: bold;\">Portaria CREF13 n\u00ba 197 de 2023 &#8211; Nomea\u00e7\u00e3o Andre da Costa Nunes<\/span><\/a><\/li><li><a href=\"https:\/\/www.cref13.org.br\/documentos\/legislacao\/portarias\/2023\/portaria-cref13-1962023-reajuste-salario-2023.pdf\"><span style=\"font-weight: bold;\">Portaria CREF13 n\u00ba 196 de 2023 &#8211; Reajuste Salario 2023<\/span><\/a><\/li><li><strong><a href=\"https:\/\/www.cref13.org.br\/cref13\/wp-content\/uploads\/2024\/09\/CREF13BA-DERH-PORT-0195.2023-NOMEACAO-LORENA-LAIS.pdf\">Portaria CREF13 n\u00ba 195 de 2023 &#8211; Nomea\u00e7\u00e3o Lorena La\u00eds Araujo dos Santos<\/a><\/strong><\/li><li><strong><a href=\"https:\/\/www.cref13.org.br\/cref13\/wp-content\/uploads\/2024\/09\/CREF13BA-DERH-PORT-0194.2023-NOMEACAO-HADASSA.pdf\">Portaria CREF13 n\u00ba 194 de 2023 &#8211; Nomea\u00e7\u00e3o Hadassa Arag\u00e3o<\/a><\/strong><\/li><li style=\"font-size: 16px;\"><strong><a href=\"https:\/\/www.cref13.org.br\/cref13\/wp-content\/uploads\/2024\/09\/CREF13BA-DERH-PORT-0193.2023-NOMEACAO-REGIANE-LUZ.pdf\">Portaria CREF13 n\u00ba 193 de 2023 &#8211; Nomea\u00e7\u00e3o Regiane da Luz da Silva<\/a><\/strong><\/li><li><a href=\"https:\/\/www.cref13.org.br\/documentos\/legislacao\/portarias\/2023\/portaria-cref13-1922023-exoneracao-de-izanna-maria-coelho-santos.pdf\" target=\"_blank\" rel=\"noopener\"><b>Portaria CREF13 n\u00ba 192 de 2023 &#8211; Exonera\u00e7\u00e3o de Izanna Maria Coelho Santos<\/b><\/a><\/li><li><a href=\"https:\/\/www.cref13.org.br\/documentos\/legislacao\/portarias\/2023\/portaria-cref13-1912023-exoneracao-de-mirna-torquato-almei-da-costa-ara\u00fajo.pdf\"><b>Portaria CREF13 n\u00ba 191 de 2023 &#8211; Exonera\u00e7\u00e3o de Mirna Torquato Almeida da Costa Ara\u00fajo<\/b><\/a><\/li><li><a href=\"https:\/\/www.cref13.org.br\/documentos\/legislacao\/portarias\/2023\/portaria-cref13-1892023-funcao-gratificada-silvana-de-jesus-dos-santos-lima.pdf\"><b>Portaria CREF13 n\u00ba 189 de 2023 &#8211; Fun\u00e7\u00e3o Gratificada concedida a Silvana de Jesus dos Santos Lima<\/b><\/a><\/li><li style=\"font-size: 16px;\"><a href=\"https:\/\/www.cref13.org.br\/documentos\/legislacao\/portarias\/2023\/portaria-cref13-1882023-processo-administrativo-com-permanente.pdf\"><span style=\"font-weight: bold;\">Portaria CREF13 n\u00ba 188 de 2023 &#8211; Processo administrativo Comiss\u00e3o Permanente<\/span><\/a><\/li><\/ul>\t\t\t\t\t\t\t\t<\/div>\n\t\t\t\t<\/div>\n\t\t\t\t<div class=\"elementor-element elementor-element-dc3d906 elementor-widget elementor-widget-heading\" data-id=\"dc3d906\" data-element_type=\"widget\" data-widget_type=\"heading.default\">\n\t\t\t\t<div class=\"elementor-widget-container\">\n\t\t\t\t\t<h3 class=\"elementor-heading-title elementor-size-default\">2022<\/h3>\t\t\t\t<\/div>\n\t\t\t\t<\/div>\n\t\t\t\t<div class=\"elementor-element elementor-element-0031c18 elementor-widget elementor-widget-text-editor\" data-id=\"0031c18\" data-element_type=\"widget\" data-widget_type=\"text-editor.default\">\n\t\t\t\t<div class=\"elementor-widget-container\">\n\t\t\t\t\t\t\t\t\t<ul><li><a href=\"https:\/\/www.cref13.org.br\/documentos\/legislacao\/portarias\/2022\/portaria-cref13-1862022-altera\u00e7\u00e3o-de-cargo-de-karine-stefany-ramos-gandolfi.pdf\"><b>Portaria CREF13 n\u00ba 186 de 2022<\/b><span style=\"font-weight: bolder;\"> &#8211;\u00a0<\/span><b>Altera\u00e7\u00e3o de Cargo de Karine Stefany Ramos Gandolfi<\/b><\/a><\/li><li style=\"font-size: 16px;\"><a href=\"https:\/\/www.cref13.org.br\/documentos\/legislacao\/portarias\/2022\/portaria-cref13-1852022-exoneracao-claudio-de-jesus-pereira.pdf\"><span style=\"font-weight: bolder;\">Portaria CREF13 n\u00ba 185 de 2022 &#8211; <\/span><\/a><a href=\"https:\/\/www.cref13.org.br\/documentos\/legislacao\/portarias\/2022\/portaria-cref13-1852022-exoneracao-claudio-de-jesus-pereira.pdf\"><b>Exonera\u00e7\u00e3o de Claudio de Jesus Pereira<\/b><\/a><\/li><li><a href=\"https:\/\/www.cref13.org.br\/documentos\/legislacao\/portarias\/2022\/portaria-cref13-1842022-exoneracao-mariana-ibrahim-sarmento-lomi.pdf\"><span style=\"font-weight: bolder;\">Portaria CREF13 n\u00ba 184 de 2022 &#8211;\u00a0<\/span><b><span style=\"font-weight: bold;\">Exonera\u00e7\u00e3o de\u00a0<\/span>Mariana Ibrahim Sarmento Lomi<\/b><\/a><\/li><li><a href=\"https:\/\/www.cref13.org.br\/documentos\/legislacao\/portarias\/2022\/portaria-cref13-1832022-expediente-da-copa-2022.pdf\"><span style=\"font-weight: bolder;\">Portaria CREF13 n\u00ba 183 de 2022 &#8211;\u00a0<\/span><b>Expediente da Copa 2022<\/b><\/a><\/li><li><a href=\"https:\/\/www.cref13.org.br\/documentos\/legislacao\/portarias\/2022\/portaria-cref13-1822022-exoneracao-andrea-lana-pereira-de-barros-melo.pdf\"><span style=\"font-weight: bolder;\">Portaria CREF13 n\u00ba 182 de 2022 &#8211;\u00a0<\/span><b>Exonera\u00e7\u00e3o de Andr\u00e9a Lana Pereira de Barros Melo<\/b><\/a><\/li><li><a href=\"https:\/\/cref13.org.br\/documentos\/legislacao\/portarias\/2022\/portaria-cref13-1812022-processo-administrativo-00112022.pdf\"><strong>Portaria CREF13 n\u00ba 181 de 2022 &#8211; Processo Administrativo 011.2022<\/strong><\/a><\/li><li><a href=\"https:\/\/cref13.org.br\/documentos\/legislacao\/portarias\/2022\/portaria-cref13-1802022-processo-administrativo-00102022\"><strong>Portaria CREF13 n\u00ba 180 de 2022 &#8211; Processo Administrativo 010.2022<\/strong><\/a><\/li><li><a href=\"https:\/\/cref13.org.br\/documentos\/legislacao\/portarias\/2022\/portaria-cref13-1792022-processo-administrativo-00092022.pdf\"><strong>Portaria CREF13 n\u00ba 179 de 2022 &#8211; Processo Administrativo 009.2022<\/strong><\/a><\/li><li style=\"font-size: 16px;\"><a style=\"font-family: var( --e-global-typography-text-font-family ), Sans-serif; font-weight: var( --e-global-typography-text-font-weight );\" href=\"https:\/\/cref13.org.br\/documentos\/legislacao\/portarias\/2022\/portaria-cref13-1782022-processo-administrativo-00082022.pdf\"><span style=\"font-weight: bolder;\">Portaria CREF13 n\u00ba 178 de 2022 &#8211; Processo Administrativo 008.2022<\/span><\/a><\/li><li style=\"font-size: 16px;\"><a href=\"https:\/\/cref13.org.br\/documentos\/legislacao\/portarias\/2022\/portaria-cref13-1772022-processo-administrativo-00072022.pdf\"><span style=\"font-weight: bolder;\">Portaria CREF13 n\u00ba 177 de 2022 &#8211; Processo Administrativo 007.2022<\/span><\/a><\/li><li style=\"font-size: 16px;\"><a href=\"https:\/\/cref13.org.br\/documentos\/legislacao\/portarias\/2022\/portaria-cref13-1762022-processo-administrativo-00062022.pdf\"><span style=\"font-weight: bolder;\">Portaria CREF13 n\u00ba 176 de 2022 &#8211; Processo Administrativo 006.2022<\/span><\/a><\/li><li style=\"font-size: 16px;\"><a href=\"https:\/\/cref13.org.br\/documentos\/legislacao\/portarias\/2022\/portaria-cref13-1752022-processo-administrativo-00052022.pdf\"><span style=\"font-weight: bolder;\">Portaria CREF13 n\u00ba 175 de 2022 &#8211; Processo Administrativo 005.2022<\/span><\/a><\/li><li style=\"font-size: 16px;\"><a href=\"https:\/\/cref13.org.br\/documentos\/legislacao\/portarias\/2022\/portaria-cref13-1742022-processo-administrativo-00042022.pdf\"><span style=\"font-weight: bolder;\">Portaria CREF13 n\u00ba 174 de 2022 &#8211; Processo Administrativo 004.2022<\/span><\/a><\/li><li><a style=\"font-size: 16px;\" href=\"https:\/\/cref13.org.br\/documentos\/legislacao\/portarias\/2022\/portaria-cref13-1732022-processo-administrativo-00032022.pdf\"><span style=\"font-weight: bolder;\">Portaria CREF13 n\u00ba 173 de 2022 &#8211; Processo Administrativo 003.2022<\/span><\/a><\/li><li style=\"font-size: 16px;\"><a href=\"https:\/\/cref13.org.br\/documentos\/legislacao\/portarias\/2022\/portaria-cref13-1722022-adiantamento-de-viagem.pdf\"><strong>Portaria CREF13 n\u00ba 172 de 2022 &#8211; Adiantamento de Viagem &#8211; 2022.23<\/strong><\/a><\/li><li style=\"font-size: 16px;\"><a href=\"https:\/\/cref13.org.br\/documentos\/legislacao\/portarias\/2022\/portaria-cref13-1712022-dilacao-de-prazo-cpa-20220001.pdf\"><span style=\"font-weight: bolder;\">Portaria CREF13 n\u00ba 171 de 2022 &#8211; Dila\u00e7\u00e3o de Prazo &#8211; CPA 2022.0001<\/span><\/a><\/li><li style=\"font-size: 16px;\"><a href=\"https:\/\/cref13.org.br\/documentos\/legislacao\/portarias\/2022\/portaria-cref13-1702022-dilacao-de-prazo-cpa-20220002.pdf\"><span style=\"font-weight: bolder;\">Portaria CREF13 n\u00ba 170 de 2022 &#8211; Dila\u00e7\u00e3o de Prazo &#8211; CPA 2022.0002<\/span><\/a><\/li><li style=\"font-size: 16px;\"><a href=\"https:\/\/cref13.org.br\/documentos\/legislacao\/portarias\/2022\/portaria-cref13-1692022-nomeacao-de-defensor-dativo-cpar-pj.pdf\"><span style=\"font-weight: bolder;\">Portaria CREF13 n\u00ba 169 de 2022 &#8211; Nomea\u00e7\u00e3o de Defensor Dativo &#8211; CPAR-PJ<\/span><\/a><\/li><li style=\"font-size: 16px;\"><a href=\"https:\/\/cref13.org.br\/documentos\/legislacao\/portarias\/2022\/portaria-cref13-1682022-processo-administrativo-20220002.pdf\"><span style=\"font-weight: bolder;\">Portaria CREF13 n\u00ba 168 de 2022 &#8211; Processo Administrativo 2022.0002<\/span><\/a><\/li><li style=\"font-size: 16px;\"><a href=\"https:\/\/cref13.org.br\/documentos\/legislacao\/portarias\/2022\/portaria-cref13-1672022-processo-administrativo-20220001.pdf\"><span style=\"font-weight: bolder;\">Portaria CREF13 n\u00ba 167 de 2022 &#8211; Processo Administrativo 2022.0001<\/span><\/a><\/li><li><a href=\"https:\/\/cref13.org.br\/documentos\/legislacao\/portarias\/2022\/portaria-cref13-1662022-exoneracao-de-mirna-torquato-almeida-costa-araujo-e-nomeacao-exoneracao-lorena-e-nomeacao-de-lorena.pdf\"><span style=\"font-weight: bolder;\">Portaria CREF13 n\u00ba 166 de 2022 &#8211; Altera\u00e7\u00e3o de Cargo de Mirna Torquato Almeida Costa Arau\u0301jo e Lorena Santos Caldas<\/span><\/a><\/li><li><a href=\"https:\/\/cref13.org.br\/documentos\/legislacao\/portarias\/2022\/portaria-cref13-1652022-feriado-municipal-corpus-christi.pdf\"><span style=\"font-weight: bolder;\">Portaria CREF13 n\u00ba 165 de 2022 &#8211; Feriado Municipal de Corpus Christi<\/span><\/a><\/li><li><a href=\"https:\/\/cref13.org.br\/documentos\/legislacao\/portarias\/2022\/portaria-cref13-1642022-expediente-sao-joao-2022.pdf\"><span style=\"font-weight: bolder;\">Portaria CREF13 n\u00ba 164 de 2022 &#8211; Expediente no dia 23 de junho de 2022<\/span><\/a><\/li><li><a href=\"https:\/\/cref13.org.br\/documentos\/legislacao\/portarias\/2022\/portaria-cref13-1632022-nomeacao-e-exoneracao-andrea-pena.pdf\"><span style=\"font-weight: bolder;\">Portaria CREF13 n\u00ba 163 de 2022 &#8211; Nomea\u00e7\u00e3o de Andr\u00e9a Lana Pereira de Barros Melo<\/span><\/a><\/li><li><a href=\"https:\/\/cref13.org.br\/documentos\/legislacao\/portarias\/2024\/Portaria%20CREF13%20N%C2%BA%20162.2022%20-%20%20PRAZOS%20ADMINISTRATIVOS%20SETOR%20DE%20ATENDIMENTO.pdf\" target=\"_blank\" rel=\"noopener\"><span style=\"font-weight: bolder;\">Portaria CREF 13 n\u00ba 162 de 2022 &#8211; Prazos Administrativos Setor de Atendimento<\/span><\/a><\/li><li><a href=\"https:\/\/cref13.org.br\/documentos\/legislacao\/portarias\/2022\/portaria-cref13-1602022-atendimento-presencial.pdf\"><span style=\"font-weight: bolder;\">Portaria CREF13 n\u00ba 160 de 2022 &#8211; A<\/span><strong>tendimento Presencial<\/strong><\/a><\/li><li><a href=\"https:\/\/cref13.org.br\/documentos\/legislacao\/portarias\/2022\/portaria-cref13-1592022-nomeacao-comissao-de-financas.pdf\"><span style=\"font-weight: bolder;\">Portaria CREF13 n\u00ba 159 de 2022 &#8211;\u00a0<\/span><b>Nomea\u00e7\u00e3o da Comiss\u00e3o de Finan\u00e7as<\/b><\/a><\/li><li><a href=\"https:\/\/cref13.org.br\/documentos\/legislacao\/portarias\/2022\/portaria-cref13-1582022-suspensao-do-atendimento-presencial.pdf\"><strong>Portaria CREF13 n\u00ba 158 de 2022 &#8211; Suspens\u00e3o do Atendimento Presencial<\/strong><\/a><\/li><li style=\"font-size: 16px;\"><a href=\"https:\/\/cref13.org.br\/documentos\/legislacao\/portarias\/2022\/portaria-cref13-1572022-expediente-carnaval.pdf\"><strong>Portaria CREF13 n\u00ba 157 de 2022 &#8211; Recesso Carnaval<\/strong><\/a><\/li><li style=\"font-size: 16px;\"><a href=\"https:\/\/cref13.org.br\/documentos\/legislacao\/portarias\/2022\/portaria-cref13-1552022-suspensao-do-atendimento-presencial-2022.pdf\"><span style=\"font-weight: bolder;\">Portaria CREF13 n\u00ba 155 de 2022 &#8211; Suspens\u00e3o do Atendimento Presencial<\/span><\/a><\/li><li style=\"font-size: 16px;\"><a href=\"https:\/\/cref13.org.br\/documentos\/legislacao\/portarias\/2022\/portaria-cref13-n-1532022-nomeacao-de-bianca-magaly.pdf\"><span style=\"font-weight: bolder;\">Portaria CREF13 n\u00ba 153 de 2022 &#8211; Nomea\u00e7\u00e3o de Bianca Magaly<\/span><\/a><\/li><li style=\"font-size: 16px;\"><a href=\"https:\/\/cref13.org.br\/documentos\/legislacao\/portarias\/2022\/portaria-cref13-n-1522022-nomeacao-de-mariana-ibrahim.pdf\"><span style=\"font-weight: bolder;\">Portaria CREF13 n\u00ba 152 de 2022 &#8211; Nomea\u00e7\u00e3o de Mariana Ibrahim\u00a0<\/span><\/a><\/li><li style=\"font-size: 16px;\"><a href=\"https:\/\/cref13.org.br\/documentos\/legislacao\/portarias\/2022\/portaria-cref13-n-1512022-nomeacao-e-exoneracao-lucas-pena.pdf\"><span style=\"font-weight: bolder;\">Portaria CREF13 n\u00ba 151 de 2022 &#8211; <\/span><\/a><a href=\"https:\/\/cref13.org.br\/documentos\/legislacao\/portarias\/2022\/portaria-cref13-n-1512022-nomeacao-e-exoneracao-lucas-pena.pdf\"><span style=\"font-weight: bolder;\">Nomea\u00e7\u00e3o e Exonera\u00e7\u00e3o de Lucas Pena<\/span><\/a><\/li><li style=\"font-size: 16px;\"><a href=\"https:\/\/cref13.org.br\/documentos\/legislacao\/portarias\/2022\/portaria-cref13-1472022-nomeacao-comissao-de-etica.pdf\"><span style=\"font-weight: bolder;\">Portaria CREF13 n\u00ba 147 de 2022 &#8211; Nomea\u00e7\u00e3o da Comiss\u00e3o de \u00c9tica<\/span><\/a><\/li><li><a href=\"https:\/\/cref13.org.br\/documentos\/legislacao\/portarias\/2022\/portaria-cref13-1462022-nomeacao-de-leandro-lima-dos-santos.pdf\"><strong>Portaria CREF13 n\u00ba 146 de 2022 &#8211; Nomea\u00e7\u00e3o de Leandro Lima dos Santos<\/strong><\/a><\/li><li><a href=\"https:\/\/www.cref13.org.br\/documentos\/legislacao\/portarias\/2022\/portaria-cref13-1452022-atendimento-presencial.pdf\"><strong>Portaria CREF13 n\u00ba 145 de 2022 &#8211; Atendimento Presencial<\/strong><\/a><\/li><\/ul>\t\t\t\t\t\t\t\t<\/div>\n\t\t\t\t<\/div>\n\t\t\t\t<div class=\"elementor-element elementor-element-da050fd elementor-widget elementor-widget-heading\" data-id=\"da050fd\" data-element_type=\"widget\" data-widget_type=\"heading.default\">\n\t\t\t\t<div class=\"elementor-widget-container\">\n\t\t\t\t\t<h3 class=\"elementor-heading-title elementor-size-default\">2021<\/h3>\t\t\t\t<\/div>\n\t\t\t\t<\/div>\n\t\t\t\t<div class=\"elementor-element elementor-element-da70626 elementor-widget elementor-widget-text-editor\" data-id=\"da70626\" data-element_type=\"widget\" data-widget_type=\"text-editor.default\">\n\t\t\t\t<div class=\"elementor-widget-container\">\n\t\t\t\t\t\t\t\t\t<ul>\n<li><a href=\"https:\/\/www.cref13.org.br\/documentos\/legislacao\/portarias\/2021\/portaria-cref13-1442021-exoneracao-moises-cardoso-aragao-junior.pdf\"><strong>Portaria CREF13 n\u00ba 144 de 2021 &#8211;&nbsp;Exonera\u00e7\u00e3o de Mois\u00e9s Cardoso Arag\u00e3o J\u00fanior<\/strong><\/a><\/li>\n<li><strong><a href=\"https:\/\/www.cref13.org.br\/documentos\/legislacao\/portarias\/2021\/portaria-cref13-1432021-expediente-final-de-ano.pdf\">Portaria CREF13 n\u00ba 143 de 2021 &#8211; Expediente Final de Ano<\/a><\/strong><\/li>\n<li><a href=\"https:\/\/www.cref13.org.br\/documentos\/legislacao\/portarias\/2021\/portaria-cref13-1422021-exoneracao-viviane-oliveira-costa-de-rezende.pdf\"><span style=\"font-weight: bolder;\">Portaria CREF13 n\u00ba 142 de 2021 &#8211; Exonera\u00e7\u00e3o Viviane Oliveira Costa de Rezende<\/span><\/a><\/li>\n<li><a href=\"https:\/\/www.cref13.org.br\/documentos\/legislacao\/portarias\/2021\/portaria-cref13-1412021-nomeacao-izanna-maria-coelho-santos.pdf\"><span style=\"font-weight: bolder;\">Portaria CREF13 n\u00ba 141 de 2021 &#8211;&nbsp;<\/span><span style=\"font-weight: bolder;\">Nomea\u00e7\u00e3o Izanna Maria Coelho Santos<\/span><\/a><\/li>\n<li><a href=\"https:\/\/www.cref13.org.br\/documentos\/legislacao\/portarias\/2021\/portaria-cref13-1402021-suspensao-do-atendimento.pdf\"><span style=\"font-weight: bolder;\">Portaria CREF13 n\u00ba 140 de 2021 &#8211; Suspens\u00e3o do Atendimento<br><\/span><\/a><\/li>\n<li style=\"font-size: 16px;\"><a href=\"https:\/\/www.cref13.org.br\/documentos\/legislacao\/portarias\/2021\/portaria-cref13-139-2021-mudanca-de-cargo-de-karine-stefany-ramos-gandolfi.pdf\"><span style=\"font-size: 16px; font-weight: bolder;\">Portaria CREF13 n\u00ba 139 de 2021 &#8211;&nbsp;<\/span><b>Mudan\u00e7a de Cargo de Karine Stefany Ramos Gandolfi&nbsp;<\/b><\/a><\/li>\n<li><a href=\"https:\/\/www.cref13.org.br\/documentos\/legislacao\/portarias\/2021\/portaria-cref13-138-2021-mudanca-de-cargo-de-claudio-de-jesus-pereira.pdf\"><span style=\"font-size: 16px; font-weight: bolder;\">Portaria CREF13 n\u00ba 138 de 2021 &#8211; <\/span><b>Mudan\u00e7a de Cargo de Claudio de Jesus Pereira<\/b><\/a><\/li>\n<li><a style=\"font-family: var( --e-global-typography-text-font-family ), Sans-serif; font-weight: var( --e-global-typography-text-font-weight );\" href=\"https:\/\/www.cref13.org.br\/documentos\/legislacao\/portarias\/2021\/portaria-cref13-1372021-nomeacao-maiara-sena-cavalcante.pdf\"><strong>Portaria CREF13 n\u00ba 137 de 2021 &#8211; Exonera\u00e7\u00e3o e Nomea\u00e7\u00e3o Maiara Sena Cavalcante<\/strong><\/a><\/li>\n<li><a href=\"https:\/\/www.cref13.org.br\/documentos\/legislacao\/portarias\/2021\/portaria-cref13-1362021-suspensao-01-novembro.pdf\"><strong>Portaria CREF13 n\u00ba 136 de 2021 &#8211; Suspens\u00e3o Atendimento 01.11.2021<\/strong><\/a><\/li>\n<li><a href=\"https:\/\/www.cref13.org.br\/documentos\/legislacao\/portarias\/2021\/portaria-cref13-1352021-nomeacao-de-erick-fernandes.pdf\"><strong>Portaria CREF13 n\u00ba 135 de 2021 &#8211; Nomea\u00e7\u00e3o de Erick Fernandes<\/strong><\/a><\/li>\n<li style=\"font-size: 16px;\"><a href=\"https:\/\/www.cref13.org.br\/documentos\/legislacao\/portarias\/2021\/portaria-cref13-1342021-suspensao-atendimento-presencial-eleicao.pdf\"><strong>Portaria CREF13 n\u00ba 134 de 2021 &#8211; Suspens\u00e3o do Atendimento Presencial (Elei\u00e7\u00e3o)<\/strong><\/a><\/li>\n<li><a href=\"https:\/\/www.cref13.org.br\/documentos\/legislacao\/portarias\/2021\/portaria-cref13-1332021-publicidade-do-encarregado-do-tratamento-de-dados.pdf\"><strong>Portaria CREF13 n\u00ba 133 de 2021 &#8211; Publicidade do Encarregado do Tratamento e Prote\u00e7\u00e3o de Dados<\/strong><\/a><\/li>\n<li style=\"font-size: 16px;\"><a href=\"https:\/\/www.cref13.org.br\/documentos\/legislacao\/portarias\/2021\/portaria-cref13-1322021-nomeacao-de-esmael-caliman-filho.pdf\"><strong>Portaria CREF13 n\u00ba 132 de 2021 &#8211; Nomea\u00e7\u00e3o Esmael Caliman Filho<\/strong><\/a><\/li>\n<li><a href=\"https:\/\/www.cref13.org.br\/documentos\/legislacao\/portarias\/2021\/portaria-cref13-131-renovacao-e-nomeacao-da-equipe-de-apoio-dos-processos-de-licitacao-\u2013-modalidade-pregao-do-cref13ba.pdf\"><strong>Portaria CREF13 n\u00ba 131 de 2021 &#8211; Renova\u00e7\u00e3o e Nomea\u00e7\u00e3o da Equipe de Apoio<\/strong><\/a><\/li>\n<li><a href=\"https:\/\/www.cref13.org.br\/documentos\/legislacao\/portarias\/2021\/portaria-cref13-1302021-recesso-sao-joao.pdf\"><strong>Portaria CREF13 n\u00ba 130 de 2021 &#8211; S\u00e3o Jo\u00e3o 2021<\/strong><\/a><\/li>\n<li><a href=\"https:\/\/www.cref13.org.br\/documentos\/legislacao\/portarias\/2021\/portaria-cref13-1292021-exoneracao-de-emanoel-bandeira.pdf\"><strong>Portaria CREF13 n\u00ba 129 de 2021 &#8211; Exonera\u00e7\u00e3o de Emanoel Bandeira<\/strong><\/a><\/li>\n<li><a href=\"https:\/\/www.cref13.org.br\/documentos\/legislacao\/portarias\/2021\/portaria-cref13-1282021-funcao-gratificada-concedida-a-jean-morais.pdf\"><strong>Portaria CREF13 n\u00ba 128 de 2021 &#8211; Fun\u00e7\u00e3o Gratificada Concedida a Jean Morais<\/strong><\/a><\/li>\n<li><a href=\"https:\/\/www.cref13.org.br\/documentos\/legislacao\/portarias\/2021\/portaria-cref13-1272021-publicidade-perda-do-cargo-de-conselheiro-e-renuncia.pdf\"><strong>Portaria CREF13 n\u00ba 127 de 2021 &#8211; Perda do Cargo de Conselheiro e Ren\u00fancia de Conselheiros do CREF13\/BA<\/strong><\/a><\/li>\n<li><a href=\"https:\/\/www.cref13.org.br\/documentos\/legislacao\/portarias\/2021\/portaria-cref13-1262021-suspensao-do-atendimento-presencial.pdf\"><strong>Portaria CREF13 n\u00ba 126 de 2021 &#8211; Suspens\u00e3o do Atendimento Presencial<\/strong><\/a><\/li>\n<li><a href=\"https:\/\/www.cref13.org.br\/documentos\/legislacao\/portarias\/2021\/portaria-cref13-1252021-ampliacao-e-procedimento-de-retomada-de-atendimento-presencial.pdf\"><strong>Portaria CREF13 n\u00ba 125 de 2021 &#8211; Amplia\u00e7\u00e3o e Procedimento de Retomada de Atendimento Presencial<\/strong><\/a><\/li>\n<li><a href=\"https:\/\/www.cref13.org.br\/documentos\/legislacao\/portarias\/2021\/portaria-cref13-1242021-nomeacao-robson-mendes.pdf\"><strong>Portaria CREF13 n\u00ba 124 de 2021 &#8211; Nomea\u00e7\u00e3o de Robson Mendes<\/strong><\/a><\/li>\n<li><a href=\"https:\/\/www.cref13.org.br\/documentos\/legislacao\/portarias\/2021\/portaria-cref13-1232021-mudanca-de-cargo-de-mirna-e-nomeacao-de-fernanda-medina.pdf\"><strong>Portaria CREF13 n\u00ba 123 de 2021 &#8211; Mudan\u00e7a de Cargo de Mirna e Nomea\u00e7\u00e3o de Fernanda Medina<\/strong><\/a><\/li>\n<li><a href=\"https:\/\/www.cref13.org.br\/documentos\/legislacao\/portarias\/2021\/portaria-cref13-1222021-nomeacao-de-anna-valeria.pdf\"><strong>Portaria CREF13 n\u00ba 122 de 2021 &#8211; Exonera\u00e7\u00e3o de Laryssa Cardoso dos Santos e Nomea\u00e7\u00e3o de Anna Val\u00e9ria da Silva de Souza Lago<\/strong><\/a><\/li>\n<li><a href=\"https:\/\/www.cref13.org.br\/documentos\/legislacao\/portarias\/2021\/portaria-cref13-1212021-nomeacao-de-claudio-de-jesus-pereira.pdf\"><strong>Portaria CREF13 n\u00ba 121 de 2021 &#8211; Nomea\u00e7\u00e3o de Claudio de Jesus Pereira<\/strong><\/a><\/li>\n<li><a href=\"https:\/\/www.cref13.org.br\/documentos\/legislacao\/portarias\/2021\/portaria-cref13-1202021-ampliacao-e-procedimento-de-retomada-de-atendimento-presencial.pdf\"><strong>Portaria CREF13 n\u00ba 120 de 2021 &#8211; Amplia\u00e7\u00e3o e Procedimento de Retomada de Atendimento Presencial<\/strong><\/a><\/li>\n<li><a href=\"https:\/\/www.cref13.org.br\/documentos\/legislacao\/portarias\/2021\/portaria-cref13-1192021-comissao-de-desfazimento-de-bens.pdf\"><strong>Portaria CREF13 n\u00ba 119 de 2021 &#8211; Comiss\u00e3o de Desfazimento de Bens<\/strong><\/a><\/li>\n<li><a href=\"https:\/\/www.cref13.org.br\/documentos\/legislacao\/portarias\/2021\/portaria-cref13-1182021-nomeacao-de-pregoeiro-juliana.pdf\"><strong>Portaria CREF13 n\u00ba 118 de 2021 &#8211; Nomea\u00e7\u00e3o de Pregoeiro<\/strong><\/a><\/li>\n<li><a href=\"https:\/\/www.cref13.org.br\/documentos\/legislacao\/portarias\/2021\/portaria-cref13-1172021-retomada-atendimento-presencial.pdf\"><strong>Portaria CREF13 n\u00ba 117 de 2021 &#8211; Amplia\u00e7\u00e3o e Procedimento de Retomada de Atendimento Presencial<\/strong><\/a><\/li>\n<li><a href=\"https:\/\/www.cref13.org.br\/documentos\/legislacao\/portarias\/2021\/portaria-cref13-1162021-cobranca-do-cref13.pdf\"><strong>Portaria CREF13 n\u00ba 116 de 2021 &#8211; Processo de Cobran\u00e7a<\/strong><\/a><\/li>\n<li><a href=\"https:\/\/www.cref13.org.br\/documentos\/legislacao\/portarias\/2021\/portaria-cref13-1152021-departamento-de-cobranca.pdf\"><strong>Portaria CREF13 n\u00ba 115 de 2021 &#8211; Cria\u00e7\u00e3o do Setor de Cobran\u00e7a<\/strong><\/a><\/li>\n<li><a href=\"https:\/\/www.cref13.org.br\/documentos\/legislacao\/portarias\/2021\/portaria-cref13-1142021-nomeacao-dos-membros-da-comissao-do-processo-administrativo.pdf\"><strong>Portaria CREF13 n\u00ba 114 de 2021 \u2013 Nomea\u00e7\u00e3o dos Membros da Comiss\u00e3o do Processo Administrativo<\/strong><\/a><\/li>\n<li><a href=\"https:\/\/www.cref13.org.br\/documentos\/legislacao\/portarias\/2021\/portaria-cref13-0212021-exoneracao-de-roberto-rivelino.pdf\"><strong>Portaria CREF13 n\u00ba 021 de 2021 &#8211; Exonera\u00e7\u00e3o de Roberto Rivelino Castro Dourado<\/strong><\/a>&nbsp;<\/li>\n<\/ul>\t\t\t\t\t\t\t\t<\/div>\n\t\t\t\t<\/div>\n\t\t\t\t<div class=\"elementor-element elementor-element-3158b19 elementor-widget elementor-widget-heading\" data-id=\"3158b19\" data-element_type=\"widget\" data-widget_type=\"heading.default\">\n\t\t\t\t<div class=\"elementor-widget-container\">\n\t\t\t\t\t<h3 class=\"elementor-heading-title elementor-size-default\">2020<\/h3>\t\t\t\t<\/div>\n\t\t\t\t<\/div>\n\t\t\t\t<div class=\"elementor-element elementor-element-e70dd72 elementor-widget elementor-widget-text-editor\" data-id=\"e70dd72\" data-element_type=\"widget\" data-widget_type=\"text-editor.default\">\n\t\t\t\t<div class=\"elementor-widget-container\">\n\t\t\t\t\t\t\t\t\t<ul><li><a href=\"https:\/\/www.cref13.org.br\/documentos\/legislacao\/portarias\/2020\/portaria-cref13-1132020-ampliacao-e-procedimento-de-retomada-de-atendimento-presencial.pdf\"><strong>Portaria CREF13 n\u00ba 113 de 2020 \u2013 Amplia\u00e7\u00e3o e Procedimento de Retomada de Atendimento Presencial<\/strong><\/a><\/li><li><a href=\"https:\/\/www.cref13.org.br\/documentos\/legislacao\/portarias\/2020\/portaria-cref13-1122020-expediente-final-de-ano.pdf\"><strong>Portaria CREF13 n\u00ba 112 de 2020 \u2013 Expediente Final de Ano<\/strong><\/a><\/li><li><a href=\"https:\/\/www.cref13.org.br\/documentos\/legislacao\/portarias\/2020\/portaria-cref13-1112020-nomeacao-juliana-pimentel-holtz.pdf\"><strong>Portaria CREF13 n\u00ba 111 de 2020 \u2013 Nomea\u00e7\u00e3o Juliana Pimentel Holtz<\/strong><\/a><\/li><li><a href=\"https:\/\/www.cref13.org.br\/documentos\/legislacao\/portarias\/2020\/portaria-cref13-1102020-ampliacao-e-procedimento-de-retomada-de-atendimento-presencial.pdf\"><strong>Portaria CREF13 n\u00ba 110 de 2020 \u2013 Amplia\u00e7\u00e3o e Procedimento de Retomada de Atendimento Presencial<\/strong><\/a><\/li><li><a href=\"https:\/\/www.cref13.org.br\/documentos\/legislacao\/portarias\/2020\/portaria-cref13-1092020-carlos-romeu-jacobina-mesquita-neto.pdf\"><strong>Portaria CREF13 n\u00ba 109 de 2020 \u2013 Carlos Romeu Jacobina Mesquita Neto<\/strong><\/a><\/li><li><a href=\"https:\/\/www.cref13.org.br\/documentos\/legislacao\/portarias\/2020\/portaria-cref13-1072020-retificacao-portaria-cref13-1072020.pdf\"><strong>Portaria CREF13 n\u00ba 107 de 2020 \u2013 Retifica\u00e7\u00e3o<\/strong><\/a><\/li><li><a href=\"https:\/\/www.cref13.org.br\/documentos\/legislacao\/portarias\/2020\/portaria-cref13-1072020-mudanca-de-cargo-lorena-e-exoneracao-vanessa-e-nomeacao-mirna-e-laryssa.pdf\"><strong>Portaria CREF13 n\u00ba 107 de 2020 \u2013 Mudan\u00e7a de Cargo Lorena e Exonera\u00e7\u00e3o Vanessa e Nomea\u00e7\u00e3o Mirna e Laryssa<\/strong><\/a><\/li><li><a href=\"https:\/\/www.cref13.org.br\/documentos\/legislacao\/portarias\/2020\/portaria-cref13-1062020-ampliacao-e-procedimento-de-retomada-de-atendimento-presencial.pdf\"><strong>Portaria CREF13 n\u00ba 106 de 2020 \u2013 Amplia\u00e7\u00e3o e Procedimento de Retomada de Atendimento Presencial<\/strong><\/a><\/li><li><a href=\"https:\/\/www.cref13.org.br\/documentos\/legislacao\/portarias\/2020\/portaria-cref13-1052020-procedimento-de-retomada-de-atendimento-presencial.pdf\"><strong>Portaria CREF13 n\u00ba 105 de 2020 \u2013 Procedimento de Retomada Parcial de Atendimento Presencial<\/strong><\/a><\/li><li><a href=\"https:\/\/www.cref13.org.br\/documentos\/legislacao\/portarias\/2020\/portaria-cref13-1042020-ampliar-o-prazo-da-portaria-cref13-1032020.pdf\"><strong>Portaria CREF13 n\u00ba 104 de 2020 \u2013 Ampliar o Prazo da Portaria CREF13 n\u00ba 103 de 2020 e d\u00e1 Outras Provid\u00eancias<\/strong><\/a><\/li><li><a href=\"https:\/\/www.cref13.org.br\/documentos\/legislacao\/portarias\/2020\/portaria-cref13-1032020-ampliar-o-prazo-da-portaria-cref13-1002020.pdf\"><strong>Portaria CREF13 n\u00ba 103 de 2020 \u2013 Ampliar o Prazo da Portaria CREF13 n\u00ba100 de 2020 e d\u00e1 Outras Provid\u00eancias<\/strong><\/a><\/li><li><a href=\"https:\/\/www.cref13.org.br\/documentos\/legislacao\/portarias\/2020\/portaria-cref13-1022020-nomeacao-monalisa.pdf\"><strong>Portaria CREF13 n\u00ba 102 de 2020 \u2013 Nomea\u00e7\u00e3o Monalisa de Lima Brunelle<\/strong><\/a><\/li><li><a href=\"https:\/\/www.cref13.org.br\/documentos\/legislacao\/portarias\/2020\/portaria-cref13-1012020-funcao-gratificada-concedida-a-jailson-sao-pedro-de-andrade.pdf\"><strong>Portaria CREF13 n\u00ba 101 de 2020 \u2013 Fun\u00e7\u00e3o Gratificada Concedida a Jailson S\u00e3o Pedro de Andrade<\/strong><\/a><\/li><li><a href=\"https:\/\/www.cref13.org.br\/documentos\/legislacao\/portarias\/2020\/portaria-cref13-1002020-ampliar-o-prazo-da-portaria-cref13-0992020.pdf\"><strong>Portaria CREF13 n\u00ba 100 de 2020 \u2013 Ampliar o Prazo da Portaria CREF13 n\u00ba099 de 2020 e d\u00e1 Outras Provid\u00eancias<\/strong><\/a><\/li><li><a href=\"https:\/\/www.cref13.org.br\/documentos\/legislacao\/portarias\/2020\/portaria-cref13-0992020-ampliar-o-prazo-da-portaria-cref13-0962020.pdf\"><strong>Portaria CREF13 n\u00ba 099 de 2020 \u2013 Ampliar o Prazo da Portaria CREF13 n\u00ba096 de 2020 e d\u00e1 outras Provid\u00eancias<\/strong><\/a><\/li><li><a href=\"https:\/\/www.cref13.org.br\/documentos\/legislacao\/portarias\/2020\/portaria-cref13-0982020-nomeacao-de-emanoel-lima-bandeira.pdf\"><strong>Portaria CREF13 n\u00ba 098 de 2020 \u2013 Nomea\u00e7\u00e3o de Emanoel Lima Bandeira<\/strong><\/a><\/li><li><a href=\"https:\/\/www.cref13.org.br\/documentos\/legislacao\/portarias\/2020\/portaria-cref13-0972020-exoneracao-e-nomeacao-de-maiara-sena-cavalcante.pdf\"><strong>Portaria CREF13 n\u00ba 097 de 2020 \u2013 Exonera\u00e7\u00e3o e Nomea\u00e7\u00e3o de Maiara Sena Cavalcante<\/strong><\/a><\/li><li><a href=\"https:\/\/www.cref13.org.br\/documentos\/legislacao\/portarias\/2020\/portaria-cref13-0962020-ampliar-o-prazo-da-portaria-cref13-0932020.pdf\"><strong>Portaria CREF13 n\u00ba 096 de 2020 \u2013 Ampliar o Prazo da Portaria CREF13 n\u00ba093 de 2020 e d\u00e1 Outras Provid\u00eancias<\/strong><\/a><\/li><li><a href=\"https:\/\/www.cref13.org.br\/documentos\/legislacao\/portarias\/2020\/portaria-cref13-0952020-nomeacao-do-pregoeiro.pdf\"><strong>Portaria CREF13 n\u00ba 095 de 2020 \u2013 Nomea\u00e7\u00e3o do Pregoeiro<\/strong><\/a><\/li><li><a href=\"https:\/\/www.cref13.org.br\/documentos\/legislacao\/portarias\/2020\/portaria-cref13-0942020-nomeacao-dos-membros-da-cpl.pdf\"><strong>Portaria CREF13 n\u00ba 094 de 2020 \u2013 Nomea\u00e7\u00e3o dos Membros da CPL<\/strong><\/a><\/li><li><a href=\"https:\/\/www.cref13.org.br\/documentos\/legislacao\/portarias\/2020\/portaria-cref13-0932020-ampliacao-prazo-da-portaria-cref13-0902020.pdf\"><strong>Portaria CREF13 n\u00ba 093 de 2020 &#8211; Ampliar o Prazo da Portaria CREF13 n\u00ba090 de 2020 e d\u00e1 Outras Provid\u00eancias<\/strong><\/a><\/li><li><a href=\"https:\/\/www.cref13.org.br\/documentos\/legislacao\/portarias\/2020\/portaria-cref13-0922020-nomeacao-de-vanessa-alves-de-souza.pdf\"><strong>Portaria CREF13 n\u00ba 092 de 2020 \u2013 Nomea\u00e7\u00e3o de Vanessa Alves de Souza<\/strong><\/a><\/li><li><a href=\"https:\/\/www.cref13.org.br\/documentos\/legislacao\/portarias\/2020\/portaria-cref13-0912020-exoneracao-catarina-cardoso-de-moura.pdf\"><strong>Portaria CREF13 n\u00ba 091 de 2020 \u2013 Exonera\u00e7\u00e3o Catarina Cardoso de Moura<\/strong><\/a><\/li><li><a href=\"https:\/\/www.cref13.org.br\/documentos\/legislacao\/portarias\/2020\/portaria-cref13-0902020-ampliar-o-prazo-da-portaria-cref13-0882020.pdf\"><strong>Portaria CREF13 n\u00ba 090 de 2020 \u2013 Ampliar o Prazo da Portaria CREF13 n\u00ba 088 de 2020 e d\u00e1 Outras Provid\u00eancias<\/strong><\/a><\/li><li><a href=\"https:\/\/www.cref13.org.br\/documentos\/legislacao\/portarias\/2020\/portaria-cref13-0892020-nomeacao-de-roberto-rivelino-castro-dourado.pdf\"><strong>Portaria CREF13 n\u00ba 089 de 2020 \u2013 Nomea\u00e7\u00e3o de Roberto Rivelino Castro Dourado<\/strong><\/a><\/li><li><a href=\"https:\/\/www.cref13.org.br\/documentos\/legislacao\/portarias\/2020\/portaria-cref13-0882020-ampliar-o-prazo-da-portaria-cref13-0852020.pdf\"><strong>Portaria CREF13 n\u00ba 088 de 2020 \u2013 Ampliar o Prazo da Portaria CREF13 n\u00ba 085 de 2020 e d\u00e1 Outras Provid\u00eancias<\/strong><\/a><\/li><li><a href=\"https:\/\/www.cref13.org.br\/documentos\/legislacao\/portarias\/2020\/portaria-cref13-0872020-exoneracao-diego-hortelio-correia-silva.pdf\"><strong>Portaria CREF13 n\u00ba 087 de 2020 \u2013 Exonera\u00e7\u00e3o Diego Hort\u00e9lio Correia Silva<\/strong><\/a><\/li><li><a href=\"https:\/\/www.cref13.org.br\/documentos\/legislacao\/portarias\/2020\/portaria-cref13-0862020-exoneracao-joao-alfredo-de-menezes-vasconcelos-leite.pdf\"><strong>Portaria CREF13 n\u00ba 086 de 2020 \u2013 Exonera\u00e7\u00e3o Jo\u00e3o Alfredo de Menezes V. Leite<\/strong><\/a><\/li><li><a href=\"https:\/\/www.cref13.org.br\/documentos\/legislacao\/portarias\/2020\/portaria-cref13-0852020-ampliar-o-prazo-da-portaria-cref13-0802020.pdf\"><strong>Portaria CREF13 n\u00ba 085 de 2020 \u2013 Ampliar o Prazo da Portaria CREF13 N\u00ba080 de 2020 e d\u00e1 outras Provid\u00eancias<\/strong><\/a><\/li><li><a href=\"https:\/\/www.cref13.org.br\/documentos\/legislacao\/portarias\/2020\/portaria-cref13-0842020-exoneracao-anselmo-barcelona-lima.pdf\"><strong>Portaria CREF13 n\u00ba 084 de 2020 \u2013 Exonera\u00e7\u00e3o de Anselmo Barcelona<\/strong><\/a><\/li><li><a href=\"https:\/\/www.cref13.org.br\/documentos\/legislacao\/portarias\/2020\/portaria-cref13-0832020-ampliar-o-prazo-da-portaria-cref13-0802020.pdf\"><strong>Portaria CREF13 n\u00ba 083 de 2020 \u2013 Ampliar o Prazo da Portaria CREF13 n\u00ba80 de 2020 e d\u00e1 Outras Provid\u00eancias<\/strong><\/a><\/li><li><a href=\"https:\/\/www.cref13.org.br\/documentos\/legislacao\/portarias\/2020\/portaria-cref13-0822020-acrescenta-medidas-de-prevencao-ao-corona-virus-covid.pdf\"><strong>Portaria CREF13 n\u00ba 082 de 2020 \u2013 Acrescenta Medidas de Preven\u00e7\u00e3o \u00e0 COVID-19<\/strong><\/a><\/li><li><a href=\"https:\/\/www.cref13.org.br\/documentos\/legislacao\/portarias\/2020\/portaria-cref13-0812020-nomeacao-da-cparpj.pdf\"><strong>Portaria CREF13 n\u00ba 081 de 2020 \u2013 Nomea\u00e7\u00e3o da CPAR-PJ<\/strong><\/a><\/li><li><a href=\"https:\/\/www.cref13.org.br\/documentos\/legislacao\/portarias\/2020\/portaria-cref13-0802020-suspensao-de-atendimento-presencial-prevencao-corona-virus-covid.pdf\"><strong>Portaria CREF13 n\u00ba 080 de 2020 \u2013 Suspens\u00e3o de Atendimento Presencial \u2013 Preven\u00e7\u00e3o \u00e0 COVID-19<\/strong><\/a><\/li><li><a href=\"https:\/\/www.cref13.org.br\/documentos\/legislacao\/portarias\/2020\/portaria-cref13-0792020-medida-cautelar.pdf\"><strong>Portaria CREF13 n\u00ba 079 de 2020 \u2013 Medida Cautelar &#8211; Suspens\u00e3o Preventiva de Registro <\/strong><\/a><\/li><li><a href=\"https:\/\/www.cref13.org.br\/documentos\/legislacao\/portarias\/2020\/portaria-cref13-0782020-processo-administrativo.pdf\"><strong>Portaria CREF13 n\u00ba 078 de 2020 \u2013 Processo Administrativo<\/strong><\/a><\/li><li><a href=\"https:\/\/www.cref13.org.br\/documentos\/legislacao\/portarias\/2020\/portaria-cref13-0772020-nomeacao-de-monalisa-brunelle.pdf\"><strong>Portaria CREF13 n\u00ba 077 de 2020 \u2013 Nomea\u00e7\u00e3o de Monalisa Brunelle<\/strong><\/a><\/li><li><a href=\"https:\/\/www.cref13.org.br\/documentos\/legislacao\/portarias\/2020\/portaria-cref13-0762020-recesso-de-carnaval.pdf\"><strong>Portaria CREF13 n\u00ba 076 de 2020 \u2013 Recesso de Carnaval<\/strong><\/a><\/li><\/ul>\t\t\t\t\t\t\t\t<\/div>\n\t\t\t\t<\/div>\n\t\t\t\t<div class=\"elementor-element elementor-element-26f0d22 elementor-widget elementor-widget-heading\" data-id=\"26f0d22\" data-element_type=\"widget\" data-widget_type=\"heading.default\">\n\t\t\t\t<div class=\"elementor-widget-container\">\n\t\t\t\t\t<h3 class=\"elementor-heading-title elementor-size-default\">2019<\/h3>\t\t\t\t<\/div>\n\t\t\t\t<\/div>\n\t\t\t\t<div class=\"elementor-element elementor-element-0e40a4b elementor-widget elementor-widget-text-editor\" data-id=\"0e40a4b\" data-element_type=\"widget\" data-widget_type=\"text-editor.default\">\n\t\t\t\t<div class=\"elementor-widget-container\">\n\t\t\t\t\t\t\t\t\t<ul><li><a href=\"https:\/\/www.cref13.org.br\/documentos\/legislacao\/portarias\/2019\/portaria-cref13-0752019-expediente-final-do-ano.pdf\"><strong>Portaria CREF13 n\u00ba 075 de 2019 \u2013 Expediente 30 de dezembro de 2019<\/strong><\/a><\/li><li><a href=\"https:\/\/www.cref13.org.br\/documentos\/legislacao\/portarias\/2019\/portaria-cref13-0732019-exoneracao-andre-nomeacao-moises.pdf\"><strong>Portaria CREF13 n\u00ba 073 de 2019 \u2013 Exonera\u00e7\u00e3o de Andr\u00e9 Luis Ferreira De Sousa e Nomea\u00e7\u00e3o de Mois\u00e9s Cardoso Arag\u00e3o J\u00fanior<\/strong><\/a><\/li><li><a href=\"https:\/\/www.cref13.org.br\/documentos\/legislacao\/portarias\/2019\/portaria-cref13-0722019-pedido-de-exoneracao-cargo-rafaela.pdf\"><strong>Portaria CREF13 n\u00ba 072 de 2019 \u2013 Pedido de Exonera\u00e7\u00e3o Cargo Rafaela F\u00e9lix dos Santos<\/strong><\/a><\/li><li><a href=\"https:\/\/www.cref13.org.br\/documentos\/legislacao\/portarias\/2019\/portaria-cref13-0712019-criacao-e-nomeacao-novo-cargo.pdf\"><strong>Portaria CREF13 n\u00ba 071 de 2019 \u2013 Cria\u00e7\u00e3o e Nomea\u00e7\u00e3o Novo Cargo<\/strong><\/a><\/li><li><a href=\"https:\/\/www.cref13.org.br\/documentos\/legislacao\/portarias\/2019\/portaria-cref13-0702019-exoneracao-tatiana.pdf\"><strong>Portaria CREF13 n\u00ba 070 de 2019 \u2013 Exonera\u00e7\u00e3o Tatiana Vasconcelos Assis Alves<\/strong><\/a><\/li><li><a href=\"https:\/\/www.cref13.org.br\/documentos\/legislacao\/portarias\/2019\/portaria-cref13-0692019-exoneracao-angelo-devecchi-nomeacao-joao-alfredo.pdf\"><strong>Portaria CREF13 n\u00ba 069 de 2019 \u2013 Exonera\u00e7\u00e3o Angelo Devecchi \u2013 Nomea\u00e7\u00e3o Jo\u00e3o Alfredo<\/strong><\/a><\/li><li><a href=\"https:\/\/www.cref13.org.br\/documentos\/legislacao\/portarias\/2019\/portaria-cref13-0682019-mudanca-de-cargo-viviane-rezende.pdf\"><strong>Portaria CREF13 n\u00ba 068 de 2019 \u2013 Mudan\u00e7a de Cargo Viviane Rezende<\/strong><\/a><\/li><li><a href=\"https:\/\/www.cref13.org.br\/documentos\/legislacao\/portarias\/2019\/portaria-cref13-0672019-reajuste-salarial.pdf\"><strong>Portaria CREF13 n\u00ba 067 de 2019 \u2013 Reajuste Salarial<\/strong><\/a><\/li><li><a href=\"https:\/\/www.cref13.org.br\/documentos\/legislacao\/portarias\/2019\/portaria-cref13-0662019-portaria-comissao-de-licitacao.pdf\"><strong>Portaria CREF13 n\u00ba 066 de 2019 \u2013 Portaria Comiss\u00e3o de Licita\u00e7\u00e3o<\/strong><\/a><\/li><li><a href=\"https:\/\/www.cref13.org.br\/documentos\/legislacao\/portarias\/2019\/portaria-cref13-0652019-nomeacao-de-maiara.pdf\"><strong>Portaria CREF13 n\u00ba 065 de 2019 \u2013 Nomea\u00e7\u00e3o de Maiara Sena Cavalcante<\/strong><\/a><\/li><li><a href=\"https:\/\/www.cref13.org.br\/documentos\/legislacao\/portarias\/2019\/portaria-cref13-0642019-mudanca-de-cargo-viviane.pdf\"><strong>Portaria CREF13 n\u00ba 064 de 2019 \u2013 Mudan\u00e7a de Cargo Viviane<\/strong><\/a><\/li><li><a href=\"https:\/\/www.cref13.org.br\/documentos\/legislacao\/portarias\/2019\/portaria-cref13-0632019-recesso-sao-joao.pdf\"><strong>Portaria CREF13 n\u00ba 063 de 2019 \u2013 S\u00e3o Jo\u00e3o 2019<\/strong><\/a><\/li><li><a href=\"https:\/\/www.cref13.org.br\/documentos\/legislacao\/portarias\/2019\/portaria-cref13-0622019-mudanca-de-cargo-angelo.pdf\"><strong>Portaria CREF13 n\u00ba 062 de 2019 \u2013 Mudan\u00e7a de cargo Angelo<\/strong><\/a><\/li><li><a href=\"https:\/\/www.cref13.org.br\/documentos\/legislacao\/portarias\/2019\/portaria-cref13-0612019-nomeacao-da-cad.pdf\"><strong>Portaria CREF13 n\u00ba 061 de 2019 \u2013 Nomea\u00e7\u00e3o da CAD<\/strong><\/a><\/li><li><a href=\"https:\/\/www.cref13.org.br\/documentos\/legislacao\/portarias\/2019\/portaria-cref13-0602019-nomeacao-de-catarina.pdf\"><strong>Portaria CREF13 n\u00ba 060 de 2019 \u2013 Nomea\u00e7\u00e3o de Catarina<\/strong><\/a><\/li><li><a href=\"https:\/\/www.cref13.org.br\/documentos\/legislacao\/portarias\/2019\/portaria-cref13-0592019-nomeacao-assessores-regionais.pdf\"><strong>Portaria CREF13 n\u00ba 059 de 2019 \u2013 Nomea\u00e7\u00e3o Assessores Regionais<\/strong><\/a><\/li><li><a href=\"https:\/\/www.cref13.org.br\/documentos\/legislacao\/portarias\/2019\/portaria-cref13-0582019-exoneracao-newton-cunha.pdf\"><strong>Portaria CREF13 n\u00ba 058 de 2019 \u2013 Exonera\u00e7\u00e3o Newton dos Santos Cunha Junior<\/strong><\/a><\/li><li><a href=\"https:\/\/www.cref13.org.br\/cref13\/wp-content\/uploads\/2023\/08\/ArquivoPortalTransparencia_980cf1ee-ca7b-4359-9b37-d75345a1185b.pdf\"><strong>Portaria CREF13 n\u00ba 057 de 2019 \u2013 Nomea\u00e7\u00e3o Comiss\u00f5es<\/strong><\/a><\/li><li><a href=\"https:\/\/www.cref13.org.br\/documentos\/legislacao\/portarias\/2019\/portaria-cref13-0562019-exoneracao-artur-nomeacao-andre.pdf\"><strong>Portaria CREF13 n\u00ba 056 de 2019 \u2013 Exonera\u00e7\u00e3o Artur \u2013 Nomea\u00e7\u00e3o Andr\u00e9<\/strong><\/a><\/li><li><a href=\"https:\/\/www.cref13.org.br\/documentos\/legislacao\/portarias\/2019\/portaria-cref13-0552019-exoneracao-de-varne.pdf\"><strong>Portaria CREF13 n\u00ba 055 de 2019 \u2013 Exonera\u00e7\u00e3o de Varn\u00ea dos Santos<\/strong><\/a><\/li><li><a href=\"https:\/\/www.cref13.org.br\/documentos\/legislacao\/portarias\/2019\/portaria-cref13-0542019-substituicao-de-ferias.pdf\"><strong>Portaria CREF13 n\u00ba 054 de 2019 \u2013 Substitui\u00e7\u00e3o de F\u00e9rias<\/strong><\/a><\/li><li><a href=\"https:\/\/www.cref13.org.br\/documentos\/legislacao\/portarias\/2019\/portaria-cref13-0532019-recesso-carnaval.pdf\"><strong>Portaria CREF13 n\u00ba 053 de 2019 \u2013 Carnaval 2019<\/strong><\/a><\/li><li><a href=\"https:\/\/www.cref13.org.br\/documentos\/legislacao\/portarias\/2019\/portaria-cref13-0522019-nomeacao-de-viviane-rezende.pdf\"><strong>Portaria CREF13 n\u00ba 052 de 2019 \u2013 Nomea\u00e7\u00e3o de Viviane Oliveira Costa Rezende<\/strong><\/a><\/li><li><a href=\"https:\/\/www.cref13.org.br\/documentos\/legislacao\/portarias\/2019\/portaria-cref13-0512019-portaria-pregoeiro.pdf\"><strong>Portaria CREF13 n\u00ba 051 de 2019 \u2013 Portaria Pregoeiro<\/strong><\/a><\/li><li><a href=\"https:\/\/www.cref13.org.br\/documentos\/legislacao\/portarias\/2019\/portaria-cref13-0502019-portaria-comissao-de-licitacao.pdf\"><strong>Portaria CREF13 n\u00ba 050 de 2019 \u2013 Comiss\u00e3o de Licita\u00e7\u00e3o<\/strong><\/a><\/li><li><a href=\"https:\/\/www.cref13.org.br\/documentos\/legislacao\/portarias\/2019\/portaria-cref13-0492019-nomeacao-de-ana-lucia-e-diego.pdf\"><strong>Portaria CREF13 n\u00ba 049 de 2019 \u2013 Nomea\u00e7\u00e3o Ana L\u00facia Monteiro e Diego Hort\u00e9lio Correia Silva\u00a0<\/strong><\/a><\/li><li><a href=\"https:\/\/www.cref13.org.br\/documentos\/legislacao\/portarias\/2019\/portaria-cref13-0482019-exoneracao-jailson.pdf\"><strong>Portaria CREF13 n\u00ba 048 de 2019 \u2013 Exonera\u00e7\u00e3o Jailson S\u00e3o Pedro de Andrade <\/strong><\/a><\/li><li><a href=\"https:\/\/www.cref13.org.br\/documentos\/legislacao\/portarias\/2019\/portaria-cref13-0472019-exoneracao-nevio.pdf\"><strong>Portaria CREF13 n\u00ba 047 de 2019 \u2013 Exonera\u00e7\u00e3o Nevio Santiago Di Credico<\/strong><\/a><\/li><li><a href=\"https:\/\/www.cref13.org.br\/documentos\/legislacao\/portarias\/2019\/portaria-cref13-0462019-exoneracao-rassana.pdf\"><strong>Portaria CREF13 n\u00ba 046 de 2019 \u2013 Exonera\u00e7\u00e3o Rassana de Carvalho Milcent<\/strong><\/a><\/li><li><a href=\"https:\/\/www.cref13.org.br\/documentos\/legislacao\/portarias\/2019\/portaria-cref13-0452019-nomeacao-de-nilton.pdf\"><strong>Portaria CREF13 n\u00ba 045 de 2019 \u2013 Nomea\u00e7\u00e3o Newton dos Santos Cunha Junior<\/strong><\/a><\/li><li><a href=\"https:\/\/www.cref13.org.br\/documentos\/legislacao\/portarias\/2019\/portaria-cref13-0442019-nomeacao-de-angelo.pdf\"><strong>Portaria CREF13 n\u00ba 044 de 2019 \u2013 Nomea\u00e7\u00e3o Angelo Devecchi Reis do Sacramento<\/strong><\/a><\/li><li><a href=\"https:\/\/www.cref13.org.br\/documentos\/legislacao\/portarias\/2019\/portaria-cref13-0432019-anulacao-portaria-jehorvan.pdf\"><strong>Portaria CREF13 n\u00ba 043 de 2019 \u2013 Anula\u00e7\u00e3o Portaria N\u00ba 038.2018<\/strong><\/a><\/li><li><a href=\"https:\/\/www.cref13.org.br\/documentos\/legislacao\/portarias\/2019\/portaria-cref13-0422019-exoneracao-helio.pdf\"><strong>Portaria CREF13 n\u00ba 042 de 2019 \u2013 Exonera\u00e7\u00e3o Helio Rubem Cavalcanti de Arandas<\/strong><\/a><\/li><li><a href=\"https:\/\/www.cref13.org.br\/documentos\/legislacao\/portarias\/2019\/portaria-cref13-0412019-nomeacao-anselmo.pdf\"><strong>Portaria CREF13 n\u00ba 041 de 2019 \u2013 Nomea\u00e7\u00e3o Anselmo Barcelona Lima<\/strong><\/a><\/li><li><a href=\"https:\/\/www.cref13.org.br\/documentos\/legislacao\/portarias\/2019\/portaria-cref13-0402019-exoneracao-solange.pdf\"><strong>Portaria CREF13 n\u00ba 040 de 2019 \u2013 Exonera\u00e7\u00e3o Solange\u00a0Ferreira Rocha<\/strong><\/a><\/li><\/ul>\t\t\t\t\t\t\t\t<\/div>\n\t\t\t\t<\/div>\n\t\t\t\t<div class=\"elementor-element elementor-element-cef7cc4 elementor-widget elementor-widget-heading\" data-id=\"cef7cc4\" data-element_type=\"widget\" data-widget_type=\"heading.default\">\n\t\t\t\t<div class=\"elementor-widget-container\">\n\t\t\t\t\t<h3 class=\"elementor-heading-title elementor-size-default\">2018<\/h3>\t\t\t\t<\/div>\n\t\t\t\t<\/div>\n\t\t\t\t<div class=\"elementor-element elementor-element-78a3e17 elementor-widget elementor-widget-text-editor\" data-id=\"78a3e17\" data-element_type=\"widget\" data-widget_type=\"text-editor.default\">\n\t\t\t\t<div class=\"elementor-widget-container\">\n\t\t\t\t\t\t\t\t\t<ul><li><a href=\"https:\/\/www.cref13.org.br\/documentos\/legislacao\/portarias\/2018\/portaria-cref13-0392018-exoneracao-carlos-fernandos.pdf\"><strong>Portaria CREF13 n\u00ba 039 de 2018 \u2013 Exonera\u00e7\u00e3o Carlos Fernandos<\/strong><\/a><\/li><li><a href=\"https:\/\/www.cref13.org.br\/documentos\/legislacao\/portarias\/2018\/portaria-cref13-0382018-exoneracao-jehorvan-carvalho.pdf\"><strong>Portaria CREF13 n\u00ba 038 de 2018 \u2013 Exonera\u00e7\u00e3o Jehorvan Carvalho<\/strong><\/a><\/li><li><a href=\"https:\/\/www.cref13.org.br\/documentos\/legislacao\/portarias\/2018\/portaria-cref13-0372018-recesso-de-natal-e-ano-novo.pdf\"><strong>Portaria CREF13 n\u00ba 037 de 2018<\/strong><\/a><\/li><li><a href=\"https:\/\/www.cref13.org.br\/documentos\/legislacao\/portarias\/portaria-cref13-0362018-comissao-de-avaliacao-e-alienacao-de-bens-moveis.pdf\"><strong>Portaria CREF13 n\u00ba 036 de 2018 \u2013 Comiss\u00e3o de Avalia\u00e7\u00e3o e Aliena\u00e7\u00e3o de Bens M\u00f3veis<\/strong><\/a><\/li><li><a href=\"https:\/\/www.cref13.org.br\/documentos\/legislacao\/portarias\/2018\/portaria-cref13-0352018-expediente-do-cref13.pdf\"><strong>Portaria CREF13 n\u00ba 035 de 2018 \u2013 Expediente do CREF13 16.11<\/strong><\/a><\/li><li><a href=\"https:\/\/www.cref13.org.br\/documentos\/legislacao\/portarias\/2018\/portaria-cref13-0342018-substituicao-de-membro-comissao-de-transparencia.pdf\"><strong>Portaria CREF13 n\u00ba 034 de 2018 \u2013 Substitui\u00e7\u00e3o de Membro \u2013 Comiss\u00e3o de Transpar\u00eancia<\/strong><\/a><\/li><li><a href=\"https:\/\/www.cref13.org.br\/documentos\/legislacao\/portarias\/2018\/portaria-cref13-0332018-nomeacao-de-assessores-regionais.pdf\"><strong>Portaria CREF13 n\u00ba 033 de 2018 \u2013 Nomea\u00e7\u00e3o de Assessores Regionais<\/strong><\/a><\/li><li><a href=\"https:\/\/www.cref13.org.br\/documentos\/legislacao\/portarias\/2018\/portaria-cref13-0322018-nomeacao-artur-andre.pdf\"><strong>Portaria CREF13 n\u00ba 032 de 2018 \u2013 Nomea\u00e7\u00e3o Artur Andr\u00e9 Barbosa Santos \u2013 TI<\/strong><\/a><\/li><li><a href=\"https:\/\/www.cref13.org.br\/documentos\/legislacao\/portarias\/2018\/portaria-cref13-0312018-exoneracao-carlos-andre.pdf\"><strong>Portaria CREF13 n\u00ba 031 de 2018 \u2013 Exonera\u00e7\u00e3o Carlos Andr\u00e9 da Silva Oliveira \u2013 TI<\/strong><\/a><\/li><li><a href=\"https:\/\/www.cref13.org.br\/documentos\/legislacao\/portarias\/2018\/portaria-cref13-0302018-data-da-eleicao.pdf\"><strong>Portaria CREF13 n\u00ba 030 de 2018 \u2013 Mudan\u00e7a de data da Elei\u00e7\u00e3o<\/strong><\/a><\/li><li><a href=\"https:\/\/www.cref13.org.br\/documentos\/legislacao\/portarias\/2018\/portaria-cref13-0292018-equipe-de-apoio.pdf\"><strong>Portaria CREF13 n\u00ba 029 de 2018 \u2013 Nomea\u00e7\u00e3o Pregoeiro e Equipe de Apoio<\/strong><\/a><\/li><li><a href=\"https:\/\/www.cref13.org.br\/documentos\/legislacao\/portarias\/2018\/portaria-cref13-0272018-comissao-de-transparencia.pdf\"><strong>Portaria CREF13 n\u00ba 027 de 2018 \u2013 Comiss\u00e3o de Transpar\u00eancia<\/strong><\/a><\/li><li><a href=\"https:\/\/www.cref13.org.br\/documentos\/legislacao\/portarias\/2018\/portaria-cref13-0262018-comissao-de-licitacao.pdf\"><strong>Portaria CREF13 n\u00ba 026 de 2018 \u2013 Comiss\u00e3o de Licita\u00e7\u00e3o<\/strong><\/a><\/li><li><a href=\"https:\/\/www.cref13.org.br\/documentos\/legislacao\/portarias\/2018\/portaria-cref13-0242018-prorrogacao-do-pad.pdf\"><strong>Portaria CREF13 n\u00ba 024 de 2018 \u2013 Prorroga\u00e7\u00e3o do PAD<\/strong><\/a><\/li><li><a href=\"https:\/\/www.cref13.org.br\/documentos\/legislacao\/portarias\/2018\/portaria-cref13-0232018-arquivar-pad.pdf\"><strong>Portaria CREF13 n\u00ba 023 de 2018 \u2013 Arquivar PAD<\/strong><\/a><\/li><li><a href=\"https:\/\/www.cref13.org.br\/documentos\/legislacao\/portarias\/2018\/portaria-cref13-0222018-expediente-do-cref13.pdf\"><strong>Portaria CREF13 n\u00ba 022 de 2018 \u2013 Expediente Copa do Mundo e Festa junina<\/strong><\/a><\/li><li><a href=\"https:\/\/www.cref13.org.br\/documentos\/legislacao\/portarias\/2018\/portaria-cref13-0212018-retificacao-portaria-cref13-0212018.pdf\"><strong>Portaria CREF13 n\u00ba 021 de 2018 \u2013 Exonera\u00e7\u00e3o e Nomea\u00e7\u00e3o Solange<\/strong><\/a><\/li><li><a href=\"https:\/\/www.cref13.org.br\/documentos\/legislacao\/portarias\/2018\/portaria-cref13-0202018-reajuste-salarial.pdf\"><strong>Portaria CREF13 n\u00ba 020 de 2018 \u2013 Reajuste<\/strong><\/a><\/li><li><a href=\"https:\/\/www.cref13.org.br\/documentos\/legislacao\/portarias\/2018\/portaria-cref13-0192018-pad-luis.pdf\"><strong>Portaria CREF13 n\u00b0 019 de 2018 \u2013 Comiss\u00e3o do Processo Administrativo Disciplinar<\/strong><\/a><\/li><li><a href=\"https:\/\/www.cref13.org.br\/documentos\/legislacao\/portarias\/2018\/portaria-cref13-0182018-nomeacao-selecao-publica-2018.pdf\"><strong>Portaria CREF13 n\u00b0 018 de 2018 \u2013 Nomea\u00e7\u00e3o Sele\u00e7\u00e3o P\u00fablica 2018<\/strong><\/a><\/li><li><a href=\"https:\/\/www.cref13.org.br\/documentos\/legislacao\/portarias\/2018\/portaria-cref13-0172018-pregoeiro-diego.pdf\"><strong>Portaria CREF13 n\u00ba 017 de 2018 \u2013 Pregoeiro<\/strong><\/a><\/li><li><a href=\"https:\/\/www.cref13.org.br\/documentos\/legislacao\/portarias\/2018\/portaria-cref13-0162018-comissao-de-licitacao.pdf\"><strong>Portaria CREF13 n\u00b0 016 de 2018 \u2013 Comiss\u00e3o de Licita\u00e7\u00e3o<\/strong><\/a><\/li><li><a href=\"https:\/\/www.cref13.org.br\/documentos\/legislacao\/portarias\/2018\/portaria-cref13-0152018-assessores-regionais.pdf\"><strong>Portaria CREF13 n\u00b0 015 de 2018 \u2013 Assessores Regionais<\/strong><\/a><\/li><li><a href=\"https:\/\/www.cref13.org.br\/documentos\/legislacao\/portarias\/2018\/portaria-cref13-0142018-apoio-as-comissoes.pdf\"><strong>Portaria CREF13 n\u00b0 014 de 2018 \u2013 Apoio as Comiss\u00f5es<\/strong><\/a><\/li><li><a href=\"https:\/\/www.cref13.org.br\/documentos\/legislacao\/portarias\/2018\/portaria-cref13-0132018-comissao-de-etica.pdf\"><strong>Portaria CREF13 n\u00ba 013 de 2018 \u2013 Comiss\u00e3o de \u00c9tica<\/strong><\/a><\/li><li><a href=\"https:\/\/www.cref13.org.br\/documentos\/legislacao\/portarias\/2018\/portaria-cref13-0122018-comissao-de-saude.pdf\"><strong>Portaria CREF13 n\u00ba 012 de 2018 \u2013 Comiss\u00e3o de Sa\u00fade<\/strong><\/a><\/li><li><a href=\"https:\/\/www.cref13.org.br\/documentos\/legislacao\/portarias\/2018\/portaria-cref13-0112018-nomeacao-helio.pdf\"><strong>Portaria CREF13 n\u00ba 011 de 2018 \u2013 Nomea\u00e7\u00e3o Helio Rubem Cavalcanti<\/strong><\/a><\/li><li><a href=\"https:\/\/www.cref13.org.br\/documentos\/legislacao\/portarias\/2018\/portaria-cref13-0102018-exoneracao-e-nomeacao-superintendencia-executiva.pdf\"><strong>Portaria CREF13 n\u00ba 010 de 2018 \u2013 Exonera\u00e7\u00e3o e Nomea\u00e7\u00e3o Superintend\u00eancia Executiva<\/strong><\/a><\/li><li><a href=\"https:\/\/www.cref13.org.br\/documentos\/legislacao\/portarias\/2018\/portaria-cref13-0092018-exoneracao-e-nomeacao-setor-administrativo.pdf\"><strong>Portaria CREF13 n\u00ba 009 de 2018 \u2013 Exonera\u00e7\u00e3o e Nomea\u00e7\u00e3o Setor Administrativo<\/strong><\/a><\/li><li><a href=\"https:\/\/www.cref13.org.br\/documentos\/legislacao\/portarias\/2018\/portaria-cref13-0082018-mudanca-sede.pdf\"><strong>Portaria CREF13 n\u00ba 008 de 2018 \u2013 Mudan\u00e7a<\/strong><\/a><\/li><li><a href=\"https:\/\/www.cref13.org.br\/documentos\/legislacao\/portarias\/2018\/portaria-cref13-0072018-comissao-de-auditoria-interna.pdf\"><strong>Portaria CREF13 n\u00ba 007 de 2018 \u2013 Comiss\u00e3o de Auditoria Interna<\/strong><\/a><\/li><li><a href=\"https:\/\/www.cref13.org.br\/documentos\/legislacao\/portarias\/2018\/portaria-cref13-0062018-comissao-de-ouvidoria.pdf\"><strong>Portaria CREF13 n\u00ba 006 de 2018 \u2013 Comiss\u00e3o de Ouvidoria<\/strong><\/a><\/li><li><a href=\"https:\/\/www.cref13.org.br\/documentos\/legislacao\/portarias\/2018\/portaria-cref13-0052018-assessores-regionais.pdf\"><strong>Portaria CREF13 n\u00ba 005 de 2018 \u2013 Assessores Regionais<\/strong><\/a><\/li><li><a href=\"https:\/\/www.cref13.org.br\/documentos\/legislacao\/portarias\/2018\/portaria-cref13-0042018-substituicao-de-membro-comissao-de-transparencia.pdf\"><strong>Portaria CREF13 n\u00ba 004 de 2018 \u2013 Substitui\u00e7\u00e3o de Membro \u2013 Comiss\u00e3o de Transpar\u00eancia<\/strong><\/a><\/li><li><a href=\"https:\/\/www.cref13.org.br\/documentos\/legislacao\/portarias\/2018\/portaria-cref13-0032018-mudanca-sede.pdf\"><strong>Portaria CREF13 n\u00ba 003 de 2018 \u2013 Mudan\u00e7a<\/strong><\/a><\/li><li><a href=\"https:\/\/www.cref13.org.br\/documentos\/legislacao\/portarias\/2018\/portaria-cref13-0022018-substituicao-ferias-carla-patricia-rafaela-felix.pdf\"><strong>Portaria CREF13 n\u00ba 002 de 2018 \u2013 Substitui\u00e7\u00e3o Ferias \u2013 Carla Patricia \u2013 Rafaela Felix<\/strong><\/a><\/li><li><a href=\"https:\/\/www.cref13.org.br\/documentos\/legislacao\/portarias\/2018\/portaria-cref13-0012018-recesso-carnaval.pdf\"><strong>Portaria CREF13 n\u00ba 001 de 2018 \u2013 Carnaval<\/strong><\/a><\/li><\/ul>\t\t\t\t\t\t\t\t<\/div>\n\t\t\t\t<\/div>\n\t\t\t\t<div class=\"elementor-element elementor-element-7ccf40b elementor-widget elementor-widget-heading\" data-id=\"7ccf40b\" data-element_type=\"widget\" data-widget_type=\"heading.default\">\n\t\t\t\t<div class=\"elementor-widget-container\">\n\t\t\t\t\t<h3 class=\"elementor-heading-title elementor-size-default\">2017<\/h3>\t\t\t\t<\/div>\n\t\t\t\t<\/div>\n\t\t\t\t<div class=\"elementor-element elementor-element-7db7244 elementor-widget elementor-widget-text-editor\" data-id=\"7db7244\" data-element_type=\"widget\" data-widget_type=\"text-editor.default\">\n\t\t\t\t<div class=\"elementor-widget-container\">\n\t\t\t\t\t\t\t\t\t<ul><li><a href=\"https:\/\/www.cref13.org.br\/documentos\/legislacao\/portarias\/2017\/portaria-cref13-0412017-alteracao-termo-nomeacao-contadora-silvana-jesus.pdf\"><strong>Portaria CREF13 n\u00ba 041.2017 \u2013 Altera\u00e7\u00e3o do Regime de Trabalho e Sal\u00e1rio da Contadora, Silvana de Jesus dos Santos Lima<\/strong><\/a><\/li><li><a href=\"https:\/\/www.cref13.org.br\/documentos\/legislacao\/portarias\/2017\/portaria-cref13-0402017-exoneracao-e-nomeacao-lorena-e-maria-das-gracas.pdf\"><strong>Portaria CREF13 n\u00ba 040.2017 \u2013 Exonera\u00e7\u00e3o e Nomea\u00e7\u00e3o Lorena e Maria das Gra\u00e7as<\/strong><\/a><\/li><li><a href=\"https:\/\/www.cref13.org.br\/documentos\/legislacao\/portarias\/2017\/portaria-cref13-0392017-nomeacao-thiago-santos.pdf\"><strong>Portaria CREF13 n\u00ba 039.2017 \u2013 Nomea\u00e7\u00e3o Thiago Santos Rodrigues Rodolfo<\/strong><\/a><\/li><li><a href=\"https:\/\/www.cref13.org.br\/documentos\/legislacao\/portarias\/2017\/portaria-cref13-0382017-nomeacao-rassana.pdf\"><strong>Portaria CREF13 n\u00ba 038.2017 \u2013 Nomea\u00e7\u00e3o Rassana<\/strong><\/a><\/li><li><a href=\"https:\/\/www.cref13.org.br\/documentos\/legislacao\/portarias\/2017\/portaria-cref13-0372017-procedimento-administrativos-financeiros-natal-ano-novo.pdf\"><strong>Portaria CREF13 n\u00ba 037.2017 \u2013 Procedimento Adm. Final de Ano<\/strong><\/a><\/li><li><a href=\"https:\/\/www.cref13.org.br\/documentos\/legislacao\/portarias\/2017\/portaria-cref13-0362017-exoneracao-tais.pdf\"><strong>Portaria CREF13 n\u00ba 036. 2017 \u2013 Exonera\u00e7\u00e3o Tais<\/strong><\/a><\/li><li><a href=\"https:\/\/www.cref13.org.br\/documentos\/legislacao\/portarias\/2017\/portaria-cref13-0342017-prorrogacao-pad.pdf\"><strong>Portaria CREF13 n\u00ba 034.2017 \u2013 Prorroga\u00e7\u00e3o PAD<\/strong><\/a><\/li><li><a href=\"https:\/\/www.cref13.org.br\/documentos\/legislacao\/portarias\/2017\/portaria-cref13-0332017-nomeacao-comissao-sindicancia-investigativa.pdf\"><strong>Portaria CREF13 n\u00ba 033.2017 \u2013 Nomea\u00e7\u00e3o Comiss\u00e3o Sindic\u00e2ncia Investigativa<\/strong><\/a><\/li><li><a href=\"https:\/\/www.cref13.org.br\/documentos\/legislacao\/portarias\/2017\/portaria-cref13-0322017-nomeacao-isabela.pdf\"><strong>Portaria CREF13 n\u00ba 032.2017 \u2013 Nomea\u00e7\u00e3o Isabela<\/strong><\/a><\/li><li><a href=\"https:\/\/www.cref13.org.br\/documentos\/legislacao\/portarias\/2017\/portaria-cref13-0312017-exoneracao-eliah.pdf\"><strong>Portaria CREF13 n\u00ba 031.2017 \u2013 Exonera\u00e7\u00e3o Eliah<\/strong><\/a><\/li><li><a href=\"https:\/\/www.cref13.org.br\/documentos\/legislacao\/portarias\/2017\/portaria-cref13-0302017-substituicao-membro-pad.pdf\"><strong>Portaria CREF13 n\u00ba 030.2017 \u2013 Substitui\u00e7\u00e3o Membro PAD 02.2017<\/strong><\/a><\/li><li><a href=\"https:\/\/www.cref13.org.br\/documentos\/legislacao\/portarias\/2017\/portaria-cref13-0292017-exoneracao-de-luiz-antonio.pdf\"><strong>Portaria CREF13 n\u00ba 029.2017 \u2013 Exonera\u00e7\u00e3o de Luiz Antonio Gomes Felipe<\/strong><\/a><\/li><li><a href=\"https:\/\/www.cref13.org.br\/documentos\/legislacao\/portarias\/2017\/portaria-cref13-0282017-apresentacao-de-relatorio.pdf\"><strong>Portaria CREF13 n\u00ba 028.2017 -Apresenta\u00e7\u00e3o de Relat\u00f3rio<\/strong><\/a><\/li><li><a href=\"https:\/\/www.cref13.org.br\/documentos\/legislacao\/portarias\/2017\/portaria-cref13-0272017-afastamento-preventivo.pdf\"><strong>Portaria CREF13 n\u00ba 027.2017 \u2013 Afastamento<\/strong><\/a><\/li><li><strong><a href=\"https:\/\/www.cref13.org.br\/cref13\/wp-content\/uploads\/2024\/04\/Portaria-CREF13-No-026.2017-Exoneracao-CASSIANE.pdf\">Portaria CREF13 n\u00ba 026.2017 &#8211; Exonera\u00e7\u00e3o Cassiane Sampaio Barbosa dos Santos<\/a><\/strong><\/li><li><a href=\"https:\/\/www.cref13.org.br\/documentos\/legislacao\/portarias\/2017\/portaria-cref13-0252017-substituicao-membro-pad.pdf\"><strong>Portaria CREF13 n\u00ba 025.2017 \u2013 Substitui\u00e7\u00e3o Membro PAD 01.2017<\/strong><\/a><\/li><li><a href=\"https:\/\/www.cref13.org.br\/documentos\/legislacao\/portarias\/2017\/portaria-cref13-0242017-pad-luis-carlos-de-santana-santana.pdf\"><strong>Portaria CREF13 n\u00ba 024.2017 \u2013 PAD Luis Carlos de Santana Santana<\/strong><\/a><\/li><li><a href=\"https:\/\/www.cref13.org.br\/documentos\/legislacao\/portarias\/2017\/portaria-cref13-0232016-recesso-sao-joao.pdf\"><strong>Portaria CREF13 n\u00ba 023.2017 \u2013 Recesso S\u00e3o Jo\u00e3o<\/strong><\/a><\/li><li><a href=\"https:\/\/www.cref13.org.br\/documentos\/legislacao\/portarias\/2017\/portaria-cref13-0222017-substituicao-ferias-jailson-sao-pedro-tatiana-vasconcelos.pdf\"><strong>Portaria CREF13 n\u00ba 022.2017 \u2013 Substitui\u00e7\u00e3o F\u00e9rias \u2013 Jailson S\u00e3o Pedro de Andrade \u2013 Tatiana Vasconcelos Assis Alves<\/strong><\/a><\/li><li><a href=\"https:\/\/www.cref13.org.br\/documentos\/legislacao\/portarias\/2017\/portaria-cref13-0212017-nomeacao-elton.pdf\"><strong>Portaria CREF13 n\u00ba 021.2017 \u2013 Nomea\u00e7\u00e3o Elton Alonso<\/strong><\/a><\/li><li><strong><a href=\"https:\/\/www.cref13.org.br\/documentos\/legislacao\/portarias\/2017\/portaria-cref13-0202017-prorrogacao-pad.pdf\">Portaria CREF13 n\u00ba 020.2017 \u2013 Prorroga\u00e7\u00e3o PAD<\/a><\/strong><\/li><li><a href=\"https:\/\/www.cref13.org.br\/documentos\/legislacao\/portarias\/2017\/portaria-cref13-0192017-prazo-renovac\u0327a\u0303o-da-cip.pdf\"><strong>Portaria CREF13 n\u00ba 019.2017 \u2013 Prazo Renova\u00e7\u00e3o da CIP<\/strong><\/a><\/li><li><a href=\"https:\/\/www.cref13.org.br\/documentos\/legislacao\/portarias\/2017\/pportaria-cref13-0182017-nomeacao-comissao-de-transparencia.pdf\"><strong>Portaria CREF13 n\u00ba 018.2017 \u2013 Nomea\u00e7\u00e3o Comiss\u00e3o de Transpar\u00eancia<\/strong><\/a><\/li><li><a href=\"https:\/\/www.cref13.org.br\/documentos\/legislacao\/portarias\/2017\/portaria-cref13-0172017-reajuste-salarial.pdf\"><strong>Portaria CREF13 n\u00ba 017.2017 \u2013 Reajuste<\/strong><\/a><\/li><li style=\"font-size: 16px;\"><a href=\"https:\/\/www.cref13.org.br\/documentos\/legislacao\/portarias\/2017\/portaria-cref13-0152017-nomeacao-silvana.pdf\"><span style=\"font-weight: bolder;\">Portaria CREF13 n\u00ba 015.2017 \u2013 Nomea\u00e7\u00e3o Silvana<\/span><\/a><\/li><li style=\"font-size: 16px;\"><a style=\"font-family: var( --e-global-typography-text-font-family ), Sans-serif; font-weight: var( --e-global-typography-text-font-weight );\" href=\"https:\/\/www.cref13.org.br\/documentos\/legislacao\/portarias\/2017\/portaria-cref13-0132017-pad-luiz-antonio-gomes-felipe.pdf\"><strong>Portaria CREF13 n\u00ba 013.2017 \u2013 PAD Luiz Antonio Gomes Felipe<\/strong><\/a><\/li><li><a href=\"https:\/\/www.cref13.org.br\/documentos\/legislacao\/portarias\/2017\/portaria-cref13-0122017-nomeacao-maria-das-gracas.pdf\"><strong>Portaria CREF13 n\u00ba 012.2017 \u2013 Nomea\u00e7\u00e3o Maria das Gra\u00e7as<\/strong><\/a><\/li><li><a href=\"https:\/\/www.cref13.org.br\/documentos\/legislacao\/portarias\/2017\/portaria-cref13-0112017-adiantamento-do-13.pdf\"><strong>Portaria CREF13 n\u00ba 011.2017 \u2013 Adiantamento do 13\u00ba<\/strong><\/a><\/li><li><a href=\"https:\/\/www.cref13.org.br\/documentos\/legislacao\/portarias\/2017\/portaria-cref13-0102017-substituicao-maria-gracas-tais-dorea.pdf\"><strong>Portaria CREF13 n\u00ba 010.2017 \u2013 Designar Maria das Gra\u00e7as Pereira Araujo<\/strong><\/a><\/li><li><a href=\"https:\/\/www.cref13.org.br\/documentos\/legislacao\/portarias\/2017\/portaria-cref13-0092017-errata-portaria-0142016.pdf\"><strong>Portaria CREF13 n\u00ba 009.2017 \u2013 Errata Portaria 43 assinada<\/strong><\/a><\/li><li><a href=\"https:\/\/www.cref13.org.br\/documentos\/legislacao\/portarias\/2017\/portaria-cref13-0082017-nomeacao-de-nevio-santiago.pdf\"><strong>Portaria CREF13 n\u00ba 008.2017 \u2013 Nomea\u00e7\u00e3o Nevio Santiago Di Credico<\/strong><\/a><\/li><li><a href=\"#\"><strong>Portaria CREF13 n\u00ba 007.2017 \u2013 Exonera\u00e7\u00e3o Kadidija<\/strong><\/a><\/li><li><a href=\"https:\/\/www.cref13.org.br\/documentos\/legislacao\/portarias\/2017\/portaria-cref13-0062017-nomeacao-silvana.pdf\"><strong>Portaria CREF13 n\u00ba 006.2017 \u2013 Nomea\u00e7\u00e3o Silvana<\/strong><\/a><\/li><li><a href=\"https:\/\/www.cref13.org.br\/documentos\/legislacao\/portarias\/2017\/portaria-cref13-0052017-recesso-carnaval.pdf\"><strong>Portaria CREF13 n\u00ba 005.2017 \u2013 Recesso Carnaval 2017<\/strong><\/a><\/li><li><a href=\"#\"><strong>Portaria CREF13 n\u00ba 004.2017 \u2013 Aumento de Sal\u00e1rio DEOFIS<\/strong><\/a><\/li><li><a href=\"https:\/\/www.cref13.org.br\/documentos\/legislacao\/portarias\/2017\/portaria-cref13-0032017-exoneracao-retorno-funcao-jehorvan.pdf\"><strong>Portaria CREF13 n\u00ba 003.2017 \u2013 Retorno a Fun\u00e7\u00e3o Servidor Jheorvan Carvalho de Melo<\/strong><\/a><\/li><li><a href=\"https:\/\/www.cref13.org.br\/documentos\/legislacao\/portarias\/2017\/portaria-cref13-0022017-exoneracao-thiago-skowronski-e-nomeacao-lorena-santos.pdf\"><strong>Portaria CREF13 n\u00ba 002.2017 \u2013 Exonera\u00e7\u00e3o Thiago Skowronski e Nomea\u00e7\u00e3o Lorena Santos<\/strong><\/a><\/li><li><a href=\"https:\/\/www.cref13.org.br\/documentos\/legislacao\/portarias\/2017\/portaria-cref13-0012017-atestados-medicos.pdf\"><strong>Portaria CREF13 n\u00ba 001.2017 \u2013 Atestados M\u00e9dicos<\/strong><\/a><\/li><\/ul>\t\t\t\t\t\t\t\t<\/div>\n\t\t\t\t<\/div>\n\t\t\t\t<div class=\"elementor-element elementor-element-01ad55f elementor-widget elementor-widget-heading\" data-id=\"01ad55f\" data-element_type=\"widget\" data-widget_type=\"heading.default\">\n\t\t\t\t<div class=\"elementor-widget-container\">\n\t\t\t\t\t<h3 class=\"elementor-heading-title elementor-size-default\">2016<\/h3>\t\t\t\t<\/div>\n\t\t\t\t<\/div>\n\t\t\t\t<div class=\"elementor-element elementor-element-f9b405f elementor-widget elementor-widget-text-editor\" data-id=\"f9b405f\" data-element_type=\"widget\" data-widget_type=\"text-editor.default\">\n\t\t\t\t<div class=\"elementor-widget-container\">\n\t\t\t\t\t\t\t\t\t<ul><li><a href=\"https:\/\/www.cref13.org.br\/documentos\/legislacao\/portarias\/2016\/portaria-cref13-0462016-aumento-carga-horaria.pdf\"><strong>Portaria CREF13 n\u00ba 046.2016 \u2013 Aumento Carga Hor\u00e1ria<\/strong><\/a><\/li><li><a href=\"#\"><strong>Portaria CREF13 n\u00ba 045.2016 \u2013 Transfer\u00eancia Funcion\u00e1rio CREF20<\/strong><\/a><\/li><li><a href=\"https:\/\/www.cref13.org.br\/documentos\/legislacao\/portarias\/2016\/portaria-cref13-0442016-exoneracao-dayse-e-darinalva.pdf\"><strong>Portaria CREF13 n\u00ba 044.2016 \u2013 Exonera\u00e7\u00e3o Dayse e Darinalva<\/strong><\/a><\/li><li><a href=\"#\"><strong>Portaria CREF13 n\u00ba 043.2016 \u2013 Comiss\u00e3o de Fiscaliza\u00e7\u00e3o<\/strong><\/a><\/li><li><a href=\"https:\/\/www.cref13.org.br\/documentos\/legislacao\/portarias\/2016\/portaria-cref13-0422016-recesso-de-natal-e-ano-novo.pdf\"><strong>Portaria CREF13 n\u00ba 042.2016 \u2013 Procedimentos Administrativos e Financeiros Relativos ao Recesso de Natal e Ano Novo<\/strong><\/a><\/li><li><a href=\"https:\/\/www.cref13.org.br\/documentos\/legislacao\/portarias\/2016\/portaria-cref13-0402016-feriado-servidor-publico.pdf\"><strong>Portaria CREF13 n\u00ba 040.2016- Feriado do Servidor<\/strong><\/a><\/li><li><a href=\"https:\/\/www.cref13.org.br\/documentos\/legislacao\/portarias\/2016\/portaria-cref13-0372016-nomeacao-de-carlos-andre-da-silva-oliveira.pdf\"><strong>Portaria CREF13 n\u00ba 037.2016 \u2013 Nomea\u00e7\u00e3o Carlos Andr\u00e9 da Silva Oliveira<\/strong><\/a><\/li><li><a href=\"https:\/\/www.cref13.org.br\/documentos\/legislacao\/portarias\/2016\/portaria-cref13-0352016-nomeacao-salvador-concurso-p\u00fablico-2016-ricardo-jos\u00e9-de-c-lima.pdf\"><strong>Portaria CREF13 n\u00ba 035.2016 \u2013 Nomea\u00e7\u00e3o Concurso P\u00fablico<\/strong><\/a><\/li><li><a href=\"https:\/\/www.cref13.org.br\/documentos\/legislacao\/portarias\/2016\/portaria-cref13-0342016-procedimento-para-entrega-da-cip-academicos.pdf\"><strong>Portaria CREF13 n\u00ba 034.2016 \u2013 Procedimento para Entrega da CIP Acad\u00eamicos<\/strong><\/a><\/li><li><a href=\"https:\/\/www.cref13.org.br\/documentos\/legislacao\/portarias\/2016\/portaria-cref13-0332016-comissao-de-licitacao.pdf\"><strong>Portaria CREF13 n\u00ba 033.2016 \u2013 Comiss\u00e3o de Licita\u00e7\u00e3o<\/strong><\/a><\/li><li><a href=\"https:\/\/www.cref13.org.br\/documentos\/legislacao\/portarias\/2016\/portaria-cref13-0322016-portaria-regimento-interno-da-comissao-de-etica.pdf\"><strong>Portaria CREF13 n\u00ba 032.2016 \u2013 Portaria Regimento Interno da Comiss\u00e3o de \u00c9tica\u00a0<\/strong><\/a><\/li><li><a href=\"https:\/\/www.cref13.org.br\/documentos\/legislacao\/portarias\/2016\/portaria-cref13-0312016-exoneracao-a-pedido-thiago-nascimento.pdf\"><strong>Portaria CREF13 n\u00ba 031.2016 \u2013 Exonera\u00e7\u00e3o a pedido Thiago Nascimento Ferreira dos Santos<\/strong><\/a><\/li><li><a href=\"https:\/\/www.cref13.org.br\/documentos\/legislacao\/portarias\/2016\/portaria-cref13-0282016-nomeacao-viviane-lemos-luciano.pdf\"><strong>Portaria CREF13 n\u00ba 028.2016 \u2013 Nomea\u00e7\u00e3o Viviane Lemos Luciano<\/strong><\/a><\/li><li><a href=\"https:\/\/www.cref13.org.br\/documentos\/legislacao\/portarias\/2016\/portaria-cref13-0272016-nomeacao-jehorvan-carvalho-de-melo.pdf\"><strong>Portaria CREF13 n\u00ba 027.2016 \u2013 Nomea\u00e7\u00e3o Jehorvan Carvalho de Melo<\/strong><\/a><\/li><li><a href=\"https:\/\/www.cref13.org.br\/documentos\/legislacao\/portarias\/2016\/portaria-cref13-0262016-nomeacao-jailson-sao-pedro-de-andrade.pdf\"><strong>Portaria CREF13 n\u00ba 026.2016 \u2013 Nomea\u00e7\u00e3o Jailson S\u00e3o Pedro de Andrade<\/strong><\/a><\/li><li><a href=\"https:\/\/www.cref13.org.br\/documentos\/legislacao\/portarias\/2016\/portaria-cref13-0232016-atestados-medicos.pdf\"><strong>Portaria CREF13 n\u00ba 023.2016 \u2013 Atestados M\u00e9dicos<\/strong><\/a><\/li><li><a href=\"https:\/\/www.cref13.org.br\/documentos\/legislacao\/portarias\/2016\/portaria-cref13-0222016-palestra-e-eventos-pagamento.pdf\"><strong>Portaria CREF13 n\u00ba 022.2016 \u2013 Palestra e eventos \u2013 Pagamento<\/strong><\/a><\/li><li><a href=\"https:\/\/www.cref13.org.br\/documentos\/legislacao\/portarias\/2016\/portaria-cref13-0212016-nomeacao-assessor-do-departamento-administrativo.pdf\"><strong>Portaria CREF13 n\u00ba 021.2016 \u2013 Nomea\u00e7\u00e3o Assessor do Departamento Administrativo<\/strong><\/a><\/li><li><a href=\"#\"><strong>Portaria CREF13 n\u00ba 020.2016 \u2013 Recesso S\u00e3o Jo\u00e3o<\/strong><\/a><\/li><li><a href=\"https:\/\/www.cref13.org.br\/documentos\/legislacao\/portarias\/2016\/portaria-cref13-0192016-nomeacao-salvador-concurso-publico-thiago-nascimento.pdf\"><strong>Portaria CREF13 n\u00ba 019.2016 \u2013 Nomea\u00e7\u00e3o Salvador Concurso Publico 2016 \u2013 Thiago Nascimento F. dos Fantos<\/strong><\/a><\/li><li><a href=\"https:\/\/www.cref13.org.br\/documentos\/legislacao\/portarias\/2016\/portaria-cref13-0182016-reajuste-salarial.pdf\"><strong>Portaria CREF13 n\u00ba 018.2016 \u2013 Reajuste<\/strong><\/a><\/li><li><a href=\"https:\/\/www.cref13.org.br\/documentos\/legislacao\/portarias\/2016\/portaria-cref13-0172016-comissao-de-licitacao.pdf\"><strong>Portaria CREF13 n\u00ba 017.2016 \u2013 Comiss\u00e3o de Licita\u00e7\u00e3o<\/strong><\/a><\/li><li><a href=\"https:\/\/www.cref13.org.br\/documentos\/legislacao\/portarias\/2016\/portaria-cref13-0162016-nomeacao-coordenadora-viviane-lemos-luciano.pdf\"><strong>Portaria CREF13 n\u00ba 016.2016 \u2013 Nomea\u00e7\u00e3o \u2013 Coordenadora Viviane Lemos Luciano<\/strong><\/a><\/li><li><a href=\"https:\/\/www.cref13.org.br\/documentos\/legislacao\/portarias\/2016\/portaria-cref13-0152016-comissao-de-ensino-superior-e-preparacao-profissional.pdf\"><strong>Portaria CREF13 n\u00ba 015.2016 \u2013 Comiss\u00e3o de Ensino Superior e Prepara\u00e7\u00e3o Profissional<\/strong><\/a><\/li><li><a href=\"https:\/\/www.cref13.org.br\/documentos\/legislacao\/portarias\/2016\/portaria-cref13-0142016-comissao-de-fiscalizacao.pdf\"><strong>Portaria CREF13 n\u00ba 014.2016 \u2013 Comiss\u00e3o de Fiscaliza\u00e7\u00e3o<\/strong><\/a><\/li><li><a href=\"https:\/\/www.cref13.org.br\/documentos\/legislacao\/portarias\/2016\/portaria-cref13-0132016-comissao-de-saude.pdf\"><strong>Portaria CREF13 n\u00ba 013.2016 \u2013 Comiss\u00e3o de Sa\u00fade<\/strong><\/a><\/li><li><a href=\"https:\/\/www.cref13.org.br\/documentos\/legislacao\/portarias\/2016\/portaria-cref13-0122016-comissao-de-etica.pdf\"><strong>Portaria CREF13 n\u00ba 012.2016 \u2013 Comiss\u00e3o de \u00c9tica<\/strong><\/a><\/li><li><a href=\"https:\/\/www.cref13.org.br\/documentos\/legislacao\/portarias\/2016\/portaria-cref13-0112016-comissao-de-legislacao-e-normas.pdf\"><strong>Portaria CREF13 n\u00ba 011.2016 \u2013 Comiss\u00e3o de Legisla\u00e7\u00e3o e Normas<\/strong><\/a><\/li><li><a href=\"https:\/\/www.cref13.org.br\/documentos\/legislacao\/portarias\/2016\/portaria-cref13-0102016-comissao-de-educacao-fisica-escolar.pdf\"><strong>Portaria CREF13 n\u00ba 010.2016 \u2013 Comiss\u00e3o de Educa\u00e7\u00e3o F\u00edsica Escolar<\/strong><\/a><\/li><li><a href=\"https:\/\/www.cref13.org.br\/documentos\/legislacao\/portarias\/2016\/portaria-cref13-0092016-comissao-de-artes-marciais.pdf\"><strong>Portaria CREF13 n\u00ba 009.2016 \u2013 Comiss\u00e3o de artes marciais<\/strong><\/a><\/li><li><a href=\"https:\/\/www.cref13.org.br\/documentos\/legislacao\/portarias\/2016\/portaria-cref13-0082016-comissao-de-financas.pdf\"><strong>Portaria CREF13 n\u00ba 008.2016 \u2013 Comiss\u00e3o de Finan\u00e7as<\/strong><\/a><\/li><li><a href=\"https:\/\/www.cref13.org.br\/documentos\/legislacao\/portarias\/2016\/portaria-cref13-0072016-nomeacao-salvador-concurso-publico-assistente-administrativo.pdf\"><strong>Portaria CREF13 n\u00ba 007.2016 \u2013 Nomea\u00e7\u00e3o Salvador Concurso Publico 2016 \u2013 Assistente Administrativo<\/strong><\/a><\/li><li><a href=\"https:\/\/www.cref13.org.br\/documentos\/legislacao\/portarias\/2016\/portaria-cref13-0062016-nomeacao-salvador-concurso-publico-assistente-administrativo.pdf\"><strong>Portaria CREF13 n\u00ba 006.2016 \u2013 Nomea\u00e7\u00e3o Salvador Concurso Publico 2016 \u00a0\u2013 Assistente Administrativo<\/strong><\/a><\/li><li><a href=\"https:\/\/www.cref13.org.br\/documentos\/legislacao\/portarias\/2016\/portaria-cref13-0052016-exoneracao-marcus.pdf\"><strong>Portaria CREF13 n\u00ba 005.2016 \u2013 Exonera\u00e7\u00e3o Marcus<\/strong><\/a><\/li><li><a href=\"https:\/\/www.cref13.org.br\/documentos\/legislacao\/portarias\/2016\/portaria-cref13-0032016-nomeacao-salvador-concurso-publico.pdf\"><strong>Portaria CREF13 n\u00ba 003.2016 \u2013 Nomea\u00e7\u00e3o Salvador Concurso Publico 2016<\/strong><\/a><\/li><li><a href=\"https:\/\/www.cref13.org.br\/documentos\/legislacao\/portarias\/2016\/portaria-cref13-0022016-exoneracao-alan.pdf\"><strong>Portaria CREF13 n\u00ba 002.2016 \u2013 Exonera\u00e7\u00e3o Alan<\/strong><\/a><\/li><li><a href=\"https:\/\/www.cref13.org.br\/documentos\/legislacao\/portarias\/2016\/portaria-cref13-0012016-recesso-carnaval.pdf\"><strong>Portaria CREF13 n\u00ba 001.2016 \u2013 Carnaval 2016<\/strong><\/a><\/li><\/ul>\t\t\t\t\t\t\t\t<\/div>\n\t\t\t\t<\/div>\n\t\t\t\t<div class=\"elementor-element elementor-element-c7dfe09 elementor-widget elementor-widget-heading\" data-id=\"c7dfe09\" data-element_type=\"widget\" data-widget_type=\"heading.default\">\n\t\t\t\t<div class=\"elementor-widget-container\">\n\t\t\t\t\t<h3 class=\"elementor-heading-title elementor-size-default\">2015<\/h3>\t\t\t\t<\/div>\n\t\t\t\t<\/div>\n\t\t\t\t<div class=\"elementor-element elementor-element-bdc5acb elementor-widget elementor-widget-text-editor\" data-id=\"bdc5acb\" data-element_type=\"widget\" data-widget_type=\"text-editor.default\">\n\t\t\t\t<div class=\"elementor-widget-container\">\n\t\t\t\t\t\t\t\t\t<ul><li><a href=\"https:\/\/www.cref13.org.br\/documentos\/legislacao\/portarias\/2015\/portaria-cref13-0422015-nomeacao-salvador-concurso-publico-contador.pdf\"><strong>Portaria CREF13 n\u00ba 042.2015 \u2013 Nomea\u00e7\u00e3o Concurso P\u00fablico \u2013 Silvana de Jesus dos Santos Lima <\/strong><\/a><\/li><li><a href=\"https:\/\/www.cref13.org.br\/documentos\/legislacao\/portarias\/2015\/portaria-cref13-0412015-recesso-natal.pdf\"><strong>Portaria CREF13 n\u00ba 041.2015 \u2013 Natal<\/strong><\/a><\/li><li><a href=\"https:\/\/www.cref13.org.br\/documentos\/legislacao\/portarias\/2015\/portaria-cref13-0402015-comissao-apuracao-de-irregularidade.pdf\"><strong>Portaria CREF13 n\u00ba 040.2015 \u2013 Comiss\u00e3o PAD<\/strong><\/a><\/li><li><a href=\"https:\/\/www.cref13.org.br\/documentos\/legislacao\/portarias\/2015\/portaria-cref13-0392015-nomeacao-salvador-concurso-publico.pdf\"><strong>Portaria CREF13 n\u00ba 039.2015 &#8211; Nomea\u00e7\u00e3o Concurso P\u00fablico &#8211; Tiago de Figueiredo Palma\u00a0<\/strong><\/a><\/li><li><a href=\"https:\/\/www.cref13.org.br\/documentos\/legislacao\/portarias\/2015\/portaria-cref13-0382015-nomeacao-salvador-concurso-publico.pdf\"><strong>Portaria CREF13 n\u00ba 038.2015 \u2013 Nomea\u00e7\u00e3o Concurso P\u00fablico &#8211; Ilana de Assis Lima\u00a0<\/strong><\/a><\/li><li><a href=\"https:\/\/www.cref13.org.br\/documentos\/legislacao\/portarias\/2015\/portaria-cref13-0372015-nomeacao-de-kadidija.pdf\"><strong>Portaria CREF13 n\u00ba 037.2015 \u2013 Nomea\u00e7\u00e3o Kadidija<\/strong><\/a><\/li><li><a href=\"https:\/\/www.cref13.org.br\/documentos\/legislacao\/portarias\/2015\/portaria-cref13-0362015-exoneracao-jorge-e-nomeacao-de-jailson.pdf\"><strong>Portaria CREF13 n\u00ba 036.2015 \u2013 Exonera\u00e7\u00e3o Jorge e Nomea\u00e7\u00e3o Jailson<\/strong><\/a><\/li><li><a href=\"https:\/\/www.cref13.org.br\/documentos\/legislacao\/portarias\/2015\/portaria-cref13-0352015-comissao-de-licitacao.pdf\"><strong>Portaria CREF13 n\u00ba 035.2015 \u2013 Comiss\u00e3o de Licita\u00e7\u00e3o<\/strong><\/a><\/li><li><a href=\"https:\/\/www.cref13.org.br\/documentos\/legislacao\/portarias\/2015\/portaria-cref13-0342015-nomeacao-salvador-concurso-publico.pdf\"><strong>Portaria CREF13 n\u00ba 034.2015 \u2013 Nomea\u00e7\u00e3o Concurso P\u00fablico Salvador<\/strong><\/a><\/li><li><a href=\"https:\/\/www.cref13.org.br\/documentos\/legislacao\/portarias\/2015\/portaria-cref13-0332015-nomeacao-aracaju-concurso-publico.pdf\"><strong>Portaria CREF13 n\u00ba 033.2015 \u2013 Nomea\u00e7\u00e3o Concurso P\u00fablico Aracaju<\/strong><\/a><\/li><li><a href=\"https:\/\/www.cref13.org.br\/documentos\/legislacao\/portarias\/2015\/portaria-cref13-0322015-exoneracao-bruna.pdf\"><strong>Portaria CREF13 n\u00ba 032.2015 \u2013 Exonera\u00e7\u00e3o Bruna<\/strong><\/a><\/li><li><a href=\"https:\/\/www.cref13.org.br\/documentos\/legislacao\/portarias\/2015\/portaria-cref13-0312015-exoneracao-renata.pdf\"><strong>Portaria CREF13 n\u00ba 031.2015 \u2013 Exonera\u00e7\u00e3o Renata<\/strong><\/a><\/li><li><a href=\"https:\/\/www.cref13.org.br\/documentos\/legislacao\/portarias\/2015\/portaria-cref13-0302015-nomeacao-viviane-dou.pdf\"><strong>Portaria CREF13 n\u00ba 030.2015 \u2013 Nomea\u00e7\u00e3o Viviane DUO<\/strong><\/a><\/li><li><a href=\"https:\/\/www.cref13.org.br\/documentos\/legislacao\/portarias\/2015\/portaria-cref13-0292015-nomeacao-de-marcus-vinicius.pdf\"><strong>Portaria CREF13 n\u00ba 029.2015 \u2013 Nomea\u00e7\u00e3o Marcus Vinicius<\/strong><\/a><\/li><li><a href=\"https:\/\/www.cref13.org.br\/documentos\/legislacao\/portarias\/2015\/portaria-cref13-0282015-suspensao-28-outubro.pdf\"><strong>Portaria CREF13 n\u00ba 028.2015 \u2013 Dia do Servidor Publico<\/strong><\/a><\/li><li><a href=\"https:\/\/www.cref13.org.br\/documentos\/legislacao\/portarias\/2015\/portaria-cref13-0272015-exoneracao-francisco-nomeacao-viviane.pdf\"><strong>Portaria CREF13 n\u00ba 027.2015 \u2013 Nomea\u00e7\u00e3o Viviane Lemos \u2013 Coordenador(a)<\/strong><\/a><\/li><li><a href=\"https:\/\/www.cref13.org.br\/documentos\/legislacao\/portarias\/2015\/portaria-cref13-0262015-nomeacao-aracaju-concurso-publico.pdf\"><strong>Portaria CREF13 n\u00ba 026.2015 \u2013 Nomea\u00e7\u00e3o Aracaju Concurso Publico 2015<\/strong><\/a><\/li><li><a href=\"https:\/\/www.cref13.org.br\/documentos\/legislacao\/portarias\/2015\/portaria-cref13-0252015-nomeacao-salvador-concurso-publico.pdf\"><strong>Portaria CREF13 n\u00ba 025.2015 \u2013 Nomea\u00e7\u00e3o Concurso P\u00fablico &#8211; Herilene Cerqueira Lima e Alan Gusm\u00e3o Ramos<\/strong><\/a><\/li><li><a href=\"https:\/\/www.cref13.org.br\/documentos\/legislacao\/portarias\/2015\/portaria-cref13-0242015-nomeacao-aracaju-concurso-publico.pdf\"><strong>Portaria CREF13 n\u00ba 024.2015 \u2013 Nomea\u00e7\u00e3o Concurso P\u00fablico Aracaju<\/strong><\/a><\/li><li><a href=\"https:\/\/www.cref13.org.br\/documentos\/legislacao\/portarias\/2015\/portaria-cref13-0232015-comissao-de-orientacao-e-fiscalizacao.pdf\"><strong>Portaria CREF13 n\u00ba 023.2015 \u2013 Comiss\u00e3o de Orienta\u00e7\u00e3o e Fiscaliza\u00e7\u00e3o<\/strong><\/a><\/li><li><a href=\"https:\/\/www.cref13.org.br\/documentos\/legislacao\/portarias\/2015\/portaria-cref13-0222015-campanha-de-regularizacao-multas.pdf\"><strong>Portaria CREF13 n\u00ba 022.2015 \u2013 Campanha de Regulariza\u00e7\u00e3o \u2013 Multas<\/strong><\/a><\/li><li><a href=\"https:\/\/www.cref13.org.br\/documentos\/legislacao\/portarias\/2015\/portaria-cref13-0212015-exoneracao-de-francisco-aragao.pdf\"><strong>Portaria CREF13 n\u00ba 021.2015 \u2013 Exonera\u00e7\u00e3o Francisco Arag\u00e3o<\/strong><\/a><\/li><li><a href=\"https:\/\/www.cref13.org.br\/documentos\/legislacao\/portarias\/2015\/portaria-cref13-0202015-exoneracao-gabriela.pdf\"><strong>Portaria CREF13 n\u00ba 020.2015 \u2013 Exonera\u00e7\u00e3o Gabriela<\/strong><\/a><\/li><li><a href=\"https:\/\/www.cref13.org.br\/documentos\/legislacao\/portarias\/2015\/portaria-cref13-0192015-padrao-frequencia.pdf\"><strong>Portaria CREF13 n\u00ba 019.2015 \u2013 Padr\u00e3o operacional de Frequ\u00eancia<\/strong><\/a><\/li><li><a href=\"https:\/\/www.cref13.org.br\/documentos\/legislacao\/portarias\/2015\/portaria-cref13-0182015-padrao-operacional-de-controle-de-veiculos.pdf\"><strong>Portaria CREF13 n\u00ba 018.2015 \u2013 Padr\u00e3o Operacional de Controle de Ve\u00edculos<\/strong><\/a><\/li><li><a href=\"https:\/\/www.cref13.org.br\/documentos\/legislacao\/portarias\/2015\/portaria-cref13-0172015-nomeacao-salvador-concurso-publico-contador.pdf\"><strong>Portaria CREF13 n\u00ba 017.2015 \u2013 Nomea\u00e7\u00e3o Concurso P\u00fablico \u2013 Contador<\/strong><\/a><\/li><li><a href=\"https:\/\/www.cref13.org.br\/documentos\/legislacao\/portarias\/2015\/portaria-cref13-0162015-exoneracao-marcia.pdf\"><strong>Portaria CREF13 n\u00ba 016.2015 \u2013 Exonera\u00e7\u00e3o Marcia<\/strong><\/a><\/li><li><a href=\"https:\/\/www.cref13.org.br\/documentos\/legislacao\/portarias\/2015\/portaria-cref13-0152015-comissao-de-licitacao.pdf\"><strong>Portaria CREF13 n\u00ba 015.2015 \u2013 Comiss\u00e3o Licita\u00e7\u00e3o<\/strong><\/a><\/li><li><a href=\"https:\/\/www.cref13.org.br\/documentos\/legislacao\/portarias\/2015\/portaria-cref13-0142015-nomeacao-aracaju-concurso-publico.pdf\"><strong>Portaria CREF13 n\u00ba 014.2015 \u2013 Nomea\u00e7\u00e3o Concurso P\u00fablico Aracaju<\/strong><\/a><\/li><li><a href=\"https:\/\/www.cref13.org.br\/documentos\/legislacao\/portarias\/2015\/portaria-cref13-0132015-nomeacao-salvador-concurso-publico.pdf\"><strong>Portaria CREF13 n\u00ba 013.2015 \u2013 Nomea\u00e7\u00e3o Concurso P\u00fablico &#8211; Renata Coelho Santos Alves &#8211; Cassiane Sampaio Barbosa &#8211; Paulo Henrique Alves dos Santos &#8211; Jean Morais de Sousa\u00a0<\/strong><\/a><\/li><li><a href=\"https:\/\/www.cref13.org.br\/documentos\/legislacao\/portarias\/2015\/portaria-cref13-0112015-comissao.pdf\"><strong>Portaria CREF13 n\u00ba 012.2015 \u2013 S\u00e3o Jo\u00e3o<\/strong><\/a><\/li><li><a href=\"https:\/\/www.cref13.org.br\/documentos\/legislacao\/portarias\/2015\/portaria-cref13-0102015-semana-santa.pdf\"><strong>Portaria CREF13 n\u00ba 010.2015 \u2013 Corpus Christi<\/strong><\/a><\/li><li><a href=\"https:\/\/www.cref13.org.br\/documentos\/legislacao\/portarias\/2015\/portaria-cref13-0092015-reajuste-salarial.pdf\"><strong>Portaria CREF13 n\u00ba 009.2015 \u2013 Reajuste<\/strong><\/a><\/li><li><a href=\"https:\/\/www.cref13.org.br\/documentos\/legislacao\/portarias\/2015\/portaria-cref13-0082015-exoneracao-e-nomeacao-darinalva.pdf\"><strong>Portaria CREF13 n\u00ba 008.2015 \u2013 Exonera\u00e7\u00e3o e Nomea\u00e7\u00e3o Darinalva<\/strong><\/a><\/li><li><a href=\"https:\/\/www.cref13.org.br\/documentos\/legislacao\/portarias\/2015\/portaria-cref13-0072015-plano-de-cargos-e-salarios.pdf\"><strong>Portaria CREF13 n\u00ba 007.2015 \u2013 Plano de Cargos e Sal\u00e1rios<\/strong><\/a><\/li><li><a href=\"https:\/\/www.cref13.org.br\/documentos\/legislacao\/portarias\/2015\/portaria-cref13-0062015-comissao-de-saude.pdf\"><strong>Portaria CREF13 n\u00ba 006.2015 \u2013 Comiss\u00e3o de Sa\u00fade<\/strong><\/a><\/li><li><a href=\"https:\/\/www.cref13.org.br\/documentos\/legislacao\/portarias\/2015\/portaria-cref13-0052015-tiradentes.pdf\"><strong>Portaria CREF13 n\u00ba 005.2015 \u2013 Tiradentes 2015<\/strong><\/a><\/li><li><a href=\"https:\/\/www.cref13.org.br\/documentos\/legislacao\/portarias\/2015\/portaria-cref13-0042015-nomeacao-de-thiago.pdf\"><strong>Portaria CREF13 n\u00ba 004.2015 \u2013 Nomea\u00e7\u00e3o de Thiago<\/strong><\/a><\/li><li><a href=\"https:\/\/www.cref13.org.br\/documentos\/legislacao\/portarias\/2015\/portaria-cref13-0032015-recesso-semana-santa.pdf\"><strong>Portaria CREF13 n\u00ba 003.2015 \u2013 Semana Santa<\/strong><\/a><\/li><li><a href=\"https:\/\/www.cref13.org.br\/documentos\/legislacao\/portarias\/2015\/portaria-cref13-0022016-exoneracao-alan.pdf\"><strong>Portaria CREF13 n\u00ba 002.2015 \u2013 Exonera\u00e7\u00e3o Alan<\/strong><\/a><\/li><li><a href=\"https:\/\/www.cref13.org.br\/documentos\/legislacao\/portarias\/2015\/portaria-cref13-0012015-recesso-carnaval.pdf\"><strong>Portaria CREF13 n\u00ba 001.2015 \u2013 Carnaval 2015<\/strong><\/a><\/li><\/ul>\t\t\t\t\t\t\t\t<\/div>\n\t\t\t\t<\/div>\n\t\t\t\t<div class=\"elementor-element elementor-element-b519f39 elementor-widget elementor-widget-heading\" data-id=\"b519f39\" data-element_type=\"widget\" data-widget_type=\"heading.default\">\n\t\t\t\t<div class=\"elementor-widget-container\">\n\t\t\t\t\t<h3 class=\"elementor-heading-title elementor-size-default\">2014<\/h3>\t\t\t\t<\/div>\n\t\t\t\t<\/div>\n\t\t\t\t<div class=\"elementor-element elementor-element-ee44c03 elementor-widget elementor-widget-text-editor\" data-id=\"ee44c03\" data-element_type=\"widget\" data-widget_type=\"text-editor.default\">\n\t\t\t\t<div class=\"elementor-widget-container\">\n\t\t\t\t\t\t\t\t\t<ul><li><a href=\"https:\/\/www.cref13.org.br\/documentos\/legislacao\/portarias\/2014\/portaria-cref13-1302014-recesso-natal.pdf\"><strong>Portaria CREF13 n\u00ba 130.2014 \u2013 Natal<\/strong><\/a><\/li><li><a href=\"https:\/\/www.cref13.org.br\/documentos\/legislacao\/portarias\/2014\/portaria-cref13-1292014-nomeacao-de-jorge-medeiros-gomes.pdf\"><strong>Portaria CREF13 n\u00ba 129.2014 \u2013 Nomea\u00e7\u00e3o de Jorge Medeiros Gomes<\/strong><\/a><\/li><li><a href=\"https:\/\/www.cref13.org.br\/documentos\/legislacao\/portarias\/2014\/portaria-cref13-1282014-nomeacao-varne-barreto.pdf\"><strong>Portaria CREF13 n\u00ba 128.2014 \u2013 Nomea\u00e7\u00e3o Varn\u00ea Barreto dos Santos<\/strong><\/a><\/li><li><a href=\"https:\/\/www.cref13.org.br\/documentos\/legislacao\/portarias\/2014\/portaria-cref13-1272014-nomeacao-de-viviane-lemos-luciano-e-jehorvan-carvalho-de-melo.pdf\"><strong>Portaria CREF13 n\u00ba 127.2014 \u2013 Nomea\u00e7\u00e3o de Viviane Lemos Luciano e Jehorvan Carvalho de Melo<\/strong><\/a><\/li><li><a href=\"https:\/\/www.cref13.org.br\/documentos\/legislacao\/portarias\/2014\/portaria-cref13-1262014-reajuste-salarial.pdf\"><strong>Portaria CREF13 n\u00ba 126.2014 \u2013 Reajusta os Sal\u00e1rios<\/strong><\/a><\/li><li><a href=\"https:\/\/www.cref13.org.br\/documentos\/legislacao\/portarias\/2014\/portaria-cref13-1252014-suspensao-27-outubro.pdf\"><strong>Portaria CREF13 n\u00ba 125.2014 \u2013 Suspens\u00e3o 27 Outubro<\/strong><\/a><\/li><li><a href=\"https:\/\/www.cref13.org.br\/documentos\/legislacao\/portarias\/2014\/portaria-cref13-1242014-comissao-de-legislacao-e-normaspdf\"><strong>Portaria CREF13 n\u00ba 124.2014 \u2013 Comiss\u00e3o de Legisla\u00e7\u00e3o e Normas<\/strong><\/a><\/li><li><a href=\"https:\/\/www.cref13.org.br\/documentos\/legislacao\/portarias\/2014\/portaria-cref13-1232014-comissao-de-saude.pdf\"><strong>Portaria CREF13 n\u00ba 123.2014 \u2013 Comiss\u00e3o de Sa\u00fade<\/strong><\/a><\/li><li><a href=\"https:\/\/www.cref13.org.br\/documentos\/legislacao\/portarias\/2014\/portaria-cref13-1222014-revogacao-portaria-0432010.pdf\"><strong>Portaria CREF13 n\u00ba 122.2014 \u2013 Revoga\u00e7\u00e3o Portaria 43.2010<\/strong><\/a><\/li><li><a href=\"https:\/\/www.cref13.org.br\/documentos\/legislacao\/portarias\/2014\/portaria-cref13-1212014-exoneracao-e-nomeacao-francisco-e-exoneracao-ibea.pdf\"><strong>Portaria CREF13 n\u00ba 121.2014 \u2013 Exonera\u00e7\u00e3o e Nomea\u00e7\u00e3o Francisco e Exonera\u00e7\u00e3o \u00cdbea<\/strong><\/a><\/li><li><a href=\"https:\/\/www.cref13.org.br\/documentos\/legislacao\/portarias\/2014\/portaria-cref13-1202014-reintegracao-luis-santana.pdf\"><strong>Portaria CREF13 n\u00ba 120.2014 \u2013 Reintegra\u00e7\u00e3o Luis \u2013 DUO<\/strong><\/a><\/li><li><a href=\"https:\/\/www.cref13.org.br\/documentos\/legislacao\/portarias\/2014\/portaria-cref13-1192014-comissao-de-licitacao.pdf\"><strong>Portaria CREF13 n\u00ba 119.2014 \u2013 Comiss\u00e3o de Licita\u00e7\u00e3o<\/strong><\/a><\/li><li><a href=\"https:\/\/www.cref13.org.br\/documentos\/legislacao\/portarias\/2014\/portaria-cref13-1182014-exoneracao-frederico.pdf\"><strong>Portaria CREF13 n\u00ba 118.2014 \u2013 Exonera\u00e7\u00e3o Frederico<\/strong><\/a><\/li><li><a href=\"https:\/\/www.cref13.org.br\/documentos\/legislacao\/portarias\/2014\/portaria-cref13-1172014-expediente-copa.pdf\"><strong>Portaria CREF13 n\u00ba 117.2014 \u2013 Copa<\/strong><\/a><\/li><li><a href=\"https:\/\/www.cref13.org.br\/documentos\/legislacao\/portarias\/2014\/portaria-cref13-1162014-recesso-sao-joao.pdf\"><strong>Portaria CREF13 n\u00ba 116.2014 \u2013 S\u00e3o Jo\u00e3o<\/strong><\/a><\/li><li><a href=\"https:\/\/www.cref13.org.br\/documentos\/legislacao\/portarias\/2014\/portaria-cref13-1152014-reajuste-ticket.pdf\"><strong>Portaria CREF13 n\u00ba 115.2014 \u2013 Reajuste Ticket<\/strong><\/a><\/li><li><a href=\"https:\/\/www.cref13.org.br\/documentos\/legislacao\/portarias\/2014\/portaria-cref13-1142014-reajuste-anual-empregados-cref13-se.pdf\"><strong>Portaria CREF13 n\u00ba 114.2014 \u2013 Reajuste Anual dos Empregados CREF13.BA-SE 2014<\/strong><\/a><\/li><li><a href=\"https:\/\/www.cref13.org.br\/documentos\/legislacao\/portarias\/2014\/portaria-cref13-1132014-nomeacao-assessor.pdf\"><strong>Portaria CREF13 n\u00ba 113.2014 \u2013 Nomea\u00e7\u00e3o \u2013 Assessor<\/strong><\/a><\/li><li><a href=\"https:\/\/www.cref13.org.br\/documentos\/legislacao\/portarias\/2014\/portaria-cref13-1122014-exoneracao.pdf\"><strong>Portaria CREF13 n\u00ba 112.2014 \u2013 Exonera\u00e7\u00e3o<\/strong><\/a><\/li><li><a href=\"https:\/\/www.cref13.org.br\/documentos\/legislacao\/portarias\/2014\/portaria-cref13-1112014-recesso-carnaval.pdf\"><strong>Portaria CREF13 n\u00ba 111.2014 \u2013 Carnaval 2014<\/strong><\/a><\/li><li><a href=\"https:\/\/www.cref13.org.br\/documentos\/legislacao\/portarias\/2014\/portaria-cref13-1102014-nomeacao-tatiana.pdf\"><strong>Portaria CREF13 n\u00ba 110.2014 \u2013 Nomea\u00e7\u00e3o Tatiana<\/strong><\/a><\/li><\/ul>\t\t\t\t\t\t\t\t<\/div>\n\t\t\t\t<\/div>\n\t\t\t\t<div class=\"elementor-element elementor-element-90aa978 elementor-widget elementor-widget-heading\" data-id=\"90aa978\" data-element_type=\"widget\" data-widget_type=\"heading.default\">\n\t\t\t\t<div class=\"elementor-widget-container\">\n\t\t\t\t\t<h3 class=\"elementor-heading-title elementor-size-default\">2013<\/h3>\t\t\t\t<\/div>\n\t\t\t\t<\/div>\n\t\t\t\t<div class=\"elementor-element elementor-element-bf15b4d elementor-widget elementor-widget-text-editor\" data-id=\"bf15b4d\" data-element_type=\"widget\" data-widget_type=\"text-editor.default\">\n\t\t\t\t<div class=\"elementor-widget-container\">\n\t\t\t\t\t\t\t\t\t<ul><li><a href=\"https:\/\/www.cref13.org.br\/documentos\/legislacao\/portarias\/2013\/portaria-cref13-1092013-recesso-natal.pdf\" data-wplink-edit=\"true\"><strong>Portaria CREF13 n\u00ba 109.2013 \u2013 Recesso Natal<\/strong><\/a><\/li><li><a href=\"https:\/\/www.cref13.org.br\/documentos\/legislacao\/portarias\/2013\/portaria-cref13-1082013-comissao-de-licitacao.pdf\"><strong>Portaria CREF13 n\u00ba 108.2013 \u2013 Comiss\u00e3o de Licita\u00e7\u00e3o<\/strong><\/a><\/li><li><a href=\"https:\/\/www.cref13.org.br\/documentos\/legislacao\/portarias\/2013\/portaria-cref13-1072013-nomeacao-viviane-supervisora-administrativo.pdf\"><strong>Portaria CREF13 n\u00ba 107.2013 \u2013 Nomea\u00e7\u00e3o Viviane<\/strong><\/a><\/li><li><a href=\"https:\/\/www.cref13.org.br\/documentos\/legislacao\/portarias\/2013\/portaria-cref13-1062013-nomeacao-viviane-departamento-administrativo.pdf\"><strong>Portaria CREF13 n\u00ba 106.2013 \u2013 Nomea\u00e7\u00e3o \u2013 Viviane Luciano<\/strong><\/a><\/li><li><a href=\"https:\/\/www.cref13.org.br\/documentos\/legislacao\/portarias\/2013\/portaria-cref13-1042013-nomeacao-concurso-publico-rafaela-e-nildete.pdf\"><strong>Portaria CREF13 n\u00ba 104.2013 \u2013 Nomea\u00e7\u00e3o Concurso P\u00fablico\u00a0<\/strong><\/a><\/li><li><a href=\"https:\/\/www.cref13.org.br\/documentos\/legislacao\/portarias\/2013\/portaria-cref13-1032013-exoneracao-icaro.pdf\"><strong>Portaria CREF13 n\u00ba 103.2013 \u2013 Exonera\u00e7\u00e3o \u00cdcaro<\/strong><\/a><\/li><li><a href=\"https:\/\/www.cref13.org.br\/documentos\/legislacao\/portarias\/2013\/portaria-cref13-1022013-dispensa-empregado.pdf\"><strong>Portaria CREF13 n\u00ba 102.2013 \u2013 Dispensa Empregado<\/strong><\/a><\/li><li><a href=\"https:\/\/www.cref13.org.br\/documentos\/legislacao\/portarias\/2013\/portaria-cref13-1002013-reajuste-ticket.pdf\"><strong>Portaria CREF13 n\u00ba 100.2013 \u2013 Reajuste Ticket<\/strong><\/a><\/li><li><a href=\"https:\/\/www.cref13.org.br\/documentos\/legislacao\/portarias\/2013\/portaria-cref13-0992013-nomeacao-concurso-publico.pdf\"><strong>Portaria CREF13 n\u00ba 099.2013 \u2013 Nomea\u00e7\u00e3o Concurso P\u00fablico<\/strong><\/a><\/li><li><a href=\"https:\/\/www.cref13.org.br\/documentos\/legislacao\/portarias\/2013\/portaria-cref13-0982013-suspensao-31-de-maio.pdf\"><strong>Portaria CREF13 n\u00ba 098.2013 \u2013 Suspens\u00e3o dia 31 de maio<\/strong><\/a><\/li><li><a href=\"https:\/\/www.cref13.org.br\/documentos\/legislacao\/portarias\/2013\/portaria-cref13-0972013-comissao-de-etica-profissional.pdf\"><strong>Portaria CREF13 n\u00ba 097.2013 \u2013 Comiss\u00e3o de \u00c9tica Profissional<\/strong><\/a><\/li><li><a href=\"https:\/\/www.cref13.org.br\/documentos\/legislacao\/portarias\/2013\/portaria-cref13-0962013-comissao-de-artes-marciais.pdf\"><strong>Portaria CREF13 n\u00ba 096.2013 \u2013 Comiss\u00e3o de Artes Marciais<\/strong><\/a><\/li><li><a href=\"https:\/\/www.cref13.org.br\/documentos\/legislacao\/portarias\/2013\/portaria-cref13-0952013-comissao-de-orientacao-e-fiscalizacao.pdf\"><strong>Portaria CREF13 n\u00ba 095.2013 \u2013 Comiss\u00e3o de Orienta\u00e7\u00e3o e Fiscaliza\u00e7\u00e3o<\/strong><\/a><\/li><li><a href=\"https:\/\/www.cref13.org.br\/documentos\/legislacao\/portarias\/2013\/portaria-cref13-0942013-comissao-de-legislacao-e-normas.pdf\"><strong>Portaria CREF13 n\u00ba 094.2013 \u2013 Comiss\u00e3o de Legisla\u00e7\u00e3o e Normas<\/strong><\/a><\/li><li><a href=\"https:\/\/www.cref13.org.br\/documentos\/legislacao\/portarias\/2013\/portaria-cref13-0932013-comissao-de-controle-e-financas.pdf\"><strong>Portaria CREF13 n\u00ba 093.2013 \u2013 Comiss\u00e3o de Controle e Finan\u00e7as<\/strong><\/a><\/li><li><a href=\"https:\/\/www.cref13.org.br\/documentos\/legislacao\/portarias\/2013\/portaria-cref13-0922013-comissao-de-saude.pdf\"><strong>Portaria CREF13 n\u00ba 092.2013 \u2013 Comiss\u00e3o de Sa\u00fade<\/strong><\/a><\/li><li><a href=\"https:\/\/www.cref13.org.br\/documentos\/legislacao\/portarias\/2013\/portaria-cref13-0912013-reajuste-salarial.pdf\"><strong>Portaria CREF13 n\u00ba 091.2013 \u2013 Reajuste Anual Empregados CREF13.BA-SE 2013<\/strong><\/a><\/li><li><a href=\"https:\/\/www.cref13.org.br\/documentos\/legislacao\/portarias\/2013\/portaria-cref13-0902013-nomeacao-concurso-publico.pdf\"><strong>Portaria CREF13 n\u00ba 090.2013 \u2013 Nomea\u00e7\u00e3o Concurso P\u00fablico<\/strong><\/a><\/li><li><a href=\"https:\/\/www.cref13.org.br\/documentos\/legislacao\/portarias\/2013\/portaria-cref13-0892013-nomeacao-jailson.pdf\"><strong>Portaria CREF13 n\u00ba 089.2013 \u2013 Nomea\u00e7\u00e3o Jailson<\/strong><\/a><\/li><li><a href=\"https:\/\/www.cref13.org.br\/documentos\/legislacao\/portarias\/2013\/portaria-cref13-0882013-procedimento-interno-fiscalizacao.pdf\"><strong>Portaria CREF13 n\u00ba 088.2013 \u2013 Procedimento Interno \u2013 Fiscaliza\u00e7\u00e3o<\/strong><\/a><\/li><li><a href=\"https:\/\/www.cref13.org.br\/documentos\/legislacao\/portarias\/2013\/portaria-cref13-0872013-recesso-carnaval.pdf\"><strong>Portaria CREF13 n\u00ba 087.2013 \u2013 Recesso carnaval<\/strong><\/a><\/li><li><a href=\"https:\/\/www.cref13.org.br\/documentos\/legislacao\/portarias\/2013\/portaria-cref13-0862013-comissao-de-licitacao.pdf\"><strong>Portaria CREF13 n\u00ba 086 2013 \u2013 Comiss\u00e3o de Licita\u00e7\u00e3o<\/strong><\/a><\/li><li><a href=\"https:\/\/www.cref13.org.br\/documentos\/legislacao\/portarias\/2013\/portaria-cref13-0852013-reajuste-assessores-e-cargos-comissionados.pdf\"><strong>Portaria CREF13 n\u00ba 085.2013 \u2013 Reajuste Assessores e Cargos Comissionados<\/strong><\/a><\/li><li><a href=\"https:\/\/www.cref13.org.br\/documentos\/legislacao\/portarias\/2013\/portaria-cref13-0842013-exoneracao-e-nomeacao-daisy.pdf\"><strong>Portaria CREF13 n\u00ba 084.2013 \u2013 Exonera\u00e7\u00e3o e Nomea\u00e7\u00e3o Daisy Lima<\/strong><\/a><\/li><li><a href=\"https:\/\/www.cref13.org.br\/documentos\/legislacao\/portarias\/2013\/portaria-cref13-0832013-exoneracao-e-nomeacao-darinalva-jair.pdf\"><strong>Portaria CREF13 n\u00ba 083.2013 \u2013 Exonera\u00e7\u00e3o e Nomea\u00e7\u00e3o de Darinalva e Jair<\/strong><\/a><\/li><\/ul>\t\t\t\t\t\t\t\t<\/div>\n\t\t\t\t<\/div>\n\t\t\t\t<div class=\"elementor-element elementor-element-6e6c8ae elementor-widget elementor-widget-heading\" data-id=\"6e6c8ae\" data-element_type=\"widget\" data-widget_type=\"heading.default\">\n\t\t\t\t<div class=\"elementor-widget-container\">\n\t\t\t\t\t<h3 class=\"elementor-heading-title elementor-size-default\">2012<\/h3>\t\t\t\t<\/div>\n\t\t\t\t<\/div>\n\t\t\t\t<div class=\"elementor-element elementor-element-0167bbb elementor-widget elementor-widget-text-editor\" data-id=\"0167bbb\" data-element_type=\"widget\" data-widget_type=\"text-editor.default\">\n\t\t\t\t<div class=\"elementor-widget-container\">\n\t\t\t\t\t\t\t\t\t<ul><li><strong><a href=\"https:\/\/www.cref13.org.br\/documentos\/legislacao\/portarias\/2012\/portaria-cref13-076-2012-nomeacao-concurso-p\u00fablico-luis-carlos-e-luiz-diego.pdf\">Portaria CREF13 n\u00ba 076 &#8211; Nomea\u00e7\u00e3o Concurso P\u00fablico &#8211; Luiz Carlos e Luiz Diego<\/a><\/strong><\/li><\/ul>\t\t\t\t\t\t\t\t<\/div>\n\t\t\t\t<\/div>\n\t\t\t\t<div class=\"elementor-element elementor-element-8cea1b0 elementor-widget elementor-widget-heading\" data-id=\"8cea1b0\" data-element_type=\"widget\" data-widget_type=\"heading.default\">\n\t\t\t\t<div class=\"elementor-widget-container\">\n\t\t\t\t\t<h3 class=\"elementor-heading-title elementor-size-default\">2011<\/h3>\t\t\t\t<\/div>\n\t\t\t\t<\/div>\n\t\t\t\t<div class=\"elementor-element elementor-element-2eda217 elementor-widget elementor-widget-text-editor\" data-id=\"2eda217\" data-element_type=\"widget\" data-widget_type=\"text-editor.default\">\n\t\t\t\t<div class=\"elementor-widget-container\">\n\t\t\t\t\t\t\t\t\t<ul><li><a href=\"#\"><strong>Portaria CREF13<\/strong><\/a><\/li><\/ul>\t\t\t\t\t\t\t\t<\/div>\n\t\t\t\t<\/div>\n\t\t\t\t<div class=\"elementor-element elementor-element-74b0353 elementor-widget elementor-widget-heading\" data-id=\"74b0353\" data-element_type=\"widget\" data-widget_type=\"heading.default\">\n\t\t\t\t<div class=\"elementor-widget-container\">\n\t\t\t\t\t<h3 class=\"elementor-heading-title elementor-size-default\">2010<\/h3>\t\t\t\t<\/div>\n\t\t\t\t<\/div>\n\t\t\t\t<div class=\"elementor-element elementor-element-8be92bf elementor-widget elementor-widget-text-editor\" data-id=\"8be92bf\" data-element_type=\"widget\" data-widget_type=\"text-editor.default\">\n\t\t\t\t<div class=\"elementor-widget-container\">\n\t\t\t\t\t\t\t\t\t<ul><li><span style=\"font-weight: bolder;\"><a href=\"https:\/\/www.cref13.org.br\/documentos\/legislacao\/portarias\/2010\/portaria-cref13-n-462010-nomeacao-empregados.pdf\">Portaria CREF13 n\u00ba 046 &#8211; Nomea\u00e7\u00e3o Concurso P\u00fablico &#8211; Carla Patr\u00edcia\u00a0<\/a><\/span><\/li><li><span style=\"font-weight: bolder;\"><a href=\"https:\/\/www.cref13.org.br\/documentos\/legislacao\/portarias\/2010\/portaria-cref13-n-462010-nomeacao-empregados.pdf\">Portaria CREF13 n\u00ba 046 &#8211; Nomea\u00e7\u00e3o Concurso P\u00fablico &#8211; Jailson Andrade<\/a><\/span><\/li><\/ul>\t\t\t\t\t\t\t\t<\/div>\n\t\t\t\t<\/div>\n\t\t\t\t<div class=\"elementor-element elementor-element-e759671 elementor-widget elementor-widget-heading\" data-id=\"e759671\" data-element_type=\"widget\" data-widget_type=\"heading.default\">\n\t\t\t\t<div class=\"elementor-widget-container\">\n\t\t\t\t\t<h3 class=\"elementor-heading-title elementor-size-default\">2009<\/h3>\t\t\t\t<\/div>\n\t\t\t\t<\/div>\n\t\t\t\t<div class=\"elementor-element elementor-element-0d9b455 elementor-widget elementor-widget-text-editor\" data-id=\"0d9b455\" data-element_type=\"widget\" data-widget_type=\"text-editor.default\">\n\t\t\t\t<div class=\"elementor-widget-container\">\n\t\t\t\t\t\t\t\t\t<ul><li><a href=\"#\"><strong>Portaria CREF13<\/strong><\/a><\/li><\/ul>\t\t\t\t\t\t\t\t<\/div>\n\t\t\t\t<\/div>\n\t\t\t\t<div class=\"elementor-element elementor-element-3418b53 elementor-widget elementor-widget-heading\" data-id=\"3418b53\" data-element_type=\"widget\" data-widget_type=\"heading.default\">\n\t\t\t\t<div class=\"elementor-widget-container\">\n\t\t\t\t\t<h3 class=\"elementor-heading-title elementor-size-default\">2008<\/h3>\t\t\t\t<\/div>\n\t\t\t\t<\/div>\n\t\t\t\t<div class=\"elementor-element elementor-element-d6fe0a5 elementor-widget elementor-widget-text-editor\" data-id=\"d6fe0a5\" data-element_type=\"widget\" data-widget_type=\"text-editor.default\">\n\t\t\t\t<div class=\"elementor-widget-container\">\n\t\t\t\t\t\t\t\t\t<ul><li style=\"font-size: 16px;\"><span style=\"font-weight: bolder;\"><a href=\"https:\/\/www.cref13.org.br\/documentos\/legislacao\/portarias\/2008\/portaria-0042008-nomeacao-concurso-publico-viviane-luciano.pdf\">Portaria CREF13 n\u00ba 004 &#8211; Nomea\u00e7\u00e3o Concurso P\u00fablico &#8211; Viviane Luciano<\/a><\/span><\/li><li style=\"font-size: 16px;\"><span style=\"font-weight: bolder;\"><a href=\"https:\/\/www.cref13.org.br\/documentos\/legislacao\/portarias\/2008\/portaria-cref13-062008-plano-de-cargos-e-salarios-final.pdf\">Portaria CREF13 n\u00ba 006 &#8211; Plano de Cargos e Sal\u00e1rios<\/a><\/span><\/li><\/ul>\t\t\t\t\t\t\t\t<\/div>\n\t\t\t\t<\/div>\n\t\t\t\t\t<\/div>\n\t\t<\/div>\n\t\t\t\t\t<\/div>\n\t\t<\/section>\n\t\t\t\t<\/div>\n\t\t","protected":false},"excerpt":{"rendered":"<p>Portarias 2026 Portaria CREF13 n\u00ba 341 de 2026 &#8211; Dia do Trabalho Portaria CREF13 n\u00ba 340 de 2026 &#8211; Expediente Tiradentes\u00a0 Portaria CREF13 n\u00ba 339 de 2026 &#8211; Expediente Paix\u00e3o de Cristo Portaria CREF13n\u00ba 337 de 2026 &#8211; Fun\u00e7\u00e3o Gratificada de Karine Fernandes Portaria CREF13n\u00ba 336 de 2026 &#8211; Fun\u00e7\u00e3o Gratificada de Amanda Diamantaras Garcia [&hellip;]<\/p>\n","protected":false},"author":11,"featured_media":0,"parent":0,"menu_order":0,"comment_status":"closed","ping_status":"closed","template":"","meta":{"footnotes":""},"class_list":["post-6814","page","type-page","status-publish","hentry"],"_links":{"self":[{"href":"https:\/\/www.cref13.org.br\/cref13\/wp-json\/wp\/v2\/pages\/6814","targetHints":{"allow":["GET"]}}],"collection":[{"href":"https:\/\/www.cref13.org.br\/cref13\/wp-json\/wp\/v2\/pages"}],"about":[{"href":"https:\/\/www.cref13.org.br\/cref13\/wp-json\/wp\/v2\/types\/page"}],"author":[{"embeddable":true,"href":"https:\/\/www.cref13.org.br\/cref13\/wp-json\/wp\/v2\/users\/11"}],"replies":[{"embeddable":true,"href":"https:\/\/www.cref13.org.br\/cref13\/wp-json\/wp\/v2\/comments?post=6814"}],"version-history":[{"count":430,"href":"https:\/\/www.cref13.org.br\/cref13\/wp-json\/wp\/v2\/pages\/6814\/revisions"}],"predecessor-version":[{"id":13105,"href":"https:\/\/www.cref13.org.br\/cref13\/wp-json\/wp\/v2\/pages\/6814\/revisions\/13105"}],"wp:attachment":[{"href":"https:\/\/www.cref13.org.br\/cref13\/wp-json\/wp\/v2\/media?parent=6814"}],"curies":[{"name":"wp","href":"https:\/\/api.w.org\/{rel}","templated":true}]}}